{"id":954,"date":"2022-04-30T20:46:57","date_gmt":"2022-04-30T20:46:57","guid":{"rendered":"https:\/\/arnay1418.rarebook-ubfc.fr\/?page_id=954"},"modified":"2023-01-17T16:58:41","modified_gmt":"2023-01-17T16:58:41","slug":"ecochard-edouard-leon-victor","status":"publish","type":"page","link":"https:\/\/alisteraldridge.fr\/arnay1418\/ecochard-edouard-leon-victor\/","title":{"rendered":"ECOCHARD Edouard L\u00e9on Victor"},"content":{"rendered":"<p class=\"has-text-align-center has-large-font-size\"><strong>ECOCHARD <\/strong>Edouard L\u00e9on Victor<\/p><p class=\"has-text-align-center\">\u00a4 9 mars 1877 \u00e0 Paris, 7<sup>e<\/sup> arrondissement<br>\u2020 22 ao\u00fbt 1914 \u00e0 Jamoigne (Belgique)<br>Lieutenant \u2013 22<sup>e<\/sup> r\u00e9giment d\u2019infanterie coloniale \u2013 37 ans<br>Disparu \u2013 Tu\u00e9 \u00e0 l\u2019ennemi<br>Mort pour la France<br>M\u00e9daille coloniale avec agrafe \u2018\u2018Afrique Occidentale Fran\u00e7aise\u2019\u2019<br>Croix de guerre avec palme<br>Chevalier de la L\u00e9gion d\u2019honneur<\/p><figure class=\"wp-block-image aligncenter size-large is-resized is-style-rounded\"><img loading=\"lazy\" decoding=\"async\" src=\"https:\/\/arnay1418.rarebook-ubfc.fr\/wp-content\/uploads\/2022\/04\/ECOCHARD_1-921x1024.jpg\" alt=\"Portrait du lieutenant Ecochard\" class=\"wp-image-955\" width=\"347\" height=\"385\"\/><figcaption class=\"wp-element-caption\">Portrait du lieutenant Ecochard issu du livre d&rsquo;or de l&rsquo;\u00e9cole des Francs-Bourgeois<\/figcaption><\/figure><div class=\"quote1\">\u00ab\u00a0Officier d\u2019\u00e9lite, qui a fait preuve en toutes circonstances d\u2019un grand courage et d\u2019une grande \u00e9nergie\u00a0\u00bb<\/div><hr class=\"wp-block-separator has-text-color has-black-color has-css-opacity has-black-background-color has-background is-style-wide\"\/><h1 class=\"wp-block-heading\">Acte de naissance<\/h1><div class=\"wp-block-group is-layout-flow wp-block-group-is-layout-flow\"><p class=\"has-text-align-center\"><em>N\u00b0374<br>&#8212;<\/em><\/p>\n\n<p>Acte de naissance du douze mars mil-huit-cent-soixante-dix-sept, \u00e0 midi. Le neuf de ce mois, \u00e0 onze heures du soir, est n\u00e9 \u00e0 Paris, chez ses p\u00e8re et m\u00e8re, rue du Bac, 62, Edouard L\u00e9on Victor, du sexe masculin&nbsp;; fils de Arthur Victor Joseph Ecochard, \u00e2g\u00e9 de trente-deux ans, commis d\u2019agent de change, chevalier de la l\u00e9gion d\u2019honneur, et de Marie Blanche Sylvie Poisson, son \u00e9pouse, \u00e2g\u00e9e de vingt-sept ans, brodeuse. Constat\u00e9 par nous, Adrien Jean Baptiste Hallays Dabot, adjoint au maire du septi\u00e8me arrondissement de Paris, officier de l\u2019\u00e9tat Civil, apr\u00e8s que l\u2019enfant nous a \u00e9t\u00e9 pr\u00e9sent\u00e9 et sur la d\u00e9claration du p\u00e8re, en pr\u00e9sence de Joseph Janin, \u00e2g\u00e9 de trente-un ans, coiffeur, rue du Bac, 61, et de Jean Picard, \u00e2g\u00e9 de trente-cinq and, ma\u00eetre d\u2019h\u00f4tel, rue de Grenelle, 86, qui ont sign\u00e9 avec le p\u00e8re et nous&nbsp;; apr\u00e8s lecture.<br>[Signature] V. Ecochard \/ J. Janin \/ Picar \/ A. Hallays Dabot<br>[Mention marginale] Par acte en date du 21 septembre 1909, re\u00e7u en la Mairie de Dijon le d\u00e9nomm\u00e9 ci-contre a contract\u00e9 mariage avec Berthe Marie L\u00e9ontine Souty. Dont mention faite par nous Officier de l\u2019Etat Civil le 11 d\u00e9cembre 1909. Le Maire [signature] illisible.<\/p><\/div><p>[<a href=\"http:\/\/archives.paris.fr\/arkotheque\/visionneuse\/visionneuse.php?arko=YTo2OntzOjQ6ImRhdGUiO3M6MTA6IjIwMjItMDQtMjMiO3M6MTA6InR5cGVfZm9uZHMiO3M6MTE6ImFya29fc2VyaWVsIjtzOjQ6InJlZjEiO2k6NDtzOjQ6InJlZjIiO2k6MjE2NDU1O3M6MTY6InZpc2lvbm5ldXNlX2h0bWwiO2I6MTtzOjIxOiJ2aXNpb25uZXVzZV9odG1sX21vZGUiO3M6NDoicHJvZCI7fQ==#uielem_move=-9%2C-974&amp;uielem_rotate=F&amp;uielem_islocked=0&amp;uielem_zoom=161\">Lien vers le document original<\/a>]<\/p><h1 class=\"wp-block-heading\">Fiche matricule<\/h1><div class=\"tableFM\">\n<p><strong>Nom : <\/strong><em>Ecochard<\/em><br>\n<strong>Pr\u00e9noms : <\/strong><em>Edouard, L\u00e9on Victor<\/em><br>\n<strong>Surnoms : <\/strong><em>_<\/em><br>\n<strong>Num\u00e9ro matricule du recrutement : <\/strong><em>1479<\/em><br>\n<strong>Classe de mobilisation : <\/strong><em>1894<\/em><\/p>\n<hr>\n<h3>\u00c9tat civil :<\/h3>\n<p><strong>N\u00e9 le<\/strong> <em>9 mars 1877<\/em>, <strong>\u00e0<\/strong> <em>Paris<\/em>, <strong>canton d<\/strong><em>u 7<sup>e<\/sup> arrondissement<\/em>, <strong>d\u00e9partement de<\/strong> <em>la Seine<\/em>, <strong>r\u00e9sidant \u00e0<\/strong> <em>Paris, 40, rue du Cherche Midi<\/em>, <strong>canton d<\/strong><em>u 6<sup>e<\/sup> arrondissement<\/em>, <strong>d\u00e9partement de<\/strong> <em>la Seine<\/em>, <strong>profession d<\/strong><em>&lsquo;Employ\u00e9 de commerce<\/em>, <strong>fils d<\/strong><em>&lsquo;Arthur, Victor, Joseph<\/em><strong> et de<\/strong> <em>Marie, Blanche, Sylvie, Poisson<\/em><strong> domicili\u00e9s \u00e0<\/strong> <em>Paris, 40, rue du Cherche Midi<\/em>, <strong>canton d<\/strong><em>u 6<sup>e<\/sup> arrondissement<\/em>, <strong>d\u00e9partement de<\/strong> <em>la Seine<\/em>.<\/p>\n<p><strong>N\u00b0.<\/strong><em>110<\/em> <strong>de tirage dans le canton d<\/strong><em>u 6<sup>e<\/sup> arrondissement<\/em>.<\/p>\n<hr>\n<h3>Signalement :<\/h3>\n<p><strong>Cheveux<\/strong> <em>et<\/em>, <strong>sourcils<\/strong> <em>blonds<\/em>,<br>\n<strong>yeux<\/strong> <em>bleus<\/em>, <strong>front<\/strong> <em>haut<\/em>,<br>\n<strong>nez<\/strong> <em>moyen<\/em>, <strong>bouche<\/strong> <em>moyenne<\/em>,<br>\n<strong>menton<\/strong> <em>rond<\/em>, <strong>visage<\/strong> <em>ovale<\/em>,<br>\n<strong>Taille :<\/strong> <em>1<\/em><strong> m. <\/strong><em>72<\/em> <strong>cent. Taille rectifi\u00e9e :<\/strong> <em>1<\/em><strong> m. <\/strong><em>_<\/em> <strong>cent.<\/strong><br>\n<strong>Marques particuli\u00e8res : <\/strong><em>_<\/em><br>\n<strong>Degr\u00e9 d\u2019instruction : g\u00e9n\u00e9rale : <\/strong><em>3<\/em> <strong>\/ militaire :<\/strong> <em>exerc\u00e9<\/em>.<\/p>\n<hr>\n<h3>D\u00e9cision du conseil de r\u00e9vision et motifs :<\/h3>\n<p><em>Engag\u00e9 volontaire<\/em>.<\/p>\n<p><strong>Compris dans la<\/strong> <em>14<sup>e<\/sup><\/em> <strong>partie de la liste du recrutement cantonal (_<sup>e<\/sup> portion).<\/strong><\/p>\n<hr>\n<h3>Corps d\u2019affectation \/ Num\u00e9ros au contr\u00f4le sp\u00e9cial \u2013 matricule ou au r\u00e9pertoire<\/h3>\n<p><strong>Dans l\u2019arm\u00e9e active :<\/strong> <em>74<sup>e<\/sup> r\u00e9giment d&rsquo;infanterie<br>\n&#8211; 4<sup>e<\/sup> r\u00e9giment d&rsquo;infanterie coloniale<br>\n&#8211; 14<sup>e<\/sup> r\u00e9giment colonial<br>\n&#8211; 3<sup>e<\/sup> r\u00e9giment colonial<\/em><br>\n<strong>Disponibilit\u00e9 et r\u00e9serve de l\u2019arm\u00e9e active :<\/strong> <em>Infanterie au Mans &#8211; <del>01679<\/del><br>\n&#8211; 32<sup>e<\/sup> r\u00e9giment d&rsquo;infanterie coloniale<\/em><br>\n[Inscription illisible]\n<strong>Arm\u00e9e territoriale et sa r\u00e9serve :<\/strong> <em>_<\/em><\/p>\n<hr>\n<h3>D\u00e9tail des services et mutations diverses.\n(Campagnes, blessures, actions d&rsquo;\u00e9clat, d\u00e9corations, etc.)<\/h3>\n<p><em>Engag\u00e9 volontaire pour 4 ans le 25 novembre 1895 \u00e0 Paris (6<sup>e<\/sup>) pour le 74<sup>e<\/sup> R\u00e9giment d&rsquo;Infanterie; arriv\u00e9 au corps le 26 novembre 1895 n0 matricule 70051. Caporal le 30 septembre 1896. Cass\u00e9 de son grade le 11 ao\u00fbt 1897. Pass\u00e9 au 39<sup>e<\/sup> r\u00e9giment d&rsquo;infanterie le 24 ao\u00fbt 1897, arriv\u00e9 au corps le dit jour comme soldat de 2<sup>e<\/sup> classe n\u00b0 matricule 7597. Caporal le 11 mars 1898. Sergent le 1<sup>er<\/sup> 1899. Pass\u00e9 dans la R\u00e9serve de l&rsquo;arm\u00e9e active le 25 novembre 1899. Certificat de bonne conduite \u00ab\u00a0accord\u00e9\u00a0\u00bb<\/em>.<\/p>\n<hr>\n<strong>Pass\u00e9 dans la <\/strong><em>R\u00e9serve<\/em> <strong>de l\u2019arm\u00e9e active le <\/strong><em>25 novembre 1899<\/em>.\n<h3>Dans la disponibilit\u00e9 ou dans la r\u00e9serve de l\u2019arm\u00e9e active.<\/h3>\n<p><em>Affect\u00e9 au R\u00e9giment d&rsquo;Infanterie au Mans. Rengag\u00e9 pour 2 ans le 28 f\u00e9vrier 1902 \u00e0 la Sous-Intendance Militaire de Paris au titre du 46<sup>e<\/sup> r\u00e9giment d&rsquo;infanterie. &#8211; 17.<br>\nArriv\u00e9 au corps le 2 mars 1902. Matricule 3584.<br>\nPass\u00e9 au 4<sup>e<\/sup> Colonial le 19 novembre 1902. Arriv\u00e9 au corps et sergent le 27 novembre 1902. Rengag\u00e9 le 24 mars 1903 devant le chef du Service administratif des troupes coloniales \u00e0 Toulon pour 3 ans \u00e0 compter du 28 f\u00e9vrier 1904. Pass\u00e9 au Bataillon de tirailleurs S\u00e9n\u00e9galais de la C\u00f4te-d&rsquo;Ivoire le 5 juin 1903. Pass\u00e9 au 14<sup>e<\/sup> Colonial le 4 novembre 1903. Sergent fourrier le 1<sup>er<\/sup> juin 1904. Sergent le 21 octobre 1904. Pass\u00e9 au 3<sup>e<\/sup> Colonial le 1<sup>e<\/sup> d\u00e9cembre 1904. Sergent le 1<sup>er<\/sup> d\u00e9cembre 1904. Rengag\u00e9 le 29 mars 1906 pour cinq ans devant M<sup>r<\/sup> le chef du Service administratif des troupes coloniales de Rochefort pour compter du 28 f\u00e9vrier 1907. Sergent le 29 mars 1907. Pass\u00e9 au 1<sup>er<\/sup> r\u00e9giment d&rsquo;infanterie coloniale le 7 avril 1907. Admis comme \u00e9l\u00e8ve officier \u00e0 l&rsquo;Ecole Militaire d&rsquo;Infanterie (Journal officiel du 3 avril 1907). Promu sous-lieutenant au 7<sup>e<\/sup> r\u00e9giment d&rsquo;infanterie coloniale (d\u00e9cret du 25 mars 1908) pour prendre rang du 1<sup>er<\/sup> avril 1908. Promu Lieutenant au 11<sup>e<\/sup> r\u00e9giment d&rsquo;infanterie coloniale le 1<sup>e<\/sup> avril 1910. Pass\u00e9 au 22<sup>e<\/sup> r\u00e9giment d&rsquo;infanterie coloniale le 4 mars 1913. Bless\u00e9 et disparu le 22 ao\u00fbt 1914 au Combat de Jamoigne (Belgique).<\/em>.<\/p>\n<p><strong><del>A accompli une<\/del>Dispens\u00e9 de sa 1<sup>re<\/sup> p\u00e9riode d\u2019exercice dans l<\/strong><em>a r\u00e9serve (article r\u00e9f\u00e9rentiel de l&rsquo;instruction du 28 d\u00e9cembre 1895)<\/em> <strong>du<\/strong> <em>_<\/em> <strong>au<\/strong> <em>_<\/em>.<br>\n<strong>A accompli une 2<sup>e<\/sup> p\u00e9riode d\u2019exercices dans l<\/strong><em>_<\/em> <strong>du<\/strong> <em>_<\/em><strong>au <\/strong><em>_<\/em>.<br>\n<strong>Pass\u00e9 dans l\u2019arm\u00e9e territoriale le <em>_<\/em><\/strong>.<br><\/p>\n<hr>\n<h3>Dans l\u2019arm\u00e9e territoriale\net dans sa r\u00e9serve.<\/h3>\n<p>[Un papillon recouvre cette partie]<br>\n<em>Campagnes<br>\n&#8211; Afrique Occidentale : 5 juin 1903 &#8211; 3 novembre 1903<br>\n&#8211; Afrique Occidentale (paix) : 4 novembre 1903 &#8211; 12 d\u00e9cembre 1904<br>\n&#8211; Cochinchine : 30 octobre 1909 &#8211; 3 avril 1913<br>\n&#8211; Allemagne : 2 ao\u00fbt 1914 au 23 ao\u00fbt 1914<\/p>\n<p>Blessures, Citations, D\u00e9corations, etc.<br>\nA re\u00e7u la M\u00e9daille coloniale avec agrafe \u00ab\u00a0Afrique occidentale Fran\u00e7aise\u00a0\u00bb.<\/em><\/p>\n<hr>\n<h3>Localit\u00e9s successives habit\u00e9es<br>par suite de changements de domicile ou de r\u00e9sidence<\/h3>\n<strong>Dates \/ Communes \/ Subdivisions de r\u00e9gion \/ D : Domicile, R : R\u00e9sidence<\/strong>\n<p>[abbr\u00e9vation illisible]<em> 9 juillet 1900\/ Va r\u00e9sid\u00e9 en Allemagne<\/em><br>\n&#8211; [abbr\u00e9vation illisible]<em> 17 juillet 1900 \/ Dusseldorf (allemage)<\/em><br>\n&#8211; [abbr\u00e9vation illisible]<em> 25 janvier 1901 \/ Paris, 40 Rue du Cherche Midi<\/em><\/p>\n<\/div><p>[<a href=\"http:\/\/archives.paris.fr\/arkotheque\/visionneuse\/visionneuse.php?arko=YTo2OntzOjQ6ImRhdGUiO3M6MTA6IjIwMjItMDQtMjMiO3M6MTA6InR5cGVfZm9uZHMiO3M6MTE6ImFya29fc2VyaWVsIjtzOjQ6InJlZjEiO2k6MTc7czo0OiJyZWYyIjtpOjEyMTcyMjk7czoxNjoidmlzaW9ubmV1c2VfaHRtbCI7YjoxO3M6MjE6InZpc2lvbm5ldXNlX2h0bWxfbW9kZSI7czo0OiJwcm9kIjt9#uielem_move=175%2C-911&amp;uielem_rotate=F&amp;uielem_islocked=0&amp;uielem_zoom=105\">Lien vers le document original<\/a>]<\/p><h1 class=\"wp-block-heading\">Journal des marches et op\u00e9rations du 22<sup>e<\/sup> r\u00e9giment d\u2019infanterie coloniale<\/h1><p>Le 22<sup>e<\/sup> r\u00e9giment d\u2019infanterie coloniale quitte Marseille le 8 ao\u00fbt 1914. Il parcourt ensuite la France, direction le Nord, la fronti\u00e8re franco-belge, entre Longwy et Sedan. Le lieutenant Ecochard commande la section de mitrailleuses du 1<sup>er<\/sup> bataillon du r\u00e9giment.<\/p><p><strong>Entr\u00e9e du 22 ao\u00fbt&nbsp;:<\/strong><\/p><div class=\"wp-block-group is-layout-flow wp-block-group-is-layout-flow\"><p class=\"has-white-background-color has-background\"><strong>22 ao\u00fbt<\/strong><br>Le r\u00e9giment parti de son cantonnement de Chauvency-Saint-Hubert \u00e0 5<sup>H<\/sup> entre dans la colonne de division dont il forme le 1<sup>er<\/sup> \u00e9l\u00e9ment \u00e0 Chauvency-le-Ch\u00e2teau. A 6<sup>H<\/sup> la division marche en 2<sup>e<\/sup> ligne sur Neufchateau par l\u2019itin\u00e9raire Thonne-le-Thil \u2013 Herbeuval \u2013 Pin. Le g\u00e9n\u00e9ral de division et g\u00e9n\u00e9ral commandant la Brigade marchent avec le r\u00e9giment.<br>Vers 12 heures le r\u00e9giment arrive au village de Pin.<br>Vers 12<sup>H<\/sup>30 le G\u00e9n\u00e9ral de division donne l\u2019ordre d\u2019envoyer un bataillon du r\u00e9giment (3<sup>e<\/sup> bataillon commandant Gramont) sur la route de Pin \u00e0 Jamoigne pour assurer le d\u00e9bouch\u00e9 au dela de Jamoigne dans la direction de Les Bulles. Une compagnie de ce bataillon doit garder la route de Jamoigne \u00e0 Tintigny jusqu\u2019\u00e0 hauteur de Saint-Vincent. On sait que la 3<sup>e<\/sup> division est aux prises avec l\u2019ennemi pour la route de Neufchateau.<br>La 3<sup>e<\/sup> compagnie 1<sup>er<\/sup> bataillon re\u00e7oit l\u2019ordre d\u2019\u00e9tablir des barrages au village de Pin dans les directions d\u2019Izel et de Florenville. A 12 H 45 la situation de la 3<sup>e<\/sup> division \u00e9tant signal\u00e9e comme critique le G\u00e9n\u00e9ral de division donne l\u2019ordre de prononcer un mouvement au nord de la route de Jamoigne \u00e0 Frenois dans la direction du village de Termes, l\u2019artillerie divisionnaire doit appuyer le mouvement.<br>A 13<sup>H<\/sup>30 le 2<sup>e<\/sup> bataillon se d\u00e9ploie face au Nord le long de la route jusqu\u2019\u00e0 Franois [Frenois&nbsp;?] et prononce son attaque dans la direction de la cote 360 point culminant de l\u2019\u00e9peron dont les pentes sont limit\u00e9es \u00e0 l\u2019Ouest au Nord et \u00e0 l\u2019Est par la boucle de la Semois*.<br>Le 3<sup>e<\/sup> bataillon envoy\u00e9 primitivement au village des Bulles re\u00e7oit l\u2019ordre (de la division) de prononcer une attaque face \u00e0 l\u2019Est dans la direction de Termes. Le 1<sup>er<\/sup> bataillon en r\u00e9serve \u00e0 la cote 347 par la route de Tintigny \u00e0 Jamoigne (poste de commandement du colonel).<br>A 14<sup>H<\/sup>30 la marche en avant du 2<sup>e<\/sup> bataillon tr\u00e8s lente \u00e0 cause des cl\u00f4tures qu\u2019il faut d\u00e9truire \u00e0 mesure qu\u2019on avance, et aussi \u00e0 cause du feu violent qui part d\u2019un bois \u00e0 la cote 340 d\u00e9termine <s>\u00e0 la retraite<\/s> l\u2019ennemi \u00e0 se replier sur Termes. Les 4 compagnies du bataillon d\u00e9ploy\u00e9es sur le pont marqu\u00e9 par le poteau indicateur et la cote 360 ne peuvent plus avancer, un feu violent partant des cl\u00f4tures et des haies qui entourent Termes, <s>une compagnie<\/s> le lieutenant-colonel fait renforcer par une compagnie du 7<sup>e<\/sup> Colonial <s>vont renforcer <\/s>qui a perdu la liaison avec le reste de r\u00e9giment la 8<sup>e<\/sup> compagnie du 22<sup>e<\/sup> r\u00e9giment d\u2019infanterie coloniale qui occupe \u00e0 droite le chemin direct de Termes \u00e0 Frenois et place la section du de mitrailleuses du 2<sup>e<\/sup> bataillon <s>se place<\/s> au bois qui domine la Semois, \u00e0 la droite de la ligne.<br>A 15<sup>H<\/sup> le 3<sup>e<\/sup> bataillon, qui a franchi la Semois \u00e0 gu\u00e9 s\u2019avance par \u00e9chelon, dans la plaine, sous un feu violent d\u2019artillerie ennemi, enl\u00e8ve successivement les haies et parvient \u00e0 s\u2019installer dans le cimeti\u00e8re entour\u00e9 de murs qui domine la plaine de quelques m\u00e8tres.<br>Le 1<sup>er<\/sup> bataillon suit la route de Termes, qui passe \u00e0 la cote 357, et vient <s>se<\/s> placer deux compagnies en 1<sup>\u00e8re<\/sup> ligne \u00e0 hauteur du 2<sup>e<\/sup> bataillon.<br>Toute l\u2019attaque a \u00e9t\u00e9 conduite \u00e9nergiquement par le commandant Gramont mais avec prudence, le feu violent de l\u2019artillerie ayant caus\u00e9 de grosses pertes aux unit\u00e9s d\u00e8s qu\u2019elles se montraient.<br>A 17<sup>h<\/sup> une batterie <s>re\u00e7oit<\/s> s\u2019installe en arri\u00e8re de la cote 357 pour appuyer l\u2019attaque du 3<sup>e<\/sup> bataillon&nbsp;; mais elle est oblig\u00e9e de se replier sous le feu violent de grosses pi\u00e8ces de l\u2019ennemi qui la prennent de flanc.<br>A 17<sup>h<\/sup>30 malgr\u00e9 le feu de secours de l\u2019artillerie l\u2019\u00e9norme effort de l\u2019adversaire dont l\u2019artillerie ne cesse de couvrir d\u2019obus la position, le commandant Gramont r\u00e9ussit \u00e0 entrer dans Termes o\u00f9 se trouvent neuf canons abandonn\u00e9s par l\u2019ennemi&nbsp;;<sup>+ <\/sup>une batterie s\u2019est install\u00e9e \u00e0 l\u2019Est de Frenois, pr\u00e8s du pont, au Nord de la route de Tintigny \u00e0 Jamoigne et prend \u00e0 partie l\u2019artillerie ennemie de gros calibre qui est \u00e0 la cote 343 (600<sup>m<\/sup> \u00e0 l\u2019Est du village d\u2019Ansart) et a r\u00e9duit au silence.<\/p>\n\n<p class=\"has-white-background-color has-background\">+ [Ajout en bas de page] Le lieutenant colonel fait placer la 3<sup>e<\/sup> section de mitrailleuses \u00e0 la droite sud du village de Termes, face \u00e0 l\u2019Est. La ligne de la Semois y est ainsi fortement occup\u00e9e par l\u2019ennemi. 3<sup>e<\/sup> bataillon, 1 section de mitrailleuses \u00e0 Termes. 3 compagnies du 2<sup>e<\/sup> bataillon, 1 compagnie du 7<sup>e<\/sup> [r\u00e9giment&nbsp;?] et 1 section de mitrailleuses sur le chemin de Termes \u00e0 Frenois.<\/p>\n\n<p class=\"has-white-background-color has-background\">Le village de Termes dont la moiti\u00e9 \u00e9tait entre nos mains apr\u00e8s cet \u00e9nergique effort, aurait p\u00fb \u00eatre enlev\u00e9 facilement l\u2019ennemi ayant gagn\u00e9 les lisi\u00e8res de la for\u00eat situ\u00e9e au Nord et le village de Rossignol. Mais la position \u00e9tant jug\u00e9e trop en saillant, le commandant Gramont re\u00e7oit l\u2019ordre de l\u2019abandonner et de replier sur le reste du r\u00e9giment qui tient la ligne 360-357 (18<sup>H<\/sup>). A la m\u00eame heure un bataillon du 24<sup>e<\/sup> r\u00e9giment d\u2019infanterie et un bataillon du 4<sup>e<\/sup> r\u00e9giment d\u2019infanterie mis \u00e0 la disposition du G\u00e9n\u00e9ral commandant la 6<sup>e<\/sup> Brigade sont install\u00e9s, par le lieutenant colonel charg\u00e9 par le g\u00e9n\u00e9ral d\u2019organiser la d\u00e9fense de Frenois, perpendiculairement \u00e0 la route de Jamoigne \u00e0 Tintigny \u00e0 la sortie Est de Frenois et \u00e0 la cote 381, pour assurer la couverture de la division et prot\u00e9ger la retraite des \u00e9l\u00e9ments de la 3<sup>e<\/sup> division qui reviennent de Rossignol.<sup>+<\/sup><\/p>\n\n<p class=\"has-white-background-color has-background\">+ [Ajout en bas de page] Le bataillon du 24<sup>e<\/sup> r\u00e9giment d\u2019infanterie est install\u00e9 en liaison avec le 2<sup>e<\/sup> bataillon du 22<sup>e<\/sup> r\u00e9giment [d\u2019infanterie&nbsp;?], sa section de mitrailleuses battant la route de Tintigny, 2 compagnies \u00e0 gauche de cette route, 1 compagnie \u00e0 droite se reliant avec le bataillon du 4<sup>e<\/sup> r\u00e9giment d\u2019infanterie, 1 compagnie en r\u00e9serve au village.<\/p>\n\n<p class=\"has-white-background-color has-background\">Pendant la nuit les troupes de Frenois re\u00e7oivent l\u2019ordre de battre en retraite. Le mouvement doit \u00eatre commenc\u00e9 aussit\u00f4t l\u2019ordre re\u00e7u (23<sup>H<\/sup>) et les positions compl\u00e8tement \u00e9vacu\u00e9es \u00e0 2<sup>H<\/sup> du matin.<br>Un poste m\u00e9dical install\u00e9 par le m\u00e9decin du 2<sup>e<\/sup> bataillon \u00e0 Frenois recueille les bless\u00e9s des 2<sup>e<\/sup> divisions et fait transporter \u00e0 Jamoigne par des voitures r\u00e9quisitionn\u00e9es ceux qui ne peuvent marcher. Le r\u00e9giment re\u00e7oit l\u2019ordre alors d\u2019aller se place en r\u00e9serve de la division \u00e0 la sortie Ouest de Jamoigne sur la route de Pin, o\u00f9 il arrive le 23 \u00e0 4 heures.<br>Effectifs engag\u00e9s&nbsp;:<br>Officiers&nbsp;: 67<br>Troupe&nbsp;: 2808<br>Etat des pertes<br>Officiers tu\u00e9s&nbsp;: 2. Capitaine Prosp\u00e9ri \u2013 Lieutenant de B\u00e9chillon<br>Officiers bless\u00e9s&nbsp;: 14. Commandant Labarsonque. Gignoux.<br>Capitaines Raulet, Fosses, Estargue, Sainjon, Solel. Lieutenants Surr\u00e9, Pouithi\u00e8re, Bonfait, Ecochard, Bourian, [Tourat&nbsp;?], sous-lieutenant Pelloux.<br>Troupe&nbsp;: tu\u00e9s 54.<br>Bless\u00e9s&nbsp;: 182.<br>Disparus&nbsp;: 106.<\/p><\/div><p>* La Semois est un cours d\u2019eau.<\/p><p>Un certain nombre de r\u00e9giments ont leur bapt\u00eame du feu le 22 ao\u00fbt 1914. Les op\u00e9rations men\u00e9es en cette journ\u00e9e, sur l\u2019ensemble des fronts (Alsace, Belgique) sont meurtri\u00e8res. L\u2019arm\u00e9e fran\u00e7aise \u00e0 elle seule perd environ 21&nbsp;000 hommes, tu\u00e9s, en environ 24 heures.<\/p><p>Le 22<sup>e<\/sup> r\u00e9giment d\u2019infanterie coloniale perd 16 officiers en cette seule journ\u00e9e. Comme pour d\u2019autres r\u00e9giments, la presque totalit\u00e9 des officiers est tu\u00e9e ou bless\u00e9e en un mois de combat.<\/p><p>[<a href=\"https:\/\/www.memoiredeshommes.sga.defense.gouv.fr\/fr\/ark:\/40699\/e00527a59b2407c6\/527a59b260e3c\">Lien vers le document original<\/a>]<\/p><h1 class=\"wp-block-heading\">D\u00e9c\u00e8s<\/h1><p>Pas d\u2019acte de d\u00e9c\u00e8s trouv\u00e9 \u00e0 ce jour. Nous esp\u00e9rons pouvoir prochainement obtenir une copie.<\/p><h1 class=\"wp-block-heading\">Donn\u00e9es additionnelles<\/h1><p>Le parcours du lieutenant Ecochard est un bon exemple d\u2019officier de carri\u00e8re du tournant du si\u00e8cle. Il est issu d\u2019une famille modeste mais qui semble conna\u00eetre une certaine ascension sociale. Son p\u00e8re, Victor, est le fils d\u2019un cuisinier parisien install\u00e9 au Havre. Lui-m\u00eame est cocher avant de travailler dans le change. Il est fait chevalier de la L\u00e9gion d\u2019honneur pour \u00ab\u00a0rare d\u00e9vouement\u00a0\u00bb \u00e0 la famille Bonjean pendant la guerre franco-allemande et la Commune de Paris en 1870-71<sup>(1)<\/sup>. Les parents d\u2019Edouard parviennent \u00e0 faire \u00e9duquer leur enfant \u00e0 l\u2019\u00e9cole lassallienne des Francs-Bourgeois qu\u2019il fr\u00e9quente en 1891-92 pour sa classe de seconde. C\u2019est dans le livre d\u2019Or de cette \u00e9cole que son portrait figure. Il devient ensuite employ\u00e9 de commerce avant de faire son service militaire. A la fin de celui-ci, Edouard part \u00e0 D\u00fcsseldorf, en Allemagne, pendant quelques mois. Peut-\u00eatre tente-t-il une aventure commerciale\u00a0? Quoiqu\u2019il en soit, il retourne \u00e0 Paris en 1901 et, l\u2019ann\u00e9e suivante, s\u2019engage dans l\u2019infanterie, puis entre dans l\u2019arm\u00e9e coloniale dans laquelle il se r\u00e9engage de multiples fois. Il sert notamment en Afrique Occidentale. L\u2019arm\u00e9e coloniale est tr\u00e8s attractive pour beaucoup d\u2019hommes qui aspirent \u00e0 faire carri\u00e8re, particuli\u00e8rement ceux issus des cat\u00e9gories modestes de la population. La solde n\u2019est gu\u00e8re attirante mais les possibilit\u00e9s d\u2019avancement sont plus avantageuses. D\u2019apr\u00e8s Fran\u00e7ois Cochet et R\u00e9my Porte, un capitaine d\u2019un r\u00e9giment colonial peut esp\u00e9rer devenir commandant en 7 ans, alors qu\u2019il faut 15 ann\u00e9es dans l\u2019arm\u00e9e m\u00e9tropolitaine<sup>(2)<\/sup>. S\u2019ajoutent \u00e9galement les primes que touchent ceux qui servent dans les colonies. En 1907, alors sergent, Edouard int\u00e8gre l\u2019\u00e9cole militaire de Saint-Maixent, bien plus ouverte aux classes moyennes que les c\u00e9l\u00e8bres Saint-Cyr et Polytechnique. Le sous-lieutenant arn\u00e9tois <a href=\"https:\/\/alisteraldridge.fr\/arnay1418\/loidreau-charles-auguste\/\" target=\"_blank\" rel=\"noreferrer noopener\">Loidreau<\/a>, qui meurt cinq jours apr\u00e8s Edouard, est lui aussi issu de Saint-Maixent.<\/p>            <div class=\"oxi-addons-container noLightbox oxi-image-hover-wrapper-23 \" id=\"oxi-image-hover-wrapper-23\">\n                <div class=\"oxi-addons-row\">\n                                <div class=\"oxi_addons__light_box_style_1 oxi_addons__light_box oxi-bt-col-lg-12 oxi-bt-col-md-12 oxi-bt-col-sm-12  \">\n                <div class=\"oxi_addons__light_box_parent oxi_addons__light_box_parent-23-0\">\n\n                    <div id=\"oxi_lg_sub_html_23_0\" class=\"oxi_addons__lg_subhtml\" style=\"display:none;\">\n                        <h3 class=\"oxi_addons__heading\">Planche du livre d'or des Francs-Bourgeois<\/h3><div class=\"oxi_addons__details\">Planche sur laquelle figure le portrait du lieutenant Ecochard, issue du livre d'or de l'\u00e9cole des Francs-Bourgeois.<\/div>                    <\/div>\n\n                    <a class=\"glightbox oxi_addons__light_box_item\"\n                        href=\"https:\/\/arnay1418.rarebook-ubfc.fr\/wp-content\/uploads\/2022\/04\/ECOCHARD_planche_V-scaled-e1651351313776.jpg\"\n                        data-caption-id=\"oxi_lg_sub_html_23_0\"\n                        data-type=\"image\">\n\n                                                    <div class=\"oxi_addons__image_main oxi_addons__custom_width_height\"\n                                style=\"background-image: url('https:\/\/arnay1418.rarebook-ubfc.fr\/wp-content\/uploads\/2022\/04\/ECOCHARD_planche_V-scaled-e1651351313776.jpg');\">\n                                <div class=\"oxi_addons__overlay\">\n                                    <i class=\"fas fa-search oxi-icons\"><\/i>                                <\/div>\n                            <\/div>\n                        \n                        \n                    <\/a>\n                <\/div>\n\n                            <\/div>\n                            <\/div>\n            <\/div>\n\t\t\t<p class=\"has-text-align-center\"><em>Planche du livre d&rsquo;or des Francs-Bourgeois.<\/em><br>Cliquer pour agrandir.<\/p><p>Alors sous-lieutenant au 8<sup>e<\/sup> r\u00e9giment d\u2019infanterie coloniale stationn\u00e9 dans le Var, Edouard Ecochard \u00e9pouse Berthe Souty en septembre 1909, fille d\u2019un ancien militaire de carri\u00e8re, le chef d\u2019escadron Hippolyte Souty. Son fr\u00e8re, Georges, tapissier, est pr\u00e9sent<sup>(3)<\/sup>. Le mois suivant, la famille part pour le Cochinchine (Sud du Vietnam) jusqu\u2019en 1913. Ils ont au moins une fille qui \u00e9pousera un Pollien (habitant de Pouilly-en-Auxois, canton voisin d\u2019Arnay-le-Duc) en 1935.<\/p><figure class=\"wp-block-image aligncenter size-full is-style-rounded\"><img loading=\"lazy\" decoding=\"async\" width=\"529\" height=\"178\" src=\"https:\/\/arnay1418.rarebook-ubfc.fr\/wp-content\/uploads\/2022\/04\/Signature1909.png\" alt=\"\" class=\"wp-image-958\" srcset=\"https:\/\/alisteraldridge.fr\/arnay1418\/wp-content\/uploads\/sites\/2\/2022\/04\/Signature1909.png 529w, https:\/\/alisteraldridge.fr\/arnay1418\/wp-content\/uploads\/sites\/2\/2022\/04\/Signature1909-300x101.png 300w\" sizes=\"(max-width: 529px) 100vw, 529px\" \/><figcaption class=\"wp-element-caption\">Signature d&rsquo;Edouard Ecochard sur son acte de mariage, 1909<\/figcaption><\/figure><p>En 1914, au moment de la mobilisation g\u00e9n\u00e9rale, le lieutenant Ecochard r\u00e9side \u00e0 Marseille, o\u00f9 est alors stationn\u00e9 le 22<sup>e<\/sup> r\u00e9giment d\u2019infanterie coloniale.<\/p><p>Comme l\u2019indique l\u2019historique de ce r\u00e9giment, le lieutenant Ecochard commande la section de mitrailleuses du 1<sup>er<\/sup> bataillon<sup>(4)<\/sup>. Jusqu\u2019en 1915, une section a 2 pi\u00e8ces de mitrailleuses et comme chaque bataillon a sa section, ce sont donc 6 mitrailleuses qui sont attach\u00e9es \u00e0 chaque r\u00e9giment d\u2019infanterie de l\u2019arm\u00e9e active<sup>(5)<\/sup>. En 1914, la mitrailleuse utilis\u00e9e par l\u2019arm\u00e9e fran\u00e7aise est la Saint-Etienne mod\u00e8le 1907 T. Entre le tube et le tr\u00e9pied, chaque mitrailleuse p\u00e8se 56,7 kg, sans compter diff\u00e9rents accessoires et les munitions n\u00e9cessaires \u00e0 son fonctionnement. Il faut quatre hommes pour servir une pi\u00e8ce dont vous pouvez voir un exemple en cliquant sur <a href=\"https:\/\/www.musee-armee.fr\/fileadmin\/user_upload\/Documents\/Support-Visite-Fiches-Objets\/Fiches-1914-1918\/MA_fiche-objet-mitrailleuse.pdf\">ce lien<\/a> dirigeant vers le mus\u00e9e de l\u2019Arm\u00e9e.<\/p><p>En 1920, le lieutenant Ecochard se voit d\u00e9cerner la L\u00e9gion d\u2019honneur pour le motif suivant&nbsp;:<\/p><blockquote class=\"wp-block-quote is-layout-flow wp-block-quote-is-layout-flow\"><p>ECOCHARD (Edouard-L\u00e9on-Victor), matricule 3272, lieutenant&nbsp;; officier d\u2019\u00e9lite, qui a fait preuve en toutes circonstances d\u2019un grand courage et d\u2019une grande \u00e9nergie. Commandant une section de mitrailleuses. Est tomb\u00e9 mortellement frapp\u00e9 en dirigeant la mise en batterie de ses pi\u00e8ces, le 22 ao\u00fbt 1914, en Belgique. Croix de guerre avec palme.<\/p><cite>(6)<\/cite><\/blockquote><p>La Grande Chancellerie de la L\u00e9gion d\u2019honneur, que nous remercions pour leur prompte r\u00e9ponse, confirme l\u2019existence de l\u2019octroi de cette d\u00e9coration au lieutenant Ecochard, mais aucun dossier n\u2019a \u00e9t\u00e9 retrouv\u00e9 pour le moment.<\/p><p>Une rue de Nice semble porter son nom mais nous n\u2019avons pu obtenir davantage d\u2019information pour le moment.<\/p><p>Le lien entre le lieutenant Ecochard et Arnay-le-Duc provient de sa femme Berthe, qui est la fille d\u2019Ana\u00efs Royer, une arn\u00e9toise. Entre 1911 et 1914, Hippolyte Souty et Ana\u00efs Royer s\u2019installent \u00e0 Arnay-le-Duc. M. Souty d\u00e9c\u00e8de le 19 mai 1914 en son domicile, rue Jean Maire<sup>(7)<\/sup>.<\/p><h1 class=\"wp-block-heading\">Carte<\/h1><p><a href=\"\/\/umap-mshe.univ-fcomte.fr\/fr\/map\/ecochard-edouard-leon-victor_89\">Voir en plein \u00e9cran<\/a><\/p><h1 class=\"wp-block-heading\">Sources<\/h1><ul class=\"wp-block-list\"><li><em>Archives de Paris, \u00e9tat civil 7e Arrondissement 1877 (V4E 3310), Ecochard Edouard L\u00e9on Victor, n\u00b0374, 1877, <a href=\"http:\/\/archives.paris.fr\/arkotheque\/visionneuse\/visionneuse.php?arko=YTo2OntzOjQ6ImRhdGUiO3M6MTA6IjIwMjItMDQtMjMiO3M6MTA6InR5cGVfZm9uZHMiO3M6MTE6ImFya29fc2VyaWVsIjtzOjQ6InJlZjEiO2k6NDtzOjQ6InJlZjIiO2k6MjE2NDU1O3M6MTY6InZpc2lvbm5ldXNlX2h0bWwiO2I6MTtzOjIxOiJ2aXNpb25uZXVzZV9odG1sX21vZGUiO3M6NDoicHJvZCI7fQ==#uielem_move=52%2C-1103&amp;uielem_rotate=F&amp;uielem_islocked=0&amp;uielem_zoom=161\">lien vers le registre<\/a>.<\/em><\/li>\n\n<li><em>Archives de Paris, recrutement militaire de la Seine (1887-1921), classe 1897 (D4R1 938), recherche nominative, Ecochard Edouard L\u00e9on Victor, <a href=\"http:\/\/archives.paris.fr\/arkotheque\/visionneuse\/visionneuse.php?arko=YTo2OntzOjQ6ImRhdGUiO3M6MTA6IjIwMjItMDQtMjMiO3M6MTA6InR5cGVfZm9uZHMiO3M6MTE6ImFya29fc2VyaWVsIjtzOjQ6InJlZjEiO2k6MTc7czo0OiJyZWYyIjtpOjEyMTcyMjk7czoxNjoidmlzaW9ubmV1c2VfaHRtbCI7YjoxO3M6MjE6InZpc2lvbm5ldXNlX2h0bWxfbW9kZSI7czo0OiJwcm9kIjt9#uielem_move=175%2C-911&amp;uielem_rotate=F&amp;uielem_islocked=0&amp;uielem_zoom=105\">lien vers la fiche matricule<\/a>.<\/em><\/li>\n\n<li><em>S.H.D,&nbsp;M\u00e9moire des Hommes, Journaux des marches et op\u00e9rations des corps de troupe, 22<sup>e<\/sup> r\u00e9giment d\u2019infanterie coloniale, 1ao\u00fbt \u201331 d\u00e9cembre 1914 (26 N 865\/7), <a href=\"https:\/\/www.memoiredeshommes.sga.defense.gouv.fr\/fr\/ark:\/40699\/e00527a59b2407c6\/527a59b260e3c\">vues 7-9\/51<\/a>.<\/em><\/li>\n\n<li>(1) <em>A. N., fonds Grande Chancellerie de la L\u00e9gion d\u2019honneur<\/em>, <em>Ecochard Arthur Victor Joseph (LH\/890\/4) [<a href=\"https:\/\/www.leonore.archives-nationales.culture.gouv.fr\/ui\/notice\/132630\">En ligne<\/a>]<\/em>.<\/li>\n\n<li>(2) COCHET F., PORTE R., (2017), <em>Histoire de l&rsquo;arm\u00e9e fran\u00e7aise : 1914-1918 : \u00e9volutions et adaptations des hommes, des mat\u00e9riels et des doctrines<\/em>, Tallandier, Paris, p. 31.<\/li>\n\n<li>(3) <em>A.D. de la C\u00f4te-d\u2019Or, \u00e9tat civil num\u00e9ris\u00e9<\/em>, <em>Dijon 1909 (FRAD021EC 239\/485), Ecochard Edouard L\u00e9on Victor \u2013 Souty Berthe Marie L\u00e9ontine, n\u00b0398, 1909, <a href=\"https:\/\/archives.cotedor.fr\/v2\/ark:\/71137\/gad9f19926a1b08b28b0e1daaf423b7d7\/513fe94c4cdba90ab844f11bfa917a45\/271\/ZnJhZDAyMV8yMzlfMmUyMzlhcnQ0NDBfMDI3MS5qcGc=\">vue 271\/408<\/a>.<\/em><\/li>\n\n<li>(4) (s.d.), <em>Historique du 22<sup>e<\/sup> r\u00e9giment d\u2019infanterie coloniale pendant la guerre 1914-1018<\/em>, Berger-Levrault (\u00e9diteur), Nancy, p. 7 [En ligne] Disponible sur <a href=\"https:\/\/gallica.bnf.fr\/ark:\/12148\/bpt6k6227182m\/f13.item.texteImage.zoom\">Gallica<\/a>.<\/li>\n\n<li>(5) (2003), \u00ab&nbsp;Les sections de mitrailleuses d\u2019infanterie, les compagnies de mitrailleuses d\u2019infanterie&nbsp;\u00bb in <em>Les mitrailleuses du premier conflit mondial<\/em> [<a href=\"http:\/\/www.mitrailleuse.fr\/France\/Section\/section.htm#:~:text=Une%20division%20d'infanterie%2C%20en,chef%20de%20section%20(sergent).\">En ligne<\/a>] (Consult\u00e9 le 30 avril 2022).<\/li>\n\n<li>(6) (6 novembre 1920), <em>Journal officiel de la R\u00e9publique fran\u00e7aise. Lois et d\u00e9crets<\/em>, p. 17617 [En ligne] Disponible sur <a href=\"https:\/\/gallica.bnf.fr\/ark:\/12148\/bpt6k6387840k\/f41.image.r=Ecochard%20Edouard%20L%C3%A9on%20Victor?rk=64378;0\">Gallica<\/a>.<\/li>\n\n<li>(7)<em> A.D. de la C\u00f4te-d\u2019Or, \u00e9tat civil num\u00e9ris\u00e9<\/em>, <em>Arnay-le-Duc 1911-1915 (FRAD021EC 26\/040), Souty Louis Hippolyte Auguste, n\u00b049, 1914, <a href=\"https:\/\/archives.cotedor.fr\/v2\/ark:\/71137\/g84e2727b8986dad2c7eb7a23de11b558\/bb079f6b97683f4c02fd46c65c4234a5\/196\/ZnJhZDAyMV8wMjZfMmUwMjZhcnQwMzZfMDE5Ni5qcGc=\">vue 196\/271<\/a>.<\/em><\/li>\n\n<li>Portrait&nbsp;: (s.d.) <em>Le Livre d&rsquo;or des Francs-Bourgeois pendant la Guerre de 1914-1918, <\/em>collectif, Paris, planche IV. Merci \u00e0 <a href=\"http:\/\/jeanluc.dron.free.fr\/\">M. Jean-Luc Dron<\/a> pour avoir aimablement num\u00e9ris\u00e9 la planche sur laquelle figure le portrait du lieutenant.<\/li><\/ul>","protected":false},"excerpt":{"rendered":"<p>ECOCHARD Edouard L\u00e9on Victor \u00a4 9 mars 1877 \u00e0 Paris, 7e arrondissement\u2020 22 ao\u00fbt 1914 \u00e0 Jamoigne (Belgique)Lieutenant \u2013 22e r\u00e9giment d\u2019infanterie coloniale \u2013 37 [&#8230;]<\/p>\n","protected":false},"author":2,"featured_media":0,"parent":0,"menu_order":0,"comment_status":"closed","ping_status":"closed","template":"","meta":{"footnotes":""},"class_list":["post-954","page","type-page","status-publish","hentry"],"yoast_head":"<!-- This site is optimized with the Yoast SEO plugin v25.6 - https:\/\/yoast.com\/wordpress\/plugins\/seo\/ -->\n<title>ECOCHARD Edouard L\u00e9on Victor - Arnay-le-Duc 1914-1918<\/title>\n<meta name=\"robots\" content=\"index, follow, max-snippet:-1, max-image-preview:large, max-video-preview:-1\" \/>\n<link rel=\"canonical\" href=\"https:\/\/alisteraldridge.fr\/arnay1418\/ecochard-edouard-leon-victor\/\" \/>\n<meta property=\"og:locale\" content=\"fr_FR\" \/>\n<meta property=\"og:type\" content=\"article\" \/>\n<meta property=\"og:title\" content=\"ECOCHARD Edouard L\u00e9on Victor - Arnay-le-Duc 1914-1918\" \/>\n<meta property=\"og:description\" content=\"ECOCHARD Edouard L\u00e9on Victor \u00a4 9 mars 1877 \u00e0 Paris, 7e arrondissement\u2020 22 ao\u00fbt 1914 \u00e0 Jamoigne (Belgique)Lieutenant \u2013 22e r\u00e9giment d\u2019infanterie coloniale \u2013 37 [...]\" \/>\n<meta property=\"og:url\" content=\"https:\/\/alisteraldridge.fr\/arnay1418\/ecochard-edouard-leon-victor\/\" \/>\n<meta property=\"og:site_name\" content=\"Arnay-le-Duc 1914-1918\" \/>\n<meta property=\"article:modified_time\" content=\"2023-01-17T16:58:41+00:00\" \/>\n<meta property=\"og:image\" content=\"https:\/\/arnay1418.rarebook-ubfc.fr\/wp-content\/uploads\/2022\/04\/ECOCHARD_1-921x1024.jpg\" \/>\n<meta name=\"twitter:card\" content=\"summary_large_image\" \/>\n<meta name=\"twitter:label1\" content=\"Dur\u00e9e de lecture estim\u00e9e\" \/>\n\t<meta name=\"twitter:data1\" content=\"17 minutes\" \/>\n<script type=\"application\/ld+json\" class=\"yoast-schema-graph\">{\"@context\":\"https:\/\/schema.org\",\"@graph\":[{\"@type\":\"WebPage\",\"@id\":\"https:\/\/alisteraldridge.fr\/arnay1418\/ecochard-edouard-leon-victor\/\",\"url\":\"https:\/\/alisteraldridge.fr\/arnay1418\/ecochard-edouard-leon-victor\/\",\"name\":\"ECOCHARD Edouard L\u00e9on Victor - Arnay-le-Duc 1914-1918\",\"isPartOf\":{\"@id\":\"https:\/\/alisteraldridge.fr\/arnay1418\/#website\"},\"primaryImageOfPage\":{\"@id\":\"https:\/\/alisteraldridge.fr\/arnay1418\/ecochard-edouard-leon-victor\/#primaryimage\"},\"image\":{\"@id\":\"https:\/\/alisteraldridge.fr\/arnay1418\/ecochard-edouard-leon-victor\/#primaryimage\"},\"thumbnailUrl\":\"https:\/\/arnay1418.rarebook-ubfc.fr\/wp-content\/uploads\/2022\/04\/ECOCHARD_1-921x1024.jpg\",\"datePublished\":\"2022-04-30T20:46:57+00:00\",\"dateModified\":\"2023-01-17T16:58:41+00:00\",\"breadcrumb\":{\"@id\":\"https:\/\/alisteraldridge.fr\/arnay1418\/ecochard-edouard-leon-victor\/#breadcrumb\"},\"inLanguage\":\"fr-FR\",\"potentialAction\":[{\"@type\":\"ReadAction\",\"target\":[\"https:\/\/alisteraldridge.fr\/arnay1418\/ecochard-edouard-leon-victor\/\"]}]},{\"@type\":\"ImageObject\",\"inLanguage\":\"fr-FR\",\"@id\":\"https:\/\/alisteraldridge.fr\/arnay1418\/ecochard-edouard-leon-victor\/#primaryimage\",\"url\":\"https:\/\/arnay1418.rarebook-ubfc.fr\/wp-content\/uploads\/2022\/04\/ECOCHARD_1-921x1024.jpg\",\"contentUrl\":\"https:\/\/arnay1418.rarebook-ubfc.fr\/wp-content\/uploads\/2022\/04\/ECOCHARD_1-921x1024.jpg\"},{\"@type\":\"BreadcrumbList\",\"@id\":\"https:\/\/alisteraldridge.fr\/arnay1418\/ecochard-edouard-leon-victor\/#breadcrumb\",\"itemListElement\":[{\"@type\":\"ListItem\",\"position\":1,\"name\":\"Home\",\"item\":\"https:\/\/alisteraldridge.fr\/arnay1418\/\"},{\"@type\":\"ListItem\",\"position\":2,\"name\":\"ECOCHARD Edouard L\u00e9on Victor\"}]},{\"@type\":\"WebSite\",\"@id\":\"https:\/\/alisteraldridge.fr\/arnay1418\/#website\",\"url\":\"https:\/\/alisteraldridge.fr\/arnay1418\/\",\"name\":\"Arnay-le-Duc 1914-1918\",\"description\":\"Histoire d&#039;une ville bourguignonne pendant la Premi\u00e8re Guerre mondiale\",\"potentialAction\":[{\"@type\":\"SearchAction\",\"target\":{\"@type\":\"EntryPoint\",\"urlTemplate\":\"https:\/\/alisteraldridge.fr\/arnay1418\/?s={search_term_string}\"},\"query-input\":{\"@type\":\"PropertyValueSpecification\",\"valueRequired\":true,\"valueName\":\"search_term_string\"}}],\"inLanguage\":\"fr-FR\"}]}<\/script>\n<!-- \/ Yoast SEO plugin. -->","yoast_head_json":{"title":"ECOCHARD Edouard L\u00e9on Victor - Arnay-le-Duc 1914-1918","robots":{"index":"index","follow":"follow","max-snippet":"max-snippet:-1","max-image-preview":"max-image-preview:large","max-video-preview":"max-video-preview:-1"},"canonical":"https:\/\/alisteraldridge.fr\/arnay1418\/ecochard-edouard-leon-victor\/","og_locale":"fr_FR","og_type":"article","og_title":"ECOCHARD Edouard L\u00e9on Victor - Arnay-le-Duc 1914-1918","og_description":"ECOCHARD Edouard L\u00e9on Victor \u00a4 9 mars 1877 \u00e0 Paris, 7e arrondissement\u2020 22 ao\u00fbt 1914 \u00e0 Jamoigne (Belgique)Lieutenant \u2013 22e r\u00e9giment d\u2019infanterie coloniale \u2013 37 [...]","og_url":"https:\/\/alisteraldridge.fr\/arnay1418\/ecochard-edouard-leon-victor\/","og_site_name":"Arnay-le-Duc 1914-1918","article_modified_time":"2023-01-17T16:58:41+00:00","og_image":[{"url":"https:\/\/arnay1418.rarebook-ubfc.fr\/wp-content\/uploads\/2022\/04\/ECOCHARD_1-921x1024.jpg","type":"","width":"","height":""}],"twitter_card":"summary_large_image","twitter_misc":{"Dur\u00e9e de lecture estim\u00e9e":"17 minutes"},"schema":{"@context":"https:\/\/schema.org","@graph":[{"@type":"WebPage","@id":"https:\/\/alisteraldridge.fr\/arnay1418\/ecochard-edouard-leon-victor\/","url":"https:\/\/alisteraldridge.fr\/arnay1418\/ecochard-edouard-leon-victor\/","name":"ECOCHARD Edouard L\u00e9on Victor - Arnay-le-Duc 1914-1918","isPartOf":{"@id":"https:\/\/alisteraldridge.fr\/arnay1418\/#website"},"primaryImageOfPage":{"@id":"https:\/\/alisteraldridge.fr\/arnay1418\/ecochard-edouard-leon-victor\/#primaryimage"},"image":{"@id":"https:\/\/alisteraldridge.fr\/arnay1418\/ecochard-edouard-leon-victor\/#primaryimage"},"thumbnailUrl":"https:\/\/arnay1418.rarebook-ubfc.fr\/wp-content\/uploads\/2022\/04\/ECOCHARD_1-921x1024.jpg","datePublished":"2022-04-30T20:46:57+00:00","dateModified":"2023-01-17T16:58:41+00:00","breadcrumb":{"@id":"https:\/\/alisteraldridge.fr\/arnay1418\/ecochard-edouard-leon-victor\/#breadcrumb"},"inLanguage":"fr-FR","potentialAction":[{"@type":"ReadAction","target":["https:\/\/alisteraldridge.fr\/arnay1418\/ecochard-edouard-leon-victor\/"]}]},{"@type":"ImageObject","inLanguage":"fr-FR","@id":"https:\/\/alisteraldridge.fr\/arnay1418\/ecochard-edouard-leon-victor\/#primaryimage","url":"https:\/\/arnay1418.rarebook-ubfc.fr\/wp-content\/uploads\/2022\/04\/ECOCHARD_1-921x1024.jpg","contentUrl":"https:\/\/arnay1418.rarebook-ubfc.fr\/wp-content\/uploads\/2022\/04\/ECOCHARD_1-921x1024.jpg"},{"@type":"BreadcrumbList","@id":"https:\/\/alisteraldridge.fr\/arnay1418\/ecochard-edouard-leon-victor\/#breadcrumb","itemListElement":[{"@type":"ListItem","position":1,"name":"Home","item":"https:\/\/alisteraldridge.fr\/arnay1418\/"},{"@type":"ListItem","position":2,"name":"ECOCHARD Edouard L\u00e9on Victor"}]},{"@type":"WebSite","@id":"https:\/\/alisteraldridge.fr\/arnay1418\/#website","url":"https:\/\/alisteraldridge.fr\/arnay1418\/","name":"Arnay-le-Duc 1914-1918","description":"Histoire d&#039;une ville bourguignonne pendant la Premi\u00e8re Guerre mondiale","potentialAction":[{"@type":"SearchAction","target":{"@type":"EntryPoint","urlTemplate":"https:\/\/alisteraldridge.fr\/arnay1418\/?s={search_term_string}"},"query-input":{"@type":"PropertyValueSpecification","valueRequired":true,"valueName":"search_term_string"}}],"inLanguage":"fr-FR"}]}},"featured_image_src":null,"jetpack_sharing_enabled":true,"_links":{"self":[{"href":"https:\/\/alisteraldridge.fr\/arnay1418\/wp-json\/wp\/v2\/pages\/954"}],"collection":[{"href":"https:\/\/alisteraldridge.fr\/arnay1418\/wp-json\/wp\/v2\/pages"}],"about":[{"href":"https:\/\/alisteraldridge.fr\/arnay1418\/wp-json\/wp\/v2\/types\/page"}],"author":[{"embeddable":true,"href":"https:\/\/alisteraldridge.fr\/arnay1418\/wp-json\/wp\/v2\/users\/2"}],"replies":[{"embeddable":true,"href":"https:\/\/alisteraldridge.fr\/arnay1418\/wp-json\/wp\/v2\/comments?post=954"}],"version-history":[{"count":2,"href":"https:\/\/alisteraldridge.fr\/arnay1418\/wp-json\/wp\/v2\/pages\/954\/revisions"}],"predecessor-version":[{"id":2333,"href":"https:\/\/alisteraldridge.fr\/arnay1418\/wp-json\/wp\/v2\/pages\/954\/revisions\/2333"}],"wp:attachment":[{"href":"https:\/\/alisteraldridge.fr\/arnay1418\/wp-json\/wp\/v2\/media?parent=954"}],"curies":[{"name":"wp","href":"https:\/\/api.w.org\/{rel}","templated":true}]}}