{"id":859,"date":"2022-03-29T18:50:16","date_gmt":"2022-03-29T18:50:16","guid":{"rendered":"https:\/\/arnay1418.rarebook-ubfc.fr\/?page_id=859"},"modified":"2023-01-17T17:02:56","modified_gmt":"2023-01-17T17:02:56","slug":"brenot-emile-henry","status":"publish","type":"page","link":"https:\/\/alisteraldridge.fr\/arnay1418\/brenot-emile-henry\/","title":{"rendered":"BRENOT Emile Henry"},"content":{"rendered":"<p class=\"has-text-align-center has-large-font-size\"><strong>BRENOT <\/strong>Emile Henri<\/p><p class=\"has-text-align-center\">\u00a4 25 f\u00e9vrier 1893 \u00e0 Pagny-la-Ville (C\u00f4te-d\u2019Or)<br>\u2020 10 mai 1915 \u00e0 Notre-Dame-de-Lorette (Pas-de-Calais)<br>Aspirant \u2013 109<sup>e<\/sup> r\u00e9giment d\u2019infanterie \u2013 22 ans<br>Tu\u00e9 \u00e0 l\u2019ennemi<br>Mort pour la France<\/p><div class=\"quote1\">&lsquo;Est rest\u00e9 \u00e0 son poste \u00e0 c\u00f4t\u00e9 de ses hommes au moment du bombardement. A \u00e9t\u00e9 tu\u00e9.&rsquo;<\/div><hr class=\"wp-block-separator has-text-color has-black-color has-css-opacity has-black-background-color has-background is-style-wide\"\/><h1 class=\"wp-block-heading\">Acte de naissance<\/h1><p class=\"has-text-align-center\"><em>N\u00b011<\/em><\/p><p class=\"has-text-align-center\"><em>Naissance<br>de<br>Emile Henry <strong>Brenot<\/strong><br>&#8212;<\/em><\/p><p>L\u2019an mil-huit-cent quatre-vingt-treize le vingt-six f\u00e9vrier \u00e0 onze heures du matin par devant nous Albert Bergerot, maire, officier de l\u2019\u00e9tat civil de la commune de Pagny-la-Ville, canton de Seurre, C\u00f4te-d\u2019Or, a comparu Jean Baptiste Emile <strong>Brenot<\/strong>, \u00e2g\u00e9 de cinquante-six ans, ma\u00e7on domicili\u00e9 dans la pr\u00e9sente commune lequel nous a d\u00e9clar\u00e9 qu\u2019hier vingt-cinq f\u00e9vrier courant \u00e0 onze heures du soir, en son domicile sis \u00e0 Pagny-la-Ville et du mariage contract\u00e9 au m\u00eame lieu le vingt-un septembre mil-huit-cent quatre-vingt-deux entre lui d\u00e9clarant et Marie Ad\u00e8le Ratelot \u00e2g\u00e9e de trente ans, sans profession demeurant avec lui il lui est n\u00e9 un enfant du sexe masculin qu\u2019il nous pr\u00e9sente et auquel il d\u00e9clare donner les pr\u00e9noms de <strong>Emile Henry<\/strong>. Les dites d\u00e9claration et pr\u00e9sentation faites en pr\u00e9sence de Georges Gelot \u00e2g\u00e9 de vingt-neuf ans instituteur et de Claude Joseph Perrin \u00e2g\u00e9 de soixante-trois ans, garde-champ\u00eatre, tous les deux domicili\u00e9s \u00e0 Pagny-la-Ville. Et ont le d\u00e9clarant p\u00e8re de l\u2019enfant et les t\u00e9moins sign\u00e9 avec nous le pr\u00e9sent acte que nous avons r\u00e9dig\u00e9 \u00e0 la mairie en leur pr\u00e9sence et dont il leur a \u00e9t\u00e9 donn\u00e9 lecture.<br>[Signature] Gelot \/ Perrin \/ Brenot Emile \/ A. Bergerot<\/p><p>[<a href=\"https:\/\/archives.cotedor.fr\/v2\/ark:\/71137\/gdba1b152c9696cd0396523215bc7d6d6\/a772deffd39ac82981e5a71d3f9a79e5\/72\/ZnJhZDAyMV80NzNfMmU0NzNhcnQwMTdfMDA3Mi5qcGc=\">Lien vers le document original<\/a>]<\/p><h1 class=\"wp-block-heading\">Fiche matricule<\/h1><div class=\"tableFM\">\n<p><em>D\u00e9c\u00e9d\u00e9<\/em><br>\n<strong>Nom : <\/strong><em>Brenot<\/em><br>\n<strong>Pr\u00e9noms : <\/strong><em>Emile Henry<\/em><br>\n<strong>Surnoms : <\/strong><em>_<\/em><br>\n<strong>Num\u00e9ro matricule du recrutement : <\/strong><em>1071<\/em>.<br>\n<strong>Classe de mobilisation : <\/strong><em>1913<\/em>.<\/p>\n<hr>\n<h3>\u00c9tat civil :<\/h3>\n<p><strong>N\u00e9 le<\/strong> <em>25 f\u00e9vrier 1893<\/em>, <strong>\u00e0<\/strong> <em>Pagny-la-Ville<\/em>, <strong>canton de<\/strong> <em>Seurre<\/em>, <strong>d\u00e9partement de<\/strong> <em>C\u00f4te-d&rsquo;Or<\/em>, <strong>r\u00e9sidant \u00e0<\/strong> <em>Arnay-le-Duc<\/em>, <strong>canton d<\/strong><em>udit<\/em>, d\u00e9partement de<\/strong> <em>C\u00f4te-d&rsquo;Or<\/em>, <strong>profession d<\/strong><em>&lsquo;instituteur<\/em>, <strong>fils de<\/strong> <em>Jean Baptiste Emile<\/em><strong> et de<\/strong> <em>Ratelot Marie Ad\u00e8le<\/em><strong> domicili\u00e9s \u00e0<\/strong> <em>Pagny-la-Ville<\/em>, <strong>canton de<\/strong><em> Seurre<\/em>, <strong>d\u00e9partement de<\/strong> <em>C\u00f4te-d&rsquo;Or<\/em>.<\/p>\n<p><strong>Mari\u00e9 \u00e0 <\/strong><em>_<\/em>.<\/p>\n<hr>\n<h3>Signalement :<\/h3>\n<p><strong>Cheveux<\/strong> <em>ch\u00e2tains<\/em>, <strong>Yeux<\/strong> <em>ch\u00e2tains<\/em>,<br>\n<strong>Front<\/strong> <em>moyen<\/em>, <strong>Nez<\/strong> <em>rectiligne<\/em>,<br>\n<strong>Visage<\/strong> <em>_<\/em>, <strong>Renseignements physionomiques<br>\ncompl\u00e9mentaires :<\/strong> <em>_<\/em><br>\n<strong>Taille :<\/strong> <em>1<\/em><strong>m\u00e8tre<\/strong><em>67<\/em> <strong>centim\u00e8tres<br>\nTaille rectifi\u00e9e :<\/strong> <em>1<\/em><strong>m\u00e8tre<\/strong><em>_<\/em> <strong>centim\u00e8tres.<\/strong><br>\n<strong>Marques particuli\u00e8res : <\/strong><em>_<\/em><br>\n<strong>Degr\u00e9 d\u2019instruction g\u00e9n\u00e9rale : <\/strong><em>4<\/em>.<\/p>\n<hr>\n<h3>D\u00e9cision du conseil de r\u00e9vision et motifs :<\/h3>\n<p><strong>Inscrit sous le n\u00b0<\/strong><em>11<\/em> <strong>de la liste du canton de <\/strong><em>Seurre<\/em>.<br>\n<strong>Class\u00e9 dans la<\/strong> <em>1<sup>e<\/sup><\/em> <strong>partie de la liste en 19<\/strong><em>13<\/em><\/p>\n<hr>\n<h3>Corps d\u2019affectation \/ Num\u00e9ros au contr\u00f4le sp\u00e9cial \u2013 matricule ou au r\u00e9pertoire<\/h3>\n<p><strong>Dans l\u2019arm\u00e9e active :<\/strong> <em>109<sup>e<\/sup> R\u00e9giment d&rsquo;infanterie &#8211; 8499<\/em><br>\n<strong>Disponibilit\u00e9 et r\u00e9serve de l\u2019arm\u00e9e active :<\/strong> <em>_<\/em><br>\n<strong>Arm\u00e9e territoriale et sa r\u00e9serve :<\/strong> <em>_<\/em>.<\/p>\n<hr>\n<h3>D\u00e9tail des services et mutations diverses.<\/h3>\n<p><em>Incorpor\u00e9 \u00e0 compter du 28 novembre 1913. Arri\u00e9 au corps le 29 novembre 1913. Caporal le 24 avril 1914. Sergent le 10 novembre 1914. Aspirant le 24 janvier 1915 pour compter du 24 d\u00e9cembre 1914. Tu\u00e9 \u00e0 l&rsquo;ennemi le 10 mai 1911 \u00e0 Notre-Dame-de-Lorette (Pas de Calais). Ray\u00e9 le 30 novembre 1915.<\/em>.<\/p>\n<hr>\n<h3>Ant\u00e9c\u00e9dents judiciaires et condamnations<\/h3>\n<p><em>_<\/em>.<\/p>\n<h3>Campagnes<\/h3>\n<p><em>Contre l&rsquo;Allemagne du 2 ao\u00fbt 1914 au 10 mai 1915<\/em>.<\/p>\n<h3>Blessures, citations, d\u00e9corations, etc.<\/h3>\n<p><em>Citation \u00e0 l&rsquo;ordre de la 13<sup>e<\/sup> Division, ordre n\u00b0102 du 5 juin 1915.<br>\n\u00ab\u00a0Le 10 mai aux combats de Lorette, est rest\u00e9 \u00e0 son poste \u00e0 c\u00f4t\u00e9 de ses hommes au moment du bombardement. A \u00e9t\u00e9 tu\u00e9.<br>\nEn compagne depuis le d\u00e9but des hostilit\u00e9s\u00a0\u00bb.<\/em>.<\/p>\n<hr>\n<h3>Localit\u00e9s successives habit\u00e9es<br>par suite de changements de domicile ou de r\u00e9sidence<\/h3>\n<strong>Dates \/ Communes \/ Subdivisions de r\u00e9gion \/ D : Domicile, R : R\u00e9sidence<\/strong>\n<p><em>_<\/em>.<\/p>\n<hr>\n<h3>P\u00e9riodes d&rsquo;exercices<\/h3>\n<p><strong>R\u00e9serve : 1<sup>re<\/sup> dans le<\/strong><em>_,<\/em> <strong>du<\/strong> <em>_<\/em> <strong>au<\/strong> <em>_<\/em><\/strong>.<br>\n<strong>&#8211; 2<sup>e<\/sup> dans le<\/strong><em>_,<\/em> <strong>du<\/strong> <em>_<\/em> <strong>au<\/strong> <em>_<\/em><\/strong>.<br>\n<strong>&#8211; Suppl\u00e9mentaire dans le<\/strong><em>_,<\/em> <strong>du<\/strong> <em>_<\/em> <strong>au<\/strong> <em>_<\/em><\/strong>.<br>\n<strong>Arm\u00e9e territoriale : 1<sup>re<\/sup> dans le<\/strong><em>_,<\/em> <strong>du<\/strong> <em>_<\/em> <strong>au<\/strong> <em>_<\/em><\/strong>.<br>\n<strong>&#8211; Suppl\u00e9mentaire dans le<\/strong><em>_,<\/em> <strong>du<\/strong> <em>_<\/em> <strong>au<\/strong> <em>_<\/em><\/strong>.<br>\n<strong>Sp\u00e9ciales aux hommes du service de garde des voies de communication :<\/strong><\/em>_<\/em>.<\/p>\n<hr>\n<h3>\u00c9poque \u00e0 laquelle l\u2019homme doit passer dans :<\/h3>\n<p><strong>La r\u00e9serve de l\u2019arm\u00e9e active :<\/strong><em>_<\/em><br>\n<strong>L\u2019arm\u00e9e territoriale :<\/strong><em>_<\/em><br>\n<strong>La r\u00e9serve de l\u2019arm\u00e9e territoriale : <\/strong><em>_<\/em><br>\n<strong>Date de la lib\u00e9ration du service militaire :<\/strong><em>_<\/em><\/p>\n<em>Sans dossier<\/em><br>\n<em>Mis \u00e0 jour le 5 ao\u00fbt 1958. Le Capitaine Py chef de la 2e section.<\/em>\n<\/div><p>&nbsp;[<a href=\"https:\/\/archives.cotedor.fr\/v2\/ark:\/71137\/g18b9939661dcdb8c8c3fb1308e03b69b\/1da82e25d6c798304ee277d34386a759\/128\/ZnJhZDAyMV9yMjQ5N18wMTI4LmpwZw==\">Lien vers le document original<\/a>]<\/p><h1 class=\"wp-block-heading\">Journal des marches et op\u00e9rations du 109<sup>e<\/sup> r\u00e9giment d\u2019infanterie<\/h1><p>Notre-Dame-de-Lorette, commune d\u2019Ablain-Saint-Nazaire, un nom qui laisse encore aujourd\u2019hui claironner le nom de 180&nbsp;000 soldats fran\u00e7ais et allemands morts sur ou pour cette colline et son plateau, excellente position surplombant le bassin d\u2019Arras. D\u2019octobre 1914 \u00e0 octobre 1915, les troupes fran\u00e7aises et allemandes luttent f\u00e9rocement pour prendre ou d\u00e9fendre cette colline. Le 109<sup>e<\/sup> r\u00e9giment d\u2019infanterie arrive dans le secteur au d\u00e9but du mois de mars. Les soldats se battent pour un boyau, une tranch\u00e9e, pour quelques m\u00e8tres de terrain. Ce terrain est tr\u00e8s difficile, surtout pour les assaillants car il est accentu\u00e9 et, en hiver et au printemps, boueux. De plus, les fortifications et d\u00e9fenses allemandes sont formidables. Le 15 avril 1915, l\u2019aspirant Brenot, qui appartient \u00e0 la 4<sup>\u00e8me <\/sup>compagnie, participe \u00e0 la prise d\u2019une position, dite Y, sur le Grand Eperon (partie saillante d\u2019un relief montagneux ou d\u2019une colline). Cela vaut \u00e0 ces deux unit\u00e9s d\u2019\u00eatre f\u00e9licit\u00e9es par le g\u00e9n\u00e9ral Maistre et d\u2019obtenir une citation \u00e0 l\u2019ordre de l\u2019arm\u00e9e (voir la partie <em>donn\u00e9es additionnelles<\/em>).<\/p>            <div class=\"oxi-addons-container noLightbox oxi-image-hover-wrapper-16 \" id=\"oxi-image-hover-wrapper-16\">\n                <div class=\"oxi-addons-row\">\n                                <div class=\"oxi_addons__light_box_style_1 oxi_addons__light_box oxi-bt-col-lg-12 oxi-bt-col-md-12 oxi-bt-col-sm-12  \">\n                <div class=\"oxi_addons__light_box_parent oxi_addons__light_box_parent-16-0\">\n\n                    <div id=\"oxi_lg_sub_html_16_0\" class=\"oxi_addons__lg_subhtml\" style=\"display:none;\">\n                        <h3 class=\"oxi_addons__heading\">Offensive du 9 mai 1915<\/h3><div class=\"oxi_addons__details\">Plan de bataille des forces fran\u00e7aises pour l'offensive du 9 mai 1915 sur lequel appara\u00eet le secteur de Notre-Dame-de-Lorette au Nord d'Ablain-Saint-Nazaire<\/div>                    <\/div>\n\n                    <a class=\"glightbox oxi_addons__light_box_item\"\n                        href=\"https:\/\/arnay1418.rarebook-ubfc.fr\/wp-content\/uploads\/2022\/03\/image004.jpg\"\n                        data-caption-id=\"oxi_lg_sub_html_16_0\"\n                        data-type=\"image\">\n\n                                                    <div class=\"oxi_addons__image_main oxi_addons__custom_width_height\"\n                                style=\"background-image: url('https:\/\/arnay1418.rarebook-ubfc.fr\/wp-content\/uploads\/2022\/03\/image004.jpg');\">\n                                <div class=\"oxi_addons__overlay\">\n                                    <i class=\"fas fa-search oxi-icons\"><\/i>                                <\/div>\n                            <\/div>\n                        \n                        \n                    <\/a>\n                <\/div>\n\n                            <\/div>\n                            <\/div>\n            <\/div>\n\t\t\t<p class=\"has-text-align-center\"><em>Plan de l&rsquo;offensive fran\u00e7aise du 9 mai 1915, montrant la direction g\u00e9n\u00e9rale de l&rsquo;attaque. Notre-Dame-de-Lorette se trouve dans la partie nord de la carte<sup>(1)<\/sup>.<\/em><br>Cliquer pour agrandir<\/p><p>Le 9 mai 1915 doit commencer une grande offensive fran\u00e7aise, port\u00e9e par 7 corps d\u2019arm\u00e9e fran\u00e7ais et un corps britannique. C\u2019est la seconde bataille de l\u2019Artois. Depuis ses positions tenues sur la colline de Lorette, le r\u00e9giment et le reste de la 26<sup>e<\/sup> brigade doit soutenir les autres unit\u00e9s en attaque, principalement la 25<sup>e<\/sup> brigade, en pr\u00e9venant notamment toute contre-attaque allemande pouvant venir d\u2019Ablain-Saint-Nazaire, en contrebas. Ces attaques sont particuli\u00e8rement violentes. L\u2019historique du 109<sup>e<\/sup> r\u00e9giment brosse le tableau suivant du plateau suite \u00e0 l\u2019attaque du 9 mai&nbsp;: \u00ab&nbsp;Le plateau est un immense chaos de boue et d\u2019eau. Les boyaux sont impraticables, les tranch\u00e9es planch\u00e9es et cloisonn\u00e9es de cadavres \u00bb<sup>(5)<\/sup>. Cette offensive se poursuit pendant les jours qui suivent et devra se solder sans avanc\u00e9e notoire pour aucun des deux camps.<\/p>            <div class=\"oxi-addons-container noLightbox oxi-image-hover-wrapper-17 \" id=\"oxi-image-hover-wrapper-17\">\n                <div class=\"oxi-addons-row\">\n                                <div class=\"oxi_addons__light_box_style_1 oxi_addons__light_box oxi-bt-col-lg-12 oxi-bt-col-md-12 oxi-bt-col-sm-12  \">\n                <div class=\"oxi_addons__light_box_parent oxi_addons__light_box_parent-17-0\">\n\n                    <div id=\"oxi_lg_sub_html_17_0\" class=\"oxi_addons__lg_subhtml\" style=\"display:none;\">\n                        <h3 class=\"oxi_addons__heading\">Vue du relief du secteur de Notre-Dame-de-Lorette<\/h3><div class=\"oxi_addons__details\">Dessin repr\u00e9sentant les \u00e9perons de Notre-Dame-de-Lorette vue par le Sud-Ouest en 1915.<\/div>                    <\/div>\n\n                    <a class=\"glightbox oxi_addons__light_box_item\"\n                        href=\"https:\/\/arnay1418.rarebook-ubfc.fr\/wp-content\/uploads\/2022\/03\/Excelsior_10avril17_p1.png\"\n                        data-caption-id=\"oxi_lg_sub_html_17_0\"\n                        data-type=\"image\">\n\n                                                    <div class=\"oxi_addons__image_main oxi_addons__custom_width_height\"\n                                style=\"background-image: url('https:\/\/arnay1418.rarebook-ubfc.fr\/wp-content\/uploads\/2022\/03\/Excelsior_10avril17_p1.png');\">\n                                <div class=\"oxi_addons__overlay\">\n                                    <i class=\"fas fa-search oxi-icons\"><\/i>                                <\/div>\n                            <\/div>\n                        \n                        \n                    <\/a>\n                <\/div>\n\n                            <\/div>\n                            <\/div>\n            <\/div>\n\t\t\t<p class=\"has-text-align-center\">De<em>ssin issu d&rsquo;Excelsior repr\u00e9sentant les \u00e9perons de Notre-Dame-de-Lorette vue par le Sud-Ouest en 1915<\/em><sup>(2)<\/sup>.<br>Cliquer pour agrandir<\/p><p>Entr\u00e9es du 8 au 10 mai :<\/p><p class=\"has-white-background-color has-background\"><strong>8 mai<br><\/strong>L\u2019offensive g\u00e9n\u00e9rale de la X<sup>e<\/sup> Arm\u00e9e est fix\u00e9e au 9 mai. 8 compagnies sont maintenues dans les tranch\u00e9es&nbsp;: 2 aux Arabes-Spahis, 4 au Grand Eperon, 1 \u00e0 Mathis, 1 en r\u00e9serve. \u2013 Le 3<sup>e<\/sup> bataillon est en r\u00e9serve de division \u00e0 Petit-Servins.<br>Pendant la nuit, les troupes d\u2019attaque de la 25<sup>e<\/sup> brigade prennent leurs emplacements de d\u00e9part&nbsp;: une compagnie du 20<sup>e<\/sup> bataillon de chasseurs \u00e0 pied vient occuper momentan\u00e9ment la tranch\u00e9e Est des Arabes \u00e0 la place de la 7<sup>e<\/sup> compagnie du 109<sup>e<\/sup> r\u00e9giment d\u2019infanterie qui se porte aux Spahis.<\/p><p class=\"has-white-background-color has-background\"><strong>9 mai<br><\/strong>La mission du R\u00e9giment est de couvrir l\u2019attaque de la 25<sup>e<\/sup> brigade en tenant sous son feu les lisi\u00e8res Nord d\u2019Ablain-Saint-Nazaire afin de pr\u00e9venir toute contre-attaque.<br>A 10<sup>h<\/sup>, apr\u00e8s une pr\u00e9paration d\u2019artillerie d\u2019une dur\u00e9e de 4<sup>h<\/sup>, les troupes d\u2019attaque se portent en avant.<br>La 7<sup>e<\/sup> compagnie du 109<sup>e<\/sup> r\u00e9giment d\u2019infanterie reprend sa place et se met imm\u00e9diatement \u00e0 \u00e9tablir la liaison par boyau avec les Chasseurs qui se sont avanc\u00e9s jusqu\u2019au point Q.<br>A 14<sup>H<\/sup>, ordre est donn\u00e9 au 3<sup>e<\/sup> bataillon de venir \u00e0 la Maison Foresti\u00e8re o\u00f9 il passe la nuit.<\/p><p class=\"has-white-background-color has-background\"><strong>10 mai<\/strong><br>Le 2<sup>e<\/sup> bataillon relev\u00e9 aux tranch\u00e9es par le 3<sup>e<\/sup> vient \u00e0 la Maison Foresti\u00e8re.<br>Bombardement ennemi sur tout le secteur, en particulier sur les Arabes Spahis&nbsp;: 5 tu\u00e9s dont l\u2019adjudant Giletta, 15 bless\u00e9s.<br>Dans la soir\u00e9e, un peloton de la 9<sup>e<\/sup> compagnie occupe la nouvelle tranch\u00e9e entre le fortin des Arabes et la tranch\u00e9e allemande conquise par les troupes de la 25<sup>e<\/sup> brigade.<br>Nuit calme.<br>(Voir \u00e9tat de pertes du 1<sup>e<\/sup> au 10 mai \u2013 Dossier B \u2013 Annexe 26)<\/p><p>[<a href=\"https:\/\/www.memoiredeshommes.sga.defense.gouv.fr\/fr\/ark:\/40699\/e00527a4810a5d21\/527a48117602b\">Lien vers le document original<\/a>]<\/p><h1 class=\"wp-block-heading\">D\u00e9c\u00e8s<\/h1><p class=\"has-text-align-center\"><em>N\u00b056<\/em><\/p><p class=\"has-text-align-center\"><em>Transcription de d\u00e9c\u00e8s<br>de<br>Brenot Emile-Henry<br>c\u00e9libataire<br>&#8212;<br>Du 25 juillet 1915<\/em><br><em>&#8212;<\/em>&#8211;<\/p><p>L\u2019an mil-neuf-cent-quinze le vingt-deux du mois de mai \u00e9tant \u00e0 Beugin (Pas-de-Calais).<br>Acte de d\u00e9c\u00e8s de Brenot Emile-Henry aspirant au 109<sup>e<\/sup> r\u00e9giment d\u2019infanterie immatricul\u00e9 sous le num\u00e9ro 8499 n\u00e9 le vingt-cinq f\u00e9vrier mil-huit-cent-quatre-vingt-treize \u00e0 Pagny-la-Ville, canton de Seurre d\u00e9partement de la C\u00f4te-d\u2019Or domicili\u00e9 en dernier lieu \u00e0 Arnay-le-Duc (C\u00f4te-d\u2019Or) d\u00e9c\u00e9d\u00e9 \u00e0 Notre-Dame-de-Lorette (Pas-de-Calais) le dix du moi de mai sur le champ de bataille, fils de Jean Baptiste Emile et de Ratelot Marie Ad\u00e8le domicili\u00e9s \u00e0 Pagny-la-Ville canton de Seurre d\u00e9partement de la C\u00f4te-d\u2019Or. Conform\u00e9ment \u00e0 l\u2019article 77 du Code Civil nous nous sommes transport\u00e9 aupr\u00e8s de la personne d\u00e9c\u00e9d\u00e9e et assur\u00e9 de la r\u00e9alit\u00e9 du d\u00e9c\u00e8s. Dress\u00e9 par nous Brousse Gustave Urbain Lieutenant au 109<sup>e<\/sup> officier de l\u2019Etat Civil sur la d\u00e9claration de Lecauchois Fernand Alfred caporal au 109<sup>e<\/sup> et de Beraud L\u00e9on Antoine caporal au 109<sup>e<\/sup> d\u2019infanterie qui ont sign\u00e9 avec nous apr\u00e8s lecture.<br>Suivent les signatures.<br>Vu par nous Laurent Pierre sous intendant militaire pour l\u00e9galisation de la signature de M. Brousse sus-qualit\u00e9.<br>(Signe&nbsp;: Laurent)<br>Vu pour l\u00e9galisation de la signature de M. Brousse Gustave Urbain, Paris le 3 juillet 1915. Le Ministre de la Guerre par d\u00e9l\u00e9gation, le chef du Bureau des Archives administratives, sign\u00e9&nbsp;: illisible.<br>L\u2019acte de d\u00e9c\u00e8s ci-dessous a \u00e9t\u00e9 transcrit le vingt-cinq juillet mil-neuf-cent-quinze \u00e0 dix heures du matin par nous Nicolas Justin Hutin, maire d\u2019Arnay-le-Duc.<br>[Signature] Hutin<\/p><p>[<a href=\"https:\/\/archives.cotedor.fr\/v2\/ark:\/71137\/g84e2727b8986dad2c7eb7a23de11b558\/bb079f6b97683f4c02fd46c65c4234a5\/246\/ZnJhZDAyMV8wMjZfMmUwMjZhcnQwMzZfMDI0Ni5qcGc=\">Lien vers le document original<\/a>]<\/p><h1 class=\"wp-block-heading\">Donn\u00e9es additionnelles<\/h1><p>Emile Brenot est, pendant un court temps, instituteur-adjoint \u00e0 l\u2019\u00e9cole primaire sup\u00e9rieure d\u2019Arnay-le-Duc. Il \u00e9tait certainement encore \u00e9l\u00e8ve stagiaire quand il est appel\u00e9 au service militaire \u00e0 la fin novembre 1913 (il a alors 20 ans). Il est remplac\u00e9 par M. Chevalier<sup>(3)<\/sup>.<\/p><p>Un article de presse nous apprend qu\u2019Emile Brenot a obtenu une premi\u00e8re citation, \u00e0 l\u2019ordre du r\u00e9giment, suite aux actions d\u2019avril 1915 auxquelles il prend part, qui n\u2019est pas mentionn\u00e9e dans sa fiche matricule. Est transcrit de cet article la partie concernant Emile Brenot.<\/p><blockquote class=\"wp-block-quote is-layout-flow wp-block-quote-is-layout-flow\"><p><strong>Pagny-la-Ville. \u2013 Deux braves. \u2013 <\/strong>L\u2019aspirant Emile Brenot, instituteur, mort pour la France, aux combats de Lorette, vient d\u2019\u00eatre l\u2019objet des deux citations suivantes&nbsp;:<br>1\u00b0 Le lieutenant-colonel commandant le 109<sup>e<\/sup> r\u00e9giment d\u2019infanterie, cite \u00e0 l\u2019ordre du r\u00e9giment l\u2019aspirant Emile Brenot, 4<sup>e<\/sup> compagnie&nbsp;:&nbsp;\u00ab&nbsp;Etait pr\u00e9sent \u00e0 l\u2019affaire du Grand-Eperon, le 15 avril 1915&nbsp;; s\u2019y est fait remarquer et a contribu\u00e9, par sa belle conduite, \u00e0 faite citer son unit\u00e9 \u00e0 l\u2019ordre de l\u2019arm\u00e9e&nbsp;\u00bb.<br>2\u00b0 Le g\u00e9n\u00e9ral commandant la 13<sup>e<\/sup> division d\u2019infanterie, cite \u00e0 l\u2019ordre de la division l\u2019aspirant Brenot du 109<sup>e<\/sup>&nbsp;: \u00ab&nbsp;Le 13 mai*, aux combats de Lorette, est rest\u00e9 \u00e0 son poste \u00e0 c\u00f4t\u00e9 de ses hommes&nbsp;; au moment du bombardement, a \u00e9t\u00e9 tu\u00e9. En compagne depuis le d\u00e9but des hostilit\u00e9s&nbsp;\u00bb.<br>[\u2026]<\/p><cite>(4)<\/cite><\/blockquote><p>* Il s\u2019agit du 10 mai, et non du 13.<\/p><p>La citation de son unit\u00e9 la 4<sup>e<\/sup> compagnie, mentionn\u00e9e, peut \u00eatre trouv\u00e9e dans l\u2019historique du 109<sup>e<\/sup> r\u00e9giment d\u2019infanterie&nbsp;:<\/p><blockquote class=\"wp-block-quote is-layout-flow wp-block-quote-is-layout-flow\"><p>Les 1<sup>re<\/sup> et 4<sup>e<\/sup> Compagnies, les sections de grenadiers re\u00e7oivent une citation \u00e0 l\u2019ordre de l\u2019Arm\u00e9e, avec le motif suivant&nbsp;:<\/p>\n\n<p>\u00ab&nbsp;Le 15 Avril, ont ex\u00e9cut\u00e9, avec une ardeur et une bravoure hors de pair, une attaque dirig\u00e9e contre des tranch\u00e9es allemandes tr\u00e8s fortement organis\u00e9es, s\u2019en sont brillamment empar\u00e9es en y faisant de nombreux prisonniers et en ont maintenu la possession, malgr\u00e9 trois vigoureuses contre-attaques et un bombardement d\u2019une extr\u00eame violence.&nbsp;\u00bb<\/p><cite>(5)<\/cite><\/blockquote><p>Emile Brenot est \u00e9galement comm\u00e9mor\u00e9 sur le monument aux morts de Pagny-la-Ville, ainsi que sur la st\u00e8le comm\u00e9morative de l\u2019IUFM (Institut universitaire de formation des ma\u00eetres, aujourd\u2019hui Institut national sup\u00e9rieur du professorat et de l\u2019\u00e9ducation) de Dijon, en compagnie de son camarade instituteur <a href=\"https:\/\/alisteraldridge.fr\/arnay1418\/croci-francois\/\" target=\"_blank\" rel=\"noreferrer noopener\">Fran\u00e7ois Croci<\/a>.<\/p><p>Il sert dans le m\u00eame r\u00e9giment que le p\u00e2tissier <a href=\"https:\/\/alisteraldridge.fr\/arnay1418\/dardier-francois-pierre-louis\/\" target=\"_blank\" rel=\"noreferrer noopener\">Fran\u00e7ois Dardier<\/a>, tu\u00e9 \u00e0 l\u2019ennemi d\u00e8s le 19 ao\u00fbt 1914, et l&rsquo;\u00e9b\u00e9niste <a href=\"https:\/\/alisteraldridge.fr\/arnay1418\/ruffino-jean-baptiste-louis\/\" target=\"_blank\" rel=\"noreferrer noopener\">Ruffino<\/a>, tu\u00e9 en juin 1917.<\/p><h1 class=\"wp-block-heading\">Carte<\/h1><p><a href=\"\/\/umap-mshe.univ-fcomte.fr\/fr\/map\/brenot-emile-henry_83\">Voir en plein \u00e9cran<\/a><\/p><h1 class=\"wp-block-heading\">Sources<\/h1><ul class=\"wp-block-list\"><li><em>A. D. de la C\u00f4te-d\u2019Or, \u00e9tat civil num\u00e9ris\u00e9, Pagny-la-Ville 1891 \u2013 1900 (FRAD021EC 473\/016), Brenot Emile Henry, n\u00b01, 1893, <a href=\"https:\/\/archives.cotedor.fr\/v2\/ark:\/71137\/gdba1b152c9696cd0396523215bc7d6d6\/a772deffd39ac82981e5a71d3f9a79e5\/72\/ZnJhZDAyMV80NzNfMmU0NzNhcnQwMTdfMDA3Mi5qcGc=\">vue 72\/282<\/a>.<\/em><\/li>\n\n<li><em>A.D. de la C\u00f4te-d\u2019Or, recrutement militaire (1867-1940)<\/em>, <em>classe 1913, bureau d\u2019Auxonne (R 2497), <a href=\"https:\/\/archives.cotedor.fr\/v2\/ark:\/71137\/g18b9939661dcdb8c8c3fb1308e03b69b\/1da82e25d6c798304ee277d34386a759\/128\/ZnJhZDAyMV9yMjQ5N18wMTI4LmpwZw==\">vue 128\/614<\/a><\/em>.<\/li>\n\n<li><em>S.H.D,&nbsp;M\u00e9moire des Hommes, Journaux des marches et op\u00e9rations des corps de troupe, 109<sup>e<\/sup> r\u00e9giment d\u2019infanterie (26 N 690\/2), <a href=\"https:\/\/www.memoiredeshommes.sga.defense.gouv.fr\/fr\/ark:\/40699\/e00527a4810a5d21\/527a48117602b\">vues 33-34\/94<\/a>.<\/em><\/li>\n\n<li><em>A.D. de la C\u00f4te-d\u2019Or, \u00e9tat civil num\u00e9ris\u00e9<\/em>, <em>Arnay-le-Duc 1911 \u2013 1915 (FRAD021EC 26\/040), Brenot Emile Henry (transcription), n\u00b056, 1915, <a href=\"https:\/\/archives.cotedor.fr\/v2\/ark:\/71137\/g84e2727b8986dad2c7eb7a23de11b558\/bb079f6b97683f4c02fd46c65c4234a5\/246\/ZnJhZDAyMV8wMjZfMmUwMjZhcnQwMzZfMDI0Ni5qcGc=\">vues 246-47\/271<\/a>.<\/em><\/li>\n\n<li>(1) (10 avril 1917), \u00ab&nbsp;Les quatre principaux \u00e9perons du plateau de Notre-Dame-de-Lorette&nbsp;\u00bb, in <em>Excelsior<\/em>, p. 1\/6 [En ligne] Disponible sur <a href=\"https:\/\/www.retronews.fr\/journal\/excelsior\/10-avril-1917\/353\/2772817\/1?from=%2Fsearch%23allTerms%3DLorette%25201915%26sort%3Dscore%26publishedStart%3D1910-01-01%26publishedEnd%3D1919-12-31%26publishedBounds%3Dfrom%26indexedBounds%3Dfrom%26page%3D1%26searchIn%3Dall%26total%3D7322&amp;index=23\">Retronews<\/a>.<\/li>\n\n<li>(2) Le Maner, Yves (s.d.),&nbsp;\u00ab&nbsp;La seconde bataille d\u2019Artois (9 mai \u2013 juin 1915)&nbsp;\u00bb in <em>Chemins de m\u00e9moire de la Grande Guerre en Nord-Pas-de-Calais<\/em> [<a href=\"http:\/\/www.cheminsdememoire-nordpasdecalais.fr\/lhistoire\/batailles\/la-seconde-bataille-dartois-9-mai-juin-1915.html\">En ligne<\/a>] (consult\u00e9 le 29 mars 2022).<\/li>\n\n<li>(3) (8 d\u00e9cembre 1913), \u00ab&nbsp;Instruction publique&nbsp;\u00bb, in <em>Le Progr\u00e8s de la C\u00f4te-d\u2019Or<\/em>, p. 3\/6 [En ligne] Disponible sur <a href=\"https:\/\/www.retronews.fr\/journal\/le-progres-de-la-cote-d-or\/8-decembre-1913\/823\/2430301\/3?from=%2Fsearch%23allTerms%3DBrenot%2520Arnay%2520instituteur%26sort%3Dscore%26publishedStart%3D1910-01-01%26publishedEnd%3D1919-12-31%26publishedBounds%3Dfrom%26indexedBounds%3Dfrom%26page%3D3%26searchIn%3Dall%26total%3D89&amp;index=61\">Retronews<\/a>.<\/li>\n\n<li>(4) (8 mai 1916), \u00ab&nbsp;Pagny-la-Ville, deux braves&nbsp;\u00bb in <em>Le Progr\u00e8s de la C\u00f4te-d\u2019Or<\/em>, p. 3\/4 [En ligne] Disponible sur <a href=\"https:\/\/www.retronews.fr\/journal\/le-progres-de-la-cote-d-or\/8-mai-1916\/823\/2432745\/3?from=%2Fsearch%23allTerms%3DBrenot%2520aspirant%2520instituteur%26sort%3Dscore%26publishedStart%3D1910-01-01%26publishedEnd%3D1919-12-31%26publishedBounds%3Dfrom%26indexedBounds%3Dfrom%26page%3D1%26searchIn%3Dall%26total%3D67&amp;index=5\">Retronews<\/a>.<\/li>\n\n<li>(5) (s.d.), <em>Historique du 109<sup>e<\/sup> R\u00e9giment d\u2019Infanterie. Campagne 1914 \u2013 1918<\/em>, Luxeuil, impr. A.F. Faivre d\u2019Arcier, p. 30 [En ligne] Disponible sur la biblioth\u00e8que num\u00e9rique de <a href=\"https:\/\/argonnaute.parisnanterre.fr\/medias\/customer_3\/archives\/histo_rgt2_pdf\/BDIC_S_009948.pdf\">La contemporaine<\/a>.<\/li><\/ul>","protected":false},"excerpt":{"rendered":"<p>BRENOT Emile Henri \u00a4 25 f\u00e9vrier 1893 \u00e0 Pagny-la-Ville (C\u00f4te-d\u2019Or)\u2020 10 mai 1915 \u00e0 Notre-Dame-de-Lorette (Pas-de-Calais)Aspirant \u2013 109e r\u00e9giment d\u2019infanterie \u2013 22 ansTu\u00e9 \u00e0 l\u2019ennemiMort [&#8230;]<\/p>\n","protected":false},"author":2,"featured_media":0,"parent":0,"menu_order":0,"comment_status":"closed","ping_status":"closed","template":"","meta":{"footnotes":""},"class_list":["post-859","page","type-page","status-publish","hentry"],"yoast_head":"<!-- This site is optimized with the Yoast SEO plugin v25.6 - https:\/\/yoast.com\/wordpress\/plugins\/seo\/ -->\n<title>BRENOT Emile Henry - Arnay-le-Duc 1914-1918<\/title>\n<meta name=\"robots\" content=\"index, follow, max-snippet:-1, max-image-preview:large, max-video-preview:-1\" \/>\n<link rel=\"canonical\" href=\"https:\/\/alisteraldridge.fr\/arnay1418\/brenot-emile-henry\/\" \/>\n<meta property=\"og:locale\" content=\"fr_FR\" \/>\n<meta property=\"og:type\" content=\"article\" \/>\n<meta property=\"og:title\" content=\"BRENOT Emile Henry - Arnay-le-Duc 1914-1918\" \/>\n<meta property=\"og:description\" content=\"BRENOT Emile Henri \u00a4 25 f\u00e9vrier 1893 \u00e0 Pagny-la-Ville (C\u00f4te-d\u2019Or)\u2020 10 mai 1915 \u00e0 Notre-Dame-de-Lorette (Pas-de-Calais)Aspirant \u2013 109e r\u00e9giment d\u2019infanterie \u2013 22 ansTu\u00e9 \u00e0 l\u2019ennemiMort [...]\" \/>\n<meta property=\"og:url\" content=\"https:\/\/alisteraldridge.fr\/arnay1418\/brenot-emile-henry\/\" \/>\n<meta property=\"og:site_name\" content=\"Arnay-le-Duc 1914-1918\" \/>\n<meta property=\"article:modified_time\" content=\"2023-01-17T17:02:56+00:00\" \/>\n<meta name=\"twitter:card\" content=\"summary_large_image\" \/>\n<meta name=\"twitter:label1\" content=\"Dur\u00e9e de lecture estim\u00e9e\" \/>\n\t<meta name=\"twitter:data1\" content=\"11 minutes\" \/>\n<script type=\"application\/ld+json\" class=\"yoast-schema-graph\">{\"@context\":\"https:\/\/schema.org\",\"@graph\":[{\"@type\":\"WebPage\",\"@id\":\"https:\/\/alisteraldridge.fr\/arnay1418\/brenot-emile-henry\/\",\"url\":\"https:\/\/alisteraldridge.fr\/arnay1418\/brenot-emile-henry\/\",\"name\":\"BRENOT Emile Henry - Arnay-le-Duc 1914-1918\",\"isPartOf\":{\"@id\":\"https:\/\/alisteraldridge.fr\/arnay1418\/#website\"},\"datePublished\":\"2022-03-29T18:50:16+00:00\",\"dateModified\":\"2023-01-17T17:02:56+00:00\",\"breadcrumb\":{\"@id\":\"https:\/\/alisteraldridge.fr\/arnay1418\/brenot-emile-henry\/#breadcrumb\"},\"inLanguage\":\"fr-FR\",\"potentialAction\":[{\"@type\":\"ReadAction\",\"target\":[\"https:\/\/alisteraldridge.fr\/arnay1418\/brenot-emile-henry\/\"]}]},{\"@type\":\"BreadcrumbList\",\"@id\":\"https:\/\/alisteraldridge.fr\/arnay1418\/brenot-emile-henry\/#breadcrumb\",\"itemListElement\":[{\"@type\":\"ListItem\",\"position\":1,\"name\":\"Home\",\"item\":\"https:\/\/alisteraldridge.fr\/arnay1418\/\"},{\"@type\":\"ListItem\",\"position\":2,\"name\":\"BRENOT Emile Henry\"}]},{\"@type\":\"WebSite\",\"@id\":\"https:\/\/alisteraldridge.fr\/arnay1418\/#website\",\"url\":\"https:\/\/alisteraldridge.fr\/arnay1418\/\",\"name\":\"Arnay-le-Duc 1914-1918\",\"description\":\"Histoire d&#039;une ville bourguignonne pendant la Premi\u00e8re Guerre mondiale\",\"potentialAction\":[{\"@type\":\"SearchAction\",\"target\":{\"@type\":\"EntryPoint\",\"urlTemplate\":\"https:\/\/alisteraldridge.fr\/arnay1418\/?s={search_term_string}\"},\"query-input\":{\"@type\":\"PropertyValueSpecification\",\"valueRequired\":true,\"valueName\":\"search_term_string\"}}],\"inLanguage\":\"fr-FR\"}]}<\/script>\n<!-- \/ Yoast SEO plugin. -->","yoast_head_json":{"title":"BRENOT Emile Henry - Arnay-le-Duc 1914-1918","robots":{"index":"index","follow":"follow","max-snippet":"max-snippet:-1","max-image-preview":"max-image-preview:large","max-video-preview":"max-video-preview:-1"},"canonical":"https:\/\/alisteraldridge.fr\/arnay1418\/brenot-emile-henry\/","og_locale":"fr_FR","og_type":"article","og_title":"BRENOT Emile Henry - Arnay-le-Duc 1914-1918","og_description":"BRENOT Emile Henri \u00a4 25 f\u00e9vrier 1893 \u00e0 Pagny-la-Ville (C\u00f4te-d\u2019Or)\u2020 10 mai 1915 \u00e0 Notre-Dame-de-Lorette (Pas-de-Calais)Aspirant \u2013 109e r\u00e9giment d\u2019infanterie \u2013 22 ansTu\u00e9 \u00e0 l\u2019ennemiMort [...]","og_url":"https:\/\/alisteraldridge.fr\/arnay1418\/brenot-emile-henry\/","og_site_name":"Arnay-le-Duc 1914-1918","article_modified_time":"2023-01-17T17:02:56+00:00","twitter_card":"summary_large_image","twitter_misc":{"Dur\u00e9e de lecture estim\u00e9e":"11 minutes"},"schema":{"@context":"https:\/\/schema.org","@graph":[{"@type":"WebPage","@id":"https:\/\/alisteraldridge.fr\/arnay1418\/brenot-emile-henry\/","url":"https:\/\/alisteraldridge.fr\/arnay1418\/brenot-emile-henry\/","name":"BRENOT Emile Henry - Arnay-le-Duc 1914-1918","isPartOf":{"@id":"https:\/\/alisteraldridge.fr\/arnay1418\/#website"},"datePublished":"2022-03-29T18:50:16+00:00","dateModified":"2023-01-17T17:02:56+00:00","breadcrumb":{"@id":"https:\/\/alisteraldridge.fr\/arnay1418\/brenot-emile-henry\/#breadcrumb"},"inLanguage":"fr-FR","potentialAction":[{"@type":"ReadAction","target":["https:\/\/alisteraldridge.fr\/arnay1418\/brenot-emile-henry\/"]}]},{"@type":"BreadcrumbList","@id":"https:\/\/alisteraldridge.fr\/arnay1418\/brenot-emile-henry\/#breadcrumb","itemListElement":[{"@type":"ListItem","position":1,"name":"Home","item":"https:\/\/alisteraldridge.fr\/arnay1418\/"},{"@type":"ListItem","position":2,"name":"BRENOT Emile Henry"}]},{"@type":"WebSite","@id":"https:\/\/alisteraldridge.fr\/arnay1418\/#website","url":"https:\/\/alisteraldridge.fr\/arnay1418\/","name":"Arnay-le-Duc 1914-1918","description":"Histoire d&#039;une ville bourguignonne pendant la Premi\u00e8re Guerre mondiale","potentialAction":[{"@type":"SearchAction","target":{"@type":"EntryPoint","urlTemplate":"https:\/\/alisteraldridge.fr\/arnay1418\/?s={search_term_string}"},"query-input":{"@type":"PropertyValueSpecification","valueRequired":true,"valueName":"search_term_string"}}],"inLanguage":"fr-FR"}]}},"featured_image_src":null,"jetpack_sharing_enabled":true,"_links":{"self":[{"href":"https:\/\/alisteraldridge.fr\/arnay1418\/wp-json\/wp\/v2\/pages\/859"}],"collection":[{"href":"https:\/\/alisteraldridge.fr\/arnay1418\/wp-json\/wp\/v2\/pages"}],"about":[{"href":"https:\/\/alisteraldridge.fr\/arnay1418\/wp-json\/wp\/v2\/types\/page"}],"author":[{"embeddable":true,"href":"https:\/\/alisteraldridge.fr\/arnay1418\/wp-json\/wp\/v2\/users\/2"}],"replies":[{"embeddable":true,"href":"https:\/\/alisteraldridge.fr\/arnay1418\/wp-json\/wp\/v2\/comments?post=859"}],"version-history":[{"count":3,"href":"https:\/\/alisteraldridge.fr\/arnay1418\/wp-json\/wp\/v2\/pages\/859\/revisions"}],"predecessor-version":[{"id":2338,"href":"https:\/\/alisteraldridge.fr\/arnay1418\/wp-json\/wp\/v2\/pages\/859\/revisions\/2338"}],"wp:attachment":[{"href":"https:\/\/alisteraldridge.fr\/arnay1418\/wp-json\/wp\/v2\/media?parent=859"}],"curies":[{"name":"wp","href":"https:\/\/api.w.org\/{rel}","templated":true}]}}