{"id":560,"date":"2022-02-12T19:13:26","date_gmt":"2022-02-12T19:13:26","guid":{"rendered":"https:\/\/arnay1418.rarebook-ubfc.fr\/?page_id=560"},"modified":"2024-02-09T11:50:43","modified_gmt":"2024-02-09T11:50:43","slug":"loidreau-charles-auguste","status":"publish","type":"page","link":"https:\/\/alisteraldridge.fr\/arnay1418\/loidreau-charles-auguste\/","title":{"rendered":"LOIDREAU Charles Auguste"},"content":{"rendered":"<p class=\"has-text-align-center has-large-font-size\"><strong>LOIDREAU <\/strong>Charles Auguste<\/p><p class=\"has-text-align-center\">\u00a4 4 novembre 1887 \u00e0 Arnay-le-Duc<br>\u2020 24 ao\u00fbt 1914 \u00e0 Saulxures (Vosges) ou 27 ao\u00fbt 1914 \u00e0 Bruy\u00e8res (Vosges)<br>Sous-lieutenant \u2013 99<sup>e<\/sup> r\u00e9giment d\u2019infanterie \u2013 28 ans<br>Tu\u00e9 \u00e0 l\u2019ennemi, mort des suites de ses blessures ou de p\u00e9ritonite<br>Mort pour la France<br>M\u00e9daille comm\u00e9morative du Maroc avec agrafe \u00ab\u00a0Maroc\u00a0\u00bb<br>Croix de Guerre<\/p><figure class=\"wp-block-image aligncenter size-full is-style-rounded\"><img loading=\"lazy\" decoding=\"async\" width=\"289\" height=\"378\" src=\"https:\/\/arnay1418.rarebook-ubfc.fr\/wp-content\/uploads\/2022\/02\/LOIDREAU_Charles.jpg\" alt=\"\" class=\"wp-image-562\" srcset=\"https:\/\/alisteraldridge.fr\/arnay1418\/wp-content\/uploads\/sites\/2\/2022\/02\/LOIDREAU_Charles.jpg 289w, https:\/\/alisteraldridge.fr\/arnay1418\/wp-content\/uploads\/sites\/2\/2022\/02\/LOIDREAU_Charles-229x300.jpg 229w\" sizes=\"(max-width: 289px) 100vw, 289px\" \/><\/figure><div class=\"quote1\">&lsquo;Jeune officier tr\u00e8s \u00e9nergique et tr\u00e8s brave, s&rsquo;est signal\u00e9 au combat du 24 ao\u00fbt 1914 o\u00f9 il a re\u00e7u 6 balles dans sa capote&rsquo;<\/div><hr class=\"wp-block-separator has-text-color has-black-color has-css-opacity has-black-background-color has-background is-style-wide\"\/><h1 class=\"wp-block-heading\" id=\"acte-de-naissance\">Acte de naissance<\/h1><p class=\"has-text-align-center\"><em>N\u00b0114<\/em><\/p><div class=\"wp-block-group is-layout-flow wp-block-group-is-layout-flow\"><p class=\"has-text-align-center\"><em>Acte de naissance<br>de<br>Loidreau<br>Charles Auguste<br>(l\u00e9gitime)<br>&#8212;<br>du 6 novembre 1887<br>&#8212;<\/em><\/p>\n\n<p>L\u2019an mil huit cent quatre-vingt-sept, le six novembre, \u00e0 quatre heures du soir, pardevant nous Antoine Fran\u00e7ois Vollot, maire et officier de l\u2019Etat civil de la ville d\u2019Arnay-le-Duc, chef-lieu de canton, arrondissement de Beaune, d\u00e9partement de la C\u00f4te-d\u2019Or, a comparu le sieur Loidreau, Charles, \u00e2g\u00e9 de vingt-huit ans, confiseur, domicili\u00e9 \u00e0 Arnay-le-Duc, place d\u2019armes, lequel nous a pr\u00e9sent\u00e9 un enfant du sexe masculin n\u00e9 le quatre de ce mois \u00e0 onze heures du soir en son domicile, de son mariage \u00e0 contract\u00e9 \u00e0 Puligny canton de Nolay (C\u00f4te-d\u2019Or) le trente-un juillet mil huit cent quatre-vingt-trois, avec Bulot Anne-Louise-Jos\u00e9phine, \u00e2g\u00e9 de vingt-quatre ans sans profession domicili\u00e9e avec lui, et auquel enfant il a d\u00e9clar\u00e9 donner les pr\u00e9noms de Charles Auguste&nbsp;; lesdites pr\u00e9sentation et d\u00e9claration faites en pr\u00e9sence des sieurs Gros, Pierre-Gabriel, \u00e2g\u00e9 de trente ans, marchand de fers et Georges Gabiot, \u00e2g\u00e9 de vingt-huit ans, horloger, tous deux domicili\u00e9s \u00e0 Arnay-le-Duc et on, le p\u00e8re de l\u2019enfant et les t\u00e9moins sign\u00e9 avec nous le pr\u00e9sent acte de naissance apr\u00e8s lecture.<br>[Signatures] Loidreau \/ Gros-Bouley \/ Georges \/A. Vollot<\/p><\/div><p>[<a href=\"https:\/\/archives.cotedor.fr\/v2\/ark:\/71137\/g907f93a9e30ffbedc18833185f96ddb8\/730db7807b52a0c2f6c2b66d45664304\/142\/ZnJhZDAyMV8wMjZfMm1pZWMwMjZyMDRfMDE0Mi5qcGc=\">Lien vers le document original<\/a>]<\/p><h1 class=\"wp-block-heading\" id=\"fiche-matricule\">Fiche matricule<\/h1><div class=\"tableFM\">\n<p><em>Officier<\/em><br>\n<strong>Nom : <\/strong><em>Loidreau<\/em><br>\n<strong>Pr\u00e9noms : <\/strong><em>Charles Auguste<\/em><br>\n<strong>Surnoms :<\/strong><em><\/em><br>\n<strong>Num\u00e9ro matricule du recrutement : <\/strong><em>829<\/em>.<br>\n<strong>Classe de mobilisation :<\/strong><em>1907<\/em>.<\/p>\n<hr>\n<h3>\u00c9tat civil :<\/h3>\n<p><strong>N\u00e9 le<\/strong> <em>4 novembre 1887<\/em>, <strong>\u00e0<\/strong> <em>Arnay-le-Duc<\/em>, <strong>canton d<\/strong><em>udit<\/em>, <strong>d\u00e9partement de<\/strong> <em>la C\u00f4te-d&rsquo;Or<\/em>, <strong>r\u00e9sidant \u00e0<\/strong> <em>Dijon<\/em>, <strong>canton d<\/strong><em>udit<\/em>, d\u00e9partement de<\/strong> <em>la C\u00f4te-d&rsquo;Or<\/em>, <strong>profession d<\/strong><em>&lsquo;\u00e9tudiant<\/em>, <strong>fils de<\/strong> <em>Charles<\/em><strong> et de<\/strong> <em>Bulot Anne Louise Jos\u00e9phine<\/em><strong> domicili\u00e9s \u00e0<\/strong> <em>Arnay-le-Duc<\/em>, <strong>canton d<\/strong><em>udit<\/em>, <strong>d\u00e9partement de<\/strong> <em>la C\u00f4te-d&rsquo;Or<\/em>.<\/p>\n<p><strong>Mari\u00e9 le <\/strong><em>_<\/em>.<\/p>\n<hr>\n<h3>Signalement :<\/h3>\n<strong>Cheveux<\/strong> <em>et<\/em>, <strong>sourcils<\/strong> <em>noirs<\/em>,<br>\n<strong>yeux<\/strong> <em>gris<\/em>, <strong>front<\/strong> <em>ordinaire<\/em>,<br>\n<strong>nez<\/strong> <em>moyen<\/em>, <strong>bouche<\/strong> <em>moyenne<\/em>,<br>\n<strong>menton<\/strong> <em>rond<\/em>, <strong>visage<\/strong> <em>ovale<\/em>,<br>\n<strong>Taille :<\/strong> <em>1<\/em> <strong>m<\/strong> <em>75<\/em> <strong>cent. Taille rectifi\u00e9e :<\/strong> <em>_<\/em> <strong>m<\/strong> <em>_<\/em> <strong>cent.<\/strong><br>\n<strong>Marques particuli\u00e8res : <\/strong><em><\/em><br>\n<strong>Degr\u00e9 d\u2019instruction g\u00e9n\u00e9rale : <\/strong><em>5<\/em>.<\/p>\n<hr>\n<h3>D\u00e9cision du conseil de r\u00e9vision et motifs :<\/h3>\n<p><strong>Class\u00e9 dans la<\/strong> <em>7\u00b0<\/em> <strong>partie de la liste en 19<\/strong><em>08 (service arm\u00e9 : sursis article 21)<\/em>\n<strong>Class\u00e9 dans la<\/strong> <em>_\u00b0<\/em> <strong>partie de la liste en 19<\/strong><em>_.<\/em><\/p>\n<hr>\n<h3>Corps d\u2019affectation \/ Num\u00e9ros au contr\u00f4le sp\u00e9cial \u2013 matricule ou au r\u00e9pertoire<\/h3>\n<p><strong>Dans l\u2019arm\u00e9e active :<\/strong> <em>2\u00b0 R\u00e9giment de Zouaves &#8211; 019578<br>\nEcole Militaire d&rsquo;Infanterie &#8211; 236<br>\n99e R\u00e9giment d&rsquo;Infanterie &#8211; 630<\/em><br>\n<strong>Disponibilit\u00e9 et r\u00e9serve de l\u2019arm\u00e9e active :<\/strong> <em>2<sup>e<\/sup> R\u00e9giment de Zouaves \u00e0 Sathonay &#8211; 2<\/em><br>\n<strong>Arm\u00e9e territoriale et sa r\u00e9serve :<\/strong> <em>_<\/em>.<\/p>\n<hr>\n<h3>D\u00e9tail des services et mutations diverses.<\/h3>\n<p><strong>Inscrit sous le n\u00b0<\/strong><em>79<\/em> <strong>de la liste<\/strong> <em>dans le canton d&rsquo;Arnay-le-Duc<\/strong><br>\n<em>Affect\u00e9 comme disponible au r\u00e9giment d&rsquo;Infanterie \u00e0 Auxonne. Engag\u00e9 volontaire pour trois ans \u00e0 la mairie de Dijon (C\u00f4te-d&rsquo;Or) le 25 septembre 1908. Incorpor\u00e9 au 2<sup>e<\/Sup> R\u00e9giment de Zouaves \u00e0 compter du dit jour. Arriv\u00e9 au corps et zouave de 2<sup>e<\/sup> classe le 28 septembre 1908. Caporal le 16 avril 1909. Sergent le 1<sup>er<\/sup> d\u00e9cembre 1909\/ Sergent fourrier le 1\u00b0 f\u00e9vrier 1911. Sergent le 15 juin 1911. Rengag\u00e9 le 25 septembre 1911 pour 2 ans \u00e0 compter du 25 septembre 1911 (loi du 21 mars 1905) comme sergent. Admis comme aspirant \u00e0 l&rsquo;Ecole Militaire d&rsquo;Infanterie par d\u00e9cision minist\u00e9rielle du 16 septembre 1912. Parti pour Saint-Maixent le 21 septembre 1912. Rengag\u00e9 le 28 ao\u00fbt 1913 pour un an \u00e0 compter du 25 septembre 1913. Promu Sous-Lieutenant au 99<sup>e<\/sup> R\u00e9giment d&rsquo;Infanterie par d\u00e9cret du 19 septembre pour prendre rang du 1 octobre 1913 (Journal Officiel du 23 septembre 1913). <ins>Tu\u00e9 \u00e0 l&rsquo;ennemi<\/ins> \u00e0 Saulxures le 24 ao\u00fbt 1914<\/em>.<\/p>\n<hr>\n<h3>Campagnes<\/h3>\n<p><em>Alg\u00e9rie : du 26 septembre 1908 au 21 septembre 1911<br>\nOp\u00e9ration militaire sur les confins nords alg\u00e9ro-marocains (guerre) : du 22 septembre 1911 au 25 septembre 1911<br>\nAlg\u00e9rie : du 26 septembre 1911 au 29 septembre 1911<br>\nAlg\u00e9rie : du 18 novembre 1911 au 21 novembre 1911<br>\nOp\u00e9rations militaires sur les confins Nord alg\u00e9ro-marocains (guerre) : du 22 novembre 1911 au 9 janvier 1912<br>\nAlg\u00e9rie : du 10 janvier 1912 au 14 avril 1912<br>\nOp\u00e9rations militaires sur les confins nord alg\u00e9ro-marocains en guerre ; du 15 avril 1912 au 16 septembre 1912<br>\nAlg\u00e9rie : du 17 septembre 1912 au 23 septembre 1912<br>\nAllemagne : du 2 &#8211; 8 &#8211; 1914 au 24 &#8211; 8 &#8211; 1914<\/em>.<\/p>\n<h3>Blessures, citations, d\u00e9corations, etc.<\/h3>\n<p><em>Ordre de l&rsquo;arm\u00e9e du 15 juillet 1915 n\u00b0597 \u00ab\u00a0Jeune officier tr\u00e8s \u00e9nergique et tr\u00e8s brave, s&rsquo;est signal\u00e9 au combat du 24-8-1914 o\u00f9 il a re\u00e7u 6 balles dans sa capote, par sa cr\u00e2nerie et son autorit\u00e9 sur ses hommes. Le 25 est tomb\u00e9 mortellement frapp\u00e9 \u00e0 la t\u00eate de sa section qu&rsquo;il entra\u00eenait \u00e0 l&rsquo;assaut des tranch\u00e9es ennemies.<br>\nM\u00e9daille comm\u00e9morative du Maroc avec agrave \u00ab\u00a0Maroc\u00a0\u00bb.<br>\nN\u00b0123.346 du Ministre de la Guerre<br>\nN\u00b0128.547 \u00e0 la Chancellerie de la L\u00e9gion d&rsquo;Honneur loi du 27-2-1912.<br>\nCroix de guerre palme.<\/em>.<\/p>\n<hr>\n<h3>Localit\u00e9s successives habit\u00e9es<br>par suite de changements de domicile ou de r\u00e9sidence<\/h3>\n<strong>Dates \/ Communes \/ Subdivisions de r\u00e9gion \/ D : Domicile, R : R\u00e9sidence<\/strong>\n<p><em>_<\/em>.<\/p>\n<hr>\n<h3>P\u00e9riodes d&rsquo;exercices<\/h3>\n<strong>R\u00e9serve : 1<sup>re<\/sup> dans le<\/strong><em>_,<\/em> <strong>du<\/strong> <em>_<\/em> <strong>au<\/strong> <em>_<\/em><\/strong>.<br>\n<strong>R\u00e9serve : 2<sup>e<\/sup> dans le<\/strong><em>_,<\/em> <strong>du<\/strong> <em>_<\/em> <strong>au<\/strong> <em>_<\/em><\/strong>.<br>\n<strong>Arm\u00e9e territoriale :<\/strong><\/em>_<\/em>.<br>\n<strong>Sp\u00e9ciales aux hommes du service de garde des voies de communication :<\/strong><\/em>_<\/em>.<br>\n<hr>\n<h3>\u00c9poque \u00e0 laquelle l\u2019homme doit passer dans :<\/h3>\n<p><strong>La r\u00e9serve de l\u2019arm\u00e9e active :<\/strong><em>25 septembre 1911<\/em><br>\n<strong>L\u2019arm\u00e9e territoriale :<\/strong><em>1<sup>er<\/sup> octobre 1921<\/em><br>\n<strong>La r\u00e9serve de l\u2019arm\u00e9e territoriale : <\/strong><em>1<sup>er<\/sup> octobre <del>1927<\/del> 1928<\/em><br>\n<strong>Date de la lib\u00e9ration du service militaire :<\/strong><em>25 septembre <del>1931<\/del> 1935<\/em><\/p>\n<\/div><p>[<a href=\"https:\/\/archives.cotedor.fr\/v2\/ark:\/71137\/gdb9b563749728d0740f83fed85edc13f\/56672d21470b098bad8c843871121af4\/693\/ZnJhZDAyMV9yMjQxMF8wNjkzLmpwZw==\">Lien vers le document original<\/a>]<\/p><h1 class=\"wp-block-heading\" id=\"journal-des-marches-et-operations-du-99e-regiment-d-infanterie\">Journal des marches et op\u00e9rations du 99<sup>e<\/sup> r\u00e9giment d\u2019infanterie<\/h1><p>Entr\u00e9es du 22 au 24 ao\u00fbt.<\/p><div class=\"wp-block-group has-black-color has-white-background-color has-text-color has-background is-layout-flow wp-block-group-is-layout-flow\"><p>22 ao\u00fbt<br>Ordre d\u2019op\u00e9rations pour la journ\u00e9e du 22 afin de permettre l\u2019organisation d\u2019un barrage d\u00e9finitif dans la vall\u00e9e de la Bruche et sur les cols des Vosges. Le G\u00e9n\u00e9ral Commandant le 14<sup>e<\/sup> corps a d\u00e9cid\u00e9 que le plateau de Stampoumont serait r\u00e9occup\u00e9 le 22 ao\u00fbt au matin par la 28<sup>e<\/sup> division.<br>A cet effet le 99<sup>e<\/sup> maintiendra solidement avec ses 1<sup>er<\/sup> et 3<sup>e<\/sup> bataillons l\u2019occupation du massif \u00e0 l\u2019Est de Saint-Blaise.<br>Le 2<sup>e<\/sup> bataillon sera form\u00e9 \u00e0 [Goutelle&nbsp;?] \u00e0 la disposition du G\u00e9n\u00e9ral de Division. Ces \u00e9l\u00e9ments devront \u00eatre en place \u00e0 6 heures.<br>Au matin le R\u00e9giment (moins le 1<sup>er<\/sup> bataillon toujours engag\u00e9 \u00e0 Rothau) est d\u00e9ploy\u00e9 \u00e0 la lisi\u00e8re Nord du Bois du Sapinot.<br>Le R\u00e9giment est engag\u00e9 par le feu avec de l\u2019Infanterie ennemie immobilis\u00e9e \u00e0 900 m\u00e8tres environ de lui.<br>A la nuit, le r\u00e9giment est ainsi plac\u00e9&nbsp;:<\/p>\n\n<p>2<sup>e<\/sup> Bataillon \u2013 3<sup>e<\/sup> Bataillon&nbsp;: restent sur leurs positions.<br>Le 1<sup>er<\/sup> Bataillon est toujours dans la r\u00e9gion de Rothau.<\/p>\n\n<p>Pertes du 1<sup>er<\/sup> Bataillon \u00e0 Rothau.<br>Sous-Lieutenants Fid\u00e8le \u2013 Fert \u2013 <s>Cuelhes<\/s> Loidreau<br>Sous-officiers&nbsp;: 6<br>Caporaux et soldats&nbsp;: 184<br>Pertes des 2 autres Bataillons&nbsp;:<br>Caporaux et soldats&nbsp;: 28<\/p>\n\n<p>23 ao\u00fbt<br>A 7 h 30 le R\u00e9giment commence une retraire sur Saales par Saint-Blaise et Saulxures.<br>2<sup>e<\/sup> compagnie en soutien d\u2019artillerie au Col du ch\u00e2teau Saint-Louis.<br>Le 2<sup>e<\/sup> Bataillon combat \u00e0 Plaine.<br>Dans l\u2019apr\u00e8s-midi le R\u00e9giment re\u00e7oit l\u2019ordre de venir cantonner \u00e0 Saulxures.<br>3<sup>e<\/sup> Bataillon et Etat-major. Saulxures<br>2<sup>e<\/sup> Bataillon&nbsp;: sur ses positions Plaine.<br>1<sup>e<\/sup> Bataillon&nbsp;: toujours dans la r\u00e9gion de Rothau moins la 2<sup>e<\/sup> compagnie au ch\u00e2teau Saint-Louis et la 4<sup>e<\/sup> compagnie qui a rejoint Saulxures.<\/p>\n\n<p>24 ao\u00fbt<br>Le R\u00e9giment (3<sup>e<\/sup> Bataillon \u2013 \u00e9tat-major \u2013 4<sup>e<\/sup> compagnie une partie du 2<sup>e<\/sup> bataillon revenu de Plaine) combat \u00e0 Saulxures dans le brouillard.<br>Il est pris entre les feux ennemis et deux du 256<sup>e<\/sup> d\u2019Infanterie fran\u00e7aise install\u00e9e dans des tranch\u00e9es et tromp\u00e9 par la brume.<br>Dans l\u2019apr\u00e8s-midi, le G\u00e9n\u00e9ral Commandant la Division envoie l\u2019Ordre G\u00e9n\u00e9ral d\u2019op\u00e9rations pour la soir\u00e9e&nbsp;:<br>\u00ab&nbsp;Par ordre de l\u2019arm\u00e9e le 14<sup>e<\/sup> Corps va se reporter progressivement sur la ligne g\u00e9n\u00e9rale&nbsp;: Moyenmoutier \u2013 Ban-de-Sapt \u2013 Provench\u00e8res \u2013 Lusse Cols de Sainte-Marie et du Bonhomme. Le mouvement se fera sous la protection du 14<sup>e<\/sup> Bataillon de chasseurs en position dans la r\u00e9gion de Saales&nbsp;\u00bb.<br>Le 99<sup>e<\/sup> se mettra en mouvement au re\u00e7u du pr\u00e9sent ordre par Saales et la Grande Fosse sur Launois.<br>Cantonnements&nbsp;:<br>Saint-Jean-d\u2019Ormont 1<sup>er<\/sup> &amp; 2<sup>e<\/sup> Bataillons.<br>Laitre&nbsp;: 3<sup>e<\/sup> Bataillon.<br>Quartier-g\u00e9n\u00e9ral 28<sup>e<\/sup> Division&nbsp;: Saint-Jean-d\u2019Ormont avec le 99<sup>e<\/sup>.<br>Avant-postes&nbsp;: Face au Nord-Est sur le front&nbsp;:<\/p>\n\n<ul class=\"wp-block-list\"><li>Moulin Delavaux<\/li>\n\n<li>Hauteurs de Chatas<\/li>\n\n<li>Servaumont<\/li>\n\n<li>Cos du Las<\/li>\n\n<li>Ruisseau de Sainte-Catherine<\/li><\/ul>\n\n<p>Liaison \u00e0 Provench\u00e8res avec la 71<sup>e<\/sup> division [de r\u00e9serve&nbsp;?] qui occupe Lusse.<br>Le 99<sup>e<\/sup> arrive dans ses cantonnements vers 22 heures.<\/p>\n\n<p>Pertes dans la journ\u00e9e du 24.<\/p>\n\n<p>Lieutenant-colonel Martinet tu\u00e9.<br>Chef de Bataillon Soubeyran tu\u00e9.<br>Capitaine Avril tu\u00e9.<br>Lieutenant Libarelli tu\u00e9.<br>Lieutenant Carr\u00e8re disparu.<br>De Ternay lieutenant disparu.<br>Lieutenant&nbsp;Piollet disparu.<br>Lieutenant Cuelhes disparu.<br>Capitaine Rive bless\u00e9.<br>Sous-lieutenant Pouchon bless\u00e9.<br>Sous-lieutenant Moreau bless\u00e9.<br>Lieutenant Fabre bless\u00e9.<br>Lieutenant Cliton bless\u00e9.<br>Sous-lieutenant Brung bless\u00e9.<br>Sous-lieutenant Civade bless\u00e9.<br>Sous-lieutenant Rousset bless\u00e9.<br>Sous-officiers&nbsp;: 40<br>Caporaux et soldats&nbsp;: 960.<\/p><\/div><p>&nbsp;[<a href=\"https:\/\/www.memoiredeshommes.sga.defense.gouv.fr\/fr\/ark:\/40699\/e00527a6f44e30cc\/527a6f45374a2\">Lien vers le document original<\/a>]<\/p><h1 class=\"wp-block-heading\" id=\"deces\">D\u00e9c\u00e8s<\/h1><p class=\"has-text-align-center\"><em>N\u00b059<\/em><\/p><p class=\"has-text-align-center\"><em>Transcription de d\u00e9c\u00e8s<br>de<br>Loidreau Charles-Auguste<br>c\u00e9libataire<br>&#8212;<br>Du 13 ao\u00fbt 1915<br>&#8212;<\/em><\/p><div class=\"wp-block-group is-layout-flow wp-block-group-is-layout-flow\"><p class=\"has-text-align-center\">Ville de Bruy\u00e8res<\/p>\n\n<p>Extrait du registre des actes de d\u00e9c\u00e8s.<\/p>\n\n<p>Le vingt-sept ao\u00fbt mil neuf cent quatorze \u00e0 onze heures cinquante du soir, Loidreau Charles Auguste, sous-lieutenant au 99<sup>e<\/sup> R\u00e9giment d\u2019infanterie est d\u00e9c\u00e9d\u00e9 en cette ville \u00e0 l\u2019h\u00f4pital mixte de Bruy\u00e8res. Dress\u00e9 le vingt-huit ao\u00fbt mil neuf cent quatorze \u00e0 deux heures du soir sur la d\u00e9claration de Antoine Michelon quarante-six ans clerc de notaire et de Gustave Janot quarante ans peintre, tous deux domicili\u00e9s \u00e0 Bruy\u00e8res qui lecture faite ont sign\u00e9 avec nous Emile Mongel Maire de Bruy\u00e8res suivent les signatures.<br>Pour extrait conforme Bruy\u00e8res&nbsp; le 29 juillet 1915. Sign\u00e9&nbsp;: Mongel.<br>Vu par nous Juge de paix du canton de Bruy\u00e8res pour l\u00e9galisation de la signature de M. Mongel, maire et officier de l\u2019Etat Civil.<br>Bruy\u00e8res le 29 juillet 1915.<br>Sign\u00e9&nbsp;: Joly<br>L\u2019acte de d\u00e9c\u00e8s ci-dessus a \u00e9t\u00e9 transcrit le treize ao\u00fbt mil neuf cent quinze \u00e0 deux heures du soir par nous Nicolas Justin Hutin maire d\u2019Arnay-le-Duc.<br>[Signature] Hutin<br>[Mention marginale]&nbsp;\u00ab&nbsp;Mort pour la France&nbsp;\u00bb \u00e0 l\u2019H\u00f4pital de Bruy\u00e8res (Vosges) le vingt-sept ao\u00fbt 1914. Dont mention. Le maire [Signature] Hutin<\/p><\/div><p>[<a href=\"https:\/\/archives.cotedor.fr\/v2\/ark:\/71137\/g84e2727b8986dad2c7eb7a23de11b558\/bb079f6b97683f4c02fd46c65c4234a5\/248\/ZnJhZDAyMV8wMjZfMmUwMjZhcnQwMzZfMDI0OC5qcGc=\">Lien vers le document original<\/a>]<\/p><h1 class=\"wp-block-heading\" id=\"donnees-additionnelles\">Donn\u00e9es additionnelles<\/h1><p>Charles Loidreau \u00e9tudie au lyc\u00e9e Carnot de Dijon puisqu\u2019il figure sur le monument aux morts de cet \u00e9tablissement.<\/p><p>La composition du r\u00e9giment au d\u00e9but de la guerre nous indique que le sous-lieutenant Loidreau appartient au 2<sup>e<\/sup> bataillon, 6<sup>e<\/sup> compagnie<sup>(1)<\/sup>. En revanche, le journal des marches et op\u00e9rations signale Charles Loidreau dans les pertes du 1<sup>er<\/sup> bataillon le 22 ao\u00fbt. Sa fiche matricule indique que l\u2019officier est d\u00e9c\u00e9d\u00e9 le 24 ao\u00fbt, bien que dans sa citation \u00e0 l\u2019ordre de l\u2019arm\u00e9e (faite \u00e0 post\u00e9riori, en juillet 1915) il est dit s\u2019\u00eatre \u00ab&nbsp;signal\u00e9 au combat de 24 ao\u00fbt&nbsp;\u00bb et qu\u2019il est \u00ab&nbsp;tomb\u00e9 mortellement frapp\u00e9&nbsp;\u00bb le lendemain. Quant \u00e0 l\u2019acte de d\u00e9c\u00e8s dress\u00e9 \u00e0 Bruy\u00e8res le 28 ao\u00fbt, il stipule que Charles Loidreau expire \u00e0 l\u2019h\u00f4pital le 27 ao\u00fbt \u00e0 23 h 50. Notre hypoth\u00e8se est que l\u2019inexactitude des archives sur la date de d\u00e9c\u00e8s est caus\u00e9e par la confusion des combats d\u2019ao\u00fbt 1914 auxquels le 99<sup>e<\/sup> r\u00e9giment d\u2019infanterie prend part. Si le sous-lieutenant est avec le 1<sup>er<\/sup> bataillon le 22 ao\u00fbt, il est alors engag\u00e9 \u00e0 Rothau, \u00e0 une dizaine de kilom\u00e8tres de Saulxures et de Plaine o\u00f9 est engag\u00e9 la majeure partie du reste du r\u00e9giment, et ne semble quitter sa position que le 25 ao\u00fbt. Beaucoup d\u2019officiers sont tu\u00e9s, port\u00e9s disparus ou bless\u00e9s ces jours-ci dont le lieutenant-colonel, un chef de bataillon, deux capitaines, neuf lieutenants ainsi que plusieurs centaines de soldats<sup>(2)<\/sup>. Il est donc possible que Charles Loidreau soit bless\u00e9 le 22 ao\u00fbt \u00e0 Rothau, puis \u00e9vacu\u00e9 dans les jours qui suivent \u00e0 l\u2019h\u00f4pital de Bruy\u00e8res o\u00f9 il d\u00e9c\u00e8de le 27 ao\u00fbt. S\u2019il fait partie de la 4<sup>e<\/sup> compagnie du 1<sup>er<\/sup> bataillon, il est alors \u00e0 Saulxures \u00e0 partir du 23 ao\u00fbt et o\u00f9 se d\u00e9roulent des combats le 24.<\/p><p>Le 13 ao\u00fbt 1915, le <em>Progr\u00e8s de la C\u00f6te-d\u2019Or<\/em> \u00e9voque la citation posthume de Charles Loidreau&nbsp;:<\/p><blockquote class=\"wp-block-quote is-layout-flow wp-block-quote-is-layout-flow\"><p><strong>Arnay-le-Duc. \u2013 Deux braves. \u2013<\/strong> Nous venons d\u2019apprendre la citation \u00e0 l\u2019ordre de l\u2019arm\u00e9e du sous-lieutenant Charles Loidreau, du 99<sup>e<\/sup> r\u00e9giment d\u2019infanterie&nbsp;: \u00ab&nbsp;Jeune officier, tr\u00e8s \u00e9nergique et tr\u00e8s brave. S\u2019est signal\u00e9 au combat du 24 ao\u00fbt 1914, o\u00f9 il a re\u00e7u six balles dans sa capote, par sa cr\u00e2nerie et son autorit\u00e9 sur ses hommes. Le 25, est tomb\u00e9 mortellement frapp\u00e9, \u00e0 la t\u00eate de sa section, qu\u2019il entra\u00eenait \u00e0 l\u2019assaut des tranch\u00e9es allemandes.&nbsp;\u00bb<br>Et celle du colonel Bulot, commandant la 82<sup>e<\/sup> brigade&nbsp;:&nbsp;\u00ab&nbsp;A pr\u00e9par\u00e9 et dirig\u00e9 avec un entrain superbe et une extr\u00eame vigueur l\u2019attaque de son infanterie sur une position puissamment fortifi\u00e9e qui a \u00e9t\u00e9 enlev\u00e9e d\u2019un seul \u00e9lan. Y a ensuite repouss\u00e9 les attaques de l\u2019ennemi.&nbsp;\u00bb<br>Le colonel Bulot est l\u2019oncle du sous-lieutenant Loidreau et du capitaine Jehl, actuellement sur le front.<br>Honneur \u00e0 cette famille de soldats.<\/p><cite>(1)<\/cite><\/blockquote><p>Le colonel Bulot dont il est question Joseph Alcide Bulot, futur g\u00e9n\u00e9ral de division, Saint-Cyrien, fr\u00e8re de la m\u00e8re de Charles Loidreau. En 1917, il est un des premiers officiers \u00e0 faire face aux mutineries dans l\u2019arm\u00e9e fran\u00e7aise, accus\u00e9 d\u2019\u00eatre un \u00ab&nbsp;assassin&nbsp;\u00bb et un \u00ab&nbsp;buveur de sang&nbsp;\u00bb par des groupes de soldats<sup>(2)<\/sup>.<\/p><h1 class=\"wp-block-heading\" id=\"carte\">Carte<\/h1><p><a href=\"\/\/umap-mshe.univ-fcomte.fr\/fr\/map\/loidreau-charles-auguste_53\">Voir en plein \u00e9cran<\/a><\/p><h1 class=\"wp-block-heading\" id=\"sources\">Sources<\/h1><ul class=\"wp-block-list\"><li><em>A.D. de la C\u00f4te-d\u2019Or, \u00e9tat civil num\u00e9ris\u00e9<\/em>, <em>Arnay-le-Duc 1885 &#8211; 1892 (FRADO21EC 26\/035), Loidreau Charles Auguste, n\u00b0114, 1887, <a href=\"https:\/\/archives.cotedor.fr\/v2\/ark:\/71137\/g907f93a9e30ffbedc18833185f96ddb8\/730db7807b52a0c2f6c2b66d45664304\/142\/ZnJhZDAyMV8wMjZfMm1pZWMwMjZyMDRfMDE0Mi5qcGc=\">vue 142\/585<\/a>.<\/em><\/li>\n\n<li><em>A.D. de la C\u00f4te-d\u2019Or, recrutement militaire (1867-1940)<\/em>, <em>classe 1907, bureau d\u2019Auxonne (R 2410), <a href=\"https:\/\/archives.cotedor.fr\/v2\/ark:\/71137\/gdb9b563749728d0740f83fed85edc13f\/56672d21470b098bad8c843871121af4\/693\/ZnJhZDAyMV9yMjQxMF8wNjkzLmpwZw==\">vue 693\/957<\/a>.<\/em><\/li>\n\n<li><em>S.H.D,&nbsp;M\u00e9moire des Hommes, Journaux des marches et op\u00e9rations des corps de troupe, 99<sup>e<\/sup> r\u00e9giment d\u2019infanterie,6 ao\u00fbt 1914 \u2013 9 janvier 1915 (26 N 673\/1), <a href=\"https:\/\/www.memoiredeshommes.sga.defense.gouv.fr\/fr\/ark:\/40699\/e00527a6f44e30cc\/527a6f45374a2\">vues 8-10\/73<\/a>.<\/em><\/li>\n\n<li><em>A.D. de la C\u00f4te-d\u2019Or, \u00e9tat civil num\u00e9ris\u00e9<\/em>, <em>Arnay-le-Duc 1911 \u2013 1915 (FRADO21EC 26\/040), Loidreau Charles Auguste (transcription), n\u00b059, 1915, <a href=\"https:\/\/archives.cotedor.fr\/v2\/ark:\/71137\/g84e2727b8986dad2c7eb7a23de11b558\/bb079f6b97683f4c02fd46c65c4234a5\/248\/ZnJhZDAyMV8wMjZfMmUwMjZhcnQwMzZfMDI0OC5qcGc=\">vue 248\/271<\/a>.<\/em><\/li>\n\n<li>(1) <em>S.H.D,&nbsp;M\u00e9moire des Hommes, Journaux des marches et op\u00e9rations des corps de troupe, 99<sup>e<\/sup> r\u00e9giment d\u2019infanterie,6 ao\u00fbt 1914 \u2013 9 janvier 1915 (26 N 673\/1), <a href=\"https:\/\/www.memoiredeshommes.sga.defense.gouv.fr\/fr\/ark:\/40699\/e00527a6f44e30cc\/527a6f452a19d\">vue 5\/73<\/a>.<\/em><\/li>\n\n<li>(2) <em>S.H.D,&nbsp;M\u00e9moire des Hommes, Journaux des marches et op\u00e9rations des corps de troupe, 99<sup>e<\/sup> r\u00e9giment d\u2019infanterie,6 ao\u00fbt 1914 \u2013 9 janvier 1915 (26 N 673\/1), <a href=\"https:\/\/www.memoiredeshommes.sga.defense.gouv.fr\/fr\/ark:\/40699\/e00527a6f44e30cc\/527a6f4540979\">vue 10\/73<\/a>.<\/em><\/li>\n\n<li>Portrait\u00a0: Faure, Herv\u00e9 (2008), \u00ab\u00a0Annuaire des officiers et cadres du 99<sup>e<\/sup> r\u00e9giment d\u2019infanterie en 1914-1918\u00a0\u00bb, <em>Le site 99<sup>e<\/sup> r\u00e9giment d\u2019infanterie<\/em> [<a href=\"https:\/\/neuf-neuf.pagesperso-orange.fr\/\" target=\"_blank\" rel=\"noreferrer noopener\">En ligne<\/a>] (consult\u00e9 le 12 f\u00e9vrier 2022). Nous avons essay\u00e9 de contacter le propri\u00e9taire du site mais son adresse courriel n\u2019existe plus. Le site a \u00e9t\u00e9 mis \u00e0 jour pour la derni\u00e8re fois en 2008. Le 5 septembre 2023, Orange a malheureusement mis un terme aux <em>Pages Perso\u00a0\u00bb<\/em>, entra\u00eenant ainsi la disparition d\u00e9finitive de milliers de pages Internet dont le site de M. Faure. Nous esp\u00e9rons que notre r\u00e9cup\u00e9ration du portrait de Charles Loidreau permet ainsi de sauvegarder la pr\u00e9sence num\u00e9rique de cette photographie.<\/li>\n\n<li>(1) (13 ao\u00fbt 1915), \u00ab&nbsp;Deux braves&nbsp;\u00bb in <em>Le Progr\u00e8s de la C\u00f4te-d\u2019Or<\/em>, p. 3 [En ligne] Disponible sur <em><a href=\"https:\/\/www.retronews.fr\/journal\/le-progres-de-la-cote-d-or\/13-aout-1915\/823\/2432033\/3?from=%2Fsearch%23allTerms%3DLoidreau%2520Arnay%26sort%3Dscore%26publishedStart%3D1910-01-01%26publishedEnd%3D1919-12-31%26publishedBounds%3Dfrom%26indexedBounds%3Dfrom%26page%3D1%26searchIn%3Dall%26total%3D46&amp;index=18\">Retronews<\/a><\/em>.<\/li>\n\n<li>(2) Lecalot, Gr\u00e9goire, Lemaire, Mathilde (18 juillet 2018), \u00ab&nbsp;1914-1918, Franceinfo y \u00e9tait. 2 juin 1917&nbsp;: Mutineries dans l\u2019arm\u00e9e fran\u00e7aise&nbsp;\u00bb, <em>Franceinfo <\/em>[<a href=\"https:\/\/www.francetvinfo.fr\/replay-radio\/france-info-y-etait\/1914-1918-franceinfo-y-etait-2-juin-1917-mutineries-dans-l-armee-francaise_2856173.html\">En ligne<\/a>] (consult\u00e9 le 12 f\u00e9vrier 2022).<\/li><\/ul>","protected":false},"excerpt":{"rendered":"<p>LOIDREAU Charles Auguste \u00a4 4 novembre 1887 \u00e0 Arnay-le-Duc\u2020 24 ao\u00fbt 1914 \u00e0 Saulxures (Vosges) ou 27 ao\u00fbt 1914 \u00e0 Bruy\u00e8res (Vosges)Sous-lieutenant \u2013 99e r\u00e9giment [&#8230;]<\/p>\n","protected":false},"author":2,"featured_media":0,"parent":0,"menu_order":0,"comment_status":"closed","ping_status":"closed","template":"","meta":{"footnotes":""},"class_list":["post-560","page","type-page","status-publish","hentry"],"yoast_head":"<!-- This site is optimized with the Yoast SEO plugin v25.6 - https:\/\/yoast.com\/wordpress\/plugins\/seo\/ -->\n<title>LOIDREAU Charles Auguste - Arnay-le-Duc 1914-1918<\/title>\n<meta name=\"robots\" content=\"index, follow, max-snippet:-1, max-image-preview:large, max-video-preview:-1\" \/>\n<link rel=\"canonical\" href=\"https:\/\/alisteraldridge.fr\/arnay1418\/loidreau-charles-auguste\/\" \/>\n<meta property=\"og:locale\" content=\"fr_FR\" \/>\n<meta property=\"og:type\" content=\"article\" \/>\n<meta property=\"og:title\" content=\"LOIDREAU Charles Auguste - Arnay-le-Duc 1914-1918\" \/>\n<meta property=\"og:description\" content=\"LOIDREAU Charles Auguste \u00a4 4 novembre 1887 \u00e0 Arnay-le-Duc\u2020 24 ao\u00fbt 1914 \u00e0 Saulxures (Vosges) ou 27 ao\u00fbt 1914 \u00e0 Bruy\u00e8res (Vosges)Sous-lieutenant \u2013 99e r\u00e9giment [...]\" \/>\n<meta property=\"og:url\" content=\"https:\/\/alisteraldridge.fr\/arnay1418\/loidreau-charles-auguste\/\" \/>\n<meta property=\"og:site_name\" content=\"Arnay-le-Duc 1914-1918\" \/>\n<meta property=\"article:modified_time\" content=\"2024-02-09T11:50:43+00:00\" \/>\n<meta property=\"og:image\" content=\"https:\/\/arnay1418.rarebook-ubfc.fr\/wp-content\/uploads\/2022\/02\/LOIDREAU_Charles.jpg\" \/>\n<meta name=\"twitter:card\" content=\"summary_large_image\" \/>\n<meta name=\"twitter:label1\" content=\"Dur\u00e9e de lecture estim\u00e9e\" \/>\n\t<meta name=\"twitter:data1\" content=\"13 minutes\" \/>\n<script type=\"application\/ld+json\" class=\"yoast-schema-graph\">{\"@context\":\"https:\/\/schema.org\",\"@graph\":[{\"@type\":\"WebPage\",\"@id\":\"https:\/\/alisteraldridge.fr\/arnay1418\/loidreau-charles-auguste\/\",\"url\":\"https:\/\/alisteraldridge.fr\/arnay1418\/loidreau-charles-auguste\/\",\"name\":\"LOIDREAU Charles Auguste - Arnay-le-Duc 1914-1918\",\"isPartOf\":{\"@id\":\"https:\/\/alisteraldridge.fr\/arnay1418\/#website\"},\"primaryImageOfPage\":{\"@id\":\"https:\/\/alisteraldridge.fr\/arnay1418\/loidreau-charles-auguste\/#primaryimage\"},\"image\":{\"@id\":\"https:\/\/alisteraldridge.fr\/arnay1418\/loidreau-charles-auguste\/#primaryimage\"},\"thumbnailUrl\":\"https:\/\/arnay1418.rarebook-ubfc.fr\/wp-content\/uploads\/2022\/02\/LOIDREAU_Charles.jpg\",\"datePublished\":\"2022-02-12T19:13:26+00:00\",\"dateModified\":\"2024-02-09T11:50:43+00:00\",\"breadcrumb\":{\"@id\":\"https:\/\/alisteraldridge.fr\/arnay1418\/loidreau-charles-auguste\/#breadcrumb\"},\"inLanguage\":\"fr-FR\",\"potentialAction\":[{\"@type\":\"ReadAction\",\"target\":[\"https:\/\/alisteraldridge.fr\/arnay1418\/loidreau-charles-auguste\/\"]}]},{\"@type\":\"ImageObject\",\"inLanguage\":\"fr-FR\",\"@id\":\"https:\/\/alisteraldridge.fr\/arnay1418\/loidreau-charles-auguste\/#primaryimage\",\"url\":\"https:\/\/arnay1418.rarebook-ubfc.fr\/wp-content\/uploads\/2022\/02\/LOIDREAU_Charles.jpg\",\"contentUrl\":\"https:\/\/arnay1418.rarebook-ubfc.fr\/wp-content\/uploads\/2022\/02\/LOIDREAU_Charles.jpg\"},{\"@type\":\"BreadcrumbList\",\"@id\":\"https:\/\/alisteraldridge.fr\/arnay1418\/loidreau-charles-auguste\/#breadcrumb\",\"itemListElement\":[{\"@type\":\"ListItem\",\"position\":1,\"name\":\"Home\",\"item\":\"https:\/\/alisteraldridge.fr\/arnay1418\/\"},{\"@type\":\"ListItem\",\"position\":2,\"name\":\"LOIDREAU Charles Auguste\"}]},{\"@type\":\"WebSite\",\"@id\":\"https:\/\/alisteraldridge.fr\/arnay1418\/#website\",\"url\":\"https:\/\/alisteraldridge.fr\/arnay1418\/\",\"name\":\"Arnay-le-Duc 1914-1918\",\"description\":\"Histoire d&#039;une ville bourguignonne pendant la Premi\u00e8re Guerre mondiale\",\"potentialAction\":[{\"@type\":\"SearchAction\",\"target\":{\"@type\":\"EntryPoint\",\"urlTemplate\":\"https:\/\/alisteraldridge.fr\/arnay1418\/?s={search_term_string}\"},\"query-input\":{\"@type\":\"PropertyValueSpecification\",\"valueRequired\":true,\"valueName\":\"search_term_string\"}}],\"inLanguage\":\"fr-FR\"}]}<\/script>\n<!-- \/ Yoast SEO plugin. -->","yoast_head_json":{"title":"LOIDREAU Charles Auguste - Arnay-le-Duc 1914-1918","robots":{"index":"index","follow":"follow","max-snippet":"max-snippet:-1","max-image-preview":"max-image-preview:large","max-video-preview":"max-video-preview:-1"},"canonical":"https:\/\/alisteraldridge.fr\/arnay1418\/loidreau-charles-auguste\/","og_locale":"fr_FR","og_type":"article","og_title":"LOIDREAU Charles Auguste - Arnay-le-Duc 1914-1918","og_description":"LOIDREAU Charles Auguste \u00a4 4 novembre 1887 \u00e0 Arnay-le-Duc\u2020 24 ao\u00fbt 1914 \u00e0 Saulxures (Vosges) ou 27 ao\u00fbt 1914 \u00e0 Bruy\u00e8res (Vosges)Sous-lieutenant \u2013 99e r\u00e9giment [...]","og_url":"https:\/\/alisteraldridge.fr\/arnay1418\/loidreau-charles-auguste\/","og_site_name":"Arnay-le-Duc 1914-1918","article_modified_time":"2024-02-09T11:50:43+00:00","og_image":[{"url":"https:\/\/arnay1418.rarebook-ubfc.fr\/wp-content\/uploads\/2022\/02\/LOIDREAU_Charles.jpg","type":"","width":"","height":""}],"twitter_card":"summary_large_image","twitter_misc":{"Dur\u00e9e de lecture estim\u00e9e":"13 minutes"},"schema":{"@context":"https:\/\/schema.org","@graph":[{"@type":"WebPage","@id":"https:\/\/alisteraldridge.fr\/arnay1418\/loidreau-charles-auguste\/","url":"https:\/\/alisteraldridge.fr\/arnay1418\/loidreau-charles-auguste\/","name":"LOIDREAU Charles Auguste - Arnay-le-Duc 1914-1918","isPartOf":{"@id":"https:\/\/alisteraldridge.fr\/arnay1418\/#website"},"primaryImageOfPage":{"@id":"https:\/\/alisteraldridge.fr\/arnay1418\/loidreau-charles-auguste\/#primaryimage"},"image":{"@id":"https:\/\/alisteraldridge.fr\/arnay1418\/loidreau-charles-auguste\/#primaryimage"},"thumbnailUrl":"https:\/\/arnay1418.rarebook-ubfc.fr\/wp-content\/uploads\/2022\/02\/LOIDREAU_Charles.jpg","datePublished":"2022-02-12T19:13:26+00:00","dateModified":"2024-02-09T11:50:43+00:00","breadcrumb":{"@id":"https:\/\/alisteraldridge.fr\/arnay1418\/loidreau-charles-auguste\/#breadcrumb"},"inLanguage":"fr-FR","potentialAction":[{"@type":"ReadAction","target":["https:\/\/alisteraldridge.fr\/arnay1418\/loidreau-charles-auguste\/"]}]},{"@type":"ImageObject","inLanguage":"fr-FR","@id":"https:\/\/alisteraldridge.fr\/arnay1418\/loidreau-charles-auguste\/#primaryimage","url":"https:\/\/arnay1418.rarebook-ubfc.fr\/wp-content\/uploads\/2022\/02\/LOIDREAU_Charles.jpg","contentUrl":"https:\/\/arnay1418.rarebook-ubfc.fr\/wp-content\/uploads\/2022\/02\/LOIDREAU_Charles.jpg"},{"@type":"BreadcrumbList","@id":"https:\/\/alisteraldridge.fr\/arnay1418\/loidreau-charles-auguste\/#breadcrumb","itemListElement":[{"@type":"ListItem","position":1,"name":"Home","item":"https:\/\/alisteraldridge.fr\/arnay1418\/"},{"@type":"ListItem","position":2,"name":"LOIDREAU Charles Auguste"}]},{"@type":"WebSite","@id":"https:\/\/alisteraldridge.fr\/arnay1418\/#website","url":"https:\/\/alisteraldridge.fr\/arnay1418\/","name":"Arnay-le-Duc 1914-1918","description":"Histoire d&#039;une ville bourguignonne pendant la Premi\u00e8re Guerre mondiale","potentialAction":[{"@type":"SearchAction","target":{"@type":"EntryPoint","urlTemplate":"https:\/\/alisteraldridge.fr\/arnay1418\/?s={search_term_string}"},"query-input":{"@type":"PropertyValueSpecification","valueRequired":true,"valueName":"search_term_string"}}],"inLanguage":"fr-FR"}]}},"featured_image_src":null,"jetpack_sharing_enabled":true,"_links":{"self":[{"href":"https:\/\/alisteraldridge.fr\/arnay1418\/wp-json\/wp\/v2\/pages\/560"}],"collection":[{"href":"https:\/\/alisteraldridge.fr\/arnay1418\/wp-json\/wp\/v2\/pages"}],"about":[{"href":"https:\/\/alisteraldridge.fr\/arnay1418\/wp-json\/wp\/v2\/types\/page"}],"author":[{"embeddable":true,"href":"https:\/\/alisteraldridge.fr\/arnay1418\/wp-json\/wp\/v2\/users\/2"}],"replies":[{"embeddable":true,"href":"https:\/\/alisteraldridge.fr\/arnay1418\/wp-json\/wp\/v2\/comments?post=560"}],"version-history":[{"count":3,"href":"https:\/\/alisteraldridge.fr\/arnay1418\/wp-json\/wp\/v2\/pages\/560\/revisions"}],"predecessor-version":[{"id":2707,"href":"https:\/\/alisteraldridge.fr\/arnay1418\/wp-json\/wp\/v2\/pages\/560\/revisions\/2707"}],"wp:attachment":[{"href":"https:\/\/alisteraldridge.fr\/arnay1418\/wp-json\/wp\/v2\/media?parent=560"}],"curies":[{"name":"wp","href":"https:\/\/api.w.org\/{rel}","templated":true}]}}