{"id":2014,"date":"2022-09-07T16:44:34","date_gmt":"2022-09-07T16:44:34","guid":{"rendered":"https:\/\/arnay1418.rarebook-ubfc.fr\/?page_id=2014"},"modified":"2023-01-24T12:34:53","modified_gmt":"2023-01-24T12:34:53","slug":"lanoiselee-jacques-edouard-anne-marie","status":"publish","type":"page","link":"https:\/\/alisteraldridge.fr\/arnay1418\/lanoiselee-jacques-edouard-anne-marie\/","title":{"rendered":"LANOISELEE Jacques Edouard Anne Marie"},"content":{"rendered":"<p class=\"has-text-align-center has-large-font-size\"><strong>LANOISEL\u00c9E <\/strong>Jacques \u00c9douard Anne Marie<br>dit \u00c9douard<\/p><p class=\"has-text-align-center\">\u00a4 27 juin 1889 \u00e0 Arnay-le-Duc<br>\u2020 13 juin 1916 \u00e0 R\u00e9cicourt (Meuse)<br>Caporal-fourrier \u2013 7<sup>e<\/sup> bataillon du g\u00e9nie \u2013 26 ans<br>Tu\u00e9 \u00e0 l\u2019ennemi par un obus<br>Mort pour la France<br>Croix de Guerre<br>M\u00e9daille militaire<br><\/p><figure class=\"wp-block-image aligncenter size-full is-style-rounded\"><img loading=\"lazy\" decoding=\"async\" width=\"402\" height=\"106\" src=\"http:\/\/alisteraldridge.fr\/arnay1418\/wp-content\/uploads\/sites\/2\/2022\/09\/Signature.png\" alt=\"\" class=\"wp-image-2076\" srcset=\"https:\/\/alisteraldridge.fr\/arnay1418\/wp-content\/uploads\/sites\/2\/2022\/09\/Signature.png 402w, https:\/\/alisteraldridge.fr\/arnay1418\/wp-content\/uploads\/sites\/2\/2022\/09\/Signature-300x79.png 300w\" sizes=\"(max-width: 402px) 100vw, 402px\" \/><\/figure><div class=\"quote1\">\u00ab\u00a0Si Dieu veut me conserver pour le sacerdoce, Il saura bien me prot\u00e9ger ; si, au contraire, Il veut me rappeler \u00e0 Lui, que sa volont\u00e9 soit faite.\u00a0\u00bb<\/div><hr class=\"wp-block-separator has-text-color has-black-color has-alpha-channel-opacity has-black-background-color has-background is-style-wide\"\/><h1 class=\"wp-block-heading\">Acte de naissance<\/h1><p class=\"has-text-align-center\"><em>N\u00b068<\/em><\/p><p class=\"has-text-align-center\"><em>Acte de Naissance<br>de<br>Lanoisel\u00e9e<br>Jacques-\u00c9douard<br>Anne-Marie<br>(l\u00e9gitime)<br>&#8212;<br>du 28 juin 1889<br>&#8212;<\/em><\/p><p>L\u2019an mil-huit-cent quatre vingt neuf, le vingt-huit juin, \u00e0 huit heures et demie du matin, pardevant nous Antoine Fran\u00e7ois Vollot, Maire, officier de l\u2019Etat civil de la ville d\u2019Arnay-le-Duc, chef-lieu de canton, arrondissement de Beaune d\u00e9partement de la C\u00f4te-d\u2019Or, a comparu le sieur Lanoisel\u00e9e, Jean-Mairie Edouard, \u00e2g\u00e9 de vingt-trois ans, propri\u00e9taire domicili\u00e9e \u00e0 Arnay-le-Duc, place d\u2019armes, lequel nous a pr\u00e9sent\u00e9 un enfant du sexe masculin, n\u00e9 hier \u00e0 trois heures trois quarts du soir en son domicile, de son mariage contract\u00e9 \u00e0 Arnay-le-Duc, le vingt-huit mai mil-huit-cent quatre vingt huit, avec Dureux, Marie, \u00e2g\u00e9e de dix huit-ans, sans profession domicili\u00e9e avec lui, et auquel enfant il a d\u00e9clar\u00e9 donner les pr\u00e9noms de Jacques-\u00c9douard-Anne-Marie&nbsp;; les dites pr\u00e9sentation et d\u00e9claration faites en pr\u00e9sence des sieurs Collard, Charles, \u00e2g\u00e9 de quatre-vingt deux ans, rentier, et Torchin, Louis, \u00e2g\u00e9 de soixante-douze ans, secr\u00e9taire de la mairie, tous deux domicili\u00e9s \u00e0 Arnay-le-Duc et ont, le p\u00e8re de l\u2019enfant et les t\u00e9moins sign\u00e9 avec nous le pr\u00e9sent acte de naissance, apr\u00e8s lecture.<br>[Signatures] Lanoisel\u00e9e Dureux \/ Ch. Collard \/ Torchin \/ A. Vollot<\/p><p>[<a href=\"https:\/\/archives.cotedor.fr\/v2\/ark:\/71137\/g907f93a9e30ffbedc18833185f96ddb8\/730db7807b52a0c2f6c2b66d45664304\/285\/ZnJhZDAyMV8wMjZfMm1pZWMwMjZyMDRfMDI4NS5qcGc=\" target=\"_blank\" rel=\"noreferrer noopener\">Lien vers le document original<\/a>]<\/p><h1 class=\"wp-block-heading\">Fiche matricule<\/h1><div class=\"tableFM\">\n<p><strong>Nom : <\/strong><em>Lanoisel\u00e9e<\/em><br>\n<strong>Pr\u00e9noms : <\/strong><em>Jacques Edouard Anne Marie<\/em><br>\n<strong>Surnoms : <\/strong><em>_<\/em><br>\n<strong>Num\u00e9ro matricule du recrutement : <\/strong><em>1321<\/em><br>\n<strong>Classe de mobilisation : <\/strong><em>1909<\/em><\/p>\n<hr>\n<h3>\u00c9tat civil :<\/h3>\n<p><strong>N\u00e9 le<\/strong> <em>27 juin 1889<\/em>, <strong>\u00e0<\/strong> <em>Arnay-le-Duc<\/em>, <strong>canton d<\/strong><em>udit<\/em>, <strong>d\u00e9partement de<\/strong> <em>la C\u00f4te-d&rsquo;Or<\/em>, <strong>r\u00e9sidant \u00e0<\/strong> <em>Besan\u00e7on<\/em>, <strong>canton d<\/strong><em>udit<\/em>, d\u00e9partement d<\/strong><em>u Doubs<\/em>, <strong>profession de<\/strong> <em>m\u00e9canicien \u00e9lectricien<\/em>, <strong>fils de<\/strong> <em>feu Jean Marie Edouard<\/em><strong> et de<\/strong> <em>Dureux Marie<\/em><strong> domicili\u00e9s \u00e0<\/strong> <em>Arnay-le-Duc<\/em>, <strong>canton d<\/strong><em>u dit<\/em>, <strong>d\u00e9partement de<\/strong> <em>la C\u00f4te-d&rsquo;Or<\/em>.<\/p>\n<p><strong>Mari\u00e9 \u00e0<\/strong><em> _<\/em>.<\/p>\n<hr>\n<h3>Signalement :<\/h3>\n<p><strong>Cheveux<\/strong> <em>et<\/em>, <strong>sourcils<\/strong> <em>ch\u00e2tains<\/em>,<br>\n<strong>yeux<\/strong> <em>gris<\/em>, <strong>front<\/strong> <em>ordinaire<\/em>,<br>\n<strong>nez<\/strong> <em>moyen<\/em>, <strong>bouche<\/strong> <em>moyenne<\/em>,<br>\n<strong>menton<\/strong> <em>rond<\/em>, <strong>visage<\/strong> <em>\u00e0 fossette<\/em>,<br>\n<strong>Taille :<\/strong> <em>1<\/em><strong> m. <\/strong><em>62<\/em> <strong>cent. Taille rectifi\u00e9e :<\/strong> <em>1<\/em><strong> m. <\/strong><em>_<\/em> <strong>cent.<\/strong><br>\n<strong>Marques particuli\u00e8res : <\/strong><em>_<\/em><br>\n<strong>Degr\u00e9 d\u2019instruction g\u00e9n\u00e9rale : <\/strong><em>3<\/em>.<\/p>\n<hr>\n<h3>D\u00e9cision du conseil de r\u00e9vision et motifs :<\/h3>\n<p><strong>Class\u00e9 dans la<\/strong> <em>1<sup>e<\/sup><\/em> <strong>partie de la liste en 19<\/strong><em>10<\/em>.<br>\n<strong>Class\u00e9 dans la<\/strong> <em>_<sup>e<\/sup><\/em> <strong>partie de la liste en 19<\/strong><em>_<\/em>.<\/p>\n<hr>\n<h3>Corps d\u2019affectation \/ Num\u00e9ros au contr\u00f4le sp\u00e9cial \u2013 matricule ou au r\u00e9pertoire<\/h3>\n<p><strong>Dans l\u2019arm\u00e9e active :<\/strong> <em>4<sup>e<\/sup> r\u00e9giment du g\u00e9nie \u00e0 Besan\u00e7on &#8211; 3753<\/em><br>\n<strong>Disponibilit\u00e9 et r\u00e9serve de l\u2019arm\u00e9e active :<\/strong> <em>4<sup>e<\/sup> r\u00e9giment du g\u00e9nie \u00e0 Besan\u00e7on &#8211; 11 \/ 03140<br>\n&#8211; 7<sup>e<\/sup> bataillon du g\u00e9nie &#8211; 11 \/ 03140<\/em><br>\n<strong>Arm\u00e9e territoriale et sa r\u00e9serve :<\/strong> <em>_<\/em><\/p>\n<hr>\n<h3>D\u00e9tail des services et mutations diverses.<\/h3>\n<p><strong>Inscrit sous le n\u00b0<\/strong><em>52<\/em> <strong>de la liste<\/strong> <em>dans le canton de Arnay-le-Duc.<br>\nIncorpor\u00e9 au 4<sup>e<\/sup> r\u00e9giment du g\u00e9nie \u00e0 Besan\u00e7on \u00e0 compter du 5 octobre 1910.<br>\nArriv\u00e9 au Corps et sapeur de 2<sup>e<\/sup> classe le 5 octobre 1910.<br>\nCaporal le 13 avril 1911. Envoy\u00e9 dans la disponibilit\u00e9 le 27 septembre 1912. Certificat de bonne conduite \u00ab\u00a0accord\u00e9\u00a0\u00bb. Affect\u00e9 au 4<sup>e<\/sup> r\u00e9giment du g\u00e9nie stationn\u00e9 \u00e0 Besan\u00e7on. Pass\u00e9 au 7<sup>e<\/sup> bataillon du g\u00e9nie (Plan XVII).<br>\nRappel\u00e9 \u00e0 l&rsquo;activit\u00e9 (mobilisation g\u00e9n\u00e9rale du 2 ao\u00fbt 1914). Arriv\u00e9 au corps le 3 ao\u00fbt 1914. Caporal fourrier le 22 juin 1915.<br>\nTu\u00e9 \u00e0 l&rsquo;ennemi le 13 juin 1916 \u00e0 R\u00e9cicourt (Meuse) (avis du corps du 12 juillet 1916)<\/em>.<\/p>\n<hr>\n<h3>Campagnes<\/h3>\n<p><em>Contre l&rsquo;Allemagne du 3 ao\u00fbt 1914 au 13 juin 1916<\/em>.<\/p>\n<h3>Blessures, citations, d\u00e9corations, etc.<\/h3>\n<p><em>Cit\u00e9 \u00e0 l&rsquo;ordre du g\u00e9nie de la 37<sup>e<\/sup> Division. Ordre n\u00b038 en date du 18 juin 1916<\/em>.<\/p>\n<hr>\n<h3>P\u00e9riodes d&rsquo;exercices<\/h3>\n<p><strong>R\u00e9serve : 1<sup>re<\/sup> dans le<\/strong><em>7<sup>e<\/sup> bataillon du g\u00e9nie<\/em>, <strong>du<\/strong> <em>2<\/em> <strong>au<\/strong> <em>23 juin 1914<\/em><\/strong>.<br>\n<strong>&#8211; 2<sup>e<\/sup> dans le<\/strong><em>_,<\/em> <strong>du<\/strong> <em>_<\/em> <strong>au<\/strong> <em>_<\/em><\/strong>.<br>\n<strong>&#8211; Suppl\u00e9mentaire dans le<\/strong><em>_,<\/em> <strong>du<\/strong> <em>_<\/em> <strong>au<\/strong> <em>_<\/em><\/strong>.<br>\n<strong>Arm\u00e9e territoriale : 1<sup>re<\/sup> dans le<\/strong><em>_,<\/em> <strong>du<\/strong> <em>_<\/em> <strong>au<\/strong> <em>_<\/em><\/strong>.<br>\n<strong>&#8211; Suppl\u00e9mentaire dans le<\/strong><em>_,<\/em> <strong>du<\/strong> <em>_<\/em> <strong>au<\/strong> <em>_<\/em><\/strong>.<br>\n<strong>Sp\u00e9ciales aux hommes du service de garde des voies de communication :<\/strong><\/em>_<\/em>.<\/p>\n<hr>\n<h3>Localit\u00e9s successives habit\u00e9es<br>par suite de changements de domicile ou de r\u00e9sidence<\/h3>\n<strong>Dates \/ Communes \/ Subdivisions de r\u00e9gion \/ D : Domicile, R : R\u00e9sidence<\/strong>\n<p><em>9 octobre 1913 \/ Dijon, 2 rue Paul Cabet \/ Dijon \/ R<\/em><\/p>\n<hr>\n<h3>\u00c9poque \u00e0 laquelle l\u2019homme doit passer dans :<\/h3>\n<p><strong>La r\u00e9serve de l\u2019arm\u00e9e active :<\/strong><em>_<\/em><br>\n<strong>L\u2019arm\u00e9e territoriale :<\/strong><em>_<\/em><br>\n<strong>La r\u00e9serve de l\u2019arm\u00e9e territoriale : <\/strong><em>_<\/em><br>\n<strong>Date de la lib\u00e9ration du service militaire :<\/strong><em>_<\/em>.<\/p>\n<\/div><p>[<a href=\"https:\/\/archives.cotedor.fr\/v2\/ark:\/71137\/g4b0ebd6acfa9c9d4dc9ef72fc9a74698\/ecf7213f57967ae410671de98db84cb8\/475\/ZnJhZDAyMV9yMjQ2NF8wNDc1LmpwZw==\" target=\"_blank\" rel=\"noreferrer noopener\">Lien vers le document original<\/a>]<\/p><h1 class=\"wp-block-heading\">Journal des marches et op\u00e9rations du 7<sup>e<\/sup> bataillon du g\u00e9nie (ind\u00e9pendant), 4<sup>e <\/sup>compagnie (7\/4)<\/h1><p>Le 7<sup>e<\/sup> bataillon du g\u00e9nie, \u00e0 ne pas confondre avec le 7<sup>e<\/sup> r\u00e9giment du g\u00e9nie, est un bataillon ind\u00e9pendant lev\u00e9 \u00e0 Besan\u00e7on, en Franche-Comt\u00e9, en 1914. \u00c9douard Lanoisel\u00e9e appartient \u00e0 la 4<sup>e<\/sup> compagnie du bataillon, affect\u00e9e en avril 1916 \u00e0 des travaux de toutes sortes dans la r\u00e9gion nord-est de Verdun&nbsp;: construction et am\u00e9nagements de d\u00e9fenses, de postes de commandement et d\u2019abris. La compagnie est alors mise \u00e0 la disposition de la 37<sup>e<\/sup> division d\u2019infanterie du g\u00e9n\u00e9ral Henri Niessel, et se positionne dans la for\u00eat de Hesse, entre les villages d\u2019Avocourt et de R\u00e9cicourt. L\u2019\u00e9tat des pertes de la compagnie n\u2019est pas indiqu\u00e9.<\/p><p class=\"has-white-background-color has-background\"><strong>Du 20 avril au 5 juillet&nbsp;:<\/strong><\/p><p class=\"has-white-background-color has-background\">Elle [la compagnie] est charg\u00e9e de tous les travaux dans la zone arri\u00e8re de la division, \u00e0 partir de la lisi\u00e8re Nord de la For\u00eat de Hesse, comprenant&nbsp;:<br>1\u00b0&nbsp;: l\u2019organisation de la 2<sup>e<\/sup> et de la 3<sup>e<\/sup> position.<br>2\u00b0&nbsp;: la construction d\u2019un poste de commandement de division \u00e0 la ferme de Verri\u00e8res.<br>3\u00b0&nbsp;: la construction d\u2019un poste de commandement de brigade et d\u2019abris pour les r\u00e9serves.<br>4\u00b0&nbsp;: de la r\u00e9paration et de l\u2019entretien de la route R\u00e9cicourt-Avocourt.<br>5\u00b0&nbsp;: de la construction d\u2019une route \u00e0 la lisi\u00e8re Ouest du bois de R\u00e9cicourt<br>6\u00b0&nbsp;: de la construction d\u2019abris de bombardement sur les pentes Nord de R\u00e9cicourt.<br>7\u00b0&nbsp;: du montage de baraques Adrian dans le bois de R\u00e9cicourt.<br>8\u00b0&nbsp;: de diriger le ramassage de bois en for\u00eat pour alimenter la scierie.<br>9\u00b0&nbsp;: d\u2019assurer le fonctionnement de la scierie de R\u00e9cicourt.<br>&nbsp;&nbsp;&nbsp;&nbsp;&nbsp;&nbsp;&nbsp;&nbsp;&nbsp;&nbsp;&nbsp; Au d\u00e9part de la 37<sup>e<\/sup> Division, la compagnie re\u00e7oit les f\u00e9licitations du G\u00e9n\u00e9ral commandant la Division.<\/p><p class=\"has-white-background-color has-background\">37<sup>e<\/sup> Division.<br>Ordre n\u00b05.569\/3<br>Au poste de commandement le 5 juillet 1916.<br>Ordre<br>&nbsp;&nbsp;&nbsp;&nbsp;&nbsp;&nbsp;&nbsp;&nbsp;&nbsp;&nbsp;&nbsp;&nbsp;&nbsp;&nbsp;&nbsp;&nbsp;&nbsp;&nbsp;&nbsp;&nbsp;&nbsp;&nbsp;&nbsp;&nbsp;&nbsp;&nbsp;&nbsp;&nbsp;&nbsp;&nbsp;&nbsp;&nbsp;&nbsp;&nbsp;&nbsp; Le g\u00e9n\u00e9ral commandant la 37<sup>e<\/sup> Division tient \u00e0 remercier la compagnie 7\/4 du G\u00e9nie, de l\u2019excellent travail fourni dans le sous-secteur.<br>Ces bons r\u00e9sultats sont d\u00fbs \u00e0 l\u2019impulsion donn\u00e9e par son chef Monsieur le Capitaine Miger, qui a fourni de tr\u00e8s bonnes \u00e9tudes et su organiser judicieusement ses chantiers.<br>&nbsp;&nbsp;&nbsp;&nbsp;&nbsp;&nbsp;&nbsp;&nbsp;&nbsp;&nbsp;&nbsp;&nbsp;&nbsp;&nbsp;&nbsp;&nbsp;&nbsp;&nbsp;&nbsp;&nbsp;&nbsp;&nbsp;&nbsp; Le G\u00e9n\u00e9ral Niessel<br>&nbsp;&nbsp;&nbsp;&nbsp;&nbsp;&nbsp;&nbsp;&nbsp;&nbsp;&nbsp;&nbsp;&nbsp;&nbsp;&nbsp;&nbsp;&nbsp;&nbsp;&nbsp;&nbsp;&nbsp;&nbsp;&nbsp;&nbsp; Commandant la 37<sup>e<\/sup> Division<br>&nbsp;&nbsp;&nbsp;&nbsp;&nbsp;&nbsp;&nbsp;&nbsp;&nbsp;&nbsp;&nbsp;&nbsp;&nbsp;&nbsp;&nbsp;&nbsp;&nbsp;&nbsp;&nbsp;&nbsp;&nbsp;&nbsp;&nbsp; Sign\u00e9&nbsp;: A. Niessel<\/p><p>[<a href=\"https:\/\/www.memoiredeshommes.sga.defense.gouv.fr\/fr\/ark:\/40699\/e0052930ca579ac8\/52930ca63e176\" target=\"_blank\" rel=\"noreferrer noopener\">Lien vers le document original<\/a>]<\/p><h1 class=\"wp-block-heading\">D\u00e9c\u00e8s<\/h1><div class=\"wp-block-group is-layout-flow wp-block-group-is-layout-flow\"><p class=\"has-text-align-center\"><em>N\u00b049<\/em><\/p>\n\n<p class=\"has-text-align-center\"><strong><em>Transcription de l\u2019acte de<br>d\u00e9c\u00e8s de Lanoisel\u00e9e<\/em><\/strong><em>, Jacques<br>\u00c9douard Anne-Marie<br>&#8211;<br><strong>Mort pour la France<\/strong><br>&#8212;<\/em><\/p>\n\n<p>L\u2019an mil neuf cent seize, le treize du mois de Juin, \u00e0 vingt une heures quarante cinq minutes, \u00e9tant au bois de R\u00e9cicourt, commune de R\u00e9cicourt, Meuse, acte de d\u00e9c\u00e8s de Jacques-\u00c9douard Anne-Marie <strong>Lanoisel\u00e9e<\/strong>, caporal-fourrier au 7<sup>e<\/sup> bataillon du g\u00e9nie, 4<sup>e<\/sup> bataillon*, immatricul\u00e9 sous le num\u00e9ro z\u00e9ro trois mille cent quarante, n\u00e9 le vingt-sept juin mil huit cent quatre vingt neuf \u00e0 Arnay-le-Duc, canton dudit, d\u00e9partement de la C\u00f4te-d\u2019Or, domicili\u00e9 en dernier lieu \u00e0 Arnay-le-Duc, C\u00f4te-d\u2019Or, \u2018\u2019Mort pour la France\u2019\u2019, Bois de R\u00e9cicourt, commune de R\u00e9cicourt, Meuse, le treize du mois de juin, \u00e0 vingt-une heures, quarante cinq minutes, tu\u00e9 \u00e0 l\u2019ennemi, fils de feu Jean Marie \u00c9douard et de Dureux Marie, domicili\u00e9e \u00e0 Arnay-le-Duc, c\u00e9libataire, conform\u00e9ment \u00e0 l\u2019article 77 du Code Civil, nous nous sommes transport\u00e9 aupr\u00e8s de la personne d\u00e9c\u00e9d\u00e9e et assur\u00e9 de la r\u00e9alit\u00e9 du d\u00e9c\u00e8s. Dress\u00e9 par nous Fran\u00e7ois-Hippolyte Debien, sous-lieutenant, d\u00e9cor\u00e9 de la Croix de Guerre, 4<sup>e<\/sup> compagnie du g\u00e9nie, officier de l\u2019\u00c9tat-Civil sur la d\u00e9claration de Aim\u00e9 Alexandre Gabriel Ogier Collin, vingt-sept ans, sergent-fourrier et de Joseph Rey, trente-six ans, compagnie 7\/4 du g\u00e9nie, t\u00e9moins qui ont sign\u00e9 avec nous, apr\u00e8s lecture. Suivent les signatures. Vu par nous Garnier Fernand, sous-intendant militaire, pour l\u00e9galisation de la signature de M. Debien sus-qualifi\u00e9.<br>Sign\u00e9&nbsp;: Garnier. Vu pour l\u00e9galisation de la signature de M. Garnier Fernand.<br>Paris, le 8 juillet 1916<br>Le ministre de la Guerre<br>par d\u00e9l\u00e9gation, le chef du bureau des archives administratives.<br>Signature illisible<br>L\u2019acte de d\u00e9c\u00e8s ci-dessus a \u00e9t\u00e9 transcrit le vingt deux ao\u00fbt mil neuf cent seize, dix heures, par nous Nicolas Justin Hutin, maire d\u2019Arnay-le-Duc.<br>[Signature] Hutin<\/p><\/div><p>* Il s\u2019agit de la 4<sup>e<\/sup> compagnie, et non du 4<sup>e<\/sup> bataillon.<br>[<a href=\"https:\/\/archives.cotedor.fr\/v2\/ark:\/71137\/g77c864dae582bb1df5090c4ce3b62a10\/8c2f9bcd65715cd287912f7535d81667\/25\/ZnJhZDAyMV8wMjZfMmUwMjZhcnQwMzdfMDAyNS5qcGc=\" target=\"_blank\" rel=\"noreferrer noopener\">Lien vers le document original<\/a>]<\/p><h1 class=\"wp-block-heading\">Donn\u00e9es additionnelles<\/h1><p>La famille Lanoisel\u00e9e poss\u00e8de au d\u00e9but du XX<sup>e<\/sup> si\u00e8cle une chapellerie et mercerie sur la place Carnot, dite de la Mairie. Elle a la r\u00e9putation d\u2019\u00eatre une famille tr\u00e8s pieuse<sup>(1)<\/sup>. \u00c9douard Lanoisel\u00e9e, qui est fils unique, perd son p\u00e8re Jean Marie en 1902. Dans un premier temps, \u00c9douard Lanoisel\u00e9e semble se destiner pour une carri\u00e8re dans l\u2019\u00e9lectricit\u00e9. Il part \u00e9tudier \u00e0 Besan\u00e7on et entre \u00e0 l\u2019\u00c9cole nationale d\u2019horlogerie dont l\u2019\u00e9tablissement est aujourd\u2019hui le lyc\u00e9e Jules Haag. Il est dipl\u00f4m\u00e9 \u00ab&nbsp;\u00e9l\u00e8ve brevet\u00e9&nbsp;\u00bb en 1909 \u00e0 l\u2019issue des examens de fin d\u2019\u00e9tudes. Il est le cinqui\u00e8me \u00e9l\u00e8ve de sa promotion&nbsp;: Maurice Trognon, Alfred Girod et Alcide Baqu\u00e9 obtiennent une m\u00e9daille d\u2019argent, Paul Bach, Edouard Lanoisel\u00e9e, Louis Billot et Gustave Landriat sont brevet\u00e9s<sup>(2)<\/sup>. Un an plus tard, \u00c9douard Lanoisel\u00e9e effectue son service militaire au 4<sup>e<\/sup> r\u00e9giment du g\u00e9nie casern\u00e9 \u00e0 Besan\u00e7on. Il est promu caporal quelques mois plus tard et est lib\u00e9r\u00e9 le 27 septembre 1912. Est-ce \u00e0 la suite de son service qu\u2019\u00c9douard se rend \u00e0 Rome&nbsp;? Ou \u00e9tait-ce avant&nbsp;? Nous avons de lui une carte postale \u00e9crite \u00e0 son \u00ab&nbsp;cher Jean&nbsp;\u00bb, certainement un ami, peut-\u00eatre un cousin. Le verso de la carte est une photographie sign\u00e9e <a href=\"https:\/\/alisteraldridge.fr\/arnay1418\/rimet-edmond-stanislas-antide\/\" target=\"_blank\" rel=\"noreferrer noopener\">Rimet<\/a> de la place Carnot o\u00f9 la boutique Lanoisel\u00e9e est visible. La boutique existe toujours apr\u00e8s le d\u00e9c\u00e8s de Lanoisel\u00e9e p\u00e8re, men\u00e9e par la m\u00e8re d\u2019\u00c9douard, recens\u00e9e en 1911 sous le nom de Maria Dureux, merci\u00e8re.<\/p>            <div class=\"oxi-addons-container noLightbox oxi-image-hover-wrapper-78 \" id=\"oxi-image-hover-wrapper-78\">\n                <div class=\"oxi-addons-row\">\n                                <div class=\"oxi_addons__light_box_style_1 oxi_addons__light_box oxi-bt-col-lg-12 oxi-bt-col-md-12 oxi-bt-col-sm-12  \">\n                <div class=\"oxi_addons__light_box_parent oxi_addons__light_box_parent-78-0\">\n\n                    <div id=\"oxi_lg_sub_html_78_0\" class=\"oxi_addons__lg_subhtml\" style=\"display:none;\">\n                        <div class=\"oxi_addons__details\">Recto de la carte postale \u00e9crite par Lanoisel\u00e9e<\/div>                    <\/div>\n\n                    <a class=\"glightbox oxi_addons__light_box_item\"\n                        href=\"https:\/\/arnay1418.rarebook-ubfc.fr\/wp-content\/uploads\/2022\/09\/CP_Boutique.jpg\"\n                        data-caption-id=\"oxi_lg_sub_html_78_0\"\n                        data-type=\"image\">\n\n                                                    <div class=\"oxi_addons__image_main oxi_addons__custom_width_height\"\n                                style=\"background-image: url('https:\/\/arnay1418.rarebook-ubfc.fr\/wp-content\/uploads\/2022\/09\/CP_Boutique.jpg');\">\n                                <div class=\"oxi_addons__overlay\">\n                                    <i class=\"fas fa-search oxi-icons\"><\/i>                                <\/div>\n                            <\/div>\n                        \n                        \n                    <\/a>\n                <\/div>\n\n                            <\/div>\n                            <\/div>\n            <\/div>\n\t\t\t<p class=\"has-text-align-center\"><em>Recto de la carte postale \u00e9crite par Lanoisel\u00e9e<sup>(3)<\/sup>.<\/em><br>Cliquer pour agrandir.<\/p><p>Dans cette lettre \u00e0 Jean, \u00c9douard \u00e9crit \u00eatre bien rentr\u00e9 \u00ab&nbsp;\u00e0 bon port&nbsp;\u00bb \u00e0 Arnay-le-Duc apr\u00e8s un voyage \u00e0 Rome qu\u2019ils ont fait tous les deux. Il demande \u00e0 Jean de ne pas parler \u00ab&nbsp;aux noblats&nbsp;\u00bb d\u2019Arnay de ce voyage, car \u00ab&nbsp;si ils le savaient ils ne tarderaient pas \u00e0 le r\u00e9p\u00e9ter chez eux ou \u00e0 l\u2019\u00e9crit \u00e0 Mr.&nbsp;[&nbsp;?] \u00bb. Le nom de l\u2019homme qui ne doit pas apprendre l\u2019existence de ce voyage est difficilement lisible. Il pourrait s\u2019agit d\u2019un M. Bourgogne, patronyme port\u00e9 par quelques familles arn\u00e9toises. Lanoisel\u00e9e insiste sur la n\u00e9cessit\u00e9 de garder secret ce voyage, \u00ab&nbsp;donc qu\u2019il n\u2019en soit pas question&nbsp;\u00bb de dire quoique ce soit \u00e0 ce sujet.<\/p>            <div class=\"oxi-addons-container noLightbox oxi-image-hover-wrapper-79 \" id=\"oxi-image-hover-wrapper-79\">\n                <div class=\"oxi-addons-row\">\n                                <div class=\"oxi_addons__light_box_style_1 oxi_addons__light_box oxi-bt-col-lg-12 oxi-bt-col-md-12 oxi-bt-col-sm-12  \">\n                <div class=\"oxi_addons__light_box_parent oxi_addons__light_box_parent-79-0\">\n\n                    <div id=\"oxi_lg_sub_html_79_0\" class=\"oxi_addons__lg_subhtml\" style=\"display:none;\">\n                        <div class=\"oxi_addons__details\">Verso de la carte postale \u00e9crite par Lanoisel\u00e9e<\/div>                    <\/div>\n\n                    <a class=\"glightbox oxi_addons__light_box_item\"\n                        href=\"https:\/\/arnay1418.rarebook-ubfc.fr\/wp-content\/uploads\/2022\/09\/CP_Verso.png\"\n                        data-caption-id=\"oxi_lg_sub_html_79_0\"\n                        data-type=\"image\">\n\n                                                    <div class=\"oxi_addons__image_main oxi_addons__custom_width_height\"\n                                style=\"background-image: url('https:\/\/arnay1418.rarebook-ubfc.fr\/wp-content\/uploads\/2022\/09\/CP_Verso.png');\">\n                                <div class=\"oxi_addons__overlay\">\n                                    <i class=\"fas fa-search oxi-icons\"><\/i>                                <\/div>\n                            <\/div>\n                        \n                        \n                    <\/a>\n                <\/div>\n\n                            <\/div>\n                            <\/div>\n            <\/div>\n\t\t\t<p class=\"has-text-align-center\"><em>Verso de la carte postale \u00e9crite par Lanoisel\u00e9e.<\/em><br>Cliquer pour agrandir.<\/p><p>Peut-\u00eatre est-ce \u00e0 cause d\u2019un employeur potentiel&nbsp;? Ou d\u2019un contexte religieux particulier. En effet, la foi \u00e0 Arnay-le-Duc connait quelques soubresauts avant la guerre. Elle n\u2019est pas le point fort du maire Nicolas Hutin. Du moins, qu\u2019il soit lui-m\u00eame croyant ou non, il est attach\u00e9 \u00e0 la la\u00efcit\u00e9 nouvelle et entre dans un bras de fer avec l\u2019abb\u00e9 Didier qui fait beaucoup de bruit. Au d\u00e9but de son mandat, en le 12 juin 1912, monsieur le maire Hutin prend la d\u00e9cision d\u2019interdire par arr\u00eat\u00e9 municipal les processions religieuses \u00e0 Arnay-le-Duc. Cette d\u00e9cision provoque \u00e9videmment l\u2019ire de l\u2019abb\u00e9 Didier et de monseigneur Monest\u00e8s, \u00e9v\u00eaque de Dijon. L\u2019\u00e9v\u00eaque fait publier dans le journal <em>L\u2019Univers<\/em> sa lettre \u00e0 l\u2019abb\u00e9 arn\u00e9tois dans laquelle il d\u00e9nonce \u00ab&nbsp;un acte d\u2019hostilit\u00e9 contre les catholiques<sup>(4)<\/sup>&nbsp;\u00bb. Le conflit entre le maire et l\u2019abb\u00e9 dure environ deux ans et r\u00e9sonne jusqu\u2019aux plus hautes sph\u00e8res de la justice fran\u00e7aise puisque le Conseil d\u2019\u00c9tat est saisi. Ce dernier se positionne finalement en faveur de l\u2019abb\u00e9 Didier \u00e0 la fin du mois d\u2019avril 1913, stipulant que les processions religieuses ne peuvent \u00eatre interdites si elles ne remettent pas en cause l\u2019ordre public. C\u2019est dans ce contexte qu\u2019\u00c9douard Lanoisel\u00e9e d\u00e9cide d\u2019abandonner une carri\u00e8re d\u2019\u00e9lectricien sp\u00e9cialis\u00e9 pour entrer dans les ordres. \u00c0 partir du 9 octobre 1913, il r\u00e9side officiellement au 2 rue Paul Cabet, alors emplacement du s\u00e9minaire, o\u00f9 il vient d\u2019entrer. Il y rencontre peut-\u00eatre son coreligionnaire <a href=\"https:\/\/alisteraldridge.fr\/arnay1418\/vatan-louis-oscar-joseph\/\" target=\"_blank\" rel=\"noreferrer noopener\">Vatan<\/a>, futur pr\u00e9lat d\u2019Arnay-le-Duc.<\/p><p>Lorsque la guerre \u00e9clate en ao\u00fbt 1914, \u00c9douard Lanoisel\u00e9e, qui n\u2019est pas encore pr\u00eatre, a le choix d\u2019\u00eatre d\u00e9tach\u00e9 dans une usine en temps qu\u2019ouvrier \u00e9lectricien. Mais il refuse de \u00ab&nbsp;s\u2019embusquer&nbsp;\u00bb \u00e0 l\u2019arri\u00e8re car il est jeune et sa qualit\u00e9 de futur pr\u00eatre l\u2019emp\u00eache d\u2019abandonner les siens. C\u2019est lui-m\u00eame qui emploie ce terme d\u2019embusqu\u00e9 dans une lettre, rapport\u00e9 par la presse apr\u00e8s sa mort. Rev\u00eatu de son uniforme de caporal, l\u2019abb\u00e9 Lanoisel\u00e9e est incorpor\u00e9 au 7<sup>e<\/sup> bataillon du g\u00e9nie mis en place \u00e0 Besan\u00e7on. Il sert avec bravoure et distinction, ce qui lui vaut en 1916 d\u2019\u00eatre cit\u00e9 \u00e0 l\u2019ordre de la division, notamment pour une op\u00e9ration de l\u2019ann\u00e9e pr\u00e9c\u00e9dente, ainsi qu\u2019il est mentionn\u00e9 dans le <em>Livre d\u2019or du clerg\u00e9 et des congr\u00e9gations&nbsp;<\/em>:<\/p><blockquote class=\"wp-block-quote is-layout-flow wp-block-quote-is-layout-flow\"><p><strong>\u2020 LANOISELEE (Edouard), <em>de Dijon<\/em><\/strong>.<br>N\u00e9 \u00e0 Arnay-le-Duc, le 27 juin 1889\u00a0; dipl\u00f4m\u00e9 \u00c9cole horlogerie de Besan\u00e7on\u00a0; s\u00e9minaire. \u2013 Mobilis\u00e9 (Service Arm\u00e9), compagnie 4<sup>e<\/sup> G\u00e9nie (ao\u00fbt 1914)\u00a0; caporal-fourrier\u00a0; vingt et un mois de front.<br>Tu\u00e9 le 18 juin 1916, \u00e0 Verdun, par un obus tomb\u00e9 sur son abri.<br><em>1\u00b0 Ordre G\u00e9nie Division, n\u00b089, le 18 juin 1916\u00a0<\/em>: \u00ab\u00a0Grad\u00e9 plein d\u2019entrain, courageux, d\u00e9vou\u00e9, a toujours fait preuve d\u2019abn\u00e9gation et d\u2019esprit de sacrifie\u00a0; s\u2019est particuli\u00e8rement distingu\u00e9, le 2 avril 1915, en op\u00e9rant une destruction de voie ferr\u00e9e en avant des lignes ennemies. Tu\u00e9 par un obus, le 13 juin 1916\u00a0\u00bb.<br><em>2<sup>\u00b0 <\/sup>M\u00e9daille militaire, posthume<\/em>.<\/p><cite>(5)<\/cite><\/blockquote><blockquote class=\"wp-block-quote is-layout-flow wp-block-quote-is-layout-flow\"><p>L\u2019op\u00e9ration men\u00e9e par Lanoisel\u00e9e dans les environs de Soissons (Aisne) est rapport\u00e9e dans le journal des marches et op\u00e9rations de la compagnie aux dates du 26 mars au 14 avril&nbsp;:<\/p>\n\n<p>Les 8 sections de Soissons sont employ\u00e9es dans le secteur de Soissons (boucle de l\u2019Aisne) \u00e0 des travaux de Mine (saillant de St. Paul et distillerie) et aux travaux de progression de la 126<sup>e<\/sup> Brigade (\u00e9tablissement de r\u00e9seaux de fil de fer en avant de la nouvelle ligne).<br>Le 10 avril un d\u00e9tachement command\u00e9 par le caporal Lanoisel\u00e9e fait sauter la voie ferr\u00e9e en avant de la ligne.<br>La section d\u00e9tach\u00e9e \u00e0 Villeneuve est employ\u00e9e \u00e0 des travaux d\u2019organisation d\u00e9fensive dans le secteur de Villeneuve.<\/p><cite>(6)<\/cite><\/blockquote><p>Au soir du 13 juin 1916, le caporal Lanoisel\u00e9e est tu\u00e9 par un obus tomb\u00e9 sur sa tente install\u00e9e au \u00ab&nbsp;bois de R\u00e9cicourt&nbsp;\u00bb, probablement le bois de Hesse. Il semble qu\u2019il soit mort sur le coup. Deux semaines plus tard, le journal <em>Le Bien du peuple de Bourgogne<\/em> reprend un article paru dans <em>La Semaine religieuse<\/em>, sign\u00e9 E. Burtey, \u00e9voquant tant la mort de Lanoisel\u00e9e que son attitude face \u00e0 la guerre, illustr\u00e9 par des extraits de lettres de feu l\u2019abb\u00e9&nbsp;:<\/p><blockquote class=\"wp-block-quote is-layout-flow wp-block-quote-is-layout-flow\"><p><strong>M. L\u2019ABBE LANOISELEE<br>Mort pour la France<\/strong><\/p>\n\n<p>On lit dans la <em>Semaine Religieuse&nbsp;<\/em>:<\/p>\n\n<p>Il y a quelques semaines, nous publiions, sous les initiales E.L., l\u2019extrait d\u2019une lettre annon\u00e7ant la mort du P. Guillemin. Elle s\u2019achevait sur ces lignes&nbsp;: \u00ab&nbsp;Croyez, cher Monsieur le Sup\u00e9rieur, que je n\u2019oublie dans mes pri\u00e8res ni le s\u00e9minaire, ni nos morts, dont la liste d\u00e9j\u00e0 longue s\u2019allonge bien cruellement encore.&nbsp;\u00bb<br>Et c\u2019est son propre nom qu\u2019il nous faut inscrire aujourd\u2019hui sur cette liste des s\u00e9minaristes et des pr\u00eatres morts \u00e0 la guerre&nbsp;!<br>Caporal fourrier dans une compagnie du g\u00e9nie, M. l\u2019abb\u00e9 Lanoisel\u00e9e fut tu\u00e9, le 14 juin, \u00e0 neuf heures du soir, par un obus tomb\u00e9 sur sa tente&nbsp;; il repose maintenant au cimeti\u00e8re militaire de R\u00e9cicourt, arrondissement de Verdun.<br>Plus d\u2019une fois il avait vu la mort frapper \u00e0 ses c\u00f4t\u00e9s et, tout en gardant l\u2019esp\u00e9rance d\u2019une ordination future, il s\u2019abandonnait pleinement \u00e0 la volont\u00e9 divine. Il nous \u00e9crivait, \u00e0 ce sujet, l\u2019avant-veille de sa mort&nbsp;: \u00ab&nbsp;Malgr\u00e9 mon plein abandon en la volont\u00e9 de Dieu, je veux garder encore ce bel espoir qu\u2019un jour, mon tour viendra aussi&nbsp;!&#8230; si telle est la volont\u00e9 divine.&nbsp;\u00bb<br>Originaire d\u2019Arnay-le-Duc, il \u00e9tait entr\u00e9 au s\u00e9minaire de Dijon, le 30 septembre 1913, m\u00fb surtout par le d\u00e9sir tr\u00e8s vif d\u2019apostolat qui avait pris son \u00e2me depuis plusieurs ann\u00e9es. Il avait alors 24 ans et renon\u00e7ait \u00e0 une belle situation qui lui \u00e9tait offerte dans une entreprise d\u2019\u00e9lectricit\u00e9. Nous notons ce dernier d\u00e9tail, car cette circonstance lui aurait permis de faire une demande pour entrer dans une usine de guerre, quand l\u2019\u00c9tat y appelait les ouvriers sp\u00e9cialis\u00e9s. Il ne le voulut pas&nbsp;:&nbsp;\u00ab&nbsp;Je ne crois pas, \u00e9crivait-il le 11 janvier 1916, devoir accepter d\u2019\u00eatre embusqu\u00e9 \u00e0 l\u2019arri\u00e8re. Mes raisons sont nombreuses et s\u00e9rieuses de rester au front (ne serait-ce qu\u2019\u00e0 cause de l\u2019exemple), et les motifs pour aller \u00e0 l\u2019arri\u00e8re me paraissent insuffisants. Il est d\u2019ailleurs tr\u00e8s douteux que je puisse trouver dans la vie d\u2019ouvrier mobilis\u00e9 la possibilit\u00e9 d\u2019\u00e9tudier et surtout le soutien moral que je puise dans l\u2019assistance \u00e0 peu pr\u00e8s quotidienne \u00e0 la messe. S\u2019il est vrai que la vie au front est dess\u00e9chante, elle n\u2019amollit pas l\u2019\u00e2me comme de vivre dans le milieu des usines militaris\u00e9es.<br>\u00ab&nbsp;Mon devoir, tant \u00e0 cause de ma qualit\u00e9 de futur pr\u00eatre qu\u2019\u00e0 cause de ma jeunesse, est de garder ma place au danger. Si Dieu veut me conserver pour le sacerdoce, Il saura bien me prot\u00e9ger&nbsp;; si, au contraire, Il veut me rappeler \u00e0 Lui, que sa volont\u00e9 soit faite. Je n\u2019ai jamais d\u00e9sir\u00e9 autre chose ici et c\u2019est pourquoi j\u2019ai toujours, m\u00eame au plus fort du danger, gard\u00e9 ma paix int\u00e9rieure tr\u00e8s grande.<br>\u00ab&nbsp;Il m\u2019est dur, croyez-le bien, de ne pas mettre fin aux angoisses de ma m\u00e8re et de ceux qui pense \u00e0 moi, en allant \u00e0 l\u2019arri\u00e8re. Mais n\u2019est-ce pas leur donner en m\u00eame temps une grande marque d\u2019affection que d\u2019exposer ma vie pour les d\u00e9fendre&nbsp;?&nbsp;\u00bb<br>Il ne revint pas sur cette d\u00e9cision si simplement g\u00e9n\u00e9reuse et il \u00e9crivait le 3 f\u00e9vrier&nbsp;:<br>\u00ab&nbsp;Je suis heureux d\u2019avoir maintenu ma d\u00e9cision de rester au front\u2026 Certes, ce n\u2019est pas sans inqui\u00e9tude que je vois, avec la guerre, se prolonger cette vie o\u00f9 tout travail intellectuel m\u2019est devenu \u00e0 peu pr\u00e8s impossible. Mais n\u2019est-ce pas accomplir la volont\u00e9 de Dieu que d\u2019accepter de vivre dans ce milieu qu\u2019Il m\u2019impose, loin du silence f\u00e9cond du s\u00e9minaire, loin des miens, loin de la vie que je m\u2019\u00e9tais choisie&nbsp;?&nbsp;\u00bb<br>L\u2019accomplissement de la volont\u00e9 de Dieu, en toutes choses, et malgr\u00e9 ce qu\u2019il en co\u00fbte pour le r\u00e9aliser, fut l\u2019attrait de ce vaillant qui continuait, au front, \u00e0 pratiquer l\u2019apostolat. Ses fr\u00e8res d\u2019armes auraient sans doute plus d\u2019un trait \u00e9difiant \u00e0 nous raconter, ceux-l\u00e0 surtout avec lesquels, dans les derniers jours, il faisait chaque soir une courte promenade au cours de laquelle on r\u00e9citait le chapelet et on lisait parfois un chapitre de l\u2019Imitation. La mort l\u2019a fauch\u00e9 en plein exercice de z\u00e8le pour la d\u00e9votion au Sacr\u00e9-C\u0153ur de J\u00e9sus&nbsp;:&nbsp;\u00ab&nbsp;J\u2019esp\u00e8re qu\u2019un certain nombre de mes camarades n\u2019h\u00e9siteront pas devant un acte plus positif que le port d\u2019insignes religieux et se consacreront au Sacr\u00e9-C\u0153ur\u2026 Je me propose de recueillir moi-m\u00eame les cons\u00e9crations que j\u2019aurai pu obtenir apr\u00e8s avoir expliqu\u00e9 \u00e0 mes camarades de quoi il s\u2019agit. Plusieurs d\u00e9j\u00e0 m\u2019ont promis de le faire.&nbsp;\u00bb<br>Ces lignes furent \u00e9crites deux jours avant sa mort&nbsp;: quelle belle pr\u00e9paration&nbsp;! et quelle perspective elles nous ouvrent sur la rencontre du pieux-s\u00e9minariste-soldat avec le Sauveur tr\u00e8s aim\u00e9&nbsp;!&#8230;<br>&nbsp;&nbsp;&nbsp;&nbsp;&nbsp;&nbsp;&nbsp;&nbsp;&nbsp;&nbsp;&nbsp;&nbsp;&nbsp;&nbsp;&nbsp;&nbsp;&nbsp;&nbsp;&nbsp;&nbsp;&nbsp;&nbsp;&nbsp;&nbsp;&nbsp;&nbsp;&nbsp;&nbsp;&nbsp;&nbsp;&nbsp;&nbsp;&nbsp;&nbsp;&nbsp;&nbsp;&nbsp;&nbsp;&nbsp;&nbsp;&nbsp;&nbsp;&nbsp;&nbsp;&nbsp;&nbsp;&nbsp;&nbsp;&nbsp;&nbsp;&nbsp;&nbsp;&nbsp;&nbsp;&nbsp;&nbsp;&nbsp;&nbsp;&nbsp;&nbsp;&nbsp;&nbsp;&nbsp;&nbsp;&nbsp;&nbsp;&nbsp;&nbsp;&nbsp;&nbsp;&nbsp;&nbsp;&nbsp;&nbsp;&nbsp;&nbsp;&nbsp;&nbsp;&nbsp;&nbsp;&nbsp;&nbsp;&nbsp;&nbsp;&nbsp;&nbsp;&nbsp;&nbsp;&nbsp;&nbsp;&nbsp;&nbsp;&nbsp;&nbsp;&nbsp;&nbsp;&nbsp;&nbsp;&nbsp;&nbsp;&nbsp;&nbsp;&nbsp;&nbsp;&nbsp;&nbsp;&nbsp;&nbsp;&nbsp;&nbsp;&nbsp;&nbsp;&nbsp;&nbsp;&nbsp;&nbsp;&nbsp;&nbsp;&nbsp;&nbsp;&nbsp;&nbsp;&nbsp;&nbsp;&nbsp;&nbsp;&nbsp;&nbsp;&nbsp;&nbsp;&nbsp; E. BURTEY<\/p><cite>(7)<\/cite><\/blockquote><p>Initialement inhum\u00e9 \u00e0 R\u00e9cicourt, o\u00f9 il est tu\u00e9, son corps est par la suite rapatri\u00e9 \u00e0 Arnay-le-Duc, o\u00f9 il repose encore aujourd\u2019hui. Il y a quelques ann\u00e9es, sa tombe \u00e9tait menac\u00e9e d\u2019\u00eatre relev\u00e9e par la municipalit\u00e9, la pr\u00e9sence d\u2019une plaque indiquant sa mort pendant la bataille de Verdun ne constituant pas une preuve de sa mort \u00ab&nbsp;pour la France&nbsp;\u00bb. Apr\u00e8s l\u2019opposition de plusieurs habitants et des v\u00e9rifications, sa s\u00e9pulture est pr\u00e9serv\u00e9e de cette menace.<\/p><figure class=\"wp-block-image aligncenter size-large is-resized is-style-rounded\"><img loading=\"lazy\" decoding=\"async\" src=\"http:\/\/alisteraldridge.fr\/arnay1418\/wp-content\/uploads\/sites\/2\/2022\/09\/Tombe-1024x661.jpg\" alt=\"Photographie de la plaque sur la tombe de Lanoisel\u00e9e.\" class=\"wp-image-2074\" width=\"546\" height=\"351\" srcset=\"https:\/\/alisteraldridge.fr\/arnay1418\/wp-content\/uploads\/sites\/2\/2022\/09\/Tombe-1024x661.jpg 1024w, https:\/\/alisteraldridge.fr\/arnay1418\/wp-content\/uploads\/sites\/2\/2022\/09\/Tombe-300x194.jpg 300w, https:\/\/alisteraldridge.fr\/arnay1418\/wp-content\/uploads\/sites\/2\/2022\/09\/Tombe-768x495.jpg 768w, https:\/\/alisteraldridge.fr\/arnay1418\/wp-content\/uploads\/sites\/2\/2022\/09\/Tombe-1536x991.jpg 1536w, https:\/\/alisteraldridge.fr\/arnay1418\/wp-content\/uploads\/sites\/2\/2022\/09\/Tombe.jpg 1775w\" sizes=\"(max-width: 546px) 100vw, 546px\" \/><figcaption class=\"wp-element-caption\">La plaque sur la tombe de Lanoisel\u00e9e.<\/figcaption><\/figure><p>En 1919, un certain chanoine Verdunoy, de Dijon, au nom quelque peu ironique, \u00e9crit et publie une biographie de l\u2019abb\u00e9 Lanoisel\u00e9e, qui doit servir de mod\u00e8le aux bons chr\u00e9tiens. Nous n\u2019avons pu nous procurer un exemple de ce rare petit ouvrage. En revanche, sa parution est rapport\u00e9e par la presse en 1919, dans le m\u00eame <em>Le Bien du peuple de Bourgogne&nbsp;<\/em>:<\/p><blockquote class=\"wp-block-quote is-layout-flow wp-block-quote-is-layout-flow\"><p><strong>BIBLIOGRAPHIE<br>EDOUARD LANOISELEE, s\u00e9minariste-soldat, 1889-1916<\/strong>. (Chanoine Verdunoy). \u2013 Un vol. in-12&nbsp;: 3 fr. 90. (Paris, Bloud et Gay).<br>Originaire d\u2019Arnay-le-Duc, dipl\u00f4m\u00e9 de l\u2019\u00e9cole d\u2019horlogerie de Besan\u00e7on, puis \u00e9l\u00e8ve du grand s\u00e9minaire de Dijon, Edouard Lanoisel\u00e9e fut tu\u00e9 en 1916. Par suite des milieux si diff\u00e9rents o\u00f9 v\u00e9cut notre jeune compatriote, sa biographie int\u00e9ressera particuli\u00e8rement les \u00e9l\u00e8ves de coll\u00e8ge, les \u00e9tudiants, les ouvriers, les ap\u00f4tres la\u00efques, les petits et grands s\u00e9minaristes, les membres des patronages&nbsp;; plus sp\u00e9cialement encore peut-\u00eatre les \u00e2mes inqui\u00e8tes, souffrantes, d\u00e9courag\u00e9es, toutes celles qui semblent marcher dans les t\u00e9n\u00e8bres et cherchent leur voie. L\u2019ouvrage est en vente aux librairies Benoist, Meuriot et Vincent.<\/p><cite>(8)<\/cite><\/blockquote><p>La m\u00e9moire de l\u2019abb\u00e9 Lanoisel\u00e9e est rappel\u00e9e en d\u00e9cembre 1922 dans un article virulent publi\u00e9 par J. Jacob, \u00e0 nouveau dans <em>Le Bien du peuple de Bourgogne<\/em>. Celle de l\u2019abb\u00e9 Vatan l\u2019est \u00e9galement par la m\u00eame occasion. Il s\u2019agit d\u2019une r\u00e9ponse \u00e0 article publi\u00e9 quelque temps auparavant dans le journal <em>Le Populaire<\/em>, de gauche et anticl\u00e9rical. Un correspondant de Baubigny, petit village situ\u00e9 pr\u00e8s de Beaune en C\u00f4te-d\u2019Or, accuse anonymement pr\u00eatres et autres hommes d\u2019\u00e9glise d\u2019\u00eatre des embusqu\u00e9s pendant la guerre. Cette accusation provoque l\u2019ire de J. Jacob qui r\u00e9pond alors \u00e0 cette&nbsp;:<\/p><blockquote class=\"wp-block-quote is-layout-flow wp-block-quote-is-layout-flow\"><p><strong>Pol\u00e9mique inf\u00e2me<\/strong><\/p>\n\n<p><em>Le Populaire<\/em> vient de publier, de son correspondant de Baubigny, un article ignoble. Il ne dit pas son nom. C\u2019est dommage. Nous lui aurions joliment lav\u00e9 la t\u00eate. Il ose \u00e9crire que \u00ab&nbsp;les cur\u00e9s se sont \u00e9loign\u00e9s des tueries de la guerre le plus possible&nbsp;\u00bb, et il ajoute \u00ab&nbsp;J\u2019ai appartenu \u00e0 trois r\u00e9giments&nbsp;: 57<sup>e<\/sup>, 61<sup>e<\/sup> et 259<sup>e<\/sup> territorial\u2026 En vain j\u2019ai cherch\u00e9 \u00e0 rencontrer un cur\u00e9 pendant trois ann\u00e9es&nbsp;\u00bb.<\/p>\n\n<p>Si cet inf\u00e2me insulteur avait seulement jet\u00e9 un coup d\u2019\u0153il autour de lui, il aurait re\u00e7u par les faits un d\u00e9menti cat\u00e9gorique. Voyez un peu&nbsp;: M. l\u2019abb\u00e9 Th\u00e9venot, cur\u00e9 de Volany, a laiss\u00e9 une jambe dans les tranch\u00e9es. Ont \u00e9t\u00e9 tu\u00e9s au front&nbsp;: M. l\u2019abb\u00e9 Berthault, de Saint-Prix, caporal au 109<sup>e&nbsp;<\/sup>; M. l\u2019abb\u00e9 Vatan, vicaire \u00e0 Arnay-le-Duc, sergent au 27<sup>e&nbsp;<\/sup>; M. l\u2019abb\u00e9 Perreau, n\u00e9 \u00e0 Nolay, vicaire \u00e0 Beaune, sergent au 27<sup>e&nbsp;<\/sup>; M. l\u2019abb\u00e9 Joly, vicaire \u00e0 Brazey-en-Plaine, sergent au 109<sup>e&nbsp;<\/sup>; M. l\u2019abb\u00e9 Gibas, n\u00e9 \u00e0 Beaune, professeur \u00e0 l\u2019\u00e9cole Saint-Fran\u00e7ois-de-Sales, capitaine au 210<sup>e&nbsp;<\/sup>; M. l\u2019abb\u00e9 Voisard, vicaire \u00e0 Beaune, capitaine au 10<sup>e&nbsp;<\/sup>; M. l\u2019abb\u00e9 Robert, vicaire \u00e0 Pagny-la-Ville, caporal au 113<sup>e<\/sup>, et M. l\u2019abb\u00e9 Barbey, cur\u00e9 de Bagnot, brancardier, etc\u2026<br>Je ne cite, et \u00e0 dessein, que des pr\u00eatres tu\u00e9s dans les tranch\u00e9es, de la r\u00e9gion du l\u00e2che insulteur de Baubigny. Malheureusement il y en a eu d\u2019autres, sans sortir de notre dioc\u00e8se.<br>Mais, dira-t-il qu\u2019aucun de ceux que je cite ne faisait partie de son r\u00e9giment. Eh bien&nbsp;! je vais lui donner satisfaction.<br>Il y avait au moins un pr\u00eatre au 57<sup>e<\/sup> territorial pendant la guerre, l\u2019abb\u00e9 Louis Ponnelle, originaire de Beaune, classe 1889. Il y a \u00e9t\u00e9 d\u00e8s le premier jour de la mobilisation et il est arriv\u00e9 aussit\u00f4t que le r\u00e9giment dans les tranch\u00e9es d\u2019Alsace.<br>L\u2019abb\u00e9 Ponnelle se trouvait au 57<sup>e<\/sup> territorial par sa volont\u00e9&nbsp;; c\u2019est lui qui avait choisi d\u2019\u00eatre au milieu des combattants plut\u00f4t que dans un h\u00f4pital ou une ambulance.<br>Il est impossible que l\u2019insulteur de Baubigny ne l\u2019ait pas connu, 1\u00b0 parce que son humeur expansive et sa bonne camaraderie for\u00e7aient \u00e0 le remarquer&nbsp;; 2\u00b0 parce que sa bravoure \u00e9tait l\u00e9gendaire au r\u00e9giment. Si vous maintenez que vous n\u2019avez pas souvenir de lui, il faut croire que vous \u00e9tiez, vous-m\u00eame, en d\u00e9p\u00f4t du 57<sup>e<\/sup> territorial, et non pas au front.<br>Il a c\u00e9l\u00e9br\u00e9 la premi\u00e8re messe sur le sommet de l\u2019Hartmannswillerkopf, quand nous l\u2019avons conquis&nbsp;: mais vous n\u2019y assistiez vraisemblablement pas.<br>L\u2019abb\u00e9 Ponnelle est arriv\u00e9 au 57<sup>e<\/sup> simple soldat. C\u2019est sa valeur au front qui lui a m\u00e9rit\u00e9 ses grades de m\u00eame que ses citations.<br>Il est rest\u00e9 au 57<sup>e<\/sup> jusqu\u2019au d\u00e9but de 1916&nbsp;; alors il est pass\u00e9 dans un r\u00e9giment d\u2019attaque, le 401<sup>e&nbsp;<\/sup>; s\u2019il n\u2019y a pas \u00e9t\u00e9 vers\u00e9 plus t\u00f4t, c\u2019est parce que ses chefs voulaient le garder \u00e0 tout prix et refusaient de transmettre sa demande d\u2019y \u00eatre envoy\u00e9. \u00c0 lui, un r\u00e9giment de territoriaux ne suffisait pas&nbsp;: il voulait un r\u00e9giment d\u2019active.<br>Il fut calomni\u00e9 de son vivant, comme il lui arrive de l\u2019\u00eatre par sons, apr\u00e8s sa mort. La personne qui l\u2019avait calomni\u00e9, en 1916, lui en demande publiquement pardon par lettres ins\u00e9r\u00e9es dans le <em>Bien Public<\/em> du 11 juin 1916, dans le <em>Bien du Peuple<\/em> du 18 juin 1916, le <em>Journal de Beaune<\/em> et l\u2019<em>Avenir Bourguignon<\/em> du 10 juin 1916. Nous pr\u00e9venons le calomniateur de 1922 que, s\u2019il recommen\u00e7ait sa mauvaise action, il lui en co\u00fbterait des d\u00e9sagr\u00e9mens plus graves que celui d\u2019une amende honorable forc\u00e9e.<br>&nbsp;&nbsp;&nbsp;&nbsp;&nbsp;&nbsp;&nbsp;&nbsp;&nbsp;&nbsp;&nbsp;&nbsp;&nbsp;&nbsp;&nbsp;&nbsp;&nbsp;&nbsp;&nbsp;&nbsp;&nbsp;&nbsp;&nbsp;&nbsp;&nbsp;&nbsp;&nbsp;&nbsp;&nbsp;&nbsp;&nbsp;&nbsp;&nbsp;&nbsp;&nbsp;&nbsp;&nbsp;&nbsp;&nbsp;&nbsp;&nbsp;&nbsp;&nbsp;&nbsp;&nbsp;&nbsp;&nbsp;&nbsp;&nbsp;&nbsp;&nbsp;&nbsp;&nbsp;&nbsp;&nbsp;&nbsp;&nbsp;&nbsp;&nbsp;&nbsp;&nbsp;&nbsp;&nbsp;&nbsp;&nbsp;&nbsp;&nbsp;&nbsp;&nbsp;&nbsp;&nbsp;&nbsp;&nbsp;&nbsp;&nbsp;&nbsp;&nbsp;&nbsp;&nbsp;&nbsp;&nbsp;&nbsp;&nbsp;&nbsp;&nbsp;&nbsp;&nbsp;&nbsp;&nbsp;&nbsp;&nbsp;&nbsp;&nbsp;&nbsp;&nbsp;&nbsp;&nbsp;&nbsp;&nbsp;&nbsp;&nbsp;&nbsp;&nbsp;&nbsp;&nbsp;&nbsp;&nbsp; <strong>J. JACOB.<\/strong><br>P.-S. \u2013 Citons encore, dans l\u2019arrondissement du vil insulteur de Baubigny, MM. les abb\u00e9s Mignon, de Beaune, Mazoyer, de Voudenay, Bardollet, de Santenay, Lanoisel\u00e9e, d\u2019Arnay-le-Duc, et Cl\u00e9mendot, de Menessaire. Tous sont tomb\u00e9s dans les tranch\u00e9es.<br>Le <em>Populaire de Bourgogne<\/em> osera-t-il encore affirmer, avec son l\u00e2che correspondant de Baubigny, qu\u2019on ne voyait pas de cur\u00e9s dans les tranch\u00e9es&nbsp;? Que ne parle-t-il du citoyen Barabant&nbsp;?<br>EN voil\u00e0 un qui n\u2019a pas fait long feu au milieu des tueries du front. Il y est rest\u00e9 juste quarante-deux jours. Puis il est all\u00e9 se reposer mollement sur un fauteuil du Palais-Bourbon, o\u00f9 il gagnait 41 fr. 10 par jour, tandis que ses camarades et les cur\u00e9s peinaient et mourraient dans les tranch\u00e9es \u00e0 0 fr. 25. Il faut avoir du culot \u00e0 la r\u00e9daction du <em>Populaire<\/em> pour r\u00e9veiller de pareils souvenirs.<br>On ne parle pas de corde dans la maison d\u2019un pendu.<\/p><cite>(9)<\/cite><\/blockquote><p>Des \u00e9tudes r\u00e9centes donnent raison \u00e0 M. Jacob, et non au correspondant anonyme de Baubigny. Ils sont environ 9&nbsp;350 religieux \u00e0 servir dans l\u2019arm\u00e9e fran\u00e7aise pendant la guerre. Pr\u00eatres et fr\u00e8res enfilent l\u2019uniforme militaire et doivent pour certains composer difficilement entre leur loyaut\u00e9 \u00e0 l\u2019\u00c9glise et \u00e0 la France. 1&nbsp;517 meurent<sup>(10)<\/sup>. Allier patriotisme et foi en Dieu n\u2019est pas toujours chose ais\u00e9e pour ces hommes qui doivent se r\u00e9signer \u00e0 potentiellement tuer des coreligionnaires. Le contexte des ann\u00e9es d\u2019avant-guerre n\u2019est par ailleurs pas le plus sain entre l\u2019\u00c9glise et l\u2019\u00c9tat, et beaucoup d\u2019hommes de foi sont accus\u00e9s de ne pas \u00eatre loyaux \u00e0 leur pays voire d\u2019\u00eatre des traitres. \u00c0 moins qu\u2019ils ne r\u00e9sultent d\u2019une vendetta personnelle de cet homme contre ceux qui portent la soutane, les propos du correspondant refl\u00e8tent \u00e0 la fois l\u2019anticl\u00e9ricalisme de cette p\u00e9riode et la col\u00e8re, et la recherche, contre les embusqu\u00e9s. Aux yeux de ceux frapp\u00e9s de cette \u00ab&nbsp;embuscomanie&nbsp;\u00bb, pour reprendre un terme de Ridel<sup>(11)<\/sup>, pr\u00eatres, nobles et bourgeois sont coupables de s\u2019\u00eatre d\u00e9bin\u00e9s pendant la guerre, pr\u00e9f\u00e9rant laisser paysans et ouvriers seuls face au danger des tranch\u00e9es. C\u2019est un reflet des tensions sociales pr\u00e9sentes plus largement dans le pays, qui n\u2019est pas la r\u00e9alit\u00e9. Comme les nobles et bourgeois, les les religieux r\u00e9pondent \u00e0 l\u2019appel en 1914. Certains missionnaires traversent le globe pour rejoindre les drapeaux. La guerre marque un tournant dans l\u2019histoire du catholicisme fran\u00e7ais car le sacrifice auquel consentent les religieux leur permet une r\u00e9int\u00e9gration dans la soci\u00e9t\u00e9. M\u00eame si certains d\u00e9rogent \u00e0 la mobilisation et ne reviennent pas en France par choix, le nombre de ceux qui acceptent l\u2019appel est suffisant pour ne pas douter de la loyaut\u00e9 des hommes d\u2019\u00c9glise envers leur pays.<\/p><p>Par sa m\u00e8re, Lanoisel\u00e9e est cousin germain du soldat Jules <a href=\"https:\/\/alisteraldridge.fr\/arnay1418\/coulon-jules\/\" target=\"_blank\" rel=\"noreferrer noopener\">Coulon<\/a>.<\/p><h1 class=\"wp-block-heading\">Carte<\/h1><h1 class=\"wp-block-heading\">Sources<\/h1><ul class=\"wp-block-list\"><li><em>A. D. de la C\u00f4te-d\u2019Or, \u00e9tat civil num\u00e9ris\u00e9, Arnay-le-Duc 1885 \u2013 1892 (FRAD021EC 26\/035), Lanoisel\u00e9e Jacques \u00c9douard Anne Marie, n\u00b068, 1889, <\/em><a href=\"https:\/\/archives.cotedor.fr\/v2\/ark:\/71137\/g907f93a9e30ffbedc18833185f96ddb8\/730db7807b52a0c2f6c2b66d45664304\/285\/ZnJhZDAyMV8wMjZfMm1pZWMwMjZyMDRfMDI4NS5qcGc=\" target=\"_blank\" rel=\"noreferrer noopener\"><em>vue 285\/585<\/em><\/a><em>.<\/em><\/li>\n\n<li><em>A.D. de la C\u00f4te-d\u2019Or, recrutement militaire (1867-1940)<\/em>, <em>classe 1909, bureau d\u2019Auxonne (R 2464), <\/em><a href=\"https:\/\/archives.cotedor.fr\/v2\/ark:\/71137\/g4b0ebd6acfa9c9d4dc9ef72fc9a74698\/ecf7213f57967ae410671de98db84cb8\/475\/ZnJhZDAyMV9yMjQ2NF8wNDc1LmpwZw==\" target=\"_blank\" rel=\"noreferrer noopener\"><em>vue 475\/519<\/em><\/a>.<\/li>\n\n<li><em>S.H.D,&nbsp;M\u00e9moire des Hommes, Journaux des marches et op\u00e9rations des corps de troupe, 7<sup>e<\/sup> bataillon du g\u00e9nie (ind\u00e9pendant), 4<sup>e<\/sup> compagnie (7\/4), 2 ao\u00fbt 1914 \u2013 31 d\u00e9cembre 1916 (26 N 1310\/4), <\/em><a href=\"https:\/\/www.memoiredeshommes.sga.defense.gouv.fr\/fr\/ark:\/40699\/e0052930ca579ac8\/52930ca63e176\" target=\"_blank\" rel=\"noreferrer noopener\"><em>vue 52\/54<\/em><\/a>.<\/li>\n\n<li><em>A. D. de la C\u00f4te-d\u2019Or, \u00e9tat civil num\u00e9ris\u00e9, Arnay-le-Duc 1916 \u2013 1920 (FRAD021EC 26\/041), Lanoisel\u00e9e Jacques \u00c9douard Anne Marie, n\u00b049, 1916, <\/em><a href=\"https:\/\/archives.cotedor.fr\/v2\/ark:\/71137\/g77c864dae582bb1df5090c4ce3b62a10\/8c2f9bcd65715cd287912f7535d81667\/25\/ZnJhZDAyMV8wMjZfMmUwMjZhcnQwMzdfMDAyNS5qcGc=\" target=\"_blank\" rel=\"noreferrer noopener\"><em>vue 25\/329<\/em><\/a><em>.<\/em><\/li>\n\n<li>(1) Godard, Didier (2019), <em>Dictionnaire historique d\u2019Arnay-le-Duc<\/em>, Arnay-le-Duc, \u00e9ditions d\u2019Arnay.<\/li>\n\n<li>(2) (20 ao\u00fbt 1909), \u00ab&nbsp;Minist\u00e8re du commerce et de l\u2019industrie&nbsp;\u00bb in <em>Journal officiel de la R\u00e9publique fran\u00e7aise. Lois et d\u00e9crets<\/em>, p. 8876 [En ligne] Disponible sur <a href=\"https:\/\/gallica.bnf.fr\/ark:\/12148\/bpt6k62489345\/f16.image.r=Lanoisel%C3%A9e?rk=128756;0\" target=\"_blank\" rel=\"noreferrer noopener\"><em>Gallica<\/em><\/a>.<\/li>\n\n<li>(3) Carte postale&nbsp;: courtoisie de M. Didier Godard.<\/li>\n\n<li>(4) (29 juin 1912), \u00ab&nbsp;La vie religieuse&nbsp;\u00bb in <em>L\u2019Univers<\/em>, p. 3 [En ligne] Disponible sur <a href=\"https:\/\/www.retronews.fr\/journal\/l-univers\/29-juin-1912\/132\/978705\/3?from=%2Fsearch%23allTerms%3Dles%2520processions%2520religieuses%2520arnay-le-duc%26sort%3Dscore%26publishedStart%3D1912-01-01%26publishedEnd%3D1912-12-31%26publishedBounds%3Dfrom%26indexedBounds%3Dfrom%26page%3D1%26searchIn%3Dall%26total%3D20&amp;index=1\" target=\"_blank\" rel=\"noreferrer noopener\"><em>Retronews<\/em><\/a>.<\/li>\n\n<li>(5) Boulesteix, Calixte (1924), <em>Livre d\u2019or du clerg\u00e9 et des congr\u00e9gations&nbsp;: 1914-1922. Deuxi\u00e8me partie lettres L-Z, <\/em>tome II, Paris, p. 936. [<a href=\"https:\/\/bibliotheque.diocese-quimper.fr\/files\/original\/85048cb5592ac3f6993fbde54c42f346.pdf\" target=\"_blank\" rel=\"noreferrer noopener\">En ligne<\/a>] Disponible sur le site <em>Eglise catholique en Finist\u00e8re<\/em> (consult\u00e9 le 1 mars 2022).<\/li>\n\n<li>(6) <em>S.H.D,&nbsp;M\u00e9moire des Hommes, Journaux des marches et op\u00e9rations des corps de troupe, 7<sup>e<\/sup> bataillon du g\u00e9nie (ind\u00e9pendant), 4<sup>e<\/sup> compagnie (7\/4), 2 ao\u00fbt 1914 \u2013 31 d\u00e9cembre 1916 (26 N 1310\/4), <a href=\"https:\/\/www.memoiredeshommes.sga.defense.gouv.fr\/fr\/ark:\/40699\/e0052930ca579ac8\/52930ca5daf98\" target=\"_blank\" rel=\"noreferrer noopener\">vue 27\/54<\/a><\/em>.<\/li>\n\n<li>(7) (2 juillet 1916), \u00ab&nbsp;M. l\u2019abb\u00e9 Lanoisel\u00e9e&nbsp;\u00bb in <em>Le Bien du peuple de Bourgogne, <\/em>pp. 2-3 [En ligne] Disponible sur <em><a href=\"https:\/\/www.retronews.fr\/journal\/le-bien-du-peuple-de-bourgogne\/2-juillet-1916\/2109\/5343646\/1?from=%2Fsearch%23allTerms%3DLanoisel%25C3%25A9e%2520arnay%26sort%3Dscore%26publishedBounds%3Dfrom%26indexedBounds%3Dfrom%26page%3D1%26searchIn%3Dall%26total%3D56&amp;index=7\" target=\"_blank\" rel=\"noreferrer noopener\">Retronews<\/a><\/em>.<\/li>\n\n<li>(8) (28 septembre 1919), \u00ab&nbsp;Bibliographie&nbsp;\u00bb in <em>Le Bien du peuple de Bourgogne<\/em>, p. 4 [En ligne] Disponible sur <em><a href=\"https:\/\/www.retronews.fr\/journal\/le-bien-du-peuple-de-bourgogne\/28-septembre-1919\/2109\/5343300\/4?from=%2Fsearch%23allTerms%3DLanoisel%25C3%25A9e%2520arnay%26sort%3Dscore%26publishedBounds%3Dfrom%26indexedBounds%3Dfrom%26page%3D1%26searchIn%3Dall%26total%3D56&amp;index=9\" target=\"_blank\" rel=\"noreferrer noopener\">Retronews<\/a><\/em>.<\/li>\n\n<li>(9) (24 d\u00e9cembre 1922), \u00ab&nbsp;Pol\u00e9mique inf\u00e2me&nbsp;\u00bb in <em>Le Bien du peuple de Bourgogne<\/em>, p. 1 [En ligne] Disponible sur <em><a href=\"https:\/\/www.retronews.fr\/journal\/le-bien-du-peuple-de-bourgogne\/24-decembre-1922\/2109\/5343786\/1?from=%2Fsearch%23allTerms%3DLanoisel%25C3%25A9e%2520arnay%26sort%3Dscore%26publishedBounds%3Dfrom%26indexedBounds%3Dfrom%26page%3D1%26searchIn%3Dall%26total%3D56&amp;index=23\" target=\"_blank\" rel=\"noreferrer noopener\">Retronews<\/a><\/em>.<\/li>\n\n<li>(10) Boniface, Xavier (2021), \u00ab&nbsp;Les religieux dans la Grande Guerre&nbsp;\u00bb in <em>Guerres mondiales et conflits contemporains<\/em>, n\u00b0282, pp. 55 \u00e0 73.<\/li>\n\n<li>(11) Ridel, Charles (2017), <em>Les embusqu\u00e9s, op. cit.<\/em>, (version num\u00e9rique non pagin\u00e9e).<\/li><\/ul>","protected":false},"excerpt":{"rendered":"<p>LANOISEL\u00c9E Jacques \u00c9douard Anne Mariedit \u00c9douard \u00a4 27 juin 1889 \u00e0 Arnay-le-Duc\u2020 13 juin 1916 \u00e0 R\u00e9cicourt (Meuse)Caporal-fourrier \u2013 7e bataillon du g\u00e9nie \u2013 26 [&#8230;]<\/p>\n","protected":false},"author":2,"featured_media":0,"parent":0,"menu_order":0,"comment_status":"closed","ping_status":"closed","template":"","meta":{"footnotes":""},"class_list":["post-2014","page","type-page","status-publish","hentry"],"yoast_head":"<!-- This site is optimized with the Yoast SEO plugin v25.6 - https:\/\/yoast.com\/wordpress\/plugins\/seo\/ -->\n<title>LANOISELEE Jacques Edouard Anne Marie - Arnay-le-Duc 1914-1918<\/title>\n<meta name=\"robots\" content=\"index, follow, max-snippet:-1, max-image-preview:large, max-video-preview:-1\" \/>\n<link rel=\"canonical\" href=\"https:\/\/alisteraldridge.fr\/arnay1418\/lanoiselee-jacques-edouard-anne-marie\/\" \/>\n<meta property=\"og:locale\" content=\"fr_FR\" \/>\n<meta property=\"og:type\" content=\"article\" \/>\n<meta property=\"og:title\" content=\"LANOISELEE Jacques Edouard Anne Marie - Arnay-le-Duc 1914-1918\" \/>\n<meta property=\"og:description\" content=\"LANOISEL\u00c9E Jacques \u00c9douard Anne Mariedit \u00c9douard \u00a4 27 juin 1889 \u00e0 Arnay-le-Duc\u2020 13 juin 1916 \u00e0 R\u00e9cicourt (Meuse)Caporal-fourrier \u2013 7e bataillon du g\u00e9nie \u2013 26 [...]\" \/>\n<meta property=\"og:url\" content=\"https:\/\/alisteraldridge.fr\/arnay1418\/lanoiselee-jacques-edouard-anne-marie\/\" \/>\n<meta property=\"og:site_name\" content=\"Arnay-le-Duc 1914-1918\" \/>\n<meta property=\"article:modified_time\" content=\"2023-01-24T12:34:53+00:00\" \/>\n<meta property=\"og:image\" content=\"http:\/\/alisteraldridge.fr\/arnay1418\/wp-content\/uploads\/sites\/2\/2022\/09\/Signature.png\" \/>\n<meta name=\"twitter:card\" content=\"summary_large_image\" \/>\n<meta name=\"twitter:label1\" content=\"Dur\u00e9e de lecture estim\u00e9e\" \/>\n\t<meta name=\"twitter:data1\" content=\"29 minutes\" \/>\n<script type=\"application\/ld+json\" class=\"yoast-schema-graph\">{\"@context\":\"https:\/\/schema.org\",\"@graph\":[{\"@type\":\"WebPage\",\"@id\":\"https:\/\/alisteraldridge.fr\/arnay1418\/lanoiselee-jacques-edouard-anne-marie\/\",\"url\":\"https:\/\/alisteraldridge.fr\/arnay1418\/lanoiselee-jacques-edouard-anne-marie\/\",\"name\":\"LANOISELEE Jacques Edouard Anne Marie - Arnay-le-Duc 1914-1918\",\"isPartOf\":{\"@id\":\"https:\/\/alisteraldridge.fr\/arnay1418\/#website\"},\"primaryImageOfPage\":{\"@id\":\"https:\/\/alisteraldridge.fr\/arnay1418\/lanoiselee-jacques-edouard-anne-marie\/#primaryimage\"},\"image\":{\"@id\":\"https:\/\/alisteraldridge.fr\/arnay1418\/lanoiselee-jacques-edouard-anne-marie\/#primaryimage\"},\"thumbnailUrl\":\"http:\/\/alisteraldridge.fr\/arnay1418\/wp-content\/uploads\/sites\/2\/2022\/09\/Signature.png\",\"datePublished\":\"2022-09-07T16:44:34+00:00\",\"dateModified\":\"2023-01-24T12:34:53+00:00\",\"breadcrumb\":{\"@id\":\"https:\/\/alisteraldridge.fr\/arnay1418\/lanoiselee-jacques-edouard-anne-marie\/#breadcrumb\"},\"inLanguage\":\"fr-FR\",\"potentialAction\":[{\"@type\":\"ReadAction\",\"target\":[\"https:\/\/alisteraldridge.fr\/arnay1418\/lanoiselee-jacques-edouard-anne-marie\/\"]}]},{\"@type\":\"ImageObject\",\"inLanguage\":\"fr-FR\",\"@id\":\"https:\/\/alisteraldridge.fr\/arnay1418\/lanoiselee-jacques-edouard-anne-marie\/#primaryimage\",\"url\":\"http:\/\/alisteraldridge.fr\/arnay1418\/wp-content\/uploads\/sites\/2\/2022\/09\/Signature.png\",\"contentUrl\":\"http:\/\/alisteraldridge.fr\/arnay1418\/wp-content\/uploads\/sites\/2\/2022\/09\/Signature.png\"},{\"@type\":\"BreadcrumbList\",\"@id\":\"https:\/\/alisteraldridge.fr\/arnay1418\/lanoiselee-jacques-edouard-anne-marie\/#breadcrumb\",\"itemListElement\":[{\"@type\":\"ListItem\",\"position\":1,\"name\":\"Home\",\"item\":\"https:\/\/alisteraldridge.fr\/arnay1418\/\"},{\"@type\":\"ListItem\",\"position\":2,\"name\":\"LANOISELEE Jacques Edouard Anne Marie\"}]},{\"@type\":\"WebSite\",\"@id\":\"https:\/\/alisteraldridge.fr\/arnay1418\/#website\",\"url\":\"https:\/\/alisteraldridge.fr\/arnay1418\/\",\"name\":\"Arnay-le-Duc 1914-1918\",\"description\":\"Histoire d&#039;une ville bourguignonne pendant la Premi\u00e8re Guerre mondiale\",\"potentialAction\":[{\"@type\":\"SearchAction\",\"target\":{\"@type\":\"EntryPoint\",\"urlTemplate\":\"https:\/\/alisteraldridge.fr\/arnay1418\/?s={search_term_string}\"},\"query-input\":{\"@type\":\"PropertyValueSpecification\",\"valueRequired\":true,\"valueName\":\"search_term_string\"}}],\"inLanguage\":\"fr-FR\"}]}<\/script>\n<!-- \/ Yoast SEO plugin. -->","yoast_head_json":{"title":"LANOISELEE Jacques Edouard Anne Marie - Arnay-le-Duc 1914-1918","robots":{"index":"index","follow":"follow","max-snippet":"max-snippet:-1","max-image-preview":"max-image-preview:large","max-video-preview":"max-video-preview:-1"},"canonical":"https:\/\/alisteraldridge.fr\/arnay1418\/lanoiselee-jacques-edouard-anne-marie\/","og_locale":"fr_FR","og_type":"article","og_title":"LANOISELEE Jacques Edouard Anne Marie - Arnay-le-Duc 1914-1918","og_description":"LANOISEL\u00c9E Jacques \u00c9douard Anne Mariedit \u00c9douard \u00a4 27 juin 1889 \u00e0 Arnay-le-Duc\u2020 13 juin 1916 \u00e0 R\u00e9cicourt (Meuse)Caporal-fourrier \u2013 7e bataillon du g\u00e9nie \u2013 26 [...]","og_url":"https:\/\/alisteraldridge.fr\/arnay1418\/lanoiselee-jacques-edouard-anne-marie\/","og_site_name":"Arnay-le-Duc 1914-1918","article_modified_time":"2023-01-24T12:34:53+00:00","og_image":[{"url":"http:\/\/alisteraldridge.fr\/arnay1418\/wp-content\/uploads\/sites\/2\/2022\/09\/Signature.png","type":"","width":"","height":""}],"twitter_card":"summary_large_image","twitter_misc":{"Dur\u00e9e de lecture estim\u00e9e":"29 minutes"},"schema":{"@context":"https:\/\/schema.org","@graph":[{"@type":"WebPage","@id":"https:\/\/alisteraldridge.fr\/arnay1418\/lanoiselee-jacques-edouard-anne-marie\/","url":"https:\/\/alisteraldridge.fr\/arnay1418\/lanoiselee-jacques-edouard-anne-marie\/","name":"LANOISELEE Jacques Edouard Anne Marie - Arnay-le-Duc 1914-1918","isPartOf":{"@id":"https:\/\/alisteraldridge.fr\/arnay1418\/#website"},"primaryImageOfPage":{"@id":"https:\/\/alisteraldridge.fr\/arnay1418\/lanoiselee-jacques-edouard-anne-marie\/#primaryimage"},"image":{"@id":"https:\/\/alisteraldridge.fr\/arnay1418\/lanoiselee-jacques-edouard-anne-marie\/#primaryimage"},"thumbnailUrl":"http:\/\/alisteraldridge.fr\/arnay1418\/wp-content\/uploads\/sites\/2\/2022\/09\/Signature.png","datePublished":"2022-09-07T16:44:34+00:00","dateModified":"2023-01-24T12:34:53+00:00","breadcrumb":{"@id":"https:\/\/alisteraldridge.fr\/arnay1418\/lanoiselee-jacques-edouard-anne-marie\/#breadcrumb"},"inLanguage":"fr-FR","potentialAction":[{"@type":"ReadAction","target":["https:\/\/alisteraldridge.fr\/arnay1418\/lanoiselee-jacques-edouard-anne-marie\/"]}]},{"@type":"ImageObject","inLanguage":"fr-FR","@id":"https:\/\/alisteraldridge.fr\/arnay1418\/lanoiselee-jacques-edouard-anne-marie\/#primaryimage","url":"http:\/\/alisteraldridge.fr\/arnay1418\/wp-content\/uploads\/sites\/2\/2022\/09\/Signature.png","contentUrl":"http:\/\/alisteraldridge.fr\/arnay1418\/wp-content\/uploads\/sites\/2\/2022\/09\/Signature.png"},{"@type":"BreadcrumbList","@id":"https:\/\/alisteraldridge.fr\/arnay1418\/lanoiselee-jacques-edouard-anne-marie\/#breadcrumb","itemListElement":[{"@type":"ListItem","position":1,"name":"Home","item":"https:\/\/alisteraldridge.fr\/arnay1418\/"},{"@type":"ListItem","position":2,"name":"LANOISELEE Jacques Edouard Anne Marie"}]},{"@type":"WebSite","@id":"https:\/\/alisteraldridge.fr\/arnay1418\/#website","url":"https:\/\/alisteraldridge.fr\/arnay1418\/","name":"Arnay-le-Duc 1914-1918","description":"Histoire d&#039;une ville bourguignonne pendant la Premi\u00e8re Guerre mondiale","potentialAction":[{"@type":"SearchAction","target":{"@type":"EntryPoint","urlTemplate":"https:\/\/alisteraldridge.fr\/arnay1418\/?s={search_term_string}"},"query-input":{"@type":"PropertyValueSpecification","valueRequired":true,"valueName":"search_term_string"}}],"inLanguage":"fr-FR"}]}},"featured_image_src":null,"jetpack_sharing_enabled":true,"_links":{"self":[{"href":"https:\/\/alisteraldridge.fr\/arnay1418\/wp-json\/wp\/v2\/pages\/2014"}],"collection":[{"href":"https:\/\/alisteraldridge.fr\/arnay1418\/wp-json\/wp\/v2\/pages"}],"about":[{"href":"https:\/\/alisteraldridge.fr\/arnay1418\/wp-json\/wp\/v2\/types\/page"}],"author":[{"embeddable":true,"href":"https:\/\/alisteraldridge.fr\/arnay1418\/wp-json\/wp\/v2\/users\/2"}],"replies":[{"embeddable":true,"href":"https:\/\/alisteraldridge.fr\/arnay1418\/wp-json\/wp\/v2\/comments?post=2014"}],"version-history":[{"count":3,"href":"https:\/\/alisteraldridge.fr\/arnay1418\/wp-json\/wp\/v2\/pages\/2014\/revisions"}],"predecessor-version":[{"id":2400,"href":"https:\/\/alisteraldridge.fr\/arnay1418\/wp-json\/wp\/v2\/pages\/2014\/revisions\/2400"}],"wp:attachment":[{"href":"https:\/\/alisteraldridge.fr\/arnay1418\/wp-json\/wp\/v2\/media?parent=2014"}],"curies":[{"name":"wp","href":"https:\/\/api.w.org\/{rel}","templated":true}]}}