{"id":1485,"date":"2022-07-29T17:18:25","date_gmt":"2022-07-29T17:18:25","guid":{"rendered":"https:\/\/arnay1418.rarebook-ubfc.fr\/?page_id=1485"},"modified":"2023-01-04T15:31:15","modified_gmt":"2023-01-04T15:31:15","slug":"denninger-julien","status":"publish","type":"page","link":"https:\/\/alisteraldridge.fr\/arnay1418\/denninger-julien\/","title":{"rendered":"DENNINGER Julien"},"content":{"rendered":"<p class=\"has-text-align-center has-large-font-size\"><strong>DENNINGER <\/strong>Julien<\/p><p class=\"has-text-align-center\">\u00a4 25 juin 1892 \u00e0 Arnay-le-Duc<br>\u2020 25 septembre 1915 \u00e0 Jonchery-sur-Suippe (Marne)<br>2<sup>e<\/sup> classe \u2013 60<sup>e<\/sup> r\u00e9giment d\u2019infanterie \u2013 23 ans<br>Suites de blessures de guerre<br>Mort pour la France<br>Croix de guerre avec \u00e9toile de bronze<\/p><div class=\"quote1\">\u00ab\u00a0Soldats du 60<sup>e<\/sup>, vous allez avoir des journ\u00e9es formidables.\u00a0\u00bb<br>Lieutenant-colonel Eug\u00e8ne Mittelhauser<\/div><hr class=\"wp-block-separator has-text-color has-black-color has-alpha-channel-opacity has-black-background-color has-background is-style-wide\"\/><h1 class=\"wp-block-heading\">Acte de naissance<\/h1><div class=\"wp-block-group is-layout-flow wp-block-group-is-layout-flow\"><p class=\"has-text-align-center\"><em>N\u00b066<\/em><\/p>\n\n<p class=\"has-text-align-center\"><em>Acte de Naissance<br>de<br>Denninger, Lucien*<br>(l\u00e9gitime)<br>&#8212;<br>Du 26 juin 1892<br>&#8212;<\/em><\/p>\n\n<p>L\u2019an mil huit cent quatre vingt douze le vingt six juin \u00e0 l\u2019heure de trois du soir, heure l\u00e9gale, pardevant Nous, Vollot, Antoine, Fran\u00e7ois, maire, officier de l\u2019\u00e9tat civil de la ville d\u2019Arnay-le-Duc, chef-lieu de canton, arrondissement de Beaune, d\u00e9partement de la C\u00f4te-d\u2019Or. A comparu le sieur Denninger, \u00c9mile-Eug\u00e8ne, \u00e2g\u00e9 de trente-huit ans, ouvrier en limes, domicili\u00e9 \u00e0 Arnay-le-Duc, rue de Dijon, lequel nous a pr\u00e9sent\u00e9 un enfant du sexe masculin, n\u00e9 (hier) hier \u00e0 cinq du soir, en son domicile, de son mariage contract\u00e9 \u00e0 Arnay-le-Duc le vingt-deux f\u00e9vrier mil huit cent soixante dix-neuf avec Moreau, Marie-Honorine, sans profession domicili\u00e9e avec lui et auquel enfant il a d\u00e9clar\u00e9 donner le pr\u00e9nom de Julien. Lesdites pr\u00e9sentation et d\u00e9claration faites en pr\u00e9sence des sieurs Perrotin, Louis, \u00e2g\u00e9 de trente-six ans, et Ballet, Victor, \u00e2g\u00e9 de trente-huit ans, tous deux ouvriers en limes, domicili\u00e9s \u00e0 Arnay-le-Duc et ont le p\u00e8re de l\u2019enfant et les deux t\u00e9moins sign\u00e9 avec nous le pr\u00e9sent acte de naissance apr\u00e8s lecture.<br>[Signatures] Denninger \/ Ballet Victor \/ L. Perrotin \/ A. Vollot<\/p><\/div><p>* L\u2019enfant est pr\u00e9nomm\u00e9 Lucien en marge, mais bien Julien dans le corps de texte. Il s\u2019agit d\u2019une erreur non rectifi\u00e9e du secr\u00e9taire de mairie.<\/p><p>[<a href=\"https:\/\/archives.cotedor.fr\/v2\/ark:\/71137\/g907f93a9e30ffbedc18833185f96ddb8\/730db7807b52a0c2f6c2b66d45664304\/538\/ZnJhZDAyMV8wMjZfMm1pZWMwMjZyMDRfMDUzOC5qcGc=\" target=\"_blank\" rel=\"noreferrer noopener\">Lien vers le document original<\/a>]<\/p><h1 class=\"wp-block-heading\">Fiche matricule<\/h1><div class=\"tableFM\">\n<em>D\u00e9c\u00e9d\u00e9<\/em>\n<p><strong>Nom : <\/strong><em>Denninger<\/em><br>\n<strong>Pr\u00e9noms : <\/strong><em>Julien<\/em><br>\n<strong>Surnoms : <\/strong><em>_<\/em><br>\n<strong>Num\u00e9ro matricule du recrutement : <\/strong><em>1080<\/em><br>\n<strong>Classe de mobilisation : <\/strong><em>1912<\/em><\/p>\n<hr>\n<h3>\u00c9tat civil :<\/h3>\n<p><strong>N\u00e9 le<\/strong> <em>25 juin 1892<\/em>, <strong>\u00e0<\/strong> <em>Arnay-le-Duc<\/em>, <strong>canton d&rsquo;<\/strong><em>Arnay-le-Duc<\/em>, <strong>d\u00e9partement de<\/strong> <em>C\u00f4te-d&rsquo;Or<\/em>, <strong>r\u00e9sidant \u00e0<\/strong> <em>Saint-Prix<\/em>, <strong>canton d<\/strong><em>&lsquo;Arnay-le-Duc<\/em>, d\u00e9partement de<\/strong> <em>C\u00f4te-d&rsquo;Or<\/em>, <strong>profession d&rsquo;<\/strong><em>ouvrier en limes<\/em>, <strong>fils d<\/strong><em>&lsquo;Emile-Eug\u00e8ne<\/em><strong> et de<\/strong> <em>Moreau Marie-Honorine<\/em><strong> domicili\u00e9s \u00e0<\/strong> <em>Saint-Prix<\/em>, <strong>canton d<\/strong><em>&lsquo;Arnay-le-Duc<\/em>, <strong>d\u00e9partement de<\/strong> <em>C\u00f4te-d&rsquo;Or<\/em>.<\/p>\n<p><strong>Mari\u00e9 \u00e0 <\/strong><em>_<\/em>.<\/p>\n<hr>\n<h3>Signalement :<\/h3>\n<strong>Cheveux :<\/strong> <em>Ch\u00e2tains<\/em><br>\n<strong>Yeux :<\/strong> <em>idem<\/em><br>\n<strong>Front : Inclinaison &#8211; Hauteur &#8211; Largeur :<\/strong> <em>Moyen<\/em><br>\n<strong>Nez : Dos &#8211; Base &#8211; Hauteur &#8211; Saillie &#8211; Largeur :<\/strong> <em>moyen<\/em><br>\n<strong>Visage :<\/strong> <em>_<\/em><br>\n<strong>Renseignements physionomiques compl\u00e9mentaires :<\/strong> <em>_<\/em><br>\n<strong>Taille :<\/strong> <em>1<\/em> <strong>m\u00e8tre<\/strong> <em>63<\/em> <strong>centim\u00e8tres.<br>\nTaille rectifi\u00e9e :<\/strong> <em>1<\/em> <strong>m.<\/strong> <em>64<\/em> <strong>cent.<\/strong><br>\n<strong>Marques particuli\u00e8res : <\/strong><em>cicatrice sur les arcades sourcili\u00e8res<\/em><br>\n<strong>Degr\u00e9 d\u2019instruction g\u00e9n\u00e9rale : <\/strong><em>3<\/em><\/p>\n<hr>\n<h3>D\u00e9cision du conseil de r\u00e9vision et motifs :<\/h3>\n<p><em><\/em>.<\/p>\n<p><strong>Inscrit sous le n\u00b0<\/strong><em>35<\/em> <strong>de la liste du canton d&rsquo;<\/strong><em>Arnay-le-Duc<\/em><br>\n<strong>Class\u00e9 dans la<\/strong> <em>5<sup>e<\/sup><\/em> <strong>partie de la liste en 19<\/strong><em>13. Ajourn\u00e9 \u00e0 un an pour \u00ab\u00a0faiblesse\u00a0\u00bb.<\/em><br>\n<strong>Class\u00e9 dans la<\/strong> <em>_<sup>e<\/sup><\/em> <strong>partie de la liste en 19<\/strong><em>_Exempt\u00e9 en 1914 pour \u00ab\u00a0faiblesse irr\u00e9m\u00e9diable\u00a0\u00bb.<\/em><\/p>\n<hr>\n<h3>Corps d\u2019affectation \/ Num\u00e9ros au contr\u00f4le sp\u00e9cial \u2013 matricule ou au r\u00e9pertoire<\/h3>\n<p><strong>Dans l\u2019arm\u00e9e active :<\/strong> <em>42<sup>e<\/sup> r\u00e9giment d&rsquo;Infanterie &#8211; 10125<br>\n&#8211; 60<sup>e<\/sup> r\u00e9giment d&rsquo;infanterie &#8211; 12367<\/em><br>\n<strong>Disponibilit\u00e9 et r\u00e9serve de l\u2019arm\u00e9e active :<\/strong> <em>_<\/em><br>\n<strong>Arm\u00e9e territoriale et sa r\u00e9serve :<\/strong> <em>_<\/em><\/p>\n<hr>\n<h3>D\u00e9tail des services et mutations diverses.<\/h3>\n<p><em>Class\u00e9 dans le service arm\u00e9 par d\u00e9cision du conseil de R\u00e9vision de la C\u00f4te-d&rsquo;Or d&rsquo;octobre 1914 (D\u00e9cret du 9 septembre 1914 &#8211; Arr\u00eat\u00e9 du 15 septembre 1914).<br>\nIncorpor\u00e9 \u00e0 compter du 27 octobre 1914. Arriv\u00e9 au corps ledit jour. Soldat de 2<sup>e<\/sup> classe le 27 octobre 1914. Pass\u00e9 au 60<sup>e<\/sup> R\u00e9giment d&rsquo;Infanterie en date du 23 janvier 1915 par d\u00e9cision du g\u00e9n\u00e9ral commandant la 7<sup>e<\/sup> R\u00e9gion en date du 19 janvier 1915. Pass\u00e9 \u00e0 la _ compagnie le 24 janvier 1915. Tu\u00e9 \u00e0 l&rsquo;ennemi le 25 septembre 1915. Jonchery (Avis minist\u00e9riel de d\u00e9c\u00e8s du 24 novembre 1915 DW.5374)<\/em>.<\/p>\n<hr>\n<h3>Ant\u00e9c\u00e9dents judiciaires et condamnations<\/h3>\n<p><em>_<\/em>.<\/p>\n<h3>Campagnes<\/h3>\n<p><em>Contre l&rsquo;Allemagne du 27 octobre 1914 au 25 septembre 1915<\/em>.<\/p>\n<h3>Blessures, citations, d\u00e9corations, etc.<\/h3>\n<p><em>_<\/em>.<\/p>\n<hr>\n<h3>Localit\u00e9s successives habit\u00e9es<br>par suite de changements de domicile ou de r\u00e9sidence<\/h3>\n<strong>Dates \/ Communes \/ Subdivisions de r\u00e9gion \/ D : Domicile, R : R\u00e9sidence<\/strong>\n<p><em>_<\/em>.<\/p>\n<hr>\n<h3>P\u00e9riodes d&rsquo;exercices<\/h3>\n<p><strong>R\u00e9serve : 1<sup>re<\/sup> dans le<\/strong><em>_,<\/em> <strong>du<\/strong> <em>_<\/em> <strong>au<\/strong> <em>_<\/em><\/strong>.<br>\n<strong>&#8211; 2<sup>e<\/sup> dans le<\/strong><em>_,<\/em> <strong>du<\/strong> <em>_<\/em> <strong>au<\/strong> <em>_<\/em><\/strong>.<br>\n<strong>&#8211; Suppl\u00e9mentaire dans le<\/strong><em>_,<\/em> <strong>du<\/strong> <em>_<\/em> <strong>au<\/strong> <em>_<\/em><\/strong>.<br>\n<strong>Arm\u00e9e territoriale : 1<sup>re<\/sup> dans le<\/strong><em>_,<\/em> <strong>du<\/strong> <em>_<\/em> <strong>au<\/strong> <em>_<\/em><\/strong>.<br>\n<strong>&#8211; Suppl\u00e9mentaire dans le<\/strong><em>_,<\/em> <strong>du<\/strong> <em>_<\/em> <strong>au<\/strong> <em>_<\/em><\/strong>.<br>\n<strong>Sp\u00e9ciales aux hommes du service de garde des voies de communication :<\/strong><\/em>_<\/em>.<\/p>\n<hr>\n<h3>\u00c9poque \u00e0 laquelle l\u2019homme doit passer dans :<\/h3>\n<p><strong>La r\u00e9serve de l\u2019arm\u00e9e active :<\/strong><em><\/em><br>\n<strong>L\u2019arm\u00e9e territoriale :<\/strong><em><\/em><br>\n<strong>La r\u00e9serve de l\u2019arm\u00e9e territoriale : <\/strong><em><\/em><br>\n<strong>Date de la lib\u00e9ration du service militaire :<\/strong><em><\/em><\/p>\n<em>Pas de dossier 20.11.1958<\/em>\n<\/div><p>[<a href=\"https:\/\/archives.cotedor.fr\/v2\/ark:\/71137\/g18ccb72a0a9d091f851f86d8d1b4abc3\/55201516e066fcd9b1f7cda2d3727b08\/137\/ZnJhZDAyMV9yMjQ4OF8wMTM3LmpwZw==\" target=\"_blank\" rel=\"noreferrer noopener\">Lien vers le document original<\/a>]<\/p><h1 class=\"wp-block-heading\">Journal des marches et op\u00e9rations du 60<sup>e<\/sup> r\u00e9giment d\u2019infanterie<\/h1><p>Le 60<sup>e<\/sup> r\u00e9giment d\u2019infanterie, casern\u00e9 \u00e0 Besan\u00e7on, prend en 1917 le surnom d\u2019<em>As de c\u0153ur<\/em>. En septembre 1917, le g\u00e9n\u00e9ral Philipot commandant la 14<sup>e<\/sup> division d\u2019infanterie, \u00e9voque dans un ordre son admiration pour les hommes de sa division. \u00ab&nbsp;Merci mes enfants, bravo mes as&nbsp;!&nbsp;\u00bb, \u00e9crit-il, alors que les quatre r\u00e9giments d\u2019infanterie de la division obtiennent le droit au port de la fourrag\u00e8re. Le 60<sup>e<\/sup> r\u00e9giment, d\u00e8s lors, choisit l\u2019as de c\u0153ur, le 35<sup>e<\/sup> l\u2019as de tr\u00e8fle, le 42<sup>e<\/sup> l\u2019as de carreau, et, enfin le 44<sup>e<\/sup> l\u2019as de pique. C\u2019est la division des as, dont les 4 r\u00e9giments d\u2019infanterie s\u2019illustrent aux yeux des g\u00e9n\u00e9raux tout au long du conflit.<\/p><p>Le soldat Julien Denninger rejoint le r\u00e9giment en janvier 1915. Il vient de finir ses classes, certainement avec le 42<sup>e<\/sup> r\u00e9giment d\u2019infanterie. Il y a quelques mois encore, il semblait possible que Julien Denninger \u00e9chappe \u00e0 la guerre, puisqu\u2019il est d\u2019abord ajourn\u00e9, puis exempt\u00e9 en 1914 pour \u00ab&nbsp;faiblesse irr\u00e9m\u00e9diable&nbsp;\u00bb. Apr\u00e8s l\u2019h\u00e9catombe des premi\u00e8res de semaines de guerre, le gouvernement cherche \u00e0 \u00ab&nbsp;r\u00e9cup\u00e9rer&nbsp;\u00bb des soldats parmi les hommes exempt\u00e9s, ajourn\u00e9s ou vers\u00e9s dans les services auxiliaires. Le d\u00e9cret du 9 septembre 1914 est une des premi\u00e8res mesures de r\u00e9cup\u00e9ration. Cela permet d\u2019apporter au front des hommes \u00ab&nbsp;frais&nbsp;\u00bb mais beaucoup d\u2019entre eux ont des dispositions physiques ou mentales plus faibles que leurs camarades. Julien Denninger appartient \u00e0 la 8<sup>e<\/sup> compagnie du 2<sup>e<\/sup> bataillon du r\u00e9giment.<\/p><p>\u00c0 la fin du mois d\u2019ao\u00fbt 1915, le 21, le r\u00e9giment arrive pr\u00e8s du village de Suippes, dans la Marne. Les 2&nbsp;959 soldats et officiers du r\u00e9giment, comptant un grand nombre de Doubiens dans ses rangs d\u00e9couvrent un secteur tendu et bien tenu par les Allemands. Jonchery-sur-Suippes, Saint-Hilaire-le-Grand, Souain-Perthes-l\u00e8s-Hurlus, sont des villages endommag\u00e9s par les combats de 1914 mais ils ne sont pas encore des symboles de la destruction et des horreurs de la guerre. Organis\u00e9s sur trois lignes d\u00e9fenses, les Allemands ont creus\u00e9, am\u00e9nag\u00e9 et construit un r\u00e9seau complexe de tranch\u00e9es \u00e9quip\u00e9es par endroits de points de r\u00e9sistance qui ressemblent \u00e0 des places fortes. La premi\u00e8re ligne de d\u00e9fense est une suite de quatre lignes de tranch\u00e9es, prot\u00e9g\u00e9es par des fortins. Derri\u00e8re, des bois am\u00e9nag\u00e9s, puis une deuxi\u00e8me ligne de d\u00e9fense, puis une troisi\u00e8me.<\/p><p>Fin septembre 1915, les Allemands ne sont pas dupes et reconnaissent qu\u2019une offensive majeure se pr\u00e9pare. Majeure, en effet, puisqu\u2019elle doit se d\u00e9rouler sur tout le front de Champagne. Parall\u00e8lement, Fran\u00e7ais et Britanniques se pr\u00e9parent \u00e0 attaquer conjointement dans le front de l\u2019Artois. C\u2019est le grand plan du mar\u00e9chal Joffre. Il doit permettre de repousser les Allemands gr\u00e2ce \u00e0 un avantage num\u00e9rique et \u00e0 une puissance d\u2019artillerie sup\u00e9rieure.<\/p><p>La m\u00e9t\u00e9o n\u2019est gu\u00e8re cl\u00e9mente. Il pleut beaucoup. En amont de l\u2019offensive, les r\u00e9giments fran\u00e7ais se pr\u00e9parent. Il faut creuser, toujours creuser, pour que les lignes fran\u00e7aises puissent \u00eatre aussi proches des lignes allemandes que possible. Le 60<sup>e<\/sup> r\u00e9giment perd une soixantaine de soldats pendant la r\u00e9alisation de ces travaux. Le 22 septembre, J-3, les canons fran\u00e7ais d\u00e9butent leur d\u00e9luge d\u2019acier pour saper le moral de l\u2019adversaire, d\u00e9truire ses d\u00e9fenses dont les fils barbel\u00e9s, et tuer.<\/p><p>Le moral est bon au haut-commandement, malgr\u00e9 la m\u00e9t\u00e9o, les pr\u00e9paratifs sont tellement pouss\u00e9s qu\u2019il semble difficilement envisageable que l\u2019offensive en Champagne ne puisse r\u00e9ussir. Les soldats du 60<sup>e<\/sup> r\u00e9giment d\u2019infanterie sont r\u00e9confort\u00e9s par l\u2019arriv\u00e9e des casques Adrian qui offrent une meilleure protection face aux shrapnells et autres projectiles. La veille de l\u2019offensive, le commandant du r\u00e9giment, le lieutenant- colonel Eug\u00e8ne Mittelhauser, s\u2019adresse \u00e0 ses hommes&nbsp;: \u00ab&nbsp;Vous allez voir des journ\u00e9es formidables. La France, apr\u00e8s de longs mois de recueillement, a pr\u00e9par\u00e9 un effort qui soit \u00eatre d\u00e9cisif, et vous avez l\u2019honneur d\u2019\u00eatre en premi\u00e8re ligne pour l\u2019attaque g\u00e9n\u00e9rale qui va se produire&nbsp;\u00bb<sup>(1)<\/sup>. Le lendemain d\u00e9bute une journ\u00e9e formidable&nbsp;:<\/p><p>Entr\u00e9e du 25 septembre 1915&nbsp;:<\/p><p class=\"has-white-background-color has-background\"><strong>25 septembre 1915<\/strong><br>En ex\u00e9cution des ordres re\u00e7us du commandement et conform\u00e9ment \u00e0 l\u2019ordre d\u2019attaque donn\u00e9 par le lieutenant-colonel Mittelhauser en date du 22 septembre 1915, le 60<sup>\u00e8me<\/sup> r\u00e9giment d\u2019infanterie attaque \u00e0 9<sup>H<\/sup>15 les positions allemandes.<br>L\u2019ordre d\u2019attaque \u00e9tait le suivant&nbsp;:<br><strong>I) Objectif d\u2019attaque de la 27<sup>e<\/sup> Brigade&nbsp;<\/strong>:les hauteurs qui dominent la vall\u00e9e de la Py au Sud de Sainte-Marie-\u00e0-Py entre la cote 171 et le bois Chevron.<br><strong>II) Limite des zones d\u2019action&nbsp;:<\/strong><br>a) Entre le 3<sup>\u00e8me <\/sup>r\u00e9giment de zouaves de marche et le 60<sup>\u00e8me<\/sup> r\u00e9giment d\u2019infanterie&nbsp;: Bois II (exclus), corne Sud-Est et lisi\u00e8re Est du Bois de la Raquette, cote 170, cote 171, cote 115 (Sud-Ouest de Sainte-Marie).<br>b) Entre le 44<sup>\u00e8me<\/sup> et le 60<sup>\u00e8me<\/sup> r\u00e9giment d\u2019infanterie, le boyau Namur (au 60<sup>\u00e8me <\/sup>r\u00e9giment) la corne Sud-Est et la lisi\u00e8re Est du bois 170, la lisi\u00e8re E du bois M., et le point Est de la tranch\u00e9e ennemie du bois Chevron, \u00e0 200 m. \u00e0 l\u2019Ouest de la bifurcation des pistes directes de Souain \u00e0 Saint-Souplet et \u00e0 Sainte-Marie-\u00e0-Py.<br><strong>III) Dispositif d\u2019attaque&nbsp;:<\/strong><br>Les 3<sup>\u00e8me<\/sup> et 2<sup>\u00e8me<\/sup> bataillons \u00e9chelonn\u00e9s en profondeurs attaqueront sur 3 lignes. La 1<sup>\u00e8re<\/sup> ligne sous le commandement du commandant Devaut, comprendre 2 vagues d\u2019assaut. Cette ligne sera form\u00e9e par le 3<sup>\u00e8me<\/sup> bataillon renforc\u00e9 par la compagnie des sapeurs du 60<sup>\u00e8me <\/sup>(lieutenant P\u00e9trement), par 2 groupes de sapeurs du g\u00e9nie (compagnie 7\/1) et par la section de mitrailleuses du sous-lieutenant Courtot.<br>La 3<sup>\u00e8me<\/sup> vague sous le commandement du commandant Peyrotte, comprenant 2 compagnies du 2<sup>\u00e8me<\/sup> bataillon, 2 groupes de sapeurs du g\u00e9nie, et la section de mitrailleuses du sous-lieutenant Boudot forme la 2<sup>\u00e8me<\/sup> ligne.<br>La 4<sup>\u00e8me<\/sup> vague comprenant 2 compagnies du 2<sup>\u00e8me<\/sup> bataillon, la r\u00e9serve des sapeurs du g\u00e9nie (lieutenant Tournuaire), le compagnie de mitrailleuses r\u00e9duite \u00e0 2 sections (capitaine Magnien) formera la 3<sup>\u00e8me<\/sup> ligne.<br><strong>IV) Missions&nbsp;: <\/strong>Le 3<sup>\u00e8me<\/sup> bataillon franchissant la 1<sup>\u00e8re<\/sup> ligne ennemie aura pour objectif imm\u00e9diat la 2<sup>\u00e8me<\/sup> ligne ennemie qu\u2019il enl\u00e8vera d\u2019un seul bond. La 2<sup>\u00e8me<\/sup> ligne ennemie enlev\u00e9e, le 3<sup>\u00e8me<\/sup> bataillon prendra comme objectif, la 3<sup>\u00e8me<\/sup> ligne devant la lisi\u00e8re Ouest du bois 168.<br>L\u2019axe de sa progression est jalonn\u00e9e par les rep\u00e8res&nbsp;: 202-1541, corne Sud-Ouest du bois 168 et cote 139.<br>Les deux 1\u00e8res vagues \u00e9viteront devant le saillant C l\u2019\u00e9pi des entonnoirs allemands pour se r\u00e9unir sur la premi\u00e8re ligne vers le point 202. Une fraction de la 2<sup>\u00e8me<\/sup> vague, sp\u00e9cialement d\u00e9sign\u00e9e et \u00e9chelonn\u00e9e, aura mission de nettoyer cet au passage.<br>Le 2<sup>\u00e8me<\/sup> ligne partira imm\u00e9diatement derri\u00e8re les 2 premi\u00e8res vagues, elle a pour mission de renforcer la 1<sup>\u00e8re<\/sup> ligne et d\u2019en prot\u00e9ger \u00e9ventuellement les flancs.<br>La 2<sup>\u00e8me<\/sup> ligne, r\u00e9serve du r\u00e9giment recevra les ordres directs du lieutenant commandant le r\u00e9giment.<br><strong>V) Liaisons&nbsp;: <\/strong>la liaison avec le 3<sup>\u00e8me<\/sup> zouaves sera assur\u00e9e par le 3<sup>\u00e8me<\/sup> bataillon&nbsp;; la liaison avec le 44<sup>\u00e8me<\/sup> sur le boyau Namur sera faite par les \u00e9l\u00e9ments de droite de la 2<sup>\u00e8me<\/sup> ligne, jusqu\u2019\u00e0 l\u2019entr\u00e9e en ligne du 1<sup>er<\/sup> bataillon du 60<sup>\u00e8me, <\/sup>r\u00e9serve de Brigade. Les liaisons t\u00e9l\u00e9phoniques font l\u2019objet de l\u2019instruction particuli\u00e8re ci-jointe.<br><strong>VI<\/strong>) <strong>Artillerie&nbsp;<\/strong>: les missions de l\u2019artillerie dans le secteur du 27<sup>\u00e8me<\/sup> brigade ont fait l\u2019objet d\u2019une communication verbale.<br><strong>VII)<\/strong> Le lieutenant-colonel marchera avec le drapeau au centre de la 4<sup>\u00e8me<\/sup> vague.<br>\u00c0 cet ordre \u00e9tait joint une instruction du m\u00e9decin-chef M<sup>r<\/sup>. H\u00e9ron de Villefosse au sujet de l\u2019organisation du service de sant\u00e9 et une instruction du colonel au sujet de la liaison t\u00e9l\u00e9phonique. Les dispositions sont prises pour qu\u2019au moment de l\u2019attaque les \u00e9quipes de t\u00e9l\u00e9phonistes d\u2019infanterie et d\u2019artillerie suivent les diff\u00e9rentes vagues et installent des lignes volantes pour l\u2019obtention de liaisons imm\u00e9diats et permanents vers le commandement et vers l\u2019artillerie. Malgr\u00e9 une pr\u00e9paration d\u2019artillerie intense ex\u00e9cut\u00e9e justement et salu\u00e9e par un tir violent d\u2019infanterie, de minenwerfer* et de mitrailleuses plac\u00e9es au Sud du point 202, aux environs de 140 et au Nord du point 230, mitraillant les colonnes d\u2019assaut de face et de flanc.<br>Malgr\u00e9 ce tir, les trois&nbsp; premi\u00e8res vagues (commandant Davaut, commandant Peyrotte) p\u00e9n\u00e8trent dans la 1<sup>\u00e8re<\/sup> ligne allemande, puis dans la ligne de soutien. La 3<sup>\u00e8me<\/sup> vague continue sans d\u00e9semparer sur la tranch\u00e9e de 2<sup>\u00e8me<\/sup> ligne qu\u2019elle traverse. Les \u00e9l\u00e9ments [&nbsp;??&nbsp;??] sont oblig\u00e9s de s\u2019arr\u00eater au Nord du Bois B.C. par suite de tir de notre propre artillerie et de venir \u00e0 la tranch\u00e9e de 2<sup>\u00e8me<\/sup> ligne ennemie occup\u00e9e encore par de nombreux allemands et dans laquelle s\u2019engage une violente lutte de grenades.<br>Pendant ce temps les \u00e9l\u00e9ments rest\u00e9s dans la 1<sup>\u00e8re<\/sup> ligne et la ligne de soutien proc\u00e8dent au nettoyage m\u00e9thodique des diff\u00e9rents abris et boyaux de ces lignes.<br>Les allemands finissent par se r\u00e9fugier dans deux centres de r\u00e9sistance, situ\u00e9s \u00e0 l\u2019Est du saillant C. dont ils font faire le si\u00e8ge pied \u00e0 pied.<br>Le colonel accompagn\u00e9 de l\u2019\u00e9tat-major du r\u00e9giment et suivi du drapeau et de sa garde, du commandant du 47<sup>\u00e8me<\/sup> d\u2019artillerie Foncault, commande la compagnie d\u2019appui direct&nbsp;; le lieutenant Tournaire et une r\u00e9serve de sapeurs du g\u00e9nie s\u2019\u00e9taient port\u00e9s dans les lignes ennemies avec la 3<sup>\u00e8me<\/sup> vague et \u00e9tait venu \u00e9tablir son poste de commandement aux environs du point 154 sur la 2<sup>\u00e8me<\/sup> ligne ennemie. La communication t\u00e9l\u00e9phonique est \u00e9tablie avec le commandement et avec l\u2019artillerie.<br>Le colonel demande aussit\u00f4t l\u2019envoi de renforts destin\u00e9s \u00e0 compenser les pertes nombreuses subies au moment de l\u2019assaut, \u00e0 [activer&nbsp;?] le nettoyage des tranch\u00e9es conquises de tous les \u00e9l\u00e9ments \u00e9trangers et \u00e0 permettre la progression plus en avant.<br>\u00c0 14<sup>h<\/sup>50 le colonel adresse au commandement le message suivant&nbsp;:<\/p><p class=\"has-white-background-color has-background\">\u00ab&nbsp;En l\u2019absence de renforts, je me retranche \u00e0 la lisi\u00e8re Sud-Ouest du bois B.c. avec une section de mitrailleuses, le commandant Peyrotte et 70 hommes. Je signale que le point que j\u2019occupe est un remarquable observatoire jusqu\u2019\u00e0 la cote 139.&nbsp;\u00bb<\/p><p class=\"has-white-background-color has-background\">Au d\u00e9but de l\u2019action, le premier bataillon du r\u00e9giment avait \u00e9t\u00e9 r\u00e9parti de la fa\u00e7on suivante&nbsp;:<br>1<sup>\u00e8re<\/sup> et 2<sup>\u00e8me<\/sup> compagnie sous les ordres du commandant Th\u00e9nel ayant \u00e9t\u00e9 tu\u00e9, les 2<sup>\u00e8me<\/sup> et 4<sup>\u00e8me<\/sup> compagnies sont plac\u00e9es sous les ordres du commandant Duffet et re\u00e7oivent l\u2019ordre, ainsi qu\u2019un bataillon du 67<sup>\u00e8me<\/sup> r\u00e9giment territorial, de tenir la position et de s\u2019opposer \u00e0 toute contre-attaque \u00e9ventuelle de l\u2019ennemi.<br>\u00c0 partir du moment de son arriv\u00e9e dans la 2<sup>\u00e8me<\/sup> ligne allemande, le Colonel regroupe autour de lui, les \u00e9l\u00e9ments des 1<sup>\u00e8re<\/sup> et 2<sup>\u00e8me<\/sup> compagnies qui ont pu arriver jusqu\u2019\u00e0 lui et ce qui reste des bataillons Peyrotte et Davaut, le r\u00e9giment occupe \u00e0 la nuit les positions suivantes&nbsp;:<br>2<sup>\u00e8me<\/sup> ligne ennemie du point 154 jusqu\u2019\u00e0 153 vers l\u2019Est, occupant en m\u00eame temps le bois B.C. et en liaison avec les zouaves \u00e0 l\u2019Ouest. La liaison avec le 44<sup>\u00e8me<\/sup> n\u2019a pu \u00eatre \u00e9tablie \u00e0 cause de l\u2019occupation du massif 153-154 par l\u2019ennemi (une section de mitrailleuses est plac\u00e9e \u00e0 1541, deux sections ua bois BC, une section \u00e0 153).<br>Pendant cette journ\u00e9e tant parmi les troupes allemandes assi\u00e9g\u00e9es dans la 1<sup>\u00e8re<\/sup> ligne et la ligne de soutien que dans les divers boyaux et dans la 2<sup>\u00e8me<\/sup> ligne, il a \u00e9t\u00e9 fait 400 prisonniers et il a \u00e9t\u00e9 pris 4 mitrailleuses, 4 minenwerfer et un important mat\u00e9riel de tranch\u00e9es.<br><strong>Pertes&nbsp;: <\/strong>Tr\u00e8s nombreuses en hommes, sous-officiers et officiers (voir pi\u00e8ces annexes).<br><strong>Troupes&nbsp;<\/strong>: Hommes&nbsp;: _ bless\u00e9s _ morts _ disparus<br>&nbsp;&nbsp;&nbsp;&nbsp;&nbsp;&nbsp;&nbsp;&nbsp;&nbsp;&nbsp;&nbsp;&nbsp;&nbsp;&nbsp;&nbsp;&nbsp; Sous-officiers&nbsp;: _ bless\u00e9s _ morts _ disparus<br><strong>Officiers&nbsp;:<\/strong><\/p><ul class=\"wp-block-list\"><li>Commandant Th\u00e9nel tu\u00e9<\/li>\n\n<li>Sous-lieutenant Boucher tu\u00e9<\/li>\n\n<li>Sous-lieutenant Renaud tu\u00e9<\/li>\n\n<li>Capitaine Marconniet tu\u00e9<\/li>\n\n<li>Sous-lieutenant Cotten tu\u00e9<\/li>\n\n<li>Capitaine Steffanacci tu\u00e9<\/li>\n\n<li>Lieutenant Schneider tu\u00e9<\/li>\n\n<li>Sous-lieutenant Donnet tu\u00e9<\/li>\n\n<li>Commandant Devaut tu\u00e9<\/li>\n\n<li>Capitaine Collilieux tu\u00e9<\/li>\n\n<li>Sous-lieutenant Panthier tu\u00e9<\/li>\n\n<li>Capitaine Delarue tu\u00e9<\/li>\n\n<li>Sous-lieutenant De Buyer tu\u00e9<\/li>\n\n<li>Sous-lieutenant Baudot bless\u00e9<\/li>\n\n<li>Lieutenant Ruty bless\u00e9<\/li>\n\n<li>Capitaine Bonl\u00e9 bless\u00e9<\/li>\n\n<li>Sous-lieutenant Sonckaert [&nbsp;?] bless\u00e9<\/li>\n\n<li>Sous-lieutenant Chardenot bless\u00e9<\/li>\n\n<li>Capitaine Reverchon bless\u00e9<\/li>\n\n<li>Lieutenant Andr\u00e9 bless\u00e9<\/li>\n\n<li>Sous-lieutenant Laurent bless\u00e9 (bless\u00e9 le 26)<\/li>\n\n<li>Sous-lieutenant Bouchacourt bless\u00e9<\/li>\n\n<li>Capitaine Bidaud (bless\u00e9)<\/li>\n\n<li>Lieutenant Olivier bless\u00e9<\/li>\n\n<li>Sous-lieutenant Fr\u00e9ret bless\u00e9<\/li>\n\n<li>Sous-lieutenant Jeannin bless\u00e9<\/li><\/ul><p class=\"has-white-background-color has-background\">Pendant la nuit tr\u00e8s pluvieuse comme la pr\u00e9c\u00e9dent journ\u00e9e, continuation de la progression dans l\u2019ouvrage 153 par la 2<sup>\u00e8me<\/sup> compagnie mise \u00e0 la disposition du commandant Peyrotte. Cet ouvrage finit par \u00eatre occup\u00e9 ainsi que les boyaux de Louvain et de Namur jusqu\u2019\u00e0 156. Des patrouilles sont envoy\u00e9es dans la direction de la 3<sup>\u00e8me<\/sup> ligne allemande, notamment dans le boyau de Li\u00e8ge et dans le boyau de Bruxelles o\u00f9 la liaison avec les zouaves s\u2019\u00e9tablit \u00e0 l\u2019intersection du boyau d\u2019Ypres.<\/p><p><strong>* <\/strong>mortier de tranch\u00e9e allemand Schwerer Minenwerfer.<\/p><p>Compte tenu de l\u2019\u00e9criture du r\u00e9dacteur, il est possible que des erreurs de transcription existent pour la liste des officiers tu\u00e9s et bless\u00e9s. La liste nominative des pertes dans la troupe mentionn\u00e9e en pi\u00e8ce-jointe est absente du journal des marches. Aucun nombre n\u2019est donn\u00e9 car les estimations sur le terrain sont impossibles \u00e0 faire, et tr\u00e8s difficiles lors des journ\u00e9es suivantes puisque le total des troupes tu\u00e9es, bless\u00e9es et disparues s\u2019allonge.<\/p>            <div class=\"oxi-addons-container noLightbox oxi-image-hover-wrapper-57 \" id=\"oxi-image-hover-wrapper-57\">\n                <div class=\"oxi-addons-row\">\n                                <div class=\"oxi_addons__light_box_style_1 oxi_addons__light_box oxi-bt-col-lg-12 oxi-bt-col-md-12 oxi-bt-col-sm-12  \">\n                <div class=\"oxi_addons__light_box_parent oxi_addons__light_box_parent-57-0\">\n\n                    <div id=\"oxi_lg_sub_html_57_0\" class=\"oxi_addons__lg_subhtml\" style=\"display:none;\">\n                        <h3 class=\"oxi_addons__heading\">Photographie de corps de soldat<\/h3><div class=\"oxi_addons__details\">Photographie d\u2019illustration de l\u2019attaque du 25 septembre repr\u00e9sentant des corps de soldats morts align\u00e9s en pr\u00e9paration de leur inhumation<\/div>                    <\/div>\n\n                    <a class=\"glightbox oxi_addons__light_box_item\"\n                        href=\"https:\/\/arnay1418.rarebook-ubfc.fr\/wp-content\/uploads\/2022\/07\/Photo_morts.png\"\n                        data-caption-id=\"oxi_lg_sub_html_57_0\"\n                        data-type=\"image\">\n\n                                                    <div class=\"oxi_addons__image_main oxi_addons__custom_width_height\"\n                                style=\"background-image: url('https:\/\/arnay1418.rarebook-ubfc.fr\/wp-content\/uploads\/2022\/04\/Avertissement.png');\">\n                                <div class=\"oxi_addons__overlay\">\n                                    <i class=\"fas fa-search oxi-icons\"><\/i>                                <\/div>\n                            <\/div>\n                        \n                        \n                    <\/a>\n                <\/div>\n\n                            <\/div>\n                            <\/div>\n            <\/div>\n\t\t\t<p class=\"has-text-align-center\"><em>Photographie d\u2019illustration de l\u2019attaque du 25 septembre repr\u00e9sentant des corps de soldats morts align\u00e9s en pr\u00e9paration de leur inhumation<\/em><sup>(2)<\/sup>.<br>Avertissement&nbsp;: ne cliquer que si vous le souhaitez.<\/p><p>Malgr\u00e9 quelques succ\u00e8s ponctuels pour le 60<sup>e<\/sup> r\u00e9giment d\u2019infanterie, comme l\u2019occupation d\u2019une ligne allemande et la capture d\u2019environ 400 prisonniers, l\u2019offensive est plus que mitig\u00e9e. Gr\u00e2ce \u00e0 l\u2019indexation des fiches des soldats morts pour la France, les chercheurs ont pu r\u00e9\u00e9valuer le nombre de soldats tu\u00e9s lors des diff\u00e9rentes journ\u00e9es de la guerre. Le 22 ao\u00fbt 1914 est, dans la conscience collective, reconnu comme le plus meurtrier de l\u2019histoire militaire fran\u00e7aise avec plus de 21&nbsp;000 morts. Avec les deux offensives, en Artois et en Champagne, plus les autres fronts, environ 23&nbsp;416 soldats fran\u00e7ais sont tu\u00e9s pendant la seule journ\u00e9e du 25&nbsp;septembre 1915<sup>(3)<\/sup>. Le 60<sup>e<\/sup> r\u00e9giment d\u2019infanterie continue \u00e0 participer \u00e0 l\u2019offensive jusqu\u2019\u00e0 sa rel\u00e8ve \u00e0 la fin du mois de septembre. L\u2019arm\u00e9e, en la personne du g\u00e9n\u00e9ral Gouraud, salue le courage des hommes du r\u00e9giment et leurs actions. Mais le prix est lourd. Le lieutenant-colonel Mittelhauser est gri\u00e8vement bless\u00e9 le 28 septembre. Si le r\u00e9giment est relev\u00e9, c\u2019est qu\u2019il n\u2019est plus en \u00e9tat de combattre. Le nombre d\u2019officiers se compte sur les doigts d\u2019une main puisque 42 sont tu\u00e9s ou bless\u00e9s, ainsi que 1&nbsp;700 sous-officiers et hommes de troupes. Partout sur le front, tant chez les Allemands, Britanniques que Fran\u00e7ais, les chiffres des pertes sont astronomiques. Quelques kilom\u00e8tres carr\u00e9s sont gagn\u00e9s en plusieurs semaines de combats, en plus de quelques milliers de prisonniers allemands qui suffisent pour annoncer officiellement que les offensives sont des succ\u00e8s. \u00c0 quelques 200 kilom\u00e8tres du secteur o\u00f9 le soldat Denninger trouve la mort, pr\u00e8s de Lens \u00e0 Loos-en-Gohelle, 6 divisions britanniques (comprenant beaucoup de soldats indiens) s\u2019\u00e9lancent contre les troupes allemandes du prince Rupprecht de Bavi\u00e8re jusqu\u2019au 8 octobre. C\u2019est le premier engagement de la Nouvelle Arm\u00e9e britannique, compos\u00e9e de nombreux volontaires venus remplac\u00e9s les pertes de 1914. Les Britanniques perdent 59&nbsp;240 hommes, faisant de la bataille de Loos un des engagements les plus meurtriers de leur histoire. Parmi les pertes, un second-lieutenant des Irish Guards nomm\u00e9 John Kipling, disparu entre le 25 et le 27 septembre. John Kipling est le seul fils de l\u2019\u00e9crivain Rudyard Kipling, connu notamment pour le <em>Livre de la Jungle<\/em> et fervent patriote. La mort de ce fils a d\u00e9truit la famille Kipling, et l\u2019\u00e9crivain s\u2019engage en faveur de la <em>Commonwealth War Graves Commission <\/em>(l\u2019autorit\u00e9 charg\u00e9e de d\u00e9nombrer et entretenir les tombes). Rudyard Kipling cherche la v\u00e9rit\u00e9 sur la mort de son fils, et son corps, jusqu\u2019\u00e0 sa mort en 1936. C\u2019est seulement en 2016 que son lieu de s\u00e9pulture est confirm\u00e9.<\/p><p>&nbsp;[<a href=\"https:\/\/www.memoiredeshommes.sga.defense.gouv.fr\/fr\/ark:\/40699\/e005278cd260e8c9\/5278cd27a6205\">Lien vers le document original<\/a>]<\/p><h1 class=\"wp-block-heading\">D\u00e9c\u00e8s<\/h1><div class=\"wp-block-group is-layout-flow wp-block-group-is-layout-flow\"><p class=\"has-text-align-center\"><em>N\u00b03<\/em><\/p>\n\n<p class=\"has-text-align-center\"><em>Acte<br>de d\u00e9c\u00e8s de<br>Denninger Julien&#8211;<br>Du 25 septembre 1915<br>&#8212;<br>Transcription du 15 f\u00e9vrier 1916<br>&#8212;<\/em><\/p>\n\n<p>Quatri\u00e8me ann\u00e9e, septi\u00e8me corps d\u2019arm\u00e9e, soixanti\u00e8me r\u00e9giment d\u2019Infanterie. L\u2019an mil neuf cent quinze le quatorze du mois d\u2019octobre \u00e0 huit heures \u00e9tant \u00e0 Jonchery, pr\u00e8s de Suippes, Marne. Acte de d\u00e9c\u00e8s de <strong>Denninger Julien<\/strong> soldat de deuxi\u00e8me classe au soixanti\u00e8me r\u00e9giment d\u2019Infanterie, huiti\u00e8me Compagnie, immatricul\u00e9 sous le num\u00e9ro dix mille cent vingt-cinq, n\u00e9 le vingt-cinq juin mil huit cent quatre-vingt douze \u00e0 Arnac canton de Arnac, d\u00e9partement de la C\u00f4te-d\u2019Or, domicili\u00e9 en dernier \u00e0 Saint-Prix, canton d\u2019Arnay-le-Duc, d\u00e9partement de la C\u00f4te-d\u2019Or, Mort pour la France, d\u00e9c\u00e9d\u00e9 au champ de bataille de Jonchery, pr\u00e8s de Suippes, Marne, le vingt-cinq du mois de septembre mil neuf cent quinze, neuf heures par suite de blessures re\u00e7ues, fils de \u00c9mile Eug\u00e8ne et de Moreau Marie Honorine, domicili\u00e9 \u00e0 Saint-Prix, canton d\u2019Arnay-le-Duc, d\u00e9partement de la C\u00f4te-d\u2019Or. Conform\u00e9ment \u00e0 l\u2019article 77 du Code Civil nous nous sommes transport\u00e9 aupr\u00e8s de la personne d\u00e9c\u00e9d\u00e9 et assur\u00e9 de la r\u00e9alit\u00e9 du d\u00e9c\u00e8s. Dress\u00e9 par nous Tr\u00e9po, Cl\u00e9ment Pierre \u00c9mile sous-lieutenant charg\u00e9 de d\u00e9tails au soixanti\u00e8me R\u00e9giment d\u2019Infanterie, officier de l\u2019\u00c9tat Civil, sur la d\u00e9claration de Laque Georges soldat et de Girard Jean soldat, tous deux au soixanti\u00e8me r\u00e9giment d\u2019Infanterie t\u00e9moins qui ont sign\u00e9 avec nous apr\u00e8s lecture. Sign\u00e9&nbsp;: Laque&nbsp;; Girard et Tr\u00e9po. Vu par nous Matuchet Eug\u00e8ne Victor Edouard, sous-intendant militaire de la quatorzi\u00e8me division pour l\u00e9galisation de la signature de monsieur Tr\u00e9po Cl\u00e9ment Pierre \u00c9mile sus-qualifi\u00e9. Vu pour l\u00e9galisation de la signature de Monsieur Maluchet Eug\u00e8ne Victor \u00c9douard. Paris le dix-huit d\u00e9cembre mil neuf cent quinze.<br>Le ministre de la Guerre par d\u00e9l\u00e9gation. Le sous-chef du Bureau des Archives administratives sign\u00e9&nbsp;: illisible. Mention rectificative&nbsp;:<br>Loi du trente septembre mil neuf cent quinze. Le d\u00e9funt \u00e9tait n\u00e9 \u00e0 Arnay-le-Duc, canton dudit (C\u00f4te-d\u2019Or) et non \u00e0 Arnac (C\u00f4te-d\u2019Or) ainsi qu\u2019il est mentionn\u00e9 dans le corps de l\u2019acte ci-contre. Le ministre de la Guerre par d\u00e9l\u00e9gation, le Chef du Bureau des archives administratives, sign\u00e9&nbsp;: illisible. L\u2019acte de d\u00e9c\u00e8s ci-dessus a \u00e9t\u00e9 transcrit le quinze f\u00e9vrier mil neuf cent seize, huit heures du soir par nous Jean Baptiste Sagrange, Maire de Saint-Prix.<br>[Signature] Sagrange<\/p><\/div><p><em><br><\/em>[<a rel=\"noreferrer noopener\" href=\"https:\/\/archives.cotedor.fr\/v2\/ark:\/71137\/g624064e8a6f85b3ad778225ff808611f\/f69cc5725cb64b5c5728c5722abd479a\/357\/ZnJhZDAyMV81NjhfMmU1NjhhcnQwMDlfMDM1Ny5qcGc=\" target=\"_blank\">Lien vers le document original<\/a>]<\/p><h1 class=\"wp-block-heading\">Donn\u00e9es additionnelles<\/h1><p>Julien Denninger est le fils d\u2019\u00c9mile Denninger, ouvrier alsacien ayant opt\u00e9 pour la nationalit\u00e9 fran\u00e7aise suite \u00e0 la d\u00e9faite de la guerre de 1870, et Marie Honorine Moreau, originaire d\u2019Arnay-le-Duc. Julien fait partie d\u2019une fratrie de 8 enfants, tous n\u00e9s \u00e0 Arnay-le-Duc \u00e0 l\u2019exception d\u2019une derni\u00e8re fille n\u00e9e en 1898 \u00e0 Barive, d\u00e9pendant de la commune de Saint-Prix-l\u00e8s-Arnay o\u00f9 la famille s\u2019installe entre 1892 et 1898. Par leur m\u00e8re, les enfants Denninger sont cousins germains des trois fr\u00e8res Moreau, <a rel=\"noreferrer noopener\" href=\"https:\/\/alisteraldridge.fr\/arnay1418\/moreau-charles\/\" target=\"_blank\">Charles<\/a>, <a rel=\"noreferrer noopener\" href=\"https:\/\/alisteraldridge.fr\/arnay1418\/moreau-georges\/\" target=\"_blank\">Georges<\/a> et <a rel=\"noreferrer noopener\" href=\"https:\/\/alisteraldridge.fr\/arnay1418\/moreau-robert\/\" target=\"_blank\">Robert<\/a>, tu\u00e9s pendant la guerre.<\/p>            <div class=\"oxi-addons-container noLightbox oxi-image-hover-wrapper-58 \" id=\"oxi-image-hover-wrapper-58\">\n                <div class=\"oxi-addons-row\">\n                                <div class=\"oxi_addons__light_box_style_1 oxi_addons__light_box oxi-bt-col-lg-12 oxi-bt-col-md-12 oxi-bt-col-sm-12  \">\n                <div class=\"oxi_addons__light_box_parent oxi_addons__light_box_parent-58-0\">\n\n                    <div id=\"oxi_lg_sub_html_58_0\" class=\"oxi_addons__lg_subhtml\" style=\"display:none;\">\n                        <h3 class=\"oxi_addons__heading\">Arbre g\u00e9n\u00e9alogique<\/h3><div class=\"oxi_addons__details\">Arbre g\u00e9n\u00e9alogique des cousins Denninger et Moreau.ndustrytandard <\/div>                    <\/div>\n\n                    <a class=\"glightbox oxi_addons__light_box_item\"\n                        href=\"https:\/\/arnay1418.rarebook-ubfc.fr\/wp-content\/uploads\/2022\/07\/DENNINGER_MOREAU.png\"\n                        data-caption-id=\"oxi_lg_sub_html_58_0\"\n                        data-type=\"image\">\n\n                                                    <div class=\"oxi_addons__image_main oxi_addons__custom_width_height\"\n                                style=\"background-image: url('https:\/\/arnay1418.rarebook-ubfc.fr\/wp-content\/uploads\/2022\/07\/DENNINGER_MOREAU.png');\">\n                                <div class=\"oxi_addons__overlay\">\n                                    <i class=\"fas fa-search oxi-icons\"><\/i>                                <\/div>\n                            <\/div>\n                        \n                        \n                    <\/a>\n                <\/div>\n\n                            <\/div>\n                            <\/div>\n            <\/div>\n\t\t\t<p class=\"has-text-align-center\"><em>Arbre g\u00e9n\u00e9alogique des cousins Denninger et Moreau.<\/em><br>Cliquer pour agrandir.<\/p><p>En 1911, Julien Denninger et son fr\u00e8re Eug\u00e8ne vivent \u00e0 Dijon, rue Petitot, chez leur beau-fr\u00e8re Fran\u00e7ois Baudry. Ils travaillent \u00e0 la biscuiterie Pernot de Dijon<sup>(5)<\/sup>, qui est situ\u00e9e \u00e0 quelques m\u00e8tres de leur r\u00e9sidence, rue Devosges. M. Baudry est biscuitier, et Julien ferblantier. Il doit donc participer \u00e0 la fabrique des bo\u00eetes de biscuits.<\/p><figure class=\"wp-block-image aligncenter size-large is-resized\"><img loading=\"lazy\" decoding=\"async\" src=\"https:\/\/arnay1418.rarebook-ubfc.fr\/wp-content\/uploads\/2022\/07\/Pioupiou_Pernot-653x1024.jpg\" alt=\"Imagine d'une des nombreuses boites de biscuits Pernot, celle-ci pour le dessert Le Piou-piou, aux couleurs et \u00e0 l\u2019image des soldats de 14\" class=\"wp-image-1482\" width=\"336\" height=\"527\" srcset=\"https:\/\/alisteraldridge.fr\/arnay1418\/wp-content\/uploads\/sites\/2\/2022\/07\/Pioupiou_Pernot-653x1024.jpg 653w, https:\/\/alisteraldridge.fr\/arnay1418\/wp-content\/uploads\/sites\/2\/2022\/07\/Pioupiou_Pernot-191x300.jpg 191w, https:\/\/alisteraldridge.fr\/arnay1418\/wp-content\/uploads\/sites\/2\/2022\/07\/Pioupiou_Pernot-768x1204.jpg 768w, https:\/\/alisteraldridge.fr\/arnay1418\/wp-content\/uploads\/sites\/2\/2022\/07\/Pioupiou_Pernot.jpg 926w\" sizes=\"(max-width: 336px) 100vw, 336px\" \/><figcaption class=\"wp-element-caption\">Une des nombreuses boites de le dessert Le Piou-piou, aux couleurs et \u00e0 l\u2019image des soldats de 14<\/figcaption><\/figure><p class=\"has-text-align-center\"><em>Une des nombreuses boites de biscuits Pernot, celle-ci pour le dessert Le Piou-piou, aux couleurs et \u00e0 l\u2019image des soldats de 14<\/em><sup>(6).<\/sup><\/p><p>Ses parents et certains de ses fr\u00e8res et s\u0153urs non mari\u00e9s habitent \u00e0 Saint-Prix-l\u00e8s-Arnay.<\/p><p>Le 7 juin 1921, Julien Denninger est cit\u00e9 au <em>Journal officiel&nbsp;<\/em>:<\/p><blockquote class=\"wp-block-quote is-layout-flow wp-block-quote-is-layout-flow\"><p>DENNINGER (Julien), matricule 10126, soldat&nbsp;: brave soldat. Mort pour la France, le 25 septembre 1915, \u00e0 Jonch\u00e9ry. Croix de guerre avec \u00e9toile de bronze.<\/p><cite>(7)<\/cite><\/blockquote><p>Le soldat Louis <a rel=\"noreferrer noopener\" href=\"https:\/\/alisteraldridge.fr\/arnay1418\/godard-louis\/\" target=\"_blank\">Godard<\/a> du 26<sup>e<\/sup> r\u00e9giment d\u2019infanterie est tu\u00e9 le m\u00eame jour que Julien Denninger dans le secteur de Beaus\u00e9jour une dizaine de kilom\u00e8tres plus \u00e0 l&rsquo;Est.<\/p><p>Eug\u00e8ne Denninger, fr\u00e8re de Julien, est cit\u00e9 dans la <a href=\"https:\/\/alisteraldridge.fr\/arnay1418\/les-blesses-de-guerre\/\" target=\"_blank\" rel=\"noreferrer noopener\">liste communale<\/a> des anciens combattants bless\u00e9s de guerre. Il souffre de \u00ab\u00a0troubles gastriques intestinaux\u00a0\u00bb.<\/p><figure class=\"wp-block-image aligncenter size-large is-resized is-style-rounded\"><img loading=\"lazy\" decoding=\"async\" src=\"https:\/\/arnay1418.rarebook-ubfc.fr\/wp-content\/uploads\/2022\/07\/DENNINGER5-1024x768.jpg\" alt=\"Photographie de la tombe de Julien Denninger au cimeti\u00e8re d'Arnay-le-Duc\" class=\"wp-image-1480\" width=\"571\" height=\"428\"\/><figcaption class=\"wp-element-caption\">Photographie de la tombe de Julien Denninger au cimeti\u00e8re d&rsquo;Arnay-le-Duc<\/figcaption><\/figure><p>Le soldat Julien Denninger est inhum\u00e9 au cimeti\u00e8re communal d\u2019Arnay-le-Duc, aupr\u00e8s d\u2019autres soldats de la commune.<\/p><h1 class=\"wp-block-heading\">Carte<\/h1><h1 class=\"wp-block-heading\">Sources<\/h1><ul class=\"wp-block-list\"><li><em>A. D. de la C\u00f4te-d\u2019Or, \u00e9tat civil num\u00e9ris\u00e9, Arnay-le-Duc 1885 \u2013 1892 (FRAD021EC 26\/035), Denninger Julien, n\u00b066, 1892, <\/em><a href=\"https:\/\/archives.cotedor.fr\/v2\/ark:\/71137\/g907f93a9e30ffbedc18833185f96ddb8\/730db7807b52a0c2f6c2b66d45664304\/538\/ZnJhZDAyMV8wMjZfMm1pZWMwMjZyMDRfMDUzOC5qcGc=\" target=\"_blank\" rel=\"noreferrer noopener\"><em>vue 538\/585<\/em><\/a>.<\/li>\n\n<li><em>A.D. de la C\u00f4te-d\u2019Or, recrutement militaire (1867-1940)<\/em>, <em>classe 1912, bureau d\u2019Auxonne (R 2488), <\/em><a href=\"https:\/\/archives.cotedor.fr\/v2\/ark:\/71137\/g18ccb72a0a9d091f851f86d8d1b4abc3\/55201516e066fcd9b1f7cda2d3727b08\/137\/ZnJhZDAyMV9yMjQ4OF8wMTM3LmpwZw==\" target=\"_blank\" rel=\"noreferrer noopener\"><em>vue 137\/449<\/em><\/a>.<\/li>\n\n<li><em>S.H.D,&nbsp;M\u00e9moire des Hommes, Journaux des marches et op\u00e9rations des corps de troupe, 60<sup>e<\/sup> r\u00e9giment d\u2019infanterie, 28 janvier 1915 \u2013 25 juillet 1916 (26 N 652\/2), <\/em><a href=\"https:\/\/www.memoiredeshommes.sga.defense.gouv.fr\/fr\/ark:\/40699\/e005278cd260e8c9\/5278cd27a6205\" target=\"_blank\" rel=\"noreferrer noopener\"><em>vues 54-44\/116<\/em><\/a><em>.<\/em><\/li>\n\n<li><em>A.D. de la C\u00f4te-d\u2019Or, \u00e9tat civil num\u00e9ris\u00e9<\/em>, <em>Saint-Prix-l\u00e8s-Arnay (FRAD021EC 568\/008), Denninger Julien (transcription), n\u00b03, 1916, <\/em><a href=\"https:\/\/archives.cotedor.fr\/v2\/ark:\/71137\/g624064e8a6f85b3ad778225ff808611f\/f69cc5725cb64b5c5728c5722abd479a\/357\/ZnJhZDAyMV81NjhfMmU1NjhhcnQwMDlfMDM1Ny5qcGc=\" target=\"_blank\" rel=\"noreferrer noopener\"><em>vues 357-58\/368<\/em><\/a>.<\/li>\n\n<li>(1) (s.d.), <em>Historique du 60<sup>\u00e8me<\/sup> r\u00e9giment <\/em>d\u2019infanterie, \u00e9d. Berger-Levrault, p. 18 [<a href=\"http:\/\/tableaudhonneur.free.fr\/RI-060.pdf\" target=\"_blank\" rel=\"noreferrer noopener\">En ligne<\/a>] Version num\u00e9ris\u00e9 par Jean-Claude Finand.<\/li>\n\n<li>(2) Henry, Fr\u00e9d\u00e9ric (s.d.),&nbsp;\u00ab&nbsp;Bataille de Champagne, 25 septembre 1915&nbsp;\u00bb in <em>Colonel Adrien Henry<\/em> [<a href=\"http:\/\/www.colonel-adrien-henry.fr\/1915-la-champagne.html\" target=\"_blank\" rel=\"noreferrer noopener\">En ligne<\/a>] (consult\u00e9 le 29 juillet 2022).<\/li>\n\n<li>(3) voir les articles&nbsp;: (13 avril 2008 ), \u00ab&nbsp;25 septembre 1915&nbsp;: jour le plus meurtrier&nbsp;\u00bb in <em>Grande-Guerre 14-18<\/em> [<a href=\"http:\/\/www.grande-guerre-1418.com\/index.php?option=com_content&amp;task=view&amp;id=144\" target=\"_blank\" rel=\"noreferrer noopener\">En ligne<\/a>] (consult\u00e9 le 29 juillet 2022)&nbsp;; et LAGNEAU, Laurent (5 mai 2018), \u00ab Selon le site M\u00e9moire des Hommes, le 25 septembre 1915 aurait \u00e9t\u00e9 le jour le plus meurtrier de l\u2019histoire de l\u2019arm\u00e9e fran\u00e7aise&nbsp;\u00bb in <em>Zone militaire&nbsp;: opex360<\/em> [<a href=\"http:\/\/www.opex360.com\/2018\/05\/05\/selon-site-memoire-hommes-25-septembre-1915-aurait-ete-jour-plus-meurtrier-de-lhistoire-de-larmee-francaise\/\" target=\"_blank\" rel=\"noreferrer noopener\">En ligne<\/a>] (consult\u00e9 29 juillet 2022).<\/li>\n\n<li>(4)<em> A.D. de la C\u00f4te-d\u2019Or, population, d\u00e9nombrement de la population,&nbsp;Dijon Ouest 1911 (10 M 239-46),&nbsp;<a href=\"https:\/\/archives.cotedor.fr\/v2\/ark:\/71137\/g3ebf222085f0e5270d234ec5f0c9e625\/e9c977a1b7528e884615bccd65ff6821\/315\/ZnJhZDAyMV8xMG0yMzlfNDZfMDMxNS5qcGc=\">vue 315\/401<\/a>.<\/em><\/li>\n\n<li>(5) Lequien, Claire (s.d.), \u00ab&nbsp;Une entreprise dijonnaise&nbsp;: la biscuiterie Pernot&nbsp;\u00bb in <em>Mus\u00e9es et patrimoine de Dijon<\/em> [<a href=\"https:\/\/musees.dijon.fr\/sites\/default\/files\/flyer_pernot.pdf\" target=\"_blank\" rel=\"noreferrer noopener\">En ligne<\/a>] (consult\u00e9 le 29 juillet 2022).<\/li>\n\n<li>(6) Linder, M. (2011), \u00ab&nbsp;La manufacture des biscuits Pernot&nbsp;\u00bb in <em>Dijon en 1900 <\/em>[<a href=\"http:\/\/dijon1900.blogspot.com\/2010\/07\/la-manufacture-des-biscuits-pernot.html\" target=\"_blank\" rel=\"noreferrer noopener\">En ligne<\/a>] (Consult\u00e9 le 29 juillet 2022).<\/li>\n\n<li>(7) (7 juin 1921), <em>Journal officiel de la R\u00e9publique fran\u00e7aise. Lois et d\u00e9crets<\/em>, p. 3051 [En ligne] Disponible sur <a href=\"https:\/\/gallica.bnf.fr\/ark:\/12148\/bpt6k4221866n\/f657.image.r=%22DENNINGER%20(Julien)%22?rk=21459;2\" target=\"_blank\" rel=\"noreferrer noopener\">Gallica<\/a>.<\/li><\/ul>","protected":false},"excerpt":{"rendered":"<p>DENNINGER Julien \u00a4 25 juin 1892 \u00e0 Arnay-le-Duc\u2020 25 septembre 1915 \u00e0 Jonchery-sur-Suippe (Marne)2e classe \u2013 60e r\u00e9giment d\u2019infanterie \u2013 23 ansSuites de blessures de [&#8230;]<\/p>\n","protected":false},"author":2,"featured_media":0,"parent":0,"menu_order":0,"comment_status":"closed","ping_status":"closed","template":"","meta":{"footnotes":""},"class_list":["post-1485","page","type-page","status-publish","hentry"],"yoast_head":"<!-- This site is optimized with the Yoast SEO plugin v25.6 - https:\/\/yoast.com\/wordpress\/plugins\/seo\/ -->\n<title>DENNINGER Julien - Arnay-le-Duc 1914-1918<\/title>\n<meta name=\"robots\" content=\"index, follow, max-snippet:-1, max-image-preview:large, max-video-preview:-1\" \/>\n<link rel=\"canonical\" href=\"https:\/\/alisteraldridge.fr\/arnay1418\/denninger-julien\/\" \/>\n<meta property=\"og:locale\" content=\"fr_FR\" \/>\n<meta property=\"og:type\" content=\"article\" \/>\n<meta property=\"og:title\" content=\"DENNINGER Julien - Arnay-le-Duc 1914-1918\" \/>\n<meta property=\"og:description\" content=\"DENNINGER Julien \u00a4 25 juin 1892 \u00e0 Arnay-le-Duc\u2020 25 septembre 1915 \u00e0 Jonchery-sur-Suippe (Marne)2e classe \u2013 60e r\u00e9giment d\u2019infanterie \u2013 23 ansSuites de blessures de [...]\" \/>\n<meta property=\"og:url\" content=\"https:\/\/alisteraldridge.fr\/arnay1418\/denninger-julien\/\" \/>\n<meta property=\"og:site_name\" content=\"Arnay-le-Duc 1914-1918\" \/>\n<meta property=\"article:modified_time\" content=\"2023-01-04T15:31:15+00:00\" \/>\n<meta property=\"og:image\" content=\"https:\/\/arnay1418.rarebook-ubfc.fr\/wp-content\/uploads\/2022\/07\/Pioupiou_Pernot-653x1024.jpg\" \/>\n<meta name=\"twitter:card\" content=\"summary_large_image\" \/>\n<meta name=\"twitter:label1\" content=\"Dur\u00e9e de lecture estim\u00e9e\" \/>\n\t<meta name=\"twitter:data1\" content=\"23 minutes\" \/>\n<script type=\"application\/ld+json\" class=\"yoast-schema-graph\">{\"@context\":\"https:\/\/schema.org\",\"@graph\":[{\"@type\":\"WebPage\",\"@id\":\"https:\/\/alisteraldridge.fr\/arnay1418\/denninger-julien\/\",\"url\":\"https:\/\/alisteraldridge.fr\/arnay1418\/denninger-julien\/\",\"name\":\"DENNINGER Julien - Arnay-le-Duc 1914-1918\",\"isPartOf\":{\"@id\":\"https:\/\/alisteraldridge.fr\/arnay1418\/#website\"},\"primaryImageOfPage\":{\"@id\":\"https:\/\/alisteraldridge.fr\/arnay1418\/denninger-julien\/#primaryimage\"},\"image\":{\"@id\":\"https:\/\/alisteraldridge.fr\/arnay1418\/denninger-julien\/#primaryimage\"},\"thumbnailUrl\":\"https:\/\/arnay1418.rarebook-ubfc.fr\/wp-content\/uploads\/2022\/07\/Pioupiou_Pernot-653x1024.jpg\",\"datePublished\":\"2022-07-29T17:18:25+00:00\",\"dateModified\":\"2023-01-04T15:31:15+00:00\",\"breadcrumb\":{\"@id\":\"https:\/\/alisteraldridge.fr\/arnay1418\/denninger-julien\/#breadcrumb\"},\"inLanguage\":\"fr-FR\",\"potentialAction\":[{\"@type\":\"ReadAction\",\"target\":[\"https:\/\/alisteraldridge.fr\/arnay1418\/denninger-julien\/\"]}]},{\"@type\":\"ImageObject\",\"inLanguage\":\"fr-FR\",\"@id\":\"https:\/\/alisteraldridge.fr\/arnay1418\/denninger-julien\/#primaryimage\",\"url\":\"https:\/\/arnay1418.rarebook-ubfc.fr\/wp-content\/uploads\/2022\/07\/Pioupiou_Pernot-653x1024.jpg\",\"contentUrl\":\"https:\/\/arnay1418.rarebook-ubfc.fr\/wp-content\/uploads\/2022\/07\/Pioupiou_Pernot-653x1024.jpg\"},{\"@type\":\"BreadcrumbList\",\"@id\":\"https:\/\/alisteraldridge.fr\/arnay1418\/denninger-julien\/#breadcrumb\",\"itemListElement\":[{\"@type\":\"ListItem\",\"position\":1,\"name\":\"Home\",\"item\":\"https:\/\/alisteraldridge.fr\/arnay1418\/\"},{\"@type\":\"ListItem\",\"position\":2,\"name\":\"DENNINGER Julien\"}]},{\"@type\":\"WebSite\",\"@id\":\"https:\/\/alisteraldridge.fr\/arnay1418\/#website\",\"url\":\"https:\/\/alisteraldridge.fr\/arnay1418\/\",\"name\":\"Arnay-le-Duc 1914-1918\",\"description\":\"Histoire d&#039;une ville bourguignonne pendant la Premi\u00e8re Guerre mondiale\",\"potentialAction\":[{\"@type\":\"SearchAction\",\"target\":{\"@type\":\"EntryPoint\",\"urlTemplate\":\"https:\/\/alisteraldridge.fr\/arnay1418\/?s={search_term_string}\"},\"query-input\":{\"@type\":\"PropertyValueSpecification\",\"valueRequired\":true,\"valueName\":\"search_term_string\"}}],\"inLanguage\":\"fr-FR\"}]}<\/script>\n<!-- \/ Yoast SEO plugin. -->","yoast_head_json":{"title":"DENNINGER Julien - Arnay-le-Duc 1914-1918","robots":{"index":"index","follow":"follow","max-snippet":"max-snippet:-1","max-image-preview":"max-image-preview:large","max-video-preview":"max-video-preview:-1"},"canonical":"https:\/\/alisteraldridge.fr\/arnay1418\/denninger-julien\/","og_locale":"fr_FR","og_type":"article","og_title":"DENNINGER Julien - Arnay-le-Duc 1914-1918","og_description":"DENNINGER Julien \u00a4 25 juin 1892 \u00e0 Arnay-le-Duc\u2020 25 septembre 1915 \u00e0 Jonchery-sur-Suippe (Marne)2e classe \u2013 60e r\u00e9giment d\u2019infanterie \u2013 23 ansSuites de blessures de [...]","og_url":"https:\/\/alisteraldridge.fr\/arnay1418\/denninger-julien\/","og_site_name":"Arnay-le-Duc 1914-1918","article_modified_time":"2023-01-04T15:31:15+00:00","og_image":[{"url":"https:\/\/arnay1418.rarebook-ubfc.fr\/wp-content\/uploads\/2022\/07\/Pioupiou_Pernot-653x1024.jpg","type":"","width":"","height":""}],"twitter_card":"summary_large_image","twitter_misc":{"Dur\u00e9e de lecture estim\u00e9e":"23 minutes"},"schema":{"@context":"https:\/\/schema.org","@graph":[{"@type":"WebPage","@id":"https:\/\/alisteraldridge.fr\/arnay1418\/denninger-julien\/","url":"https:\/\/alisteraldridge.fr\/arnay1418\/denninger-julien\/","name":"DENNINGER Julien - Arnay-le-Duc 1914-1918","isPartOf":{"@id":"https:\/\/alisteraldridge.fr\/arnay1418\/#website"},"primaryImageOfPage":{"@id":"https:\/\/alisteraldridge.fr\/arnay1418\/denninger-julien\/#primaryimage"},"image":{"@id":"https:\/\/alisteraldridge.fr\/arnay1418\/denninger-julien\/#primaryimage"},"thumbnailUrl":"https:\/\/arnay1418.rarebook-ubfc.fr\/wp-content\/uploads\/2022\/07\/Pioupiou_Pernot-653x1024.jpg","datePublished":"2022-07-29T17:18:25+00:00","dateModified":"2023-01-04T15:31:15+00:00","breadcrumb":{"@id":"https:\/\/alisteraldridge.fr\/arnay1418\/denninger-julien\/#breadcrumb"},"inLanguage":"fr-FR","potentialAction":[{"@type":"ReadAction","target":["https:\/\/alisteraldridge.fr\/arnay1418\/denninger-julien\/"]}]},{"@type":"ImageObject","inLanguage":"fr-FR","@id":"https:\/\/alisteraldridge.fr\/arnay1418\/denninger-julien\/#primaryimage","url":"https:\/\/arnay1418.rarebook-ubfc.fr\/wp-content\/uploads\/2022\/07\/Pioupiou_Pernot-653x1024.jpg","contentUrl":"https:\/\/arnay1418.rarebook-ubfc.fr\/wp-content\/uploads\/2022\/07\/Pioupiou_Pernot-653x1024.jpg"},{"@type":"BreadcrumbList","@id":"https:\/\/alisteraldridge.fr\/arnay1418\/denninger-julien\/#breadcrumb","itemListElement":[{"@type":"ListItem","position":1,"name":"Home","item":"https:\/\/alisteraldridge.fr\/arnay1418\/"},{"@type":"ListItem","position":2,"name":"DENNINGER Julien"}]},{"@type":"WebSite","@id":"https:\/\/alisteraldridge.fr\/arnay1418\/#website","url":"https:\/\/alisteraldridge.fr\/arnay1418\/","name":"Arnay-le-Duc 1914-1918","description":"Histoire d&#039;une ville bourguignonne pendant la Premi\u00e8re Guerre mondiale","potentialAction":[{"@type":"SearchAction","target":{"@type":"EntryPoint","urlTemplate":"https:\/\/alisteraldridge.fr\/arnay1418\/?s={search_term_string}"},"query-input":{"@type":"PropertyValueSpecification","valueRequired":true,"valueName":"search_term_string"}}],"inLanguage":"fr-FR"}]}},"featured_image_src":null,"jetpack_sharing_enabled":true,"_links":{"self":[{"href":"https:\/\/alisteraldridge.fr\/arnay1418\/wp-json\/wp\/v2\/pages\/1485"}],"collection":[{"href":"https:\/\/alisteraldridge.fr\/arnay1418\/wp-json\/wp\/v2\/pages"}],"about":[{"href":"https:\/\/alisteraldridge.fr\/arnay1418\/wp-json\/wp\/v2\/types\/page"}],"author":[{"embeddable":true,"href":"https:\/\/alisteraldridge.fr\/arnay1418\/wp-json\/wp\/v2\/users\/2"}],"replies":[{"embeddable":true,"href":"https:\/\/alisteraldridge.fr\/arnay1418\/wp-json\/wp\/v2\/comments?post=1485"}],"version-history":[{"count":2,"href":"https:\/\/alisteraldridge.fr\/arnay1418\/wp-json\/wp\/v2\/pages\/1485\/revisions"}],"predecessor-version":[{"id":2213,"href":"https:\/\/alisteraldridge.fr\/arnay1418\/wp-json\/wp\/v2\/pages\/1485\/revisions\/2213"}],"wp:attachment":[{"href":"https:\/\/alisteraldridge.fr\/arnay1418\/wp-json\/wp\/v2\/media?parent=1485"}],"curies":[{"name":"wp","href":"https:\/\/api.w.org\/{rel}","templated":true}]}}