{"id":1382,"date":"2022-07-14T21:07:09","date_gmt":"2022-07-14T21:07:09","guid":{"rendered":"https:\/\/arnay1418.rarebook-ubfc.fr\/?page_id=1382"},"modified":"2023-01-04T15:16:56","modified_gmt":"2023-01-04T15:16:56","slug":"privet-jules-claude-francois-desire","status":"publish","type":"page","link":"https:\/\/alisteraldridge.fr\/arnay1418\/privet-jules-claude-francois-desire\/","title":{"rendered":"PRIVET Jules Claude Fran\u00e7ois D\u00e9sir\u00e9"},"content":{"rendered":"<div class=\"wp-block-group is-layout-flow wp-block-group-is-layout-flow\"><p class=\"has-text-align-center has-large-font-size\"><strong>PRIVET<\/strong> Jules Claude Fran\u00e7ois D\u00e9sir\u00e9<\/p>\n\n<p class=\"has-text-align-center\">\u00a4 21 avril 1897 \u00e0 Arnay-le-Duc<br>\u2020 11 d\u00e9cembre 1916 \u00e0 l\u2019ambulance 6\/2 \u00e0 Proyart (Somme)<br>Aspirant \u2013 85<sup>e<\/sup> r\u00e9giment d\u2019artillerie lourde \u00e0 tracteurs \u2013 19 ans<br>Mort de suites de ses blessures<br>Mort pour la France<\/p><\/div><div class=\"quote1\">\u00ab\u00a0Dans la nuit, un obus de 210 percute en arri\u00e8re la 3<sup>e<\/sup> pi\u00e8ce\u00a0\u00bb.<\/div><hr class=\"wp-block-separator has-text-color has-black-color has-alpha-channel-opacity has-black-background-color has-background is-style-wide\"\/><h1 class=\"wp-block-heading\">Acte de naissance<\/h1><div class=\"wp-block-group is-layout-flow wp-block-group-is-layout-flow\"><p class=\"has-text-align-center\"><em>N\u00b043<\/em><\/p>\n\n<p class=\"has-text-align-center\"><em>Acte de naissance<br>de<br>Privet, Jules-Claude-<br>Fran\u00e7ois-D\u00e9sir\u00e9<br>(l\u00e9gitime)<br>&#8212;<br>Du 22 avril 1897<br>&#8212;<\/em><\/p>\n\n<p>L\u2019an mil huit cent quatre vingt dix-sept, le vingt-deux avril, \u00e0 l\u2019heure de onze du matin, heure l\u00e9gale, pardevant nous Vollot, Antoine-Fran\u00e7ois, maire, officier de l\u2019\u00e9tat civil de la ville d\u2019Arnay-le-Duc, chef lieu de canton, arrondissement de Beaune, d\u00e9partement de la C\u00f4te-d\u2019Or. A comparu le sieur Privet, Fran\u00e7ois, \u00e2g\u00e9 de vingt-six ans, boucher, domicili\u00e9 \u00e0 Arnay-le-Duc, rue Saint-Honor\u00e9, lequel nous a pr\u00e9sent\u00e9 un enfant du sexe masculin, n\u00e9 hier \u00e0 neuf heures du soir, heure l\u00e9gale, en son domicile, de son mariage contract\u00e9 \u00e0 Arnay-le-Duc le douze octobre mil huit cent quatre-vingt-seize avec Meuriot, Jeanne-Marie, \u00e2g\u00e9e de vingt-deux ans, sans profession, domicili\u00e9e avec lui et auquel enfant il a d\u00e9clar\u00e9 donner les pr\u00e9noms de&nbsp;: Jules-Claude-Fran\u00e7ois-D\u00e9sir\u00e9. Lesdites pr\u00e9sentation et d\u00e9claration faites en pr\u00e9sence des sieurs Rouy\u00e8re, Hippolyte, \u00e2g\u00e9 de trente-cinq ans, \u00e9picier, Privet Claude, \u00e2g\u00e9 de trente-sept ans, charpentier, tous deux oncles de l\u2019enfant, domicili\u00e9s \u00e0 Arnay-le-Duc, et ont le p\u00e8re de l\u2019enfant et les deux t\u00e9moins sign\u00e9 avec nous le pr\u00e9sent acte de naissance apr\u00e8s lecture faite.<br>[Signatures] Privet Claude \/ Privet Xavier \/ Rouy\u00e8re H. \/ A. Vollot<\/p><\/div><p>[<a href=\"https:\/\/archives.cotedor.fr\/v2\/ark:\/71137\/g8b89b0b015e74cce53f94d1cdd5b75cb\/afa47e097da50238bb8ebd59d55fc3ef\/16\/ZnJhZDAyMV8wMjZfMmUwMjZhcnQwMzNfMDAxNi5qcGc=\" target=\"_blank\" rel=\"noreferrer noopener\">Lien vers le document original<\/a>]<\/p><h1 class=\"wp-block-heading\">Fiche matricule<\/h1><div class=\"tableFM\">\n<em>D\u00e9c\u00e9d\u00e9<\/em>\n<p><strong>Nom : <\/strong><em>Privet<\/em><br>\n<strong>Pr\u00e9noms : <\/strong><em>Jules Claude Fran\u00e7ois D\u00e9sir\u00e9<\/em><br>\n<strong>Surnoms : <\/strong><em>_<\/em><br>\n<strong>Num\u00e9ro matricule du recrutement : <\/strong><em>1341<\/em><br>\n<strong>Classe de mobilisation : <\/strong><em>_<\/em><\/p>\n<hr>\n<h3>\u00c9tat civil :<\/h3>\n<p><strong>N\u00e9 le<\/strong> <em>22 avril 1897<\/em>, <strong>\u00e0<\/strong> <em>Arnay-le-Duc<\/em>, <strong>canton d<\/strong><em>u dit<\/em>, <strong>d\u00e9partement de<\/strong> <em>la C\u00f4te-d&rsquo;Or<\/em>, <strong>r\u00e9sidant \u00e0<\/strong> <em>Arnay-le-Duc<\/em>, <strong>canton d<\/strong><em>u dit<\/em>, d\u00e9partement de<\/strong> <em>la C\u00f4te-d&rsquo;Or<\/em>, <strong>profession d<\/strong><em>&lsquo;\u00e9tudiant<\/em>, <strong>fils de<\/strong> <em>Fran\u00e7ois<\/em><strong> et de<\/strong> <em>Meuriot Jeanne Marie<\/em><strong> domicili\u00e9s \u00e0<\/strong> <em>Arnay-le-Duc<\/em>, <strong>canton d<\/strong><em>u dit<\/em>, <strong>d\u00e9partement de<\/strong> <em>la C\u00f4te-d&rsquo;Or<\/em>.<\/p>\n<p><strong>Mari\u00e9 \u00e0 <\/strong><em>_<\/em>.<\/p>\n<hr>\n<h3>Signalement :<\/h3>\n<p><strong>Cheveux<\/strong> <em>ch\u00e2tains<\/em>, <strong>Yeux<\/strong> <em>gris<\/em>,<br>\n<strong>Front<\/strong> <em>large<\/em>, <strong>Nez<\/strong> <em>rectiligne<\/em>,<br>\n<strong>Visage<\/strong> <em>ovale<\/em>, <strong>Renseignements physionomiques<br>\ncompl\u00e9mentaires :<\/strong> <em>_<\/em><br>\n<strong>Taille :<\/strong> <em>1<\/em><strong> m\u00e8tre <\/strong><em>77<\/em> <strong>centim\u00e8tres.<br>\nTaille rectifi\u00e9e :<\/strong> <em>1<\/em><strong> m\u00e8tre <\/strong><em>_<\/em> <strong>centim\u00e8tres.<\/strong><br>\n<strong>Marques particuli\u00e8res : <\/strong><em>_<\/em><br>\n<strong>Degr\u00e9 d\u2019instruction : <\/strong><em>_<\/em><\/p>\n<hr>\n<h3>D\u00e9cision du conseil de r\u00e9vision et motifs :<\/h3>\n<p><strong>Inscrit sous le n\u00b0<\/strong><em>69<\/em> <strong>de la liste du canton d&rsquo;<\/strong><em>Arnay-le-Duc<\/em><br>\n<strong>Class\u00e9 dans la<\/strong> <em>7<sup>e<\/sup><\/em> <strong>partie de la liste en 19<\/strong><em>15 (service arm\u00e9)<\/em><\/p>\n<p><em>A obtenu en 1915 un sursis d&rsquo;incorporation article 21 de la loi du 21 mars 1905<\/em>.<\/p>\n<hr>\n<h3>Corps d\u2019affectation \/ Num\u00e9ros au contr\u00f4le sp\u00e9cial \u2013 matricule ou au r\u00e9pertoire<\/h3>\n<p><strong>Dans l\u2019arm\u00e9e active :<\/strong> <em>85<sup>e<\/sup> r\u00e9giment d&rsquo;artillerie lourde<\/em><br>\n<strong>Disponibilit\u00e9 et r\u00e9serve de l\u2019arm\u00e9e active :<\/strong> <em>_<\/em><br>\n<strong>Arm\u00e9e territoriale et sa r\u00e9serve :<\/strong> <em>_<\/em><\/p>\n<hr>\n<h3>D\u00e9tail des services et mutations diverses.<\/h3>\n<p><em>Incorpor\u00e9 \u00e0 compter du 11 janvier 1916. Arriv\u00e9 au corps ledit jour. Le 1<sup>er<\/sup> juin 1916, parti suivre le cours des \u00e9l\u00e8ves aspirants \u00e0 Fontainebleau. Nomm\u00e9 aspirant le 15 septembre 1916. Journal officiel du 28 octobre 1916, le 7 novembre 1916. D\u00e9c\u00e9d\u00e9 des suites de ses blessures \u00e0 l&rsquo;ambulance 6\/2 (S.P. 110) le 11 d\u00e9cembre 1916 (avis minist\u00e9riel n\u00b0H1047 du 21 d\u00e9cembre 1916). Ray\u00e9 le 13 janvier 1917.<\/em><\/p>\n<hr>\n<h3>Ant\u00e9c\u00e9dents judiciaires et condamnations<\/h3>\n<p><em>_<\/em>.<\/p>\n<h3>Campagnes<\/h3>\n<p><em>Contre l&rsquo;Allemagne du 11 janvier 1916 au 11 d\u00e9cembre 1916<\/em>.<\/p>\n<h3>Blessures, citations, d\u00e9corations, etc.<\/h3>\n<p><em>Bless\u00e9 le 11 d\u00e9cembre 1916 dans les tranch\u00e9es de 1\u00e8re ligne \u00e0 l&rsquo;Est de Berny-en-Santerre, \u00ab\u00a0atteint au ventre de plusieurs \u00e9clats de grenades\u00a0\u00bb.<\/em>.<\/p>\n<hr>\n<h3>Localit\u00e9s successives habit\u00e9es<br>par suite de changements de domicile ou de r\u00e9sidence<\/h3>\n<strong>Dates \/ Communes \/ Subdivisions de r\u00e9gion \/ D : Domicile, R : R\u00e9sidence<\/strong>\n<p><em>_<\/em>.<\/p>\n<hr>\n<h3>P\u00e9riodes d&rsquo;exercices<\/h3>\n<p><strong>R\u00e9serve : 1<sup>re<\/sup> dans le<\/strong><em>_,<\/em> <strong>du<\/strong> <em>_<\/em> <strong>au<\/strong> <em>_<\/em><\/strong>.<br>\n<strong>&#8211; 2<sup>e<\/sup> dans le<\/strong><em>_,<\/em> <strong>du<\/strong> <em>_<\/em> <strong>au<\/strong> <em>_<\/em><\/strong>.<br>\n<strong>&#8211; Suppl\u00e9mentaire dans le<\/strong><em>_,<\/em> <strong>du<\/strong> <em>_<\/em> <strong>au<\/strong> <em>_<\/em><\/strong>.<br>\n<strong>Arm\u00e9e territoriale : 1<sup>re<\/sup> dans le<\/strong><em>_,<\/em> <strong>du<\/strong> <em>_<\/em> <strong>au<\/strong> <em>_<\/em><\/strong>.<br>\n<strong>&#8211; Suppl\u00e9mentaire dans le<\/strong><em>_,<\/em> <strong>du<\/strong> <em>_<\/em> <strong>au<\/strong> <em>_<\/em><\/strong>.<br>\n<strong>Sp\u00e9ciales aux hommes du service de garde des voies de communication :<\/strong><\/em>_<\/em>.<\/p>\n<hr>\n<h3>\u00c9poque \u00e0 laquelle l\u2019homme doit passer dans :<\/h3>\n<p><strong>La r\u00e9serve de l\u2019arm\u00e9e active :<\/strong><em>_<\/em><br>\n<strong>L\u2019arm\u00e9e territoriale :<\/strong><em>_<\/em><br>\n<strong>La r\u00e9serve de l\u2019arm\u00e9e territoriale : <\/strong><em>_<\/em><br>\n<strong>Date de la lib\u00e9ration du service militaire :<\/strong><em>_<\/em><\/p>\n<\/div><p>[<a href=\"https:\/\/archives.cotedor.fr\/v2\/ark:\/71137\/g4db828feef5d497c3f7d8a210dc11074\/d4c37fde60071096419a10fc987ef2d2\/536\/ZnJhZDAyMV9yMjUzMV8wNTM2LmpwZw==\" target=\"_blank\" rel=\"noreferrer noopener\">Lien vers le document original<\/a>]<\/p><h1 class=\"wp-block-heading\">Journal des marches et op\u00e9rations du 85<sup>e<\/sup> r\u00e9giment d\u2019artillerie lourde \u00e0 tracteurs, 10<sup>e<\/sup> groupe, 20<sup>e<\/sup> batterie<\/h1><p>Au d\u00e9but de la guerre, l\u2019artillerie fran\u00e7aise souffre de s\u00e9rieuses lacunes. Certes, le fameux canon de 75 mm fran\u00e7ais qui peuple les r\u00e9giments d\u2019artillerie de campagne (abr\u00e9g\u00e9 en RAC) est redoutable et performant, mais seulement \u00e0 courte distance avec sa port\u00e9e de 4 \u00e0 7 kilom\u00e8tres. L\u2019artillerie lourde devient n\u00e9cessaire d\u00e8s les premiers combats, durant lesquels il appara\u00eet que la France est bien d\u00e9munie face aux gros calibres allemands. Dans un cours r\u00e9dig\u00e9 en 1922, le capitaine Leroy rappelle que \u00ab&nbsp;nombre d\u2019entre nous ont dans la m\u00e9moire le souvenir des heures graves o\u00f9 le sentiment de notre impuissance se fit jour en face de canons qui, \u00e0 l\u2019abri de nos atteintes, ne prenaient m\u00eame pas la peine de se masquer et pouvaient nous \u00e9craser en toute s\u00e9curit\u00e9<sup>(1)<\/sup>&nbsp;\u00bb. L\u2019arm\u00e9e entame alors un grand remaniement de cette arme, et fait augmenter la production de gros calibres, acheminer certains canons utilis\u00e9s par la marine, et diminuer les exportations vers la Russie. Il existe plusieurs types de r\u00e9giments d\u2019artillerie lourde. Ces r\u00e9giments peuvent \u00eatre hippomobiles (RALH), sur voie ferr\u00e9e (ALVF), ou \u00e0 tracteurs (RALT) comme le 85<sup>e<\/sup> r\u00e9giment.<\/p><center><figure class=\"wp-block-embed is-type-rich is-provider-embed-handler wp-block-embed-embed-handler\"><div class=\"wp-block-embed__wrapper\">\n<div style=\"width: 640px;\" class=\"wp-video\"><!--[if lt IE 9]><script>document.createElement('video');<\/script><![endif]-->\n<video class=\"wp-video-shortcode\" id=\"video-1382-1\" width=\"640\" height=\"360\" preload=\"metadata\" controls=\"controls\"><source type=\"video\/mp4\" src=\"https:\/\/imagesdefense.gouv.fr\/media\/catalog\/product\/video\/101262.mp4?_=1\" \/><a href=\"https:\/\/imagesdefense.gouv.fr\/media\/catalog\/product\/video\/101262.mp4\">https:\/\/imagesdefense.gouv.fr\/media\/catalog\/product\/video\/101262.mp4<\/a><\/video><\/div>\n<\/div><figcaption>Film produit par la Section photographique et cin\u00e9matographique de l&rsquo;arm\u00e9e, intitul\u00e9e <em>Compilation : images d&rsquo;artillerie lourde et l\u00e9g\u00e8re.<\/em><br>Source <a rel=\"noreferrer noopener\" href=\"https:\/\/imagesdefense.gouv.fr\/fr\/compilation-images-d-artillerie-lourde-et-legere.html\" target=\"_blank\">Images D\u00e9fense<\/a>.<br>Cliquer sur le lien ci-dessus pour davantage d&rsquo;information sur le mat\u00e9riel pr\u00e9sent dans la vid\u00e9o.<\/figcaption><\/figure><\/center><p>Cinq r\u00e9giments d\u2019artillerie lourde \u00e0 tracteurs sont cr\u00e9\u00e9s le 13 octobre 1915, num\u00e9rot\u00e9s 81 \u00e0 85. Le 85<sup>e<\/sup> r\u00e9giment est compos\u00e9 de 12 groupes, six de canons et six de mortiers. L\u2019aspirant Privet appartient \u00e0 la 20<sup>e<\/sup> batterie du 10<sup>e<\/sup> groupe. Constitu\u00e9 \u00e0 Vincennes, il est \u00e9quip\u00e9 de mortiers Schneider de 220 mm, fabriqu\u00e9s en partie au Creusot. Le groupe part pour le front en f\u00e9vrier 1916<sup>(2)<\/sup>.<\/p>            <div class=\"oxi-addons-container noLightbox oxi-image-hover-wrapper-48 \" id=\"oxi-image-hover-wrapper-48\">\n                <div class=\"oxi-addons-row\">\n                                <div class=\"oxi_addons__light_box_style_1 oxi_addons__light_box oxi-bt-col-lg-12 oxi-bt-col-md-12 oxi-bt-col-sm-12  \">\n                <div class=\"oxi_addons__light_box_parent oxi_addons__light_box_parent-48-0\">\n\n                    <div id=\"oxi_lg_sub_html_48_0\" class=\"oxi_addons__lg_subhtml\" style=\"display:none;\">\n                        <h3 class=\"oxi_addons__heading\">Photographie d'un mortier de 220 mm.<\/h3><div class=\"oxi_addons__details\">Photographie : Usine du Creusot. Mortier Schneider de 220 mm. En batterie, vu de gauche [Section photographique de l\u2019arm\u00e9e](<\/div>                    <\/div>\n\n                    <a class=\"glightbox oxi_addons__light_box_item\"\n                        href=\"https:\/\/arnay1418.rarebook-ubfc.fr\/wp-content\/uploads\/2022\/07\/Mortiers.png\"\n                        data-caption-id=\"oxi_lg_sub_html_48_0\"\n                        data-type=\"image\">\n\n                                                    <div class=\"oxi_addons__image_main oxi_addons__custom_width_height\"\n                                style=\"background-image: url('https:\/\/arnay1418.rarebook-ubfc.fr\/wp-content\/uploads\/2022\/07\/Mortiers.png');\">\n                                <div class=\"oxi_addons__overlay\">\n                                    <i class=\"fas fa-search oxi-icons\"><\/i>                                <\/div>\n                            <\/div>\n                        \n                        \n                    <\/a>\n                <\/div>\n\n                            <\/div>\n                            <\/div>\n            <\/div>\n\t\t\t<p class=\"has-text-align-center\">Photographie&nbsp;: <em>Usine du Creusot. Mortier Schneider de 220 mm. En batterie, vu de gauche <\/em>[Section photographique de l\u2019arm\u00e9e]<sup>(3)<\/sup>.<br>Cliquer pour agrandir.<\/p><p>Bien que positionn\u00e9s quelque peu en trait, les artilleurs de ces r\u00e9giments sont constamment \u00e0 risque. Le risque de l\u2019ennemi, bien s\u00fbr, car l\u2019artillerie chasse l\u2019artillerie, mais aussi celui des tirs rat\u00e9s et des munitions de mauvaise qualit\u00e9, des cons\u00e9quences de la poudre et du bruit sur la sant\u00e9, et la fatigue. De jour comme de nuit, par canicule comme par grand froid, par d\u00e9luge de pluie comme d\u2019obus, les artilleurs doivent mettre en pi\u00e8ce les batteries ou les d\u00e9monter, les transporter, assurer leur entretien et les utiliser.<\/p><p>Le 1 juin 1916, Jules Privet est envoy\u00e9 \u00e0 Fontainebleau pour suivre les cours des \u00e9l\u00e8ves-aspirants de l\u2019artillerie. L\u2019aspirant est celui qui \u00ab&nbsp;aspire&nbsp;\u00bb \u00e0 devenir officier. \u00catre sous-officier ou officier d\u2019artillerie requiert un certain degr\u00e9 d\u2019instruction. Il faut notamment \u00eatre bon en math\u00e9matiques pour pointer et r\u00e9gler les tirs avec pr\u00e9cision. Les pointeurs et tireurs savent au moins lire, \u00e9crire et compter, ce qui n\u2019est alors pas le cas de toute la population fran\u00e7aise mobilis\u00e9e dans la guerre. Un artilleur qui a un faible niveau d\u2019instruction ne peut qu\u2019esp\u00e9rer effectuer des t\u00e2ches certes cruciales mais subalternes, comme conducteur ou servant. Ayant \u00e9t\u00e9 scolaris\u00e9 dans deux lyc\u00e9es lyonnais, dont un prestigieux, le lyc\u00e9e Amp\u00e8re (le lyc\u00e9e du Parc vient seulement d\u2019ouvrir), Jules Privet entre dans cette cat\u00e9gorie d\u2019artilleurs qui peuvent aspirer \u00e0 devenir officiers, ce qu\u2019il fait avec succ\u00e8s avant d\u2019\u00eatre tu\u00e9.<\/p><p>De juin 1916 \u00e0 janvier 1917, le 10<sup>e<\/sup> groupe du 85<sup>e<\/sup> r\u00e9giment d\u2019artillerie lourde est dans la Somme, \u00e0 l\u2019Est d\u2019Amiens. Il y reste de longs mois. Du 5 novembre au 3 d\u00e9cembre, le groupe est retir\u00e9 des premi\u00e8res lignes pour partir en repos. Il remonte alors en premi\u00e8re ligne, quelque peu \u00e0 l\u2019Est de Berny-en-Santerre.<\/p><p>Entr\u00e9es du 7 au 11 d\u00e9cembre 1916&nbsp;:<\/p><p class=\"has-white-background-color has-background\"><strong>7 d\u00e9cembre<\/strong><br>Vers 16 heures la Batterie subit un tir fusant* d\u2019une dur\u00e9e d\u2019environ 20 minutes.<br><strong>8 d\u00e9cembre<\/strong><br>M. le sous-lieutenant Fran\u00e7ois est class\u00e9 \u00e0 l\u2019\u00e9tat-major du 10<sup>e<\/sup> groupe.<br><strong>9 d\u00e9cembre<br><\/strong>Tir de r\u00e9glage sur observatoire du Bois des Cytises&nbsp;: 18 coups&nbsp;: journ\u00e9e calme.<br><strong>10 d\u00e9cembre<br><\/strong>Tr\u00e8s violent bombardement subi par la Batterie entre 12 et 14 heures&nbsp;: plusieurs obus de gros calibre \u00e9clatent sous la batterie&nbsp;: \u00e0 la 2<sup>e<\/sup> pi\u00e8ce une partie du parc est d\u00e9truite&nbsp;: dans la nuit, salve sur la Batterie.<br><strong>11 d\u00e9cembre<br><\/strong>Toute la matin\u00e9e, la Batterie est soumise \u00e0 un assez vif bombardement&nbsp;: dans la nuit un obus de 210** percute en arri\u00e8re de la 3<sup>e<\/sup> pi\u00e8ce&nbsp;: M. le sous-lieutenant [Dantant&nbsp;?] et l\u2019aspirant Privet Jules sont bless\u00e9s en allant \u00e0 l\u2019observatoire et tous deux \u00e9vacu\u00e9s.<\/p><p>* tir fusant&nbsp;: projectile dot\u00e9 d\u2019une fus\u00e9e qui doit \u00e9clater \u00e0 un point donn\u00e9 de sa trajectoire.<br>** calibre de 210 millim\u00e8tres.<\/p><p>[<a href=\"https:\/\/www.memoiredeshommes.sga.defense.gouv.fr\/fr\/ark:\/40699\/e00527f995e35907\/527f995e82450\" target=\"_blank\" rel=\"noreferrer noopener\">Lien vers le document original<\/a>]<\/p><h1 class=\"wp-block-heading\">D\u00e9c\u00e8s<\/h1><div class=\"wp-block-group is-layout-flow wp-block-group-is-layout-flow\"><p class=\"has-text-align-center\"><em>&nbsp;&nbsp;&nbsp;&nbsp;&nbsp;&nbsp;&nbsp;&nbsp;&nbsp;&nbsp;N\u00b067&nbsp;&nbsp;&nbsp;&nbsp;&nbsp;&nbsp;&nbsp;&nbsp;&nbsp;&nbsp;&nbsp;&nbsp;<\/em><\/p>\n\n<p class=\"has-text-align-center\"><em>Transcription d\u2019acte de d\u00e9c\u00e8s<br>de <strong>Privet<\/strong> Jules Claude<br>Fran\u00e7ois D\u00e9sir\u00e9<br>&#8212;<br><strong>Mort pour la France<\/strong><br>&#8212;<br>Du 17 juillet 1917<br>&#8212;<\/em><\/p>\n\n<p class=\"has-text-align-center\">Acte de d\u00e9c\u00e8s<\/p>\n\n<p>L\u2019an mil neuf cent seize le onze du mois de D\u00e9cembre \u00e0 neuf heures quarante cinq minutes du soir, \u00e9tant \u00e0 Proyart, canton de Chaulnes, d\u00e9partement de la Somme. Acte de d\u00e9c\u00e8s de <strong>Privet<\/strong> Jules-Claude-Fran\u00e7ois-D\u00e9sir\u00e9, aspirant au 85<sup>e<\/sup> r\u00e9giment d\u2019artillerie lourde, 10<sup>e<\/sup> groupe, 20<sup>e<\/sup> batterie, classe 1917, immatricul\u00e9 sous le n\u00b0 six cent neuf et mille trois cent quarante et un au recrutement d\u2019Auxonne, n\u00e9 le vingt-deux avril mil huit cent quatre vingt dix sept \u00e0 Arnay-le-Duc, canton dudit, d\u00e9partement la C\u00f4te-d\u2019Or domicili\u00e9 en dernier lieu \u00e0 Arnay-le-Duc canton dudit (C\u00f4te-d\u2019Or) \u2018\u2019Mort pour la France\u2019\u2019 \u00e0 Proyart (Somme) le onze du mois de d\u00e9cembre \u00e0 neuf heures trente minutes du soir des suites de ses blessures, fils de Fran\u00e7ois et de Meuriot Jeanne-Marie domicili\u00e9s \u00e0 Arnay-le-Duc canton dudit d\u00e9partement de la C\u00f4te-d\u2019Or conform\u00e9ment \u00e0 l\u2019article 77 du Code Civil, nous nous sommes transport\u00e9 aupr\u00e8s de la personne d\u00e9c\u00e9d\u00e9e et assur\u00e9 de la r\u00e9alit\u00e9 du d\u00e9c\u00e8s. Dress\u00e9 par nous Cottart Marcel, officier d\u2019administration de 3<sup>e<\/sup> classe, gestionnaire officier de l\u2019\u00c9tat civil sur la d\u00e9claration de Delage Jacques quarante-deux ans, m\u00e9decin-major de 2<sup>e<\/sup> classe, et de Mette Georges, trente deux ans, caporal, 2<sup>e<\/sup> section d\u2019Infirmiers militaires, t\u00e9moins qui ont sign\u00e9 avec nous apr\u00e8s lecture. Le 1<sup>er<\/sup> t\u00e9moin. Sign\u00e9&nbsp;: Jacques Delage. Le 2<sup>e<\/sup> t\u00e9moin, sign\u00e9&nbsp;: G. Mette. L\u2019officier de l\u2019\u00c9tat Civil, sign\u00e9&nbsp;: M.&nbsp; Cottart. Pour exp\u00e9dition conforme&nbsp;: l\u2019officier de l\u2019Etat-Civil sign\u00e9&nbsp;: M. Cottart.<br>Vu par nous Delage Jacques m\u00e9decin-chef.<br>Sign\u00e9&nbsp;: Jacques Delage.<br>Vu pour l\u00e9galisation de la signature de M. Delage Jacques. Paris le 24 mai 1917. Le ministre de la Guerre par d\u00e9l\u00e9gation&nbsp;:<br>Le chef du bureau des archives administratives. Signature illisible.<br>L\u2019acte ci-dessus a \u00e9t\u00e9 transcrit le dix-sept juillet mil neuf cent dix sept, quatorze heures par nous Nicolas Justin Hutin maire d\u2019Arnay-le-Duc.<br>[Signature] Hutin<em><br><\/em>[<a rel=\"noreferrer noopener\" href=\"https:\/\/archives.cotedor.fr\/v2\/ark:\/71137\/g77c864dae582bb1df5090c4ce3b62a10\/8c2f9bcd65715cd287912f7535d81667\/84\/ZnJhZDAyMV8wMjZfMmUwMjZhcnQwMzdfMDA4NC5qcGc=\" target=\"_blank\">Lien vers le document original<\/a>]<\/p><\/div><h1 class=\"wp-block-heading\">Donn\u00e9es additionnelles<\/h1><p>En 1911, la famille Privet est recens\u00e9e rue Seurre \u00e0 Arnay-le-Duc. Jules a deux fr\u00e8res, Eug\u00e8ne n\u00e9 en 1898 et Georges en 1902. Ses parents sont bouchers. Le p\u00e8re, Fran\u00e7ois Privet, signe toujours les actes avec le surnom de Xavier Privet. Les parents de Jules insiste certainement sur les \u00e9tudes de leur fils a\u00een\u00e9, qui obtient probablement une bourse pour poursuivre une \u00e9ducation plus pouss\u00e9e que celle de ses fr\u00e8res.<\/p><p>Lorsque Jules passe devant le conseil de r\u00e9vision en 1915 (la classe 1917 est appel\u00e9e en janvier 1916 pour essayer de pallier les pertes), il est class\u00e9 dans la 7<sup>e<\/sup> partie du recrutement cantonal, c\u2019est-\u00e0-dire qu\u2019il obtient \u00e0 sa demande un sursis d\u2019incorporation en vertu de l\u2019article 21 de la loi de 1905. Selon cette loi, le sursis peut \u00eatre accord\u00e9 aux hommes qui sont soutien de famille, indispensable \u00e0 une exploitation agricole, r\u00e9sidant \u00e0 l\u2019\u00e9tranger, ou faisant leurs \u00e9tudes. Cette derni\u00e8re situation semble \u00eatre celle qui concerne Jules Privet puisqu\u2019il \u00e9tudie dans les lyc\u00e9es Amp\u00e8re et du Parc \u00e0 Lyon (son nom est inscrit sur les plaques comm\u00e9moratives de ces \u00e9tablissements). Nous ne savons pas dans quel ordre, mais le lyc\u00e9e du Parc n\u2019ouvre qu\u2019en 1914, rentr\u00e9e compliqu\u00e9e par la d\u00e9claration de guerre qui limite les inscriptions des \u00e9l\u00e8ves puisque les b\u00e2timents sont en grande partie transform\u00e9s en caserne et h\u00f4pital.<\/p><p>Gri\u00e8vement bless\u00e9 lors d\u2019un bombardement dans la matin\u00e9e du 11 d\u00e9cembre 1916, l\u2019aspirant Privet est \u00e9vacu\u00e9 \u00e0 Proyart, \u00e0 environ 10 kilom\u00e8tres de sa position. Il d\u00e9c\u00e8de dans l\u2019ambulance 6\/2 vers 21 h 30.<\/p><p>Le nom de Jules Privet est inscrit le tableau des pertes du 85<sup>e<\/sup> r\u00e9giment d\u2019infanterie<sup>(4)<\/sup>, ainsi que dans le livre d\u2019or des lyc\u00e9ens lyonnais<sup>(5)<\/sup>. Le p\u00e8re de Jules, Fran\u00e7ois, et son fr\u00e8re Eug\u00e8ne sont eux aussi mobilis\u00e9s pendant la guerre. Fran\u00e7ois sert dans l\u2019infanterie de 1915 \u00e0 1918. Eug\u00e8ne est incorpor\u00e9 six mois apr\u00e8s la mort de son fr\u00e8re a\u00een\u00e9, dans le m\u00eame r\u00e9giment d\u2019artillerie lourde. Il revient de la guerre physiquement indemne et sera \u00e0 nouveau mobilis\u00e9 en 1940. Fait prisonnier, il est lib\u00e9r\u00e9 en mars 1941. Le cadet de la famille, Georges, \u00e9pouse en 1924 Marie Louise Jos\u00e9phine Moreau, la s\u0153ur de <a href=\"https:\/\/alisteraldridge.fr\/arnay1418\/moreau-joseph\/\" target=\"_blank\" rel=\"noreferrer noopener\">Joseph<\/a>, tu\u00e9 \u00e0 l\u2019ennemi le 9 juin 1918<sup>(6)<\/sup>.<\/p><p>L&rsquo;aspirant Privet repose aujourd\u2019hui \u00e0 la n\u00e9cropole nationale d\u2019Albert, dans la Somme, aux c\u00f4t\u00e9s de Jean Baptiste <a href=\"https:\/\/alisteraldridge.fr\/arnay1418\/cottin-jean-baptiste\/\" target=\"_blank\" rel=\"noreferrer noopener\">Cottin<\/a> et de 6 291 autres soldats.<\/p><h1 class=\"wp-block-heading\">Carte<\/h1><p><a href=\"\/\/umap-mshe.univ-fcomte.fr\/fr\/map\/carte-sans-nom_112\">Voir en plein \u00e9cran<\/a><\/p><h1 class=\"wp-block-heading\">Sources<\/h1><ul class=\"wp-block-list\"><li><em>A. D. de la C\u00f4te-d\u2019Or, \u00e9tat civil num\u00e9ris\u00e9, Arnay-le-Duc 1897 \u2013 1900 (FRAD021EC 26\/037), Privet Jules Claude Fran\u00e7ois D\u00e9sir\u00e9, n\u00b043, 1897, <\/em><a href=\"https:\/\/archives.cotedor.fr\/v2\/ark:\/71137\/g8b89b0b015e74cce53f94d1cdd5b75cb\/afa47e097da50238bb8ebd59d55fc3ef\/16\/ZnJhZDAyMV8wMjZfMmUwMjZhcnQwMzNfMDAxNi5qcGc=\" target=\"_blank\" rel=\"noreferrer noopener\"><em>vues 16-17\/300<\/em><\/a><em>.<\/em><\/li>\n\n<li><em>A.D. de la C\u00f4te-d\u2019Or, recrutement militaire (1867-1940)<\/em>, <em>classe 1917, bureau d\u2019Auxonne (R 2531), <\/em><a href=\"https:\/\/archives.cotedor.fr\/v2\/ark:\/71137\/g4db828feef5d497c3f7d8a210dc11074\/d4c37fde60071096419a10fc987ef2d2\/536\/ZnJhZDAyMV9yMjUzMV8wNTM2LmpwZw==\" target=\"_blank\" rel=\"noreferrer noopener\"><em>vue 536\/687<\/em><\/a>.<\/li>\n\n<li><em>S.H.D,&nbsp;M\u00e9moire des Hommes, Journaux des marches et op\u00e9rations des corps de troupe, 85<sup>e<\/sup> r\u00e9giment d\u2019artillerie lourde \u00e0 tracteurs \u2013 10<sup>e<\/sup> groupe \u2013 20<sup>e<\/sup> batterie, 11 f\u00e9vrier \u2013 31 d\u00e9cembre 1916 (26 N 1098\/21), <\/em><a href=\"https:\/\/www.memoiredeshommes.sga.defense.gouv.fr\/fr\/ark:\/40699\/e00527f995e35907\/527f995e82450\" target=\"_blank\" rel=\"noreferrer noopener\"><em>vue 21\/22<\/em><\/a>.<\/li>\n\n<li><em>A.D. de la C\u00f4te-d\u2019Or, \u00e9tat civil num\u00e9ris\u00e9<\/em>, <em>Arnay-le-Duc 1916 \u2013 1920 (FRAD021EC 26\/041), Privet Jules Claude Fran\u00e7ois D\u00e9sir\u00e9 (transcription), n\u00b077, 1917, <\/em><a href=\"https:\/\/archives.cotedor.fr\/v2\/ark:\/71137\/g77c864dae582bb1df5090c4ce3b62a10\/8c2f9bcd65715cd287912f7535d81667\/84\/ZnJhZDAyMV8wMjZfMmUwMjZhcnQwMzdfMDA4NC5qcGc=\" target=\"_blank\" rel=\"noreferrer noopener\"><em>vues 84-85\/329<\/em><\/a><em>.<\/em><\/li>\n\n<li>(1) Leroy (1922), <em>Historique et organisation de l\u2019artillerie : l\u2019artillerie fran\u00e7ais depuis le 2 ao\u00fbt 1014, imprimerie de l\u2019Ecole militaire de l\u2019artillerie<\/em>, p. 5 [En ligne] (consult\u00e9 le 5 juin 2022) Disponible sur <a href=\"https:\/\/gallica.bnf.fr\/ark:\/12148\/bpt6k6555838j\">Galli<\/a><a href=\"https:\/\/gallica.bnf.fr\/ark:\/12148\/bpt6k6555838j\" target=\"_blank\" rel=\"noreferrer noopener\">c<\/a><a href=\"https:\/\/gallica.bnf.fr\/ark:\/12148\/bpt6k6555838j\">a<\/a>.<\/li>\n\n<li>(2) (1920), <em>Historique des 85<sup>e<\/sup> et 285<sup>e<\/sup> r\u00e9giments d\u2019artillerie lourde \u00e0 tracteurs automobiles&nbsp;: campagne 1914-1918<\/em>, Dijon, J. Belvet, p. 26 [En ligne]. Disponible sur <a href=\"https:\/\/gallica.bnf.fr\/ark:\/12148\/bpt6k6262273j\/f28.item.r=Xe\" target=\"_blank\" rel=\"noreferrer noopener\">Gallica<\/a>.<\/li>\n\n<li>(3) Section photographique de l\u2019arm\u00e9e. Don Schneider (5 janvier 1917), \u00ab&nbsp;Usine du Creusot. Mortier Schneider de 220 mm. En batterie, vu de gauche&nbsp;\u00bb (VAL GF 11\/056b), in <em>Biblioth\u00e8que num\u00e9rique de La Contemporaine<\/em> [<a rel=\"noreferrer noopener\" href=\"https:\/\/argonnaute.parisnanterre.fr\/ark:\/14707\/a011500991646cly4Ct\" target=\"_blank\">En ligne<\/a>] (consult\u00e9 le 5 juin 2022).<\/li>\n\n<li>(4) (1920), <em>Historique des 85<sup>e<\/sup> et 285<sup>e<\/sup> r\u00e9giments d\u2019artillerie lourde \u00e0 tracteurs automobiles&nbsp;: campagne 1914-1918<\/em>, Dijon, J. Belvet, p. 62 [En ligne]. Disponible sur <a rel=\"noreferrer noopener\" href=\"https:\/\/gallica.bnf.fr\/ark:\/12148\/bpt6k6262273j\/f64.item.r=jules.zoom\" target=\"_blank\">Gallica<\/a>.<\/li>\n\n<li>(5) Association des anciens \u00e9l\u00e8ves des lyc\u00e9es d\u2019\u00c9tat de Lyon (1921), <em>Livre d\u2019or de la Grande Guerre (1914-1918)<\/em>, Lyon, p. 70 [En ligne]. Disponible sur <a rel=\"noreferrer noopener\" href=\"https:\/\/gallica.bnf.fr\/ark:\/12148\/bpt6k871473c\/f72.item.texteImage.zoom\" target=\"_blank\">Gallica<\/a>.<\/li>\n\n<li>(6) <em>A.D. de la C\u00f4te-d\u2019Or, \u00e9tat civil num\u00e9ris\u00e9<\/em>, <em>Arnay-le-Duc 1921 \u2013 1926 (FRAD021EC 26\/042), Privet Georges Henri \u2013 Moreau Marie Louise Jos\u00e9phine, n\u00b03, 1924, <a rel=\"noreferrer noopener\" href=\"https:\/\/archives.cotedor.fr\/v2\/ark:\/71137\/g6d0b82d4863f8eb85633e62351b4db11\/fe9bc241f2369c4d1ccac4c4e48c6bc5\/172\/ZnJhZDAyMV8wMjZfMmUwMjZhcnQwMzhfMDE3Mi5qcGc\" target=\"_blank\">vue 172\/304<\/a>.<\/em><\/li><\/ul>","protected":false},"excerpt":{"rendered":"<p>PRIVET Jules Claude Fran\u00e7ois D\u00e9sir\u00e9 \u00a4 21 avril 1897 \u00e0 Arnay-le-Duc\u2020 11 d\u00e9cembre 1916 \u00e0 l\u2019ambulance 6\/2 \u00e0 Proyart (Somme)Aspirant \u2013 85e r\u00e9giment d\u2019artillerie lourde [&#8230;]<\/p>\n","protected":false},"author":2,"featured_media":0,"parent":0,"menu_order":0,"comment_status":"closed","ping_status":"closed","template":"","meta":{"footnotes":""},"class_list":["post-1382","page","type-page","status-publish","hentry"],"yoast_head":"<!-- This site is optimized with the Yoast SEO plugin v25.6 - https:\/\/yoast.com\/wordpress\/plugins\/seo\/ -->\n<title>PRIVET Jules Claude Fran\u00e7ois D\u00e9sir\u00e9 - Arnay-le-Duc 1914-1918<\/title>\n<meta name=\"robots\" content=\"index, follow, max-snippet:-1, max-image-preview:large, max-video-preview:-1\" \/>\n<link rel=\"canonical\" href=\"https:\/\/alisteraldridge.fr\/arnay1418\/privet-jules-claude-francois-desire\/\" \/>\n<meta property=\"og:locale\" content=\"fr_FR\" \/>\n<meta property=\"og:type\" content=\"article\" \/>\n<meta property=\"og:title\" content=\"PRIVET Jules Claude Fran\u00e7ois D\u00e9sir\u00e9 - Arnay-le-Duc 1914-1918\" \/>\n<meta property=\"og:description\" content=\"PRIVET Jules Claude Fran\u00e7ois D\u00e9sir\u00e9 \u00a4 21 avril 1897 \u00e0 Arnay-le-Duc\u2020 11 d\u00e9cembre 1916 \u00e0 l\u2019ambulance 6\/2 \u00e0 Proyart (Somme)Aspirant \u2013 85e r\u00e9giment d\u2019artillerie lourde [...]\" \/>\n<meta property=\"og:url\" content=\"https:\/\/alisteraldridge.fr\/arnay1418\/privet-jules-claude-francois-desire\/\" \/>\n<meta property=\"og:site_name\" content=\"Arnay-le-Duc 1914-1918\" \/>\n<meta property=\"article:modified_time\" content=\"2023-01-04T15:16:56+00:00\" \/>\n<meta name=\"twitter:card\" content=\"summary_large_image\" \/>\n<meta name=\"twitter:label1\" content=\"Dur\u00e9e de lecture estim\u00e9e\" \/>\n\t<meta name=\"twitter:data1\" content=\"13 minutes\" \/>\n<script type=\"application\/ld+json\" class=\"yoast-schema-graph\">{\"@context\":\"https:\/\/schema.org\",\"@graph\":[{\"@type\":\"WebPage\",\"@id\":\"https:\/\/alisteraldridge.fr\/arnay1418\/privet-jules-claude-francois-desire\/\",\"url\":\"https:\/\/alisteraldridge.fr\/arnay1418\/privet-jules-claude-francois-desire\/\",\"name\":\"PRIVET Jules Claude Fran\u00e7ois D\u00e9sir\u00e9 - Arnay-le-Duc 1914-1918\",\"isPartOf\":{\"@id\":\"https:\/\/alisteraldridge.fr\/arnay1418\/#website\"},\"datePublished\":\"2022-07-14T21:07:09+00:00\",\"dateModified\":\"2023-01-04T15:16:56+00:00\",\"breadcrumb\":{\"@id\":\"https:\/\/alisteraldridge.fr\/arnay1418\/privet-jules-claude-francois-desire\/#breadcrumb\"},\"inLanguage\":\"fr-FR\",\"potentialAction\":[{\"@type\":\"ReadAction\",\"target\":[\"https:\/\/alisteraldridge.fr\/arnay1418\/privet-jules-claude-francois-desire\/\"]}]},{\"@type\":\"BreadcrumbList\",\"@id\":\"https:\/\/alisteraldridge.fr\/arnay1418\/privet-jules-claude-francois-desire\/#breadcrumb\",\"itemListElement\":[{\"@type\":\"ListItem\",\"position\":1,\"name\":\"Home\",\"item\":\"https:\/\/alisteraldridge.fr\/arnay1418\/\"},{\"@type\":\"ListItem\",\"position\":2,\"name\":\"PRIVET Jules Claude Fran\u00e7ois D\u00e9sir\u00e9\"}]},{\"@type\":\"WebSite\",\"@id\":\"https:\/\/alisteraldridge.fr\/arnay1418\/#website\",\"url\":\"https:\/\/alisteraldridge.fr\/arnay1418\/\",\"name\":\"Arnay-le-Duc 1914-1918\",\"description\":\"Histoire d&#039;une ville bourguignonne pendant la Premi\u00e8re Guerre mondiale\",\"potentialAction\":[{\"@type\":\"SearchAction\",\"target\":{\"@type\":\"EntryPoint\",\"urlTemplate\":\"https:\/\/alisteraldridge.fr\/arnay1418\/?s={search_term_string}\"},\"query-input\":{\"@type\":\"PropertyValueSpecification\",\"valueRequired\":true,\"valueName\":\"search_term_string\"}}],\"inLanguage\":\"fr-FR\"}]}<\/script>\n<!-- \/ Yoast SEO plugin. -->","yoast_head_json":{"title":"PRIVET Jules Claude Fran\u00e7ois D\u00e9sir\u00e9 - Arnay-le-Duc 1914-1918","robots":{"index":"index","follow":"follow","max-snippet":"max-snippet:-1","max-image-preview":"max-image-preview:large","max-video-preview":"max-video-preview:-1"},"canonical":"https:\/\/alisteraldridge.fr\/arnay1418\/privet-jules-claude-francois-desire\/","og_locale":"fr_FR","og_type":"article","og_title":"PRIVET Jules Claude Fran\u00e7ois D\u00e9sir\u00e9 - Arnay-le-Duc 1914-1918","og_description":"PRIVET Jules Claude Fran\u00e7ois D\u00e9sir\u00e9 \u00a4 21 avril 1897 \u00e0 Arnay-le-Duc\u2020 11 d\u00e9cembre 1916 \u00e0 l\u2019ambulance 6\/2 \u00e0 Proyart (Somme)Aspirant \u2013 85e r\u00e9giment d\u2019artillerie lourde [...]","og_url":"https:\/\/alisteraldridge.fr\/arnay1418\/privet-jules-claude-francois-desire\/","og_site_name":"Arnay-le-Duc 1914-1918","article_modified_time":"2023-01-04T15:16:56+00:00","twitter_card":"summary_large_image","twitter_misc":{"Dur\u00e9e de lecture estim\u00e9e":"13 minutes"},"schema":{"@context":"https:\/\/schema.org","@graph":[{"@type":"WebPage","@id":"https:\/\/alisteraldridge.fr\/arnay1418\/privet-jules-claude-francois-desire\/","url":"https:\/\/alisteraldridge.fr\/arnay1418\/privet-jules-claude-francois-desire\/","name":"PRIVET Jules Claude Fran\u00e7ois D\u00e9sir\u00e9 - Arnay-le-Duc 1914-1918","isPartOf":{"@id":"https:\/\/alisteraldridge.fr\/arnay1418\/#website"},"datePublished":"2022-07-14T21:07:09+00:00","dateModified":"2023-01-04T15:16:56+00:00","breadcrumb":{"@id":"https:\/\/alisteraldridge.fr\/arnay1418\/privet-jules-claude-francois-desire\/#breadcrumb"},"inLanguage":"fr-FR","potentialAction":[{"@type":"ReadAction","target":["https:\/\/alisteraldridge.fr\/arnay1418\/privet-jules-claude-francois-desire\/"]}]},{"@type":"BreadcrumbList","@id":"https:\/\/alisteraldridge.fr\/arnay1418\/privet-jules-claude-francois-desire\/#breadcrumb","itemListElement":[{"@type":"ListItem","position":1,"name":"Home","item":"https:\/\/alisteraldridge.fr\/arnay1418\/"},{"@type":"ListItem","position":2,"name":"PRIVET Jules Claude Fran\u00e7ois D\u00e9sir\u00e9"}]},{"@type":"WebSite","@id":"https:\/\/alisteraldridge.fr\/arnay1418\/#website","url":"https:\/\/alisteraldridge.fr\/arnay1418\/","name":"Arnay-le-Duc 1914-1918","description":"Histoire d&#039;une ville bourguignonne pendant la Premi\u00e8re Guerre mondiale","potentialAction":[{"@type":"SearchAction","target":{"@type":"EntryPoint","urlTemplate":"https:\/\/alisteraldridge.fr\/arnay1418\/?s={search_term_string}"},"query-input":{"@type":"PropertyValueSpecification","valueRequired":true,"valueName":"search_term_string"}}],"inLanguage":"fr-FR"}]}},"featured_image_src":null,"jetpack_sharing_enabled":true,"_links":{"self":[{"href":"https:\/\/alisteraldridge.fr\/arnay1418\/wp-json\/wp\/v2\/pages\/1382"}],"collection":[{"href":"https:\/\/alisteraldridge.fr\/arnay1418\/wp-json\/wp\/v2\/pages"}],"about":[{"href":"https:\/\/alisteraldridge.fr\/arnay1418\/wp-json\/wp\/v2\/types\/page"}],"author":[{"embeddable":true,"href":"https:\/\/alisteraldridge.fr\/arnay1418\/wp-json\/wp\/v2\/users\/2"}],"replies":[{"embeddable":true,"href":"https:\/\/alisteraldridge.fr\/arnay1418\/wp-json\/wp\/v2\/comments?post=1382"}],"version-history":[{"count":3,"href":"https:\/\/alisteraldridge.fr\/arnay1418\/wp-json\/wp\/v2\/pages\/1382\/revisions"}],"predecessor-version":[{"id":2203,"href":"https:\/\/alisteraldridge.fr\/arnay1418\/wp-json\/wp\/v2\/pages\/1382\/revisions\/2203"}],"wp:attachment":[{"href":"https:\/\/alisteraldridge.fr\/arnay1418\/wp-json\/wp\/v2\/media?parent=1382"}],"curies":[{"name":"wp","href":"https:\/\/api.w.org\/{rel}","templated":true}]}}