{"id":1377,"date":"2022-07-13T16:52:21","date_gmt":"2022-07-13T16:52:21","guid":{"rendered":"https:\/\/arnay1418.rarebook-ubfc.fr\/?page_id=1377"},"modified":"2023-01-17T16:42:35","modified_gmt":"2023-01-17T16:42:35","slug":"martin-pierre-marie","status":"publish","type":"page","link":"https:\/\/alisteraldridge.fr\/arnay1418\/martin-pierre-marie\/","title":{"rendered":"MARTIN Pierre Marie"},"content":{"rendered":"<p class=\"has-text-align-center has-large-font-size\"><strong>MARTIN <\/strong>Pierre Marie<\/p><p class=\"has-text-align-center\">\u00a4 4 avril 1892 \u00e0 Arnay-le-Duc<br>\u2020 17 novembre 1914 \u00e0 l\u2019h\u00f4pital mixte de Chaumont (Haute-Marne)<br>2<sup>e<\/sup> classe \u2013 27<sup>e<\/sup> r\u00e9giment d\u2019infanterie \u2013 23 ans<br>Mort de fi\u00e8vre typho\u00efde<br>Mort pour la France<\/p><hr class=\"wp-block-separator has-text-color has-black-color has-alpha-channel-opacity has-black-background-color has-background is-style-wide\"\/><h1 class=\"wp-block-heading\">Acte de naissance<\/h1><div class=\"wp-block-group is-layout-flow wp-block-group-is-layout-flow\"><p class=\"has-text-align-center\"><em>N\u00b033<\/em><\/p>\n\n<p class=\"has-text-align-center\"><em>Acte de Naissance<br>de<br>Billard, Pierre-Marie<br>(enfant naturel)<br>&#8212;<br>Du 5 avril 1892<br>&#8212;<\/em><\/p>\n\n<p>L\u2019an mil huit cent quatre vingt-douze, le cinq avril \u00e0 l\u2019heure de dix du matin, pardevant nous Chevalier, Jacques, premier adjoint au maire de la ville d\u2019Arnay-le-Duc, chef lieu de canton, arrondissement de Beaune, d\u00e9partement de la C\u00f4te-d\u2019Or, remplissant les fonctions d\u2019officier de l\u2019\u00e9tat civil de cette ville par d\u00e9l\u00e9gation du maire. A comparu Madame Perrotin, Jeanne-Em\u00e9lie, \u00e2g\u00e9e de trente-huit ans, sage femme, \u00e9pouse de Gu\u00e9not, Charles, commis de banque, domicili\u00e9s ensemble \u00e0 Arnay-le-Duc, laquelle nous a pr\u00e9sent\u00e9 un enfant du sexe masculin, dont est accouch\u00e9e le quatre avril, \u00e0 midi, au domicile de son p\u00e8re, Billard Anne-Antoinette, \u00e2g\u00e9e de seize ans, sans profession, domicili\u00e9e au hameau de Chassenay, commune d\u2019Arnay-le-Duc, n\u00e9e \u00e0 Saint-Prix, canton d\u2019Arnay-le-Duc, le quatorze novembre mil huit cent soixante-quinze, c\u00e9libataire, fille de Billard, Claude, cultivateur et de Flaceli\u00e8re, Marie-Claudine, sans profession, domicili\u00e9s ensemble audit hameau de Chassenay, commune d\u2019Arnay-le-Duc, et auquel enfant la comparante a d\u00e9clar\u00e9 donner les pr\u00e9noms de&nbsp;: Pierre-Marie. Lesdites pr\u00e9sentation et d\u00e9claration faites en pr\u00e9sence des sieurs Torchin, Louis, \u00e2g\u00e9 de soixante quatorze ans, secr\u00e9taire de la mairie et Deschamps, Denis-Jean-Baptiste, \u00e2g\u00e9 de trente-six ans, garde-champ\u00eatre, agent de police, tous deux domicili\u00e9s \u00e0 Arnay-le-Duc et ont la comparante et les deux t\u00e9moins sign\u00e9 avec nous le pr\u00e9sent acte de naissance apr\u00e8s lecture.<br>[Signatures] E. Gu\u00e9not \/ Deschamps \/ Torchin \/ J. Chevalier<br>[Mention marginale] Par acte inscrit \u00e0 la mairie d\u2019Arnay-le-Duc le neuf octobre mil neuf cent deux, Billard Anne-Antoinette <s>dont la naissance est constat\u00e9e dans l\u2019acte ci-contre, a contract\u00e9 mariage avec<\/s> a reconnu pour son enfant celui constat\u00e9 dans l\u2019acte ci-contre. Dont mention, faite par nous, greffier de tribunal, le 11 octobre 1902. [Signature] Illisible.<br>[Mention marginale] <s>Mari\u00e9 \u00e0 Champigneulles (Meurthe-et-Moselle)<\/s> Par leur mariage c\u00e9l\u00e9br\u00e9 \u00e0 Champigneulles (Meurthe-et-Moselle) le 25 mars 1905, Martin Charles et Billard Anne Antoinette ont l\u00e9gitim\u00e9 l\u2019enfant dont la naissance est constat\u00e9e en l\u2019acte ci-contre. Le greffier [Signature] Illisible.<\/p><\/div><p>[<a href=\"https:\/\/archives.cotedor.fr\/v2\/ark:\/71137\/g907f93a9e30ffbedc18833185f96ddb8\/730db7807b52a0c2f6c2b66d45664304\/526\/ZnJhZDAyMV8wMjZfMm1pZWMwMjZyMDRfMDUyNi5qcGc=\" target=\"_blank\" rel=\"noreferrer noopener\">Lien vers le document original<\/a>]<\/p><h1 class=\"wp-block-heading\">Fiche matricule<\/h1><div class=\"tableFM\">\n<em>D\u00e9c\u00e9d\u00e9<\/em>\n<p><strong>Nom : <\/strong><em>Martin<\/em><br>\n<strong>Pr\u00e9noms : <\/strong><em>Pierre Marie<\/em><br>\n<strong>Surnoms : <\/strong><em>_<\/em><br>\n<strong>Num\u00e9ro matricule du recrutement : <\/strong><em>1118<\/em><br>\n<strong>Classe de mobilisation : <\/strong><em>1912<\/em><\/p>\n<hr>\n<h3>\u00c9tat civil :<\/h3>\n<p><strong>N\u00e9 le<\/strong> <em>4 avril 1892<\/em>, <strong>\u00e0<\/strong> <em>Arnay-le-Duc<\/em>, <strong>canton d<\/strong><em>&lsquo;Arnay-le-Duc<\/em>, <strong>d\u00e9partement de<\/strong> <em>C\u00f4te-d&rsquo;Or<\/em>, <strong>r\u00e9sidant \u00e0<\/strong> <em>Arnay-le-Duc<\/em>, <strong>canton d<\/strong><em>&lsquo;Arnay-le-Duc<\/em>, d\u00e9partement de<\/strong> <em>C\u00f4te-d&rsquo;Or<\/em>, <strong>profession de<\/strong> <em>cultivateur<\/em>, <strong>fils de<\/strong> <em>Charles<\/em><strong> et de<\/strong> <em>Billard Anne-Antoinette<\/em><strong> domicili\u00e9s \u00e0<\/strong> <em>Arnay-le-Duc<\/em>, <strong>canton d<\/strong><em>&lsquo;Arnay-le-Duc<\/em>, <strong>d\u00e9partement de<\/strong> <em>C\u00f4te-d&rsquo;Or<\/em>.<\/p>\n<p><strong>Mari\u00e9 \u00e0 <\/strong><em>_<\/em>.<\/p>\n<hr>\n<h3>Signalement :<\/h3>\n<strong>Cheveux :<\/strong> <em>noirs<\/em><br>\n<strong>Yeux :<\/strong> <em>ch\u00e2tains<\/em><br>\n<strong>Front : Inclinaison &#8211; hauteur &#8211; largeur :<\/strong> <em>haut<\/em><br>\n<strong>Nez : Dos &#8211; Base &#8211; Hauteur &#8211; Saillie &#8211; Largeur<\/strong> <em>cave<\/em><br>\n<strong>Visage :<\/strong> <em>_<\/em><br>\n<strong>Renseignemets physionomiques compl\u00e9mentaires :<\/strong> <em>_<\/em><br>\n<strong>Taille :<\/strong> <em>1<\/em> <strong>m\u00e8tre<\/strong> <em>80<\/em> <strong>centim\u00e8tres.<br>\nTaille rectifi\u00e9e :<\/strong> <em>1<\/em> <strong>m.<\/strong> <em>_<\/em> <strong>cent.<\/strong><br>\n<strong>Marques particuli\u00e8res : <\/strong><em>_<\/em><br>\n<strong>Degr\u00e9 d\u2019instruction g\u00e9n\u00e9rale : <\/strong><em>3<\/em>.<\/p>\n<hr>\n<h3>D\u00e9cision du conseil de r\u00e9vision et motifs :<\/h3>\n<p><strong>Inscrit sous le n\u00b0<\/strong><em>73<\/em> <strong>de la liste du canton d&rsquo;<\/strong><em>Arnay-le-Duc<\/em><br>\n<strong>Class\u00e9 dans la<\/strong> <em>1<sup>e<\/sup><\/em> <strong>partie de la liste en 19<\/strong><em>13.<\/em><br>\n<strong>Class\u00e9 dans la<\/strong> <em>_<sup>e<\/sup><\/em> <strong>partie de la liste en 19<\/strong><em>_<\/em><\/p>\n<hr>\n<h3>Corps d\u2019affectation \/ Num\u00e9ros au contr\u00f4le sp\u00e9cial \u2013 matricule ou au r\u00e9pertoire<\/h3>\n<p><strong>Dans l\u2019arm\u00e9e active :<\/strong> <em>27<sup>e<\/sup> R\u00e9giment d&rsquo;Infanterie &#8211; 4959<\/em><br>\n<strong>Disponibilit\u00e9 et r\u00e9serve de l\u2019arm\u00e9e active :<\/strong> <em>_<\/em><br>\n<strong>Arm\u00e9e territoriale et sa r\u00e9serve :<\/strong> <em>_<\/em><\/p>\n<hr>\n<h3>D\u00e9tail des services et mutations diverses.<\/h3>\n<p><em>Incorpor\u00e9 \u00e0 compter du 10 octobre 1913. Arriv\u00e9 au corps le 10 octobre 1913. D\u00e9c\u00e9d\u00e9 le 17 novembre 1914 \u00e0 l&rsquo;H\u00f4pital mixte de Chaumont (Haute-Marne). Avis officiel du minist\u00e8re de la guerre du 14 d\u00e9cembre 1914 n\u00b0442 A7<\/em>.<\/p>\n<hr>\n<h3>Ant\u00e9c\u00e9dents judiciaires et condamnations<\/h3>\n<p><em>_<\/em>.<\/p>\n<h3>Campagnes<\/h3>\n<p><em>Contre l&rsquo;Allemagne du 2 ao\u00fbt 1914 au 17 novembre 1914<\/em>.<\/p>\n<h3>Blessures, citations, d\u00e9corations, etc.<\/h3>\n<p><em>_<\/em>.<\/p>\n<hr>\n<h3>Localit\u00e9s successives habit\u00e9es<br>par suite de changements de domicile ou de r\u00e9sidence<\/h3>\n<strong>Dates \/ Communes \/ Subdivisions de r\u00e9gion \/ D : Domicile, R : R\u00e9sidence<\/strong>\n<p><em>_<\/em>.<\/p>\n<hr>\n<h3>P\u00e9riodes d&rsquo;exercices<\/h3>\n<p><strong>R\u00e9serve : 1<sup>re<\/sup> dans le<\/strong><em>_,<\/em> <strong>du<\/strong> <em>_<\/em> <strong>au<\/strong> <em>_<\/em><\/strong>.<br>\n<strong>&#8211; 2<sup>e<\/sup> dans le<\/strong><em>_,<\/em> <strong>du<\/strong> <em>_<\/em> <strong>au<\/strong> <em>_<\/em><\/strong>.<br>\n<strong>&#8211; Suppl\u00e9mentaire dans le<\/strong><em>_,<\/em> <strong>du<\/strong> <em>_<\/em> <strong>au<\/strong> <em>_<\/em><\/strong>.<br>\n<strong>Arm\u00e9e territoriale : 1<sup>re<\/sup> dans le<\/strong><em>_,<\/em> <strong>du<\/strong> <em>_<\/em> <strong>au<\/strong> <em>_<\/em><\/strong>.<br>\n<strong>&#8211; Suppl\u00e9mentaire dans le<\/strong><em>_,<\/em> <strong>du<\/strong> <em>_<\/em> <strong>au<\/strong> <em>_<\/em><\/strong>.<br>\n<strong>Sp\u00e9ciales aux hommes du service de garde des voies de communication :<\/strong><\/em>_<\/em>.<\/p>\n<hr>\n<h3>\u00c9poque \u00e0 laquelle l\u2019homme doit passer dans :<\/h3>\n<p><strong>La r\u00e9serve de l\u2019arm\u00e9e active :<\/strong><em>_<\/em><br>\n<strong>L\u2019arm\u00e9e territoriale :<\/strong><em>_<\/em><br>\n<strong>La r\u00e9serve de l\u2019arm\u00e9e territoriale : <\/strong><em>_<\/em><br>\n<strong>Date de la lib\u00e9ration du service militaire :<\/strong><em>_<\/em><\/p>\n<em>Pas de dossier.<\/em>\n<\/div><p>[<a href=\"https:\/\/archives.cotedor.fr\/v2\/ark:\/71137\/g18ccb72a0a9d091f851f86d8d1b4abc3\/55201516e066fcd9b1f7cda2d3727b08\/203\/ZnJhZDAyMV9yMjQ4OF8wMjAzLmpwZw==\">Lien vers le document original<\/a>]<\/p><h1 class=\"wp-block-heading\">Journal des marches et op\u00e9rations du 27<sup>e<\/sup> r\u00e9giment d\u2019infanterie<\/h1><p>Une fois rassembl\u00e9 \u00e0 Dijon, le 27<sup>e <\/sup>r\u00e9giment d\u2019infanterie, compos\u00e9 en majeure partie par des Bourguignons, fait route pour l\u2019Alsace. Le 15 ao\u00fbt, le r\u00e9giment est le premier de la division \u00e0 p\u00e9n\u00e9trer en Allemagne. Le lendemain, le r\u00e9giment poursuit un ennemi qui semble se replier sur H\u00e9ming, en Moselle. Mais, visiblement, c\u2019est un pi\u00e8ge. Alors que le r\u00e9giment occupe le village de Saint-Georges, s\u2019abat sur lui un d\u00e9luge d\u2019artillerie qui dure 10 heures. Ce terrible bapt\u00eame du feu co\u00fbte au r\u00e9giment 7 tu\u00e9s et 71 bless\u00e9s, dont des officiers. Durant le reste du mois d\u2019ao\u00fbt, le 27<sup>e<\/sup> d\u2019infanterie combat \u00e0 Sarrebourg, puis Rozelieures, batailles difficiles qui co\u00fbtent beaucoup de vies. Jusqu\u2019au 12 septembre, le r\u00e9giment participe \u00e0 prot\u00e9ger les positions sur lesquelles l\u2019arm\u00e9e fran\u00e7aise se replie. C\u2019est une t\u00e2che difficile, faite avec des outils qui ne sont pas adapt\u00e9s \u00e0 creuser des tranch\u00e9es profondes et solides. Bien souvent, les soldats tombent en creusant, ne pouvant se prot\u00e9ger convenablement. Le 14 septembre, le r\u00e9giment quitte ce secteur pour partir vers les Hauts-de-Meuse, vers Apremont et Saint-Mihiel, puis la Wo\u00ebvre.<\/p><p>Pierre Martin appartient \u00e0 la compagnie hors-rang du r\u00e9giment. Cette compagnie, abr\u00e9g\u00e9e en CHR, ne fait pas partie d\u2019un bataillon du r\u00e9giment. Elle comprend le personnel de d\u00e9tail, d\u2019approvisionnement, les t\u00e9l\u00e9phonistes, des sapeurs et pionniers, les armuriers, cuisiniers, tailleurs, cordonniers, des \u00e9claireurs, comptables, une section v\u00e9t\u00e9rinaire, etc. La compagnie permet au r\u00e9giment de vivre et d\u2019\u00eatre fonctionnel au combat.<\/p><p>Pendant ces mois tr\u00e8s difficiles, le soldat Martin tombe malade et est \u00e9vacu\u00e9 vers l\u2019h\u00f4pital mixte de Chaumont (Haute-Marne). Nous ne savons pas quelle est la date de son \u00e9vacuation, mais la fiche de Pierre Martin dans la base de donn\u00e9es des Morts pour la France du Service Historique de la D\u00e9fense indique qu\u2019il est d\u00e9c\u00e9d\u00e9 de fi\u00e8vre typho\u00efde<sup>(1)<\/sup>. \u00c0 ne pas confondre avec le typhus, la fi\u00e8vre typho\u00efde se propage dans des conditions d\u2019insalubrit\u00e9. C\u2019est pourquoi elle a toujours fait beaucoup de ravages dans les arm\u00e9es car les soldats mangent souvent de la viande de mauvaise qualit\u00e9, mal cuite, et boivent des eaux souill\u00e9es. Les malades symptomatiques d\u00e9veloppent un mal de t\u00eate, parfois des saignements de nez et une fi\u00e8vre qui peut atteindre 40 degr\u00e9s. S\u2019en suivent des insomnies, le tout d\u00e9bouchant parfois sur des p\u00e9riodes de d\u00e9lires. Les salmonelles pr\u00e9sentent dans le corps du malade se d\u00e9truisent progressivement, lib\u00e9rant une substance qui entra\u00eene des h\u00e9morragies qui peuvent provoquer la mort.<\/p><h1 class=\"wp-block-heading\">D\u00e9c\u00e8s<\/h1><div class=\"wp-block-group is-layout-flow wp-block-group-is-layout-flow\"><p class=\"has-text-align-center\"><em>N\u00b0304<\/em><\/p>\n\n<p class=\"has-text-align-center\"><em>Martin Pierre<br>&#8212;<\/em><\/p>\n\n<p>Le dix-sept novembre mil neuf cent quatorze \u00e0 huit heures du matin, Pierre Martin, n\u00e9 \u00e0 Arnay-le-Duc (C\u00f4te-d\u2019Or) le douze avril mil huit cent quatre-vingt douze, \u00e2g\u00e9 de vingt-deux ans, soldat au 27<sup>e<\/sup> r\u00e9giment d\u2019infanterie, compagnie hors rang, fils de Charles Martin et de Antoinette Billard, c\u00e9libataire, domicili\u00e9 \u00e0 Champigneulles (Meurthe-et-Moselle), est d\u00e9c\u00e9d\u00e9 avenue Carnot n\u00b076. Dress\u00e9, le dix-sept novembre mil neuf cent quatorze, \u00e0 quatre heures et demie du soir, sur la d\u00e9claration de Paul H\u00e9zard, trente-six ans, infirmier, et de Edouard Lebert, cinquante ans, employ\u00e9, tous deux domicili\u00e9s \u00e0 Chaumont, qui, lecture faite, ont sign\u00e9 avec nous Louis Joseph dit Ernest Renoult, deuxi\u00e8me adjoint au maire de Chaumont&nbsp;; faisant fonctions d\u2019officier de l\u2019\u00e9tat civil par emp\u00eachement des maire et premier adjoint d\u00e9l\u00e9gu\u00e9.<br>[Signatures] H\u00e9zard \/ Ed. Lebert \/ Renoult<br>[Mention marginale] \u2018\u2019Mort pour la France\u2019\u2019. Chaumont le 28 ao\u00fbt 1915. Le greffier [Signature] illisible.<\/p><\/div><p>[<a rel=\"noreferrer noopener\" href=\"https:\/\/archives.haute-marne.fr\/viewer\/series\/E\/1E\/AD52_1E0121_260_001\" target=\"_blank\">Lien vers le document original<\/a>]<\/p><h1 class=\"wp-block-heading\">Donn\u00e9es additionnelles<\/h1><p>N\u00e9 fils naturel, Pierre Martin est l\u2019enfant d\u2019Anne Antoinette Billard, plus tard reconnu et l\u00e9gitim\u00e9 par Charles Martin. Dans le recensement de 1911, Pierre Martin est recens\u00e9 au hameau de Chassenay, chez ses grands-parents Claude et Marie Claudine, mais sans ses parents. Ceux-ci habitent en Meurthe-et-Moselle, \u00e0 Champigneulles, o\u00f9 Pierre Martin est domicili\u00e9 au moment de sa mort en novembre 1914. Son nom est \u00e9galement inscrit sur le monument aux morts de cette commune.<\/p><p>Les soldats <a href=\"https:\/\/alisteraldridge.fr\/arnay1418\/narcy-edouard\/\" target=\"_blank\" rel=\"noreferrer noopener\">Narcy<\/a>, <a href=\"https:\/\/alisteraldridge.fr\/arnay1418\/vatan-louis-oscar-joseph\/\" target=\"_blank\" rel=\"noreferrer noopener\">Vatan<\/a>, <a href=\"https:\/\/alisteraldridge.fr\/arnay1418\/carlier-henri-prosper\/\" target=\"_blank\" rel=\"noreferrer noopener\">Carlier<\/a> et <a href=\"https:\/\/alisteraldridge.fr\/arnay1418\/moreau-charles\/\" target=\"_blank\" rel=\"noreferrer noopener\">Moreau<\/a> servent aussi dans le 27<sup>e<\/sup> r\u00e9giment d\u2019infanterie au moment de leur mort.<\/p><h1 class=\"wp-block-heading\">Carte<\/h1><p><a href=\"\/\/umap-mshe.univ-fcomte.fr\/fr\/map\/martin-pierre-marie_99\">Voir en plein \u00e9cran<\/a><\/p><h1 class=\"wp-block-heading\">Sources<\/h1><ul class=\"wp-block-list\"><li><em>A. D. de la C\u00f4te-d\u2019Or, \u00e9tat civil num\u00e9ris\u00e9, Arnay-le-Duc 1885 \u2013 1892 (FRAD021EC 26\/035), Martin (n\u00e9 Billard) Pierre Marie, n\u00b033, 1892,<\/em><a href=\"https:\/\/archives.cotedor.fr\/v2\/ark:\/71137\/g907f93a9e30ffbedc18833185f96ddb8\/730db7807b52a0c2f6c2b66d45664304\/526\/ZnJhZDAyMV8wMjZfMm1pZWMwMjZyMDRfMDUyNi5qcGc=\" target=\"_blank\" rel=\"noreferrer noopener\"><em> vue 526\/585<\/em><\/a><em>.<\/em><\/li>\n\n<li><em>A.D. de la C\u00f4te-d\u2019Or, recrutement militaire (1867-1940)<\/em>, <em>classe 1912, bureau d\u2019Auxonne (R 2488), <\/em><a href=\"https:\/\/archives.cotedor.fr\/v2\/ark:\/71137\/g18ccb72a0a9d091f851f86d8d1b4abc3\/55201516e066fcd9b1f7cda2d3727b08\/203\/ZnJhZDAyMV9yMjQ4OF8wMjAzLmpwZw==\" target=\"_blank\" rel=\"noreferrer noopener\"><em>vue 203\/449<\/em><\/a>.<\/li>\n\n<li><em>A.D. de la Haute-Marne, \u00e9tat civil num\u00e9ris\u00e9<\/em>, <em>Chaumont, d\u00e9c\u00e8s 1914 (1 E 121\/260), Martin Pierre Marie, n\u00b0304, 1914, <\/em><a href=\"https:\/\/archives.haute-marne.fr\/viewer\/series\/E\/1E\/AD52_1E0121_260_001\" target=\"_blank\" rel=\"noreferrer noopener\"><em>vue 60\/73<\/em><\/a><em>.<\/em><\/li>\n\n<li>(1) <em>S.H.D, M\u00e9moire des Hommes, base des Morts pour la France de la Premi\u00e8re Guerre Mondiale, fiche de&nbsp;<a href=\"https:\/\/www.memoiredeshommes.sga.defense.gouv.fr\/fr\/ark:\/40699\/m005239f647e7bc8\/5242bf295cea0\" target=\"_blank\" rel=\"noreferrer noopener\">Martin Pierre Marie<\/a>.<\/em><\/li><\/ul>","protected":false},"excerpt":{"rendered":"<p>MARTIN Pierre Marie \u00a4 4 avril 1892 \u00e0 Arnay-le-Duc\u2020 17 novembre 1914 \u00e0 l\u2019h\u00f4pital mixte de Chaumont (Haute-Marne)2e classe \u2013 27e r\u00e9giment d\u2019infanterie \u2013 23 [&#8230;]<\/p>\n","protected":false},"author":2,"featured_media":0,"parent":0,"menu_order":0,"comment_status":"closed","ping_status":"closed","template":"","meta":{"footnotes":""},"class_list":["post-1377","page","type-page","status-publish","hentry"],"yoast_head":"<!-- This site is optimized with the Yoast SEO plugin v25.6 - https:\/\/yoast.com\/wordpress\/plugins\/seo\/ -->\n<title>MARTIN Pierre Marie - Arnay-le-Duc 1914-1918<\/title>\n<meta name=\"robots\" content=\"index, follow, max-snippet:-1, max-image-preview:large, max-video-preview:-1\" \/>\n<link rel=\"canonical\" href=\"https:\/\/alisteraldridge.fr\/arnay1418\/martin-pierre-marie\/\" \/>\n<meta property=\"og:locale\" content=\"fr_FR\" \/>\n<meta property=\"og:type\" content=\"article\" \/>\n<meta property=\"og:title\" content=\"MARTIN Pierre Marie - Arnay-le-Duc 1914-1918\" \/>\n<meta property=\"og:description\" content=\"MARTIN Pierre Marie \u00a4 4 avril 1892 \u00e0 Arnay-le-Duc\u2020 17 novembre 1914 \u00e0 l\u2019h\u00f4pital mixte de Chaumont (Haute-Marne)2e classe \u2013 27e r\u00e9giment d\u2019infanterie \u2013 23 [...]\" \/>\n<meta property=\"og:url\" content=\"https:\/\/alisteraldridge.fr\/arnay1418\/martin-pierre-marie\/\" \/>\n<meta property=\"og:site_name\" content=\"Arnay-le-Duc 1914-1918\" \/>\n<meta property=\"article:modified_time\" content=\"2023-01-17T16:42:35+00:00\" \/>\n<meta name=\"twitter:card\" content=\"summary_large_image\" \/>\n<meta name=\"twitter:label1\" content=\"Dur\u00e9e de lecture estim\u00e9e\" \/>\n\t<meta name=\"twitter:data1\" content=\"8 minutes\" \/>\n<script type=\"application\/ld+json\" class=\"yoast-schema-graph\">{\"@context\":\"https:\/\/schema.org\",\"@graph\":[{\"@type\":\"WebPage\",\"@id\":\"https:\/\/alisteraldridge.fr\/arnay1418\/martin-pierre-marie\/\",\"url\":\"https:\/\/alisteraldridge.fr\/arnay1418\/martin-pierre-marie\/\",\"name\":\"MARTIN Pierre Marie - Arnay-le-Duc 1914-1918\",\"isPartOf\":{\"@id\":\"https:\/\/alisteraldridge.fr\/arnay1418\/#website\"},\"datePublished\":\"2022-07-13T16:52:21+00:00\",\"dateModified\":\"2023-01-17T16:42:35+00:00\",\"breadcrumb\":{\"@id\":\"https:\/\/alisteraldridge.fr\/arnay1418\/martin-pierre-marie\/#breadcrumb\"},\"inLanguage\":\"fr-FR\",\"potentialAction\":[{\"@type\":\"ReadAction\",\"target\":[\"https:\/\/alisteraldridge.fr\/arnay1418\/martin-pierre-marie\/\"]}]},{\"@type\":\"BreadcrumbList\",\"@id\":\"https:\/\/alisteraldridge.fr\/arnay1418\/martin-pierre-marie\/#breadcrumb\",\"itemListElement\":[{\"@type\":\"ListItem\",\"position\":1,\"name\":\"Home\",\"item\":\"https:\/\/alisteraldridge.fr\/arnay1418\/\"},{\"@type\":\"ListItem\",\"position\":2,\"name\":\"MARTIN Pierre Marie\"}]},{\"@type\":\"WebSite\",\"@id\":\"https:\/\/alisteraldridge.fr\/arnay1418\/#website\",\"url\":\"https:\/\/alisteraldridge.fr\/arnay1418\/\",\"name\":\"Arnay-le-Duc 1914-1918\",\"description\":\"Histoire d&#039;une ville bourguignonne pendant la Premi\u00e8re Guerre mondiale\",\"potentialAction\":[{\"@type\":\"SearchAction\",\"target\":{\"@type\":\"EntryPoint\",\"urlTemplate\":\"https:\/\/alisteraldridge.fr\/arnay1418\/?s={search_term_string}\"},\"query-input\":{\"@type\":\"PropertyValueSpecification\",\"valueRequired\":true,\"valueName\":\"search_term_string\"}}],\"inLanguage\":\"fr-FR\"}]}<\/script>\n<!-- \/ Yoast SEO plugin. -->","yoast_head_json":{"title":"MARTIN Pierre Marie - Arnay-le-Duc 1914-1918","robots":{"index":"index","follow":"follow","max-snippet":"max-snippet:-1","max-image-preview":"max-image-preview:large","max-video-preview":"max-video-preview:-1"},"canonical":"https:\/\/alisteraldridge.fr\/arnay1418\/martin-pierre-marie\/","og_locale":"fr_FR","og_type":"article","og_title":"MARTIN Pierre Marie - Arnay-le-Duc 1914-1918","og_description":"MARTIN Pierre Marie \u00a4 4 avril 1892 \u00e0 Arnay-le-Duc\u2020 17 novembre 1914 \u00e0 l\u2019h\u00f4pital mixte de Chaumont (Haute-Marne)2e classe \u2013 27e r\u00e9giment d\u2019infanterie \u2013 23 [...]","og_url":"https:\/\/alisteraldridge.fr\/arnay1418\/martin-pierre-marie\/","og_site_name":"Arnay-le-Duc 1914-1918","article_modified_time":"2023-01-17T16:42:35+00:00","twitter_card":"summary_large_image","twitter_misc":{"Dur\u00e9e de lecture estim\u00e9e":"8 minutes"},"schema":{"@context":"https:\/\/schema.org","@graph":[{"@type":"WebPage","@id":"https:\/\/alisteraldridge.fr\/arnay1418\/martin-pierre-marie\/","url":"https:\/\/alisteraldridge.fr\/arnay1418\/martin-pierre-marie\/","name":"MARTIN Pierre Marie - Arnay-le-Duc 1914-1918","isPartOf":{"@id":"https:\/\/alisteraldridge.fr\/arnay1418\/#website"},"datePublished":"2022-07-13T16:52:21+00:00","dateModified":"2023-01-17T16:42:35+00:00","breadcrumb":{"@id":"https:\/\/alisteraldridge.fr\/arnay1418\/martin-pierre-marie\/#breadcrumb"},"inLanguage":"fr-FR","potentialAction":[{"@type":"ReadAction","target":["https:\/\/alisteraldridge.fr\/arnay1418\/martin-pierre-marie\/"]}]},{"@type":"BreadcrumbList","@id":"https:\/\/alisteraldridge.fr\/arnay1418\/martin-pierre-marie\/#breadcrumb","itemListElement":[{"@type":"ListItem","position":1,"name":"Home","item":"https:\/\/alisteraldridge.fr\/arnay1418\/"},{"@type":"ListItem","position":2,"name":"MARTIN Pierre Marie"}]},{"@type":"WebSite","@id":"https:\/\/alisteraldridge.fr\/arnay1418\/#website","url":"https:\/\/alisteraldridge.fr\/arnay1418\/","name":"Arnay-le-Duc 1914-1918","description":"Histoire d&#039;une ville bourguignonne pendant la Premi\u00e8re Guerre mondiale","potentialAction":[{"@type":"SearchAction","target":{"@type":"EntryPoint","urlTemplate":"https:\/\/alisteraldridge.fr\/arnay1418\/?s={search_term_string}"},"query-input":{"@type":"PropertyValueSpecification","valueRequired":true,"valueName":"search_term_string"}}],"inLanguage":"fr-FR"}]}},"featured_image_src":null,"jetpack_sharing_enabled":true,"_links":{"self":[{"href":"https:\/\/alisteraldridge.fr\/arnay1418\/wp-json\/wp\/v2\/pages\/1377"}],"collection":[{"href":"https:\/\/alisteraldridge.fr\/arnay1418\/wp-json\/wp\/v2\/pages"}],"about":[{"href":"https:\/\/alisteraldridge.fr\/arnay1418\/wp-json\/wp\/v2\/types\/page"}],"author":[{"embeddable":true,"href":"https:\/\/alisteraldridge.fr\/arnay1418\/wp-json\/wp\/v2\/users\/2"}],"replies":[{"embeddable":true,"href":"https:\/\/alisteraldridge.fr\/arnay1418\/wp-json\/wp\/v2\/comments?post=1377"}],"version-history":[{"count":2,"href":"https:\/\/alisteraldridge.fr\/arnay1418\/wp-json\/wp\/v2\/pages\/1377\/revisions"}],"predecessor-version":[{"id":2319,"href":"https:\/\/alisteraldridge.fr\/arnay1418\/wp-json\/wp\/v2\/pages\/1377\/revisions\/2319"}],"wp:attachment":[{"href":"https:\/\/alisteraldridge.fr\/arnay1418\/wp-json\/wp\/v2\/media?parent=1377"}],"curies":[{"name":"wp","href":"https:\/\/api.w.org\/{rel}","templated":true}]}}