{"id":1239,"date":"2022-06-23T18:16:34","date_gmt":"2022-06-23T18:16:34","guid":{"rendered":"https:\/\/arnay1418.rarebook-ubfc.fr\/?page_id=1239"},"modified":"2023-01-17T16:57:22","modified_gmt":"2023-01-17T16:57:22","slug":"deblangey-hippolyte-gabriel","status":"publish","type":"page","link":"https:\/\/alisteraldridge.fr\/arnay1418\/deblangey-hippolyte-gabriel\/","title":{"rendered":"DEBLANGEY Hippolyte Gabriel"},"content":{"rendered":"<p class=\"has-text-align-center has-large-font-size\"><strong>DEBLANGEY <\/strong>Hippolyte Gabriel<\/p><p class=\"has-text-align-center\">\u00a4 9 d\u00e9cembre 1876 \u00e0 Saint-Prix-l\u00e8s-Arnay (C\u00f4te-d\u2019Or)<br>\u2020 28 octobre 1915 \u00e0 l\u2019h\u00f4pital auxiliaire n\u00b0102, Paris (XVI<sup>e<\/sup> arrondissement)<br>Caporal \u2013 23<sup>e<\/sup> r\u00e9giment d\u2019infanterie coloniale \u2013 38 ans<br>Mort des suites de ses blessures<br>Mort pour la France<br>Croix de guerre avec \u00e9toile de bronze<\/p><div class=\"quote1\">\u00ab\u00a0Mais les gueules de feu semblent essouffl\u00e9es. Est-ce \u00e0 nous maintenant ? Oui, c\u2019est \u00e0 nous : dans trois heures nous partons.\u00a0\u00bb<br>\nJacques Arnoux<\/div><hr class=\"wp-block-separator has-text-color has-black-color has-alpha-channel-opacity has-black-background-color has-background is-style-wide\"\/><h1 class=\"wp-block-heading\">Acte de naissance<\/h1><div class=\"wp-block-group is-layout-flow wp-block-group-is-layout-flow\"><p class=\"has-text-align-center\"><em>N\u00b025<\/em><\/p>\n\n<p class=\"has-text-align-center\"><em>Naissance de<br>Deblangey<br>Hippolyte-Gabriel<br>&#8212;<br>Du 9 d\u00e9cembre 1876<br>&#8212;<\/em><\/p>\n\n<p>L\u2019an mil huit cent soixante-seize, le dix d\u00e9cembre \u00e0 huit heures du matin, pardevant nous, Truchot (Jean), maire et officier de l\u2019\u00e9tat civil de la commune de Saint-Prix, arrondissement de Beaune, C\u00f4te-d\u2019Or, a comparu le Sieur Deblangey (Fran\u00e7ois), \u00e2g\u00e9 de quarante-cinq ans, cultivateur, domicili\u00e9 \u00e0 Saint-Prix, lequel nous a pr\u00e9sent\u00e9 un enfant du sexe masculin qu\u2019il nous a dit \u00eatre n\u00e9 le jour d\u2019hier, neuf d\u00e9cembre de la pr\u00e9sente ann\u00e9e, \u00e0 cinq heures du soir, en son domicile, du mariage contract\u00e9 dans la commune de Mimeure, (C\u00f4te-d\u2019Or), le vingt-six f\u00e9vrier mil huit cent soixante-seize entre lui d\u00e9clarant et Bougenot Colette, \u00e2g\u00e9e de trente ans, son \u00e9pouse, et auquel enfant il a d\u00e9clar\u00e9 donner le pr\u00e9nom de Hippolyte-Gabriel. Lesdites d\u00e9claration et pr\u00e9sentation ont \u00e9t\u00e9 faites en pr\u00e9sence de Ponnelle (Louis), \u00e2g\u00e9 de cinquante ans, et Lamaizi\u00e8re (Jean), \u00e2g\u00e9 de vingt-sept ans, tous les deux cultivateurs et domicili\u00e9s dans la dite commune de Saint-Prix&nbsp;; et ont le p\u00e8re et les t\u00e9moins sign\u00e9 avec nous le pr\u00e9sent acte de naissance, apr\u00e8s qu\u2019il leur en a \u00e9t\u00e9 donn\u00e9 lecture.<br>[Signatures] Deblangey \/ Truchot \/ Lamaizi\u00e8re \/ Ponnelle<\/p><\/div><p>[<a href=\"https:\/\/archives.cotedor.fr\/v2\/ark:\/71137\/g3202a137198677becf228f4dd8876b1c\/525beef54384c4a0b9e605f613a5e395\/154\/ZnJhZDAyMV81NjhfMmU1NjhhcnQwMDdfMDE1NC5qcGc=\">Lien vers le document original<\/a>]<\/p><h1 class=\"wp-block-heading\">Fiche matricule<\/h1><div class=\"tableFM\">\n<em>D\u00e9c\u00e9d\u00e9<\/em>\n<p><strong>Nom : <\/strong><em>Deblange<del>z<\/del>y<\/em><br>\n<strong>Pr\u00e9noms : <\/strong><em>Hippolyte Gabriel<\/em><br>\n<strong>Surnom : <\/strong><em>_<\/em><br>\n<strong>Num\u00e9ro matricule du recrutement : <\/strong><em>1093<\/em><br>\n<strong>Classe de mobilisation : <\/strong><em>1896<\/em><\/p>\n<hr>\n<h3>\u00c9tat civil :<\/h3>\n<p><strong>N\u00e9 le<\/strong> <em>9 d\u00e9cembre 1876<\/em>, <strong>\u00e0<\/strong> <em>Saint-Prix<\/em>, <strong>canton d&rsquo;<\/strong><em>Arnay-le-Duc<\/em>, <strong>d\u00e9partement de<\/strong> <em>la C\u00f4te-d&rsquo;Or<\/em>, <strong>r\u00e9sidant \u00e0<\/strong> <em>Mimeure<\/em>, <strong>canton d<\/strong><em>&lsquo;Arnay-le-Duc<\/em>, d\u00e9partement de<\/strong> <em>la C\u00f4te-d&rsquo;Or<\/em>, <strong>profession de<\/strong> <em>cultivateur<\/em>, <strong>fils de<\/strong> <em>Fran\u00e7ois<\/em><strong> et de<\/strong> <em>Bougenot Colette<\/em><strong> domicili\u00e9s \u00e0<\/strong> <em>Mimeure<\/em>, <strong>canton d<\/strong><em>&lsquo;Arnay-le-Duc<\/em>, <strong>d\u00e9partement de<\/strong> <em>la C\u00f4te-d&rsquo;Or<\/em>.<\/p>\n<p><strong>N\u00b0.<\/strong><em>26<\/em> <strong>de tirage dans le canton d<\/strong><em>&lsquo;Arnay-le-Duc<\/em>.<\/p>\n<hr>\n<h3>Signalement :<\/h3>\n<p><strong>Cheveux<\/strong> <em>et<\/em>, <strong>sourcils<\/strong> <em>ch\u00e2tains<\/em>,<br>\n<strong>yeux<\/strong> <em>ch\u00e2tains<\/em>, <strong>front<\/strong> <em>ordinaire<\/em>,<br>\n<strong>nez<\/strong> <em>fort<\/em>, <strong>bouche<\/strong> <em>moyenne<\/em>,<br>\n<strong>menton<\/strong> <em>rond<\/em>, <strong>visage<\/strong> <em>ovale<\/em>,<br>\n<strong>Taille :<\/strong> <em>1<\/em><strong> m. <\/strong><em>67<\/em> <strong>cent. Taille rectifi\u00e9e :<\/strong> <em>1<\/em><strong> m. <\/strong><em><\/em> <strong>cent.<\/strong><br>\n<strong>Marques particuli\u00e8res : <\/strong><em>_<\/em><br>\n<strong>Degr\u00e9 d\u2019instruction : g\u00e9n\u00e9rale : <\/strong><em>3<\/em> <strong>\/ militaire :<\/strong><em> _<\/em><\/p>\n<hr>\n<h3>D\u00e9cision du conseil de r\u00e9vision et motifs :<\/h3>\n<p><em>Bon<\/em>.<\/p>\n<p><strong>Compris dans la<\/strong> <em>1<sup>e<\/sup><\/em> <strong>partie de la liste du recrutement cantonal (_<sup>e<\/sup> portion)<\/strong>.<\/p>\n<hr>\n<h3>Corps d\u2019affectation \/ Num\u00e9ros au contr\u00f4le sp\u00e9cial \u2013 matricule ou au r\u00e9pertoire<\/h3>\n<p><strong>Dans l\u2019arm\u00e9e active :<\/strong> <em>56<sup>e<\/sup> r\u00e9giment d&rsquo;Infanterie<\/em><br>\n<strong>Disponibilit\u00e9 et r\u00e9serve de l\u2019arm\u00e9e active :<\/strong> <em>R\u00e9giment d&rsquo;infanterie \u00e0 Auxonne &#8211; 05223<\/em><br>\n<strong>Arm\u00e9e territoriale et sa r\u00e9serve :<\/strong> <em>57<sup>e<\/sup> r\u00e9giment territorial d&rsquo;infanterie &#8211; 18609<br>\n&#8211; 29<sup>e<\/sup> r\u00e9giment d&rsquo;infanterie &#8211; 18279<br>\n&#8211; 23<sup>e<\/sup> r\u00e9giment d&rsquo;infanterie coloniale &#8211; 15104<\/em><\/p>\n<hr>\n<h3>D\u00e9tail des services et mutations diverses.\n(Campagnes, blessures, actions d&rsquo;\u00e9clat, d\u00e9corations, etc.)<\/h3>\n<p><em>Incorpor\u00e9 au 56<sup>e<\/sup> R\u00e9giment d&rsquo;Infanterie \u00e0 compter du 16 novembre 1897. Arriv\u00e9 au corps et soldat de 2<sup>e<\/sup> classe le dit jour. Immatricul\u00e9 sous le n\u00b09807. Envoy\u00e9 dans la disponibilit\u00e9 le 7 octobre 1898 (dispens\u00e9 art. 21) en attendant son passage dans la r\u00e9serve de l&rsquo;arm\u00e9e active. Certificat de bonne conduite \u00ab\u00a0accord\u00e9\u00a0\u00bb<\/em>.<\/p>\n<hr>\n<strong>Pass\u00e9 dans la <\/strong><em>_<\/em> <strong>de l\u2019arm\u00e9e active le <\/strong><em>_<\/em>.\n<h3>Dans la disponibilit\u00e9 ou dans la r\u00e9serve de l\u2019arm\u00e9e active.<\/h3>\n<p><em>Affect\u00e9 au r\u00e9giment d&rsquo;Infanterie stationn\u00e9 \u00e0 Auxonne &#8211; 617<\/em>.<\/p>\n<p><strong>A accompli une 1<sup>re<\/sup> p\u00e9riode d\u2019exercice dans l<\/strong><em>e 10<sup>e<\/sup> R\u00e9giment d&rsquo;Infanterie<\/em> <strong>du<\/strong> <em>24 ao\u00fbt<\/em> <strong>au<\/strong> <em>20 septembre 1903<\/em>.<br>\n<strong>A accompli une 2<sup>e<\/sup> p\u00e9riode d\u2019exercices dans l<\/strong><em>e 10<sup>e<\/sup> r\u00e9giment d&rsquo;Infanterie<\/em> <strong>du<\/strong> <em>20 ao\u00fbt<\/em><strong>au <\/strong><em>16<sup>e<\/sup> septembre 1906<\/em>.<br>\n<strong>Pass\u00e9 dans l\u2019arm\u00e9e territoriale le <em>_<\/em><\/strong>.<br><\/p>\n<hr>\n<h3>Dans l\u2019arm\u00e9e territoriale\net dans sa r\u00e9serve.<\/h3>\n<p><em>57<sup>e<\/sup> R\u00e9giment territorial d&rsquo;Infanterie. Soldat &#8211; <del>405<\/del><br>\nRappel\u00e9 \u00e0 l&rsquo;activit\u00e9 \u00ab\u00a0Mobilisation g\u00e9n\u00e9rale du 2 ao\u00fbt 1914\u00a0\u00bb.<br>\nArriv\u00e9 au Corps le 4 ao\u00fbt 1914. Nomm\u00e9 caporal le 14 septembre 1914. Pass\u00e9 le 4 janvier 1915 au 29<sup>e<\/sup> r\u00e9giment d&rsquo;infanterie, suivant d\u00e9p\u00eache minist\u00e9rielle n\u00b014107 1\/11 du 12 d\u00e9cembre 1914. Caporal. &#8211;<del>3<\/del><br>\nPass\u00e9 au 13<sup>e<\/sup> R\u00e9giment d&rsquo;infanterie Coloniale le 13 f\u00e9vrier 1915 &#8211; <del>24<\/del>.<br>\n(ex\u00e9cution de d\u00e9cision minist\u00e9rielle n\u00b01589-15 du 4 f\u00e9vrier 1915) Bless\u00e9 au combat de Massigue*. D\u00e9c\u00e9d\u00e9 de blessures de guerre \u00e0 Paris (Hopital auxiliaire 102 le 28 octobre 1915, avis minist\u00e9riel du 13 novembre 1915.<br>\nCampagne contre l&rsquo;Allemagne du 4 ao\u00fbt 1914 au 28 octobre 1915<\/em>.\n[Partie recouverte par les phrases ci-dessus]<\/p>\n<hr>\n<h3>Localit\u00e9s successives habit\u00e9es<br>par suite de changements de domicile ou de r\u00e9sidence<\/h3>\n<strong>Dates \/ Communes \/ Subdivisions de r\u00e9gion \/ D : Domicile, R : R\u00e9sidence<\/strong>\n<p><em>_<\/em><\/p>\n<hr>\n<h3>\u00c9poque \u00e0 laquelle l\u2019homme doit passer dans :<\/h3>\n<p><strong>La disponibilit\u00e9 de l\u2019arm\u00e9e active :<\/strong><em>_<\/em><br>\n<strong>La r\u00e9serve de l\u2019arm\u00e9e active :<\/strong><em>1<sup>er<\/sup> novembre 1900<\/em><br>\n<strong>L\u2019arm\u00e9e territoriale :<\/strong><em>1<sup>er<\/sup> novembre 1910 \/ 1 octobre 1910<\/em><br>\n<strong>La r\u00e9serve de l\u2019arm\u00e9e territoriale : <\/strong><em>1<sup>er<\/sup> novembre 1916 \/ 1 octobre 1916<\/em><br>\n<strong>Date de la lib\u00e9ration du service militaire :<\/strong><em>1<sup>er<\/sup> novembre 1922 \/ 1 octobre 1922<\/em>.<\/p>\n<\/div><p>* Massigue&nbsp;: Massiges.<\/p><p>[<a href=\"https:\/\/archives.cotedor.fr\/v2\/ark:\/71137\/g81393983b837c2c2909f5e037dd2b4cc\/e0a126d6724418c36499edf8a43b16eb\/174\/ZnJhZDAyMV9yMjM0MF8wMTc0LmpwZw==\" target=\"_blank\" rel=\"noreferrer noopener\">Lien vers le document original<\/a>]<\/p><h1 class=\"wp-block-heading\">Journal des marches et op\u00e9rations du 23<sup>e<\/sup> r\u00e9giment d\u2019infanterie coloniale<\/h1><p>Pas de J.M.O. du 23<sup>e<\/sup> r\u00e9giment d\u2019infanterie coloniale pour cette p\u00e9riode de la guerre. Le r\u00e9giment du caporal Deblangey est engag\u00e9 dans les combats de la Main de Massiges en f\u00e9vrier 1915, p\u00e9riode \u00e0 laquelle le caporal rejoint cette unit\u00e9, puis de septembre \u00e0 novembre de la m\u00eame ann\u00e9e.<\/p><p>Le nom de ce lieu de Massiges provient du relief qui, sur les cartes, ressemblent \u00e0 une main. C\u2019est un secteur qui est occup\u00e9 durant la quasi-totalit\u00e9 de la guerre, d\u2019abord par les Allemands qui s\u2019y retranchent d\u00e8s septembre 1914. Des offensives majeures sont tent\u00e9es \u00e0 plusieurs reprises. F\u00e9vrier 1915, notamment, est marqu\u00e9 par une attaque allemande engag\u00e9e par l\u2019explosion de mines souterraines. Celles-ci, en d\u00e9tonant, d\u00e9clenchent les mines fran\u00e7aises dans une gigantesque explosion. Des crat\u00e8res, ou entonnoirs, de 20 \u00e0 30 m\u00e8tres de profondeurs mutilent le paysage<sup>(1)<\/sup>. Le 25 septembre de la m\u00eame ann\u00e9e, apr\u00e8s trois jours et trois nuits d\u2019un bombardement continu, la France d\u00e9bute un nouvel assaut d\u2019envergure afin de d\u00e9bloquer le front de Champagne, assaut qui s\u2019av\u00e8re meurtrier et vain puisqu\u2019environ trois quarts des officiers sup\u00e9rieurs du 1<sup>er<\/sup> corps de l\u2019arm\u00e9e coloniale sont tu\u00e9s et bless\u00e9s. 15&nbsp;000 hommes de l\u2019infanterie coloniale tombent. Le caporal Deblangey compte parmi eux. C\u2019est sa mention au <em>Journal officiel<\/em> qui renseigne sur la date de sa blessure par balle, obus, ou ba\u00efonnette.<\/p><figure class=\"wp-block-image aligncenter size-full is-resized is-style-rounded\"><img loading=\"lazy\" decoding=\"async\" src=\"https:\/\/arnay1418.rarebook-ubfc.fr\/wp-content\/uploads\/2022\/06\/Massiges_25sept.jpg\" alt=\"Photographie illustrant l'assaut du 25 septembre 1915 \u00e0 la main de Massiges\" class=\"wp-image-1237\" width=\"970\" height=\"290\" srcset=\"https:\/\/alisteraldridge.fr\/arnay1418\/wp-content\/uploads\/sites\/2\/2022\/06\/Massiges_25sept.jpg 770w, https:\/\/alisteraldridge.fr\/arnay1418\/wp-content\/uploads\/sites\/2\/2022\/06\/Massiges_25sept-300x90.jpg 300w, https:\/\/alisteraldridge.fr\/arnay1418\/wp-content\/uploads\/sites\/2\/2022\/06\/Massiges_25sept-768x229.jpg 768w\" sizes=\"(max-width: 970px) 100vw, 970px\" \/><figcaption class=\"wp-element-caption\">Photographie illustrant l&rsquo;assaut du 25 septembre 1915 \u00e0 la main de Massiges<em><sup>(2)<\/sup><\/em><\/figcaption><\/figure><h1 class=\"wp-block-heading\">D\u00e9c\u00e8s<\/h1><p class=\"has-text-align-center\"><em>N\u00b02169<\/em><br><em>Deblangey<\/em><br><em>&#8212;<\/em><\/p><p>Le vingt huit octobre mil neuf cent quinze, deux heures quarante minutes du matin, est d\u00e9c\u00e9d\u00e9 rue Molitor 10, Hippolyte Gabriel Deblangey n\u00e9 \u00e0 Saint-Prix (C\u00f4te-d\u2019Or) le neuf d\u00e9cembre mil huit cent soixante-seize, caporal au 23<sup>e<\/sup> R\u00e9giment d\u2019Infanterie Coloniale 1<sup>er<\/sup> Bataillon 2<sup>e<\/sup> Compagnie, fils de Fran\u00e7ois Deblangey et de Colette Bougenot, son \u00e9pouse, tous deux propri\u00e9taires, domicili\u00e9s \u00e0 Mimeure (C\u00f4te-d\u2019Or)&nbsp;; c\u00e9libataire, domicili\u00e9 \u00e0 Mimeure. Le dit Hippolyte Gabriel Deblangey \u2018\u2019<strong>Mort pour la France<\/strong>\u2019\u2019. Dress\u00e9 le vingt-huit octobre mil neuf cent quinze deux heures du soir, sur la d\u00e9claration de Ren\u00e9 Rivoal, vingt-un ans, employ\u00e9, domicili\u00e9 rue Bonaparte 59 et de Fran\u00e7ois Litalien, quarante-sept ans, employ\u00e9, domicili\u00e9 rue Reynouard 50, qui, lecture faite, ont sign\u00e9 avec nous, Ambroise Douc\u00e8de, adjoint au Maire du Seizi\u00e8me Arrondissement de Paris.<br>[Signatures] Rivoal \/ F. Litalien \/ A. Douc\u00e8de<\/p><p><em><br><\/em>[<a rel=\"noreferrer noopener\" href=\"https:\/\/archives.paris.fr\/arkotheque\/visionneuse\/visionneuse.php?arko=YTo2OntzOjQ6ImRhdGUiO3M6MTA6IjIwMjItMDYtMjMiO3M6MTA6InR5cGVfZm9uZHMiO3M6MTE6ImFya29fc2VyaWVsIjtzOjQ6InJlZjEiO2k6NDtzOjQ6InJlZjIiO2k6MjY2MDQxO3M6MTY6InZpc2lvbm5ldXNlX2h0bWwiO2I6MTtzOjIxOiJ2aXNpb25uZXVzZV9odG1sX21vZGUiO3M6NDoicHJvZCI7fQ==#uielem_move=-895%2C-673&amp;uielem_rotate=F&amp;uielem_islocked=0&amp;uielem_zoom=145\" target=\"_blank\">Lien vers le document original<\/a>]<\/p><h1 class=\"wp-block-heading\">Donn\u00e9es additionnelles<\/h1><p>Hippolyte Deblangey n\u2019a pas v\u00e9cu \u00e0 Arnay-le-Duc d\u2019apr\u00e8s nos informations. N\u00e9 \u00e0 Saint-Prix-l\u00e8s-Arnay, lui et sa famille habitent \u00e0 Mimeure, commune proche d\u2019Arnay et d\u00e9pendante de la paroisse. Son nom n\u2019est pas inscrit sur le monument aux morts mais sur la plaque comm\u00e9morative de l\u2019\u00e9glise Saint Laurent d\u2019Arnay. Hippolyte ne s\u2019est jamais mari\u00e9 et semble \u00eatre rest\u00e9 toute sa vie avec ses parents, propri\u00e9taires cultivateurs, ainsi qu\u2019avec sa s\u0153ur Marie (n\u00e9e \u00e0 Saint-Prix en 1886 et d\u00e9c\u00e9d\u00e9e \u00e0 Arnay-le-Duc en 1981)<sup>(3)<\/sup>.<\/p><p>Bless\u00e9 le 25 septembre 1915 \u00e0 la main de Massiges, le caporal Deblangey est \u00e9vacu\u00e9 dans les h\u00f4pitaux de Paris. Il d\u00e9c\u00e8de \u00e0 l\u2019h\u00f4pital auxiliaire n\u00b0102, situ\u00e9 au 10 rue Molitor, XVI<sup>e<\/sup> arrondissement. Le 10 rue Molitor abrite les locaux de l\u2019INSPE de cet arrondissement. En revanche, nous n\u2019avons pas trouv\u00e9 d\u2019information sur cet h\u00f4pital auxiliaire, seulement sur le n\u00b0108 situ\u00e9 dans la m\u00eame rue.<\/p><p>Il est mentionn\u00e9 au <em>Journal officiel <\/em>dans ces termes&nbsp;:<\/p><blockquote class=\"wp-block-quote is-layout-flow wp-block-quote-is-layout-flow\"><p>DEBLANGEY (Hippolyte-Gabriel), matricule 015104 <em>bis<\/em>, caporal&nbsp;: brave caporal. Mort pour la France des suites de blessures re\u00e7ues, le 25 septembre 1915. Croix de guerre avec \u00e9toile de bronze.<\/p><cite>(4)<\/cite><\/blockquote><p>Son acte de d\u00e9c\u00e8s est transcrit sur les registres d\u2019\u00e9tat civil de Mimeure en novembre 1915. Sa m\u00e8re, Colette, d\u00e9c\u00e8de le 19 janvier suivant, \u00e0 l\u2019\u00e2ge de 70 ans<sup>(5)<\/sup>. En novembre, le souvenir du caporal est comm\u00e9mor\u00e9 \u00e0 l\u2019\u00e9glise de Mimeure&nbsp;:<\/p><blockquote class=\"wp-block-quote is-layout-flow wp-block-quote-is-layout-flow\"><p><strong>Messe anniversaire<\/strong><br>Un service anniversaire sera c\u00e9l\u00e9br\u00e9 en l\u2019\u00e9glise de Mimeure, le 7 novembre, \u00e0 8 h., \u00e0 la m\u00e9moire de <strong>Monsieur Hippolyte DEBLANGEY<\/strong>, mort pour la patrie le 28 octobre 1915.<br>De la part de M. Fran\u00e7ois <strong>DEBLANGEY<\/strong>, son p\u00e8re&nbsp;; de Mlle. Marie <strong>DEBLANGEY<\/strong>, sa s\u0153ur, et de toute sa famille.<\/p><cite>(6)<\/cite><\/blockquote><p>Hippolyte Deblangey est gri\u00e8vement bless\u00e9 \u00e0 la main de Massiges. C\u2019est \u00e9galement l\u00e0 que le cavalier <a href=\"https:\/\/alisteraldridge.fr\/arnay1418\/chauvry-leon-henri\/\" target=\"_blank\" rel=\"noreferrer noopener\">Chauvry<\/a> est d\u00e9c\u00e9d\u00e9 le 13 octobre 1915, tu\u00e9 par un obus. Aujourd\u2019hui, l\u2019association la <a href=\"http:\/\/www.lamaindemassiges.com\/\">Main de Massiges<\/a> entretient la m\u00e9moire de ce lieu. Des reconstitutions de tranch\u00e9es ont \u00e9t\u00e9 r\u00e9alis\u00e9es. Des d\u00e9pouilles de soldats ont r\u00e9cemment \u00e9t\u00e9 trouv\u00e9es.<\/p>            <div class=\"oxi-addons-container noLightbox oxi-image-hover-wrapper-7 \" id=\"oxi-image-hover-wrapper-7\">\n                <div class=\"oxi-addons-row\">\n                                <div class=\"oxi_addons__light_box_style_1 oxi_addons__light_box oxi-bt-col-lg-12 oxi-bt-col-md-12 oxi-bt-col-sm-12  \">\n                <div class=\"oxi_addons__light_box_parent oxi_addons__light_box_parent-7-0\">\n\n                    <div id=\"oxi_lg_sub_html_7_0\" class=\"oxi_addons__lg_subhtml\" style=\"display:none;\">\n                        <h3 class=\"oxi_addons__heading\">La Main de Massignes, l'Illustration, 1915<\/h3><div class=\"oxi_addons__details\">Carte de La Main de Massignes, l'Illustration, 1915<\/div>                    <\/div>\n\n                    <a class=\"glightbox oxi_addons__light_box_item\"\n                        href=\"https:\/\/arnay1418.rarebook-ubfc.fr\/wp-content\/uploads\/2022\/02\/La_Main_de_Massiges_LIllustration_Editeur_btv1b8446266g_1.jpeg\"\n                        data-caption-id=\"oxi_lg_sub_html_7_0\"\n                        data-type=\"image\">\n\n                                                    <div class=\"oxi_addons__image_main oxi_addons__custom_width_height\"\n                                style=\"background-image: url('https:\/\/arnay1418.rarebook-ubfc.fr\/wp-content\/uploads\/2022\/02\/La_Main_de_Massiges_LIllustration_Editeur_btv1b8446266g_1.jpeg');\">\n                                <div class=\"oxi_addons__overlay\">\n                                    <i class=\"fas fa-search oxi-icons\"><\/i>                                <\/div>\n                            <\/div>\n                        \n                        \n                    <\/a>\n                <\/div>\n\n                            <\/div>\n                            <\/div>\n            <\/div>\n\t\t\t<p class=\"has-text-align-center\"><em>Carte du secteur de Massiges<sup>(7)<\/sup>.<\/em><br>Cliquer pour agrandir.<\/p><h1 class=\"wp-block-heading\">Carte<\/h1><p><a href=\"\/\/umap-mshe.univ-fcomte.fr\/fr\/map\/deblangey-hippolyte-gabriel_105\">Voir en plein \u00e9cran<\/a><\/p><h1 class=\"wp-block-heading\">Sources<\/h1><ul class=\"wp-block-list\"><li><em>A. D. de la C\u00f4te-d\u2019Or, \u00e9tat civil num\u00e9ris\u00e9, Saint-Prix-l\u00e8s-Arnay 1867 \u2013 1878 (FRAD021EC 568\/006), Deblangey Hippolyte Gabriel, n\u00b025, 1876, <a href=\"https:\/\/archives.cotedor.fr\/v2\/ark:\/71137\/g3202a137198677becf228f4dd8876b1c\/525beef54384c4a0b9e605f613a5e395\/154\/ZnJhZDAyMV81NjhfMmU1NjhhcnQwMDdfMDE1NC5qcGc=\" target=\"_blank\" rel=\"noreferrer noopener\">vue 154\/187<\/a>.<\/em><\/li>\n\n<li><em>A.D. de la C\u00f4te-d\u2019Or, recrutement militaire (1867-1940)<\/em>, <em>classe 1896, bureau d\u2019Auxonne (R 2340), <\/em><a href=\"https:\/\/archives.cotedor.fr\/v2\/ark:\/71137\/g81393983b837c2c2909f5e037dd2b4cc\/e0a126d6724418c36499edf8a43b16eb\/174\/ZnJhZDAyMV9yMjM0MF8wMTc0LmpwZw==\" target=\"_blank\" rel=\"noreferrer noopener\">vues 174-73\/879<\/a>.<\/li>\n\n<li><em>A.D. de Paris, \u00e9tat civil num\u00e9ris\u00e9<\/em>, <em>16<sup>e<\/sup> arrondissement, d\u00e9c\u00e8s 1915 (16D 107), Deblangey Hippolyte Gabriel, n\u00b02169, 1915, <a href=\"https:\/\/archives.paris.fr\/arkotheque\/visionneuse\/visionneuse.php?arko=YTo2OntzOjQ6ImRhdGUiO3M6MTA6IjIwMjItMDYtMjMiO3M6MTA6InR5cGVfZm9uZHMiO3M6MTE6ImFya29fc2VyaWVsIjtzOjQ6InJlZjEiO2k6NDtzOjQ6InJlZjIiO2k6MjY2MDQxO3M6MTY6InZpc2lvbm5ldXNlX2h0bWwiO2I6MTtzOjIxOiJ2aXNpb25uZXVzZV9odG1sX21vZGUiO3M6NDoicHJvZCI7fQ==#uielem_move=-895%2C-673&amp;uielem_rotate=F&amp;uielem_islocked=0&amp;uielem_zoom=145\" target=\"_blank\" rel=\"noreferrer noopener\">lien vers le registre<\/a>.<\/em><\/li>\n\n<li>(1) \u00ab&nbsp;L\u2019attaque du 3 f\u00e9vrier 1915&nbsp;\u00bb in <em>Association La Main de Massiges <\/em>[<a href=\"http:\/\/www.lamaindemassiges.com\/attaquefevrier.htm\">En ligne<\/a>] (consult\u00e9 le 19 juin 2022).<\/li>\n\n<li>(2) \u00ab&nbsp;L\u2019offensive du 25 septembre 1915&nbsp;\u00bb in <em>Association La Main de Massiges <\/em>[<a href=\"http:\/\/www.lamaindemassiges.com\/offonsiveseptembre.htm\" target=\"_blank\" rel=\"noreferrer noopener\">En ligne<\/a>] (consult\u00e9 le 19 juin 2022).<\/li>\n\n<li>(3) <em>A. D. de la C\u00f4te-d\u2019Or, \u00e9tat civil num\u00e9ris\u00e9, Saint-Prix-l\u00e8s-Arnay 1879 \u2013 1892 (FRAD021EC 568\/007), Deblangey Marie, n\u00b011, 1886, <a href=\"https:\/\/archives.cotedor.fr\/v2\/ark:\/71137\/g1d8c14c89e2f2277884299caf82742b7\/86368ddc9a71388feae2cd21b3c1e0a4\/109\/ZnJhZDAyMV81NjhfMmU1NjhhcnQwMDhfMDEwOS5qcGc=\" target=\"_blank\" rel=\"noreferrer noopener\">vue 109\/226<\/a>.<\/em><\/li>\n\n<li>(4) (22 novembre 1920), <em>Journal officiel de la R\u00e9publique fran\u00e7aise. Lois et d\u00e9crets<\/em>, p. 18897 [En ligne] Disponible sur <a href=\"https:\/\/gallica.bnf.fr\/ark:\/12148\/bpt6k6387799v\/f53.image.r=%22DEBLANGEY%20(Hippolyte)%22?rk=42918;4\" target=\"_blank\" rel=\"noreferrer noopener\">Gallica<\/a>.<\/li>\n\n<li>(5) <em>A. D. de la C\u00f4te-d\u2019Or, \u00e9tat civil num\u00e9ris\u00e9, Mimeure 1905 \u2013 1928 (FRAD021EC 413\/010), Bougenot Colette, <a href=\"https:\/\/archives.cotedor.fr\/v2\/ark:\/71137\/gd23ffee604bf6877c43feefb802a1998\/440289e2d56eb1e353497a5774b9491d\/153\/ZnJhZDAyMV80MTNfMmU0MTNhcnQwMTNfMDE1My5qcGc\" target=\"_blank\" rel=\"noreferrer noopener\">vues 153-54\/284<\/a><\/em>.<\/li>\n\n<li>(6) (3 novembre 1916), \u00ab&nbsp;Messe anniversaire&nbsp;\u00bb, in <em>Le Progr\u00e8s de la C\u00f4te-d\u2019Or<\/em>, p. 2 [En ligne] Disponible sur la <a href=\"https:\/\/www.retronews.fr\/journal\/le-progres-de-la-cote-d-or\/3-novembre-1916\/823\/2432699\/2?from=%2Fsearch%23allTerms%3Ddeblangey%2520Hippolyte%26sort%3Dscore%26publishedBounds%3Dfrom%26indexedBounds%3Dfrom%26page%3D1%26searchIn%3Dall%26total%3D49&amp;index=11\" target=\"_blank\" rel=\"noreferrer noopener\">Retronews<\/a>.<\/li>\n\n<li>(7) (1915) \u00ab&nbsp;La Main de Massiges \u00bb in <em>L&rsquo;Illustration<\/em> [En ligne] (consult\u00e9 le 19 juin 2022). Disponible sur <a href=\"https:\/\/gallica.bnf.fr\/ark:\/12148\/btv1b8446266g\/\" target=\"_blank\" rel=\"noreferrer noopener\">Gallica<\/a>.<\/li><\/ul>","protected":false},"excerpt":{"rendered":"<p>DEBLANGEY Hippolyte Gabriel \u00a4 9 d\u00e9cembre 1876 \u00e0 Saint-Prix-l\u00e8s-Arnay (C\u00f4te-d\u2019Or)\u2020 28 octobre 1915 \u00e0 l\u2019h\u00f4pital auxiliaire n\u00b0102, Paris (XVIe arrondissement)Caporal \u2013 23e r\u00e9giment d\u2019infanterie coloniale [&#8230;]<\/p>\n","protected":false},"author":2,"featured_media":0,"parent":0,"menu_order":0,"comment_status":"closed","ping_status":"closed","template":"","meta":{"footnotes":""},"class_list":["post-1239","page","type-page","status-publish","hentry"],"yoast_head":"<!-- This site is optimized with the Yoast SEO plugin v25.6 - https:\/\/yoast.com\/wordpress\/plugins\/seo\/ -->\n<title>DEBLANGEY Hippolyte Gabriel - Arnay-le-Duc 1914-1918<\/title>\n<meta name=\"robots\" content=\"index, follow, max-snippet:-1, max-image-preview:large, max-video-preview:-1\" \/>\n<link rel=\"canonical\" href=\"https:\/\/alisteraldridge.fr\/arnay1418\/deblangey-hippolyte-gabriel\/\" \/>\n<meta property=\"og:locale\" content=\"fr_FR\" \/>\n<meta property=\"og:type\" content=\"article\" \/>\n<meta property=\"og:title\" content=\"DEBLANGEY Hippolyte Gabriel - Arnay-le-Duc 1914-1918\" \/>\n<meta property=\"og:description\" content=\"DEBLANGEY Hippolyte Gabriel \u00a4 9 d\u00e9cembre 1876 \u00e0 Saint-Prix-l\u00e8s-Arnay (C\u00f4te-d\u2019Or)\u2020 28 octobre 1915 \u00e0 l\u2019h\u00f4pital auxiliaire n\u00b0102, Paris (XVIe arrondissement)Caporal \u2013 23e r\u00e9giment d\u2019infanterie coloniale [...]\" \/>\n<meta property=\"og:url\" content=\"https:\/\/alisteraldridge.fr\/arnay1418\/deblangey-hippolyte-gabriel\/\" \/>\n<meta property=\"og:site_name\" content=\"Arnay-le-Duc 1914-1918\" \/>\n<meta property=\"article:modified_time\" content=\"2023-01-17T16:57:22+00:00\" \/>\n<meta property=\"og:image\" content=\"https:\/\/arnay1418.rarebook-ubfc.fr\/wp-content\/uploads\/2022\/06\/Massiges_25sept.jpg\" \/>\n<meta name=\"twitter:card\" content=\"summary_large_image\" \/>\n<meta name=\"twitter:label1\" content=\"Dur\u00e9e de lecture estim\u00e9e\" \/>\n\t<meta name=\"twitter:data1\" content=\"9 minutes\" \/>\n<script type=\"application\/ld+json\" class=\"yoast-schema-graph\">{\"@context\":\"https:\/\/schema.org\",\"@graph\":[{\"@type\":\"WebPage\",\"@id\":\"https:\/\/alisteraldridge.fr\/arnay1418\/deblangey-hippolyte-gabriel\/\",\"url\":\"https:\/\/alisteraldridge.fr\/arnay1418\/deblangey-hippolyte-gabriel\/\",\"name\":\"DEBLANGEY Hippolyte Gabriel - Arnay-le-Duc 1914-1918\",\"isPartOf\":{\"@id\":\"https:\/\/alisteraldridge.fr\/arnay1418\/#website\"},\"primaryImageOfPage\":{\"@id\":\"https:\/\/alisteraldridge.fr\/arnay1418\/deblangey-hippolyte-gabriel\/#primaryimage\"},\"image\":{\"@id\":\"https:\/\/alisteraldridge.fr\/arnay1418\/deblangey-hippolyte-gabriel\/#primaryimage\"},\"thumbnailUrl\":\"https:\/\/arnay1418.rarebook-ubfc.fr\/wp-content\/uploads\/2022\/06\/Massiges_25sept.jpg\",\"datePublished\":\"2022-06-23T18:16:34+00:00\",\"dateModified\":\"2023-01-17T16:57:22+00:00\",\"breadcrumb\":{\"@id\":\"https:\/\/alisteraldridge.fr\/arnay1418\/deblangey-hippolyte-gabriel\/#breadcrumb\"},\"inLanguage\":\"fr-FR\",\"potentialAction\":[{\"@type\":\"ReadAction\",\"target\":[\"https:\/\/alisteraldridge.fr\/arnay1418\/deblangey-hippolyte-gabriel\/\"]}]},{\"@type\":\"ImageObject\",\"inLanguage\":\"fr-FR\",\"@id\":\"https:\/\/alisteraldridge.fr\/arnay1418\/deblangey-hippolyte-gabriel\/#primaryimage\",\"url\":\"https:\/\/arnay1418.rarebook-ubfc.fr\/wp-content\/uploads\/2022\/06\/Massiges_25sept.jpg\",\"contentUrl\":\"https:\/\/arnay1418.rarebook-ubfc.fr\/wp-content\/uploads\/2022\/06\/Massiges_25sept.jpg\"},{\"@type\":\"BreadcrumbList\",\"@id\":\"https:\/\/alisteraldridge.fr\/arnay1418\/deblangey-hippolyte-gabriel\/#breadcrumb\",\"itemListElement\":[{\"@type\":\"ListItem\",\"position\":1,\"name\":\"Home\",\"item\":\"https:\/\/alisteraldridge.fr\/arnay1418\/\"},{\"@type\":\"ListItem\",\"position\":2,\"name\":\"DEBLANGEY Hippolyte Gabriel\"}]},{\"@type\":\"WebSite\",\"@id\":\"https:\/\/alisteraldridge.fr\/arnay1418\/#website\",\"url\":\"https:\/\/alisteraldridge.fr\/arnay1418\/\",\"name\":\"Arnay-le-Duc 1914-1918\",\"description\":\"Histoire d&#039;une ville bourguignonne pendant la Premi\u00e8re Guerre mondiale\",\"potentialAction\":[{\"@type\":\"SearchAction\",\"target\":{\"@type\":\"EntryPoint\",\"urlTemplate\":\"https:\/\/alisteraldridge.fr\/arnay1418\/?s={search_term_string}\"},\"query-input\":{\"@type\":\"PropertyValueSpecification\",\"valueRequired\":true,\"valueName\":\"search_term_string\"}}],\"inLanguage\":\"fr-FR\"}]}<\/script>\n<!-- \/ Yoast SEO plugin. -->","yoast_head_json":{"title":"DEBLANGEY Hippolyte Gabriel - Arnay-le-Duc 1914-1918","robots":{"index":"index","follow":"follow","max-snippet":"max-snippet:-1","max-image-preview":"max-image-preview:large","max-video-preview":"max-video-preview:-1"},"canonical":"https:\/\/alisteraldridge.fr\/arnay1418\/deblangey-hippolyte-gabriel\/","og_locale":"fr_FR","og_type":"article","og_title":"DEBLANGEY Hippolyte Gabriel - Arnay-le-Duc 1914-1918","og_description":"DEBLANGEY Hippolyte Gabriel \u00a4 9 d\u00e9cembre 1876 \u00e0 Saint-Prix-l\u00e8s-Arnay (C\u00f4te-d\u2019Or)\u2020 28 octobre 1915 \u00e0 l\u2019h\u00f4pital auxiliaire n\u00b0102, Paris (XVIe arrondissement)Caporal \u2013 23e r\u00e9giment d\u2019infanterie coloniale [...]","og_url":"https:\/\/alisteraldridge.fr\/arnay1418\/deblangey-hippolyte-gabriel\/","og_site_name":"Arnay-le-Duc 1914-1918","article_modified_time":"2023-01-17T16:57:22+00:00","og_image":[{"url":"https:\/\/arnay1418.rarebook-ubfc.fr\/wp-content\/uploads\/2022\/06\/Massiges_25sept.jpg","type":"","width":"","height":""}],"twitter_card":"summary_large_image","twitter_misc":{"Dur\u00e9e de lecture estim\u00e9e":"9 minutes"},"schema":{"@context":"https:\/\/schema.org","@graph":[{"@type":"WebPage","@id":"https:\/\/alisteraldridge.fr\/arnay1418\/deblangey-hippolyte-gabriel\/","url":"https:\/\/alisteraldridge.fr\/arnay1418\/deblangey-hippolyte-gabriel\/","name":"DEBLANGEY Hippolyte Gabriel - Arnay-le-Duc 1914-1918","isPartOf":{"@id":"https:\/\/alisteraldridge.fr\/arnay1418\/#website"},"primaryImageOfPage":{"@id":"https:\/\/alisteraldridge.fr\/arnay1418\/deblangey-hippolyte-gabriel\/#primaryimage"},"image":{"@id":"https:\/\/alisteraldridge.fr\/arnay1418\/deblangey-hippolyte-gabriel\/#primaryimage"},"thumbnailUrl":"https:\/\/arnay1418.rarebook-ubfc.fr\/wp-content\/uploads\/2022\/06\/Massiges_25sept.jpg","datePublished":"2022-06-23T18:16:34+00:00","dateModified":"2023-01-17T16:57:22+00:00","breadcrumb":{"@id":"https:\/\/alisteraldridge.fr\/arnay1418\/deblangey-hippolyte-gabriel\/#breadcrumb"},"inLanguage":"fr-FR","potentialAction":[{"@type":"ReadAction","target":["https:\/\/alisteraldridge.fr\/arnay1418\/deblangey-hippolyte-gabriel\/"]}]},{"@type":"ImageObject","inLanguage":"fr-FR","@id":"https:\/\/alisteraldridge.fr\/arnay1418\/deblangey-hippolyte-gabriel\/#primaryimage","url":"https:\/\/arnay1418.rarebook-ubfc.fr\/wp-content\/uploads\/2022\/06\/Massiges_25sept.jpg","contentUrl":"https:\/\/arnay1418.rarebook-ubfc.fr\/wp-content\/uploads\/2022\/06\/Massiges_25sept.jpg"},{"@type":"BreadcrumbList","@id":"https:\/\/alisteraldridge.fr\/arnay1418\/deblangey-hippolyte-gabriel\/#breadcrumb","itemListElement":[{"@type":"ListItem","position":1,"name":"Home","item":"https:\/\/alisteraldridge.fr\/arnay1418\/"},{"@type":"ListItem","position":2,"name":"DEBLANGEY Hippolyte Gabriel"}]},{"@type":"WebSite","@id":"https:\/\/alisteraldridge.fr\/arnay1418\/#website","url":"https:\/\/alisteraldridge.fr\/arnay1418\/","name":"Arnay-le-Duc 1914-1918","description":"Histoire d&#039;une ville bourguignonne pendant la Premi\u00e8re Guerre mondiale","potentialAction":[{"@type":"SearchAction","target":{"@type":"EntryPoint","urlTemplate":"https:\/\/alisteraldridge.fr\/arnay1418\/?s={search_term_string}"},"query-input":{"@type":"PropertyValueSpecification","valueRequired":true,"valueName":"search_term_string"}}],"inLanguage":"fr-FR"}]}},"featured_image_src":null,"jetpack_sharing_enabled":true,"_links":{"self":[{"href":"https:\/\/alisteraldridge.fr\/arnay1418\/wp-json\/wp\/v2\/pages\/1239"}],"collection":[{"href":"https:\/\/alisteraldridge.fr\/arnay1418\/wp-json\/wp\/v2\/pages"}],"about":[{"href":"https:\/\/alisteraldridge.fr\/arnay1418\/wp-json\/wp\/v2\/types\/page"}],"author":[{"embeddable":true,"href":"https:\/\/alisteraldridge.fr\/arnay1418\/wp-json\/wp\/v2\/users\/2"}],"replies":[{"embeddable":true,"href":"https:\/\/alisteraldridge.fr\/arnay1418\/wp-json\/wp\/v2\/comments?post=1239"}],"version-history":[{"count":1,"href":"https:\/\/alisteraldridge.fr\/arnay1418\/wp-json\/wp\/v2\/pages\/1239\/revisions"}],"predecessor-version":[{"id":2332,"href":"https:\/\/alisteraldridge.fr\/arnay1418\/wp-json\/wp\/v2\/pages\/1239\/revisions\/2332"}],"wp:attachment":[{"href":"https:\/\/alisteraldridge.fr\/arnay1418\/wp-json\/wp\/v2\/media?parent=1239"}],"curies":[{"name":"wp","href":"https:\/\/api.w.org\/{rel}","templated":true}]}}