{"id":1075,"date":"2022-06-05T16:40:13","date_gmt":"2022-06-05T16:40:13","guid":{"rendered":"https:\/\/arnay1418.rarebook-ubfc.fr\/?page_id=1075"},"modified":"2023-01-17T16:55:15","modified_gmt":"2023-01-17T16:55:15","slug":"cottin-jean-baptiste","status":"publish","type":"page","link":"https:\/\/alisteraldridge.fr\/arnay1418\/cottin-jean-baptiste\/","title":{"rendered":"COTTIN Jean Baptiste"},"content":{"rendered":"<p class=\"has-text-align-center has-large-font-size\"><strong>COTTIN <\/strong>Jean Baptiste<\/p><p class=\"has-text-align-center\">\u00a4 16 juillet 1879 \u00e0 Arnay-le-Duc<br>\u2020 22 juillet 1916 \u00e0 Chuignes (Somme)<br>2<sup>e<\/sup> canonnier conducteur \u2013 101<sup>e<\/sup> r\u00e9giment d\u2019artillerie lourde \u2013 37 ans<br>Tu\u00e9 \u00e0 l\u2019ennemi<br>Mort pour la France<br>M\u00e9daille militaire<\/p><figure class=\"wp-block-image aligncenter size-full is-resized is-style-rounded\"><img loading=\"lazy\" decoding=\"async\" src=\"https:\/\/arnay1418.rarebook-ubfc.fr\/wp-content\/uploads\/2022\/06\/Signature_1908.png\" alt=\"\" class=\"wp-image-1077\" width=\"294\" height=\"163\" srcset=\"https:\/\/alisteraldridge.fr\/arnay1418\/wp-content\/uploads\/sites\/2\/2022\/06\/Signature_1908.png 384w, https:\/\/alisteraldridge.fr\/arnay1418\/wp-content\/uploads\/sites\/2\/2022\/06\/Signature_1908-300x166.png 300w\" sizes=\"(max-width: 294px) 100vw, 294px\" \/><figcaption class=\"wp-element-caption\">Signature de Jean Baptiste Cottin sur son acte de mariage de 1908.<\/figcaption><\/figure><div class=\"quote1\">\u00ab\u00a0Engag\u00e9 volontaire pour la dur\u00e9e de la guerre. Brave canonnier.\u00a0\u00bb<\/div><hr class=\"wp-block-separator has-text-color has-black-color has-alpha-channel-opacity has-black-background-color has-background is-style-wide\"\/><h1 class=\"wp-block-heading\">Acte de naissance<\/h1><div class=\"wp-block-group is-layout-flow wp-block-group-is-layout-flow\"><p class=\"has-text-align-center\"><em>N\u00b098<\/em><\/p>\n\n<p class=\"has-text-align-center\"><em>Acte de naissance<br>de<br>Cottin, Jean Baptiste<br>(l\u00e9gitime)<br>&#8212;<br>du 17 juillet 1879<br>&#8212;<\/em><\/p>\n\n<p>L\u2019an mil-huit-cent-soixante dix neuf, le dix-sept juillet, \u00e0 onze heures du matin. Pardevant nous Jean Baptiste Mich\u00e9a, Maire, officier de l\u2019\u00e9tat civil de la ville d\u2019Arnay-le-Duc, chef-lieu de canton, arrondissement de Beaune, d\u00e9partement a la C\u00f4te-d\u2019Or.<br>A comparu le sieur Cottin, Charles, \u00e2g\u00e9 de vingt-huit,ans, journalier domicili\u00e9 \u00e0 Arnay-le-Duc, rue Saint-Jacques, lequel nous a pr\u00e9sent\u00e9 un enfant du sexe masculin n\u00e9 hier \u00e0 huit heures du matin, en son domicile, de son mariage contract\u00e9 \u00e0 Vif chef-lieu de canton, arrondissement de Grenoble (Is\u00e8re) le vingt novembre mil-huit-cent-soixante quinze, avec Dumas, Jos\u00e9phine, \u00e2g\u00e9e de vingt quatre ans, sans profession domicili\u00e9e avec lui &amp; auquel enfant il a d\u00e9clar\u00e9 donner le pr\u00e9nom de Jean Baptiste. Les dites pr\u00e9sentation &amp; d\u00e9claration faites en pr\u00e9sence du sieur Chartenet-Ponsot, Antoine, serrurier &amp; Haasser, Valentin, \u00e2g\u00e9 de trente-un ans, menuisier tous deux domicili\u00e9s \u00e0 Arnay-le-Duc &amp; ont le p\u00e8re de l\u2019enfant &amp; les deux t\u00e9moins sign\u00e9 avec nous le pr\u00e9sent acte de naissance apr\u00e8s que lecture leur en a \u00e9t\u00e9 faite.<br>[Signatures] Chartenet \/ Haasser \/ Cottin \/ Mich\u00e9a<\/p><\/div><p>[<a href=\"https:\/\/archives.cotedor.fr\/v2\/ark:\/71137\/g487797fa82d609051f45e3fe428d58b0\/b03e1363feb2a9edc316cb61b964b6a3\/169\/ZnJhZDAyMV8wMjZfMm1pZWMwMjZyMDNfMDE2OS5qcGc=\">Lien vers le document original<\/a>]<\/p><h1 class=\"wp-block-heading\">Fiche matricule<\/h1><div class=\"tableFM\">\n<em>D\u00e9c\u00e9d\u00e9<\/em>\n<p><strong>Nom : <\/strong><em>Cottin<\/em><br>\n<strong>Pr\u00e9noms : <\/strong><em>Jean-Baptiste<\/em><br>\n<strong>Surnoms : <\/strong><em>_<\/em><br>\n<strong>Num\u00e9ro matricule du recrutement : <\/strong><em>661<\/em><br>\n<strong>Classe de mobilisation : <\/strong><em><\/em>1899<\/p>\n<hr>\n<h3>\u00c9tat civil :<\/h3>\n<p><strong>N\u00e9 le<\/strong> <em>16 juillet 1879<\/em>, <strong>\u00e0<\/strong> <em>Arnay-le-Duc<\/em>, <strong>canton d<\/strong><em>udit<\/em>, <strong>d\u00e9partement de<\/strong> <em>la C\u00f4te-d&rsquo;Or<\/em>, <strong>r\u00e9sidant \u00e0<\/strong> <em>Arnay-le-Duc<\/em>, <strong>canton d<\/strong><em>udit<\/em>, d\u00e9partement de<\/strong> <em>la C\u00f4te-d&rsquo;Or<\/em>, <strong>profession d<\/strong><em>&lsquo;Employ\u00e9 de bureau<\/em>, <strong>fils de<\/strong> <em>Charles<\/em><strong> et de<\/strong> <em>Dumas Jos\u00e9phine<\/em><strong> domicili\u00e9s \u00e0<\/strong> <em>Arnay-le-Duc<\/em>, <strong>canton d<\/strong><em>udit<\/em>, <strong>d\u00e9partement de<\/strong> <em>la C\u00f4te-d&rsquo;Or<\/em>.<\/p>\n<p><strong>N\u00b0.<\/strong><em>89<\/em> <strong>de tirage dans le canton d<\/strong><em>&lsquo;Arnay-le-Duc<\/em>.<\/p>\n<hr>\n<h3>Signalement :<\/h3>\n<p><strong>Cheveux<\/strong> <em>et<\/em>, <strong>sourcils<\/strong> <em>ch\u00e2tains<\/em>,<br>\n<strong>yeux<\/strong> <em>ch\u00e2tains<\/em>, <strong>front<\/strong> <em>bomb\u00e9<\/em>,<br>\n<strong>nez<\/strong> <em>long<\/em>, <strong>bouche<\/strong> <em>moyenne<\/em>,<br>\n<strong>menton<\/strong> <em>rond<\/em>, <strong>visage<\/strong> <em>ovale<\/em>,<br>\n<strong>Taille :<\/strong> <em>1<\/em><strong> m. <\/strong><em>65<\/em> <strong>cent. Taille rectifi\u00e9e :<\/strong> <em>1<\/em><strong> m. <\/strong><em>_<\/em> <strong>cent.<\/strong><br>\n<strong>Marques particuli\u00e8res : <\/strong><em>T\u00eate chauve<\/em><br>\n<strong>Degr\u00e9 d\u2019instruction g\u00e9n\u00e9rale : <\/strong><em>4<\/em> <strong>militaire :<\/strong> <em>_<\/em>.<\/p>\n<hr>\n<h3>D\u00e9cision du conseil de r\u00e9vision et motifs :<\/h3>\n<p><em>Bon<\/em>.<\/p>\n<p><strong>Compris dans la<\/strong> <em>1<sup>e<\/sup><\/em> <strong>partie de la liste du recrutement cantonal (_<sup>e<\/sup> portion).<\/strong><\/p>\n<hr>\n<h3>Corps d\u2019affectation \/ Num\u00e9ros au contr\u00f4le sp\u00e9cial \u2013 matricule ou au r\u00e9pertoire<\/h3>\n<p><strong>Dans l\u2019arm\u00e9e active :<\/strong> <em>8<sup>e<\/sup> Escadron du Train des Equipages<\/em><br>\n<strong>Disponibilit\u00e9 et r\u00e9serve de l\u2019arm\u00e9e active :<\/strong> <em>37<sup>e<\/sup> r\u00e9giment d&rsquo;artillerie campagne &#8211; 5558<br>\n&#8211; 41<sup>e<\/sup> r\u00e9giment d&rsquo;artillerie de campagne<br>\n&#8211; 101<sup>e<\/sup> r\u00e9giment d&rsquo;artillerie lourde &#8211; 2401<\/em>.<br>\n<strong>Arm\u00e9e territoriale et sa r\u00e9serve :<\/strong> <em>_<\/em>.<\/p>\n<hr>\n<h3>D\u00e9tail des services et mutations diverses.\n(Campagnes, blessures, actions d&rsquo;\u00e9clat, d\u00e9corations, etc.)<\/h3>\n<p><em>Incorpor\u00e9 au 8<sup>e<\/sup> Escadron du Train des \u00e9quipages \u00e0 compter du 15 novembre 1900. Arriv\u00e9 au corps et soldat de 2<sup>e<\/sup> classe ledit jour. Immatricul\u00e9 sous le n\u00b0585. R\u00e9form\u00e9 temporairement par la commission sp\u00e9ciale de Dijon le 9 novembre 1901 pour \u00ab\u00a0Bronchite suspecte\u00a0\u00bb.<br>\nRappel\u00e9 \u00e0 l&rsquo;activit\u00e9 par d\u00e9cision de la commission sp\u00e9ciale d&rsquo;Auxonne dans la s\u00e9ance du 6 octobre 1902. Incorpor\u00e9 au 8<sup>e<\/sup> Escadron du train \u00e0 compter du 9 novembre 1902 arriv\u00e9 au corps et soldat de 2<sup>e<\/sup> classe le 9 novembre 1902. Immatricul\u00e9 sous le n\u00b0982. R\u00e9form\u00e9 temporairement pour un an par la commission de r\u00e9forme de Dijon le 22 avril 1902. Ray\u00e9 des contr\u00f4les le 23 avril 1903 pour \u00ab\u00a0bronchite suspecte\u00a0\u00bb. Certificat de bonne conduite accord\u00e9<\/em>.<\/p>\n<strong>Pass\u00e9 dans la <\/strong><em>_<\/em> <strong>de l\u2019arm\u00e9e active le <\/strong><em>_<\/em>.\n<hr>\n<h3>Dans la disponibilit\u00e9 ou dans la r\u00e9serve de l\u2019arm\u00e9e active.<\/h3>\n<p><em>R\u00e9form\u00e9 n\u00b02 par la commission sp\u00e9ciale d&rsquo;Autun le 2 mars 1904 pour \u00ab\u00a0tuberculose pulmonaire\u00a0\u00bb. Ray\u00e9 le 5 mars 1904. Engag\u00e9 volontaire pour la dur\u00e9e de la guerre \u00e0 la mairie du 12<sup>e<\/sup> arrondissement de Paris, le 6 septembre 1914. Incorpor\u00e9 \u00e0 compter dudit jour. Arriv\u00e9 au corps le 8 septembre 1914. Pass\u00e9 au 41<sup>e<\/sup> r\u00e9giment d&rsquo;Artillerie le 11 juin 1915. Pass\u00e9 au 101<sup>e<\/sup> r\u00e9giment d&rsquo;artillerie le 1<sup>e<\/sup> novembre 1915 (d\u00e9cision du g\u00e9n\u00e9ral commandant en chef n\u00b07251 du 13 octobre 1915) arriv\u00e9 au corps et 2<sup>e<\/sup> canonnier conducteur le 1<sup>e<\/sup> novembre 1915. Tu\u00e9 \u00e0 l&rsquo;ennemi le 22 juillet 1916 aux combats de la Somme. Ray\u00e9 le 20 ao\u00fbt 1916. Ray\u00e9 le 20 ao\u00fbt 1916<\/em>.<\/p>\n<p>[Un papier coll\u00e9 sur les deux derni\u00e8res cases de cette colonne]<em>Campagne<br>\nContre l&rsquo;Allemagne et l&rsquo;Autriche-Hongrie : du 8 septembre 1914 au 22 juillet 1916<\/em>.<\/p>\n<hr>\n<h3>Localit\u00e9s successives habit\u00e9es<br>par suite de changements de domicile ou de r\u00e9sidence<\/h3>\n<strong>Dates \/ Communes \/ Subdivisions de r\u00e9gion \/ D : Domicile, R : R\u00e9sidence<\/strong>\n<p><em>_<\/em><\/p>\n<hr>\n<h3>\u00c9poque \u00e0 laquelle l\u2019homme doit passer dans :<\/h3>\n<p><strong>La disponibilit\u00e9 de l\u2019arm\u00e9e active :<\/strong><em>_<\/em><br>\n<strong>La r\u00e9serve de l\u2019arm\u00e9e active :<\/strong><em>1<sup>er<\/sup> novembre 1903<\/em><br>\n<strong>L\u2019arm\u00e9e territoriale :<\/strong><em>1<sup>er<\/sup> novembre 1913<\/em><br>\n<strong>La r\u00e9serve de l\u2019arm\u00e9e territoriale : <\/strong><em>1<sup>er<\/sup> novembre 1919<\/em><br>\n<strong>Date de la lib\u00e9ration du service militaire :<\/strong>1<sup>er<\/sup> novembre 1925<em><\/em>.<\/p>\n<\/div><p>[<a href=\"https:\/\/archives.cotedor.fr\/v2\/ark:\/71137\/gef5f33167eb510c6f2df0e48b30c2223\/1e7a6e03a85d65ec3d781f23d223cae3\/318\/ZnJhZDAyMV9yMjM1M18wMzE4LmpwZw==\">Lien vers le document original<\/a>]<\/p><h1 class=\"wp-block-heading\">Journal des marches et op\u00e9rations du 101<sup>e<\/sup> r\u00e9giment d\u2019artillerie lourde<\/h1><p>Comme son petit fr\u00e8re Joseph, Jean Baptiste souffre de probl\u00e8mes de sant\u00e9 qui perturbent son service militaire. Alors que Joseph est consid\u00e9r\u00e9 par l\u2019arm\u00e9e comme en d\u00e9faut de poids et malingre, Jean Baptiste d\u00e9veloppe la tuberculose. Mais cela n\u2019emp\u00eache pas les deux fr\u00e8res de se porter volontaires pour aller \u00e0 la guerre. Tous les deux s\u2019engagent \u00e0 la mairie du 12<sup>e<\/sup> arrondissement de Paris, le cadet le 5 septembre 1914, l\u2019a\u00een\u00e9 le lendemain.<\/p><p>Jean Baptiste Cottin est vers\u00e9 dans l\u2019artillerie, d\u2019abord au 37<sup>e<\/sup> r\u00e9giment d\u2019artillerie de campagne, puis au 41<sup>e<\/sup>. Le 1 novembre 1915, il est incorpor\u00e9 au 101<sup>e<\/sup> r\u00e9giment d\u2019artillerie lourde hippomobile. Ces r\u00e9giments d\u2019artillerie lourde sont de plusieurs natures&nbsp;: ils peuvent \u00eatre hippomobiles comme le 101<sup>e<\/sup> (abr\u00e9viation RALH), \u00e0 tracteurs (RALT), sur voie ferr\u00e9e (ALVF). Il existe d\u2019autres d\u00e9nominations. Cette artillerie lourde devient n\u00e9cessaire d\u00e8s les premiers combats, durant lesquels il appara\u00eet que la France est bien d\u00e9munie face aux gros calibres allemands. Certes, le fameux canon de 75 mm fran\u00e7ais qui peuple les r\u00e9giments d\u2019artillerie de campagne (RAC), est redoutable et performant, mais \u00e0 courte distance (4 \u00e0 7 km de port\u00e9e). Dans un cours r\u00e9dig\u00e9 en 1922, le capitaine Leroy rappelle que \u00ab&nbsp;nombre d\u2019entre nous ont dans la m\u00e9moire le souvenir des heures graves o\u00f9 le sentiment de notre impuissance se fit jour en face de canons qui, \u00e0 l\u2019abri de nos atteintes, ne prenaient m\u00eame pas la peine de se masquer et pouvaient nous \u00e9craser en toute s\u00e9curit\u00e9<sup>(1)<\/sup>&nbsp;\u00bb. D\u00e8s lors, l\u2019arm\u00e9e entame un grand remaniement de cette arme, et fait augmenter la production de gros calibres, acheminer certains canons utilis\u00e9s par la marine, diminuer les exportations vers la Russie. Les artilleurs de ces r\u00e9giments manient des <a href=\"http:\/\/www.fortiffsere.fr\/artillerie\/index_fichiers\/Page2819.htm\">canons c\u00f4tiers<\/a> de 19, des <a href=\"http:\/\/www.fortiffsere.fr\/artillerie\/index_fichiers\/Page863.htm\">De Bange<\/a> de 155, des obusiers <a href=\"http:\/\/www.fortiffsere.fr\/artillerie\/index_fichiers\/Page1959.htm\">Baquet<\/a> de 155, des <a href=\"http:\/\/www.fortiffsere.fr\/artillerie\/index_fichiers\/Page1339.htm\">Rimailho<\/a> de 155. Les corps d\u2019artillerie lourde sont en appuie des divisions d\u2019infanterie, ou de cavalerie, et non plus seulement des plus petites unit\u00e9s (\u00e9chelle r\u00e9gimentaire)<sup>(2)<\/sup>.<\/p><p>Bien que positionn\u00e9s quelque peu en retrait, les artilleurs de ces r\u00e9giments sont constamment \u00e0 risque. Le risque de l\u2019ennemi, bien s\u00fbr, car l\u2019artillerie chasse l\u2019artillerie, mais aussi celui des tirs rat\u00e9s et des munitions de mauvaise qualit\u00e9, des cons\u00e9quences de la poudre et du bruit sur la sant\u00e9, et la fatigue. En effet, servir dans l\u2019artillerie lourde, surtout hippomobile, est une t\u00e2che \u00e9reintante. Les canonniers conducteurs, comme Jean Baptiste Cottin, sont soumis \u00e0 des efforts physiques qui mettent parfois leur sant\u00e9 en jeu. De jour comme de nuit, par canicule comme par grand froid, par d\u00e9luge de pluie comme d\u2019obus, les artilleurs doivent mettre en pi\u00e8ce les batteries ou les d\u00e9monter, les transporter, assurer leur entretien et les utiliser.<\/p><center><figure class=\"wp-block-embed is-type-rich is-provider-embed-handler wp-block-embed-embed-handler\"><div class=\"wp-block-embed__wrapper\">\n<div style=\"width: 640px;\" class=\"wp-video\"><!--[if lt IE 9]><script>document.createElement('video');<\/script><![endif]-->\n<video class=\"wp-video-shortcode\" id=\"video-1075-1\" width=\"640\" height=\"360\" preload=\"metadata\" controls=\"controls\"><source type=\"video\/mp4\" src=\"https:\/\/imagesdefense.gouv.fr\/media\/catalog\/product\/video\/101262.mp4?_=1\" \/><a href=\"https:\/\/imagesdefense.gouv.fr\/media\/catalog\/product\/video\/101262.mp4\">https:\/\/imagesdefense.gouv.fr\/media\/catalog\/product\/video\/101262.mp4<\/a><\/video><\/div>\n<\/div><figcaption>Film produit par la Section photographique et cin\u00e9matographique de l&rsquo;arm\u00e9e, intitul\u00e9e <em>Compilation : images d&rsquo;artillerie lourde et l\u00e9g\u00e8re.<\/em><br>Source <a rel=\"noreferrer noopener\" href=\"https:\/\/imagesdefense.gouv.fr\/fr\/compilation-images-d-artillerie-lourde-et-legere.html\" target=\"_blank\">Images D\u00e9fense<\/a>.<br>Cliquer sur le lien ci-dessus pour davantage d&rsquo;information sur le mat\u00e9riel pr\u00e9sent dans la vid\u00e9o.<\/figcaption><\/figure><\/center><p>Malheureusement, les journaux des marches et op\u00e9rations du 101<sup>e<\/sup> r\u00e9giment d\u2019artillerie lourde sont incomplets. Nous savons gr\u00e2ce \u00e0 son acte de d\u00e9c\u00e8s que le canonnier Cottin sert la 28<sup>e<\/sup> batterie, mais le JMO de cette unit\u00e9 est introuvable. Cette batterie ne fait visiblement pas partie des premier, troisi\u00e8me ou quatri\u00e8me groupes du r\u00e9giment. Le 101<sup>e<\/sup> RAL participe \u00e0 la bataille de la Somme d\u00e8s le d\u00e9but de celle-ci le 1 juillet 1916. Jean Baptiste Cottin se trouve \u00e0 Chuignes (Somme) lorsqu\u2019il est tu\u00e9.<\/p><h1 class=\"wp-block-heading\">D\u00e9c\u00e8s<\/h1><div class=\"wp-block-group is-layout-flow wp-block-group-is-layout-flow\"><p class=\"has-text-align-center\"><em>N\u00b061<\/em><\/p>\n\n<p class=\"has-text-align-center\"><em>Transcription de l\u2019acte<br>de d\u00e9c\u00e8s de<br><strong>Cottin<\/strong> Jean Baptiste<br>&#8212;<br><strong>Mort pour la France<\/strong><br>&#8212;<\/em><\/p>\n\n<p>L\u2019an mil neuf cent seize, le vingt-deux juillet, \u00e0 onze heures quarante cinq du matin \u00e9tant \u00e0 Chuignes, Somme, acte de d\u00e9c\u00e8s de Cottin Jean-Baptiste, deuxi\u00e8me canonnier au cent-uni\u00e8me R\u00e9giment d\u2019artillerie lourde, matricule 5558, n\u00e9 le seize juillet mil huit cent soixante dix neuf \u00e0 Arnay-le-Duc, canton du dit, d\u00e9partement de la C\u00f4te-d\u2019Or, domicili\u00e9 en dernier lieu \u00e0 Arnay-le-Duc, d\u00e9c\u00e9d\u00e9 \u00e0 Chuignes, Somme, le vingt-deux juillet mil neuf cent seize, \u00e0 onze heures quarante-cinq minutes sur le champ de bataille, fils de Charles et de Dumas Jos\u00e9phine, c\u00e9libataire, Mort pour la France, conform\u00e9ment \u00e0 l\u2019article 77 du code civil, nous nous sommes transport\u00e9 aupr\u00e8s de la personne d\u00e9c\u00e9d\u00e9e et assur\u00e9 de la r\u00e9alit\u00e9 du d\u00e9c\u00e8s. Dress\u00e9 par nous Pelloux Antoine Sim\u00e9on Th\u00e9ophile, capitaine commandant la 28<sup>\u00e8me<\/sup> batterie du 101<sup>\u00e8me<\/sup> R\u00e9giment d\u2019artillerie lourde, officier de l\u2019Etat civil, sur la d\u00e9claration de Cotton Pierre Eug\u00e8ne, n\u00e9 le quinze d\u00e9cembre mil huit cent soixante-dix huit, mar\u00e9chal des logis \u00e0 la 28<sup>\u00e8me<\/sup> batterie du 101<sup>\u00e8me<\/sup> R\u00e9giment d\u2019artillerie lourde et de Berteloot Georges Camille-Cornil, n\u00e9 le douze avril mil huit cent quatre vingt onze, brigadier \u00e0 la 28<sup>\u00e8me<\/sup> batterie du 101<sup>e<\/sup> R\u00e9giment d\u2019artillerie lourde, t\u00e9moins, qui ont sign\u00e9 avec nous apr\u00e8s lecture.<br>Suivent les signatures<br>Vu par nous, Bar\u00e9 Emile, sous-intendant militaire pour l\u00e9galisation de la signature de M. Pelloux.<br>Sign\u00e9&nbsp;: Bar\u00e9.<br>Vu pour l\u00e9galisation de la signature de M. Bar\u00e9 Emile.<br>Paris, le neuf septembre 1916.<br>Le ministre de la guerre<br>Par d\u00e9l\u00e9gation. Le chef de Bureau des archives administratives.<br>Sign\u00e9 illisible.<br>L\u2019acte de d\u00e9c\u00e8s ci-dessus a \u00e9t\u00e9 transcrit le vingt-cinq septembre mil neuf cent seize \u00e0 seize heures par nous Nicolas Justin Hutin, maire d\u2019Arnay-le-Duc.<br>[Signature] Hutin<br>[Mention marginale] Mention rectificative. Loi du 30 septembre 1915. Le d\u00e9funt \u00e9tait \u00e9poux de Lavache Louise C\u00e9lestine et non c\u00e9libataire, ainsi qu\u2019il est mentionn\u00e9 dans le corps de l\u2019acte ci-contre.<br>Le ministre de la Guerre par d\u00e9l\u00e9gation.<br>Le chef du bureau des Archives administratives. Signature illisible.<br>Dont mention. Le Maire<br>[Signature] Hutin<\/p><\/div><p>[<a href=\"https:\/\/archives.cotedor.fr\/v2\/ark:\/71137\/g77c864dae582bb1df5090c4ce3b62a10\/8c2f9bcd65715cd287912f7535d81667\/30\/ZnJhZDAyMV8wMjZfMmUwMjZhcnQwMzdfMDAzMC5qcGc=\">Lien vers le document original<\/a>]<\/p><h1 class=\"wp-block-heading\">Donn\u00e9es additionnelles<\/h1><p>Le p\u00e8re de Joseph Cottin, Charles, originaire de Blanot (proche d\u2019Arnay-le-Duc) \u00e9pouse l\u2019is\u00e9roise Jos\u00e9phine Dumas avec qui il a 5 enfants\u00a0: Andr\u00e9a n\u00e9e en 1877, Jean Baptiste en 1879, Jeanne en 1884, Joseph Charles en 1887 et Anne en 1890. Jeanne d\u00e9c\u00e8de \u00e0 l\u2019\u00e2ge de 6 ans en 1891 et <a href=\"https:\/\/alisteraldridge.fr\/arnay1418\/cottin-joseph-charles\/\" target=\"_blank\" rel=\"noreferrer noopener\">Joseph Charles<\/a>, soldat au 162<sup>e<\/sup> r\u00e9giment d\u2019infanterie, est mort de ses blessures survenues dans la Marne le 24 avril 1917, un an apr\u00e8s son fr\u00e8re a\u00een\u00e9.<\/p><p>Le parcours des deux fr\u00e8res Cottin est sensiblement similaire. Tous deux quittent Arnay-le-Duc pour s\u2019\u00e9tablir en r\u00e9gion parisienne pour Joseph Charles, et dans l\u2019Oise pour Jean Baptiste. R\u00e9sident \u00e0 Mouy (Oise) o\u00f9 il est comptable en 1908, Jean Baptiste \u00e9pouse Louise C\u00e9lestine Lavache \u00e0 Rainvillers, m\u00eame d\u00e9partement, habitante de ce lieu, fille de Louis D\u00e9sir\u00e9 et de C\u00e9lestine Cl\u00e9mentine Tommire<sup>(3)<\/sup>. Le couple a au moins trois enfants&nbsp;: Jeanne Marcelle Louise (1909), Georges Louis Joseph (n\u00e9 et d\u00e9c\u00e9d\u00e9 en 1911), et un troisi\u00e8me enfant du m\u00eame nom que son fr\u00e8re d\u00e9funt (n\u00e9 en 1912).<\/p>            <div class=\"oxi-addons-container noLightbox oxi-image-hover-wrapper-85 \" id=\"oxi-image-hover-wrapper-85\">\n                <div class=\"oxi-addons-row\">\n                                <div class=\"oxi_addons__light_box_style_1 oxi_addons__light_box oxi-bt-col-lg-12 oxi-bt-col-md-12 oxi-bt-col-sm-12  \">\n                <div class=\"oxi_addons__light_box_parent oxi_addons__light_box_parent-85-0\">\n\n                    <div id=\"oxi_lg_sub_html_85_0\" class=\"oxi_addons__lg_subhtml\" style=\"display:none;\">\n                        <h3 class=\"oxi_addons__heading\">Fratrie de Joseph Charles Cottin<\/h3><div class=\"oxi_addons__details\">Arbre g\u00e9n\u00e9alogique repr\u00e9sentant la fratrie de Joseph Charles Cottin.<\/div>                    <\/div>\n\n                    <a class=\"glightbox oxi_addons__light_box_item\"\n                        href=\"https:\/\/arnay1418.rarebook-ubfc.fr\/wp-content\/uploads\/2022\/06\/COTTINJoseph.png\"\n                        data-caption-id=\"oxi_lg_sub_html_85_0\"\n                        data-type=\"image\">\n\n                                                    <div class=\"oxi_addons__image_main oxi_addons__custom_width_height\"\n                                style=\"background-image: url('https:\/\/arnay1418.rarebook-ubfc.fr\/wp-content\/uploads\/2022\/06\/COTTINJoseph.png');\">\n                                <div class=\"oxi_addons__overlay\">\n                                    <i class=\"fas fa-search oxi-icons\"><\/i>                                <\/div>\n                            <\/div>\n                        \n                        \n                    <\/a>\n                <\/div>\n\n                            <\/div>\n                            <\/div>\n            <\/div>\n\t\t\t<p class=\"has-text-align-center\"><em>Arbre g\u00e9n\u00e9alogique des fr\u00e8res Cottin, bas\u00e9 sur les actes de naissance, mariage et d\u00e9c\u00e8s, sur le recensement de 1911, ainsi que sur l&rsquo;arbre g\u00e9n\u00e9alogique de l&rsquo;utilisatrice de G\u00e9n\u00e9anet <a rel=\"noreferrer noopener\" href=\"https:\/\/www.geneanet.org\/profil\/sdegandsaint1\" target=\"_blank\">sdegandsaint1<\/a><\/em>.<br>Cliquer pour agrandir.<\/p><p>Les seuls renseignements que nous avons sur les circonstances de la mort de Jean Baptiste Cottin proviennent du d\u00e9cret qui para\u00eet en 1923 au Journal Officiel&nbsp;:<\/p><blockquote class=\"wp-block-quote is-layout-flow wp-block-quote-is-layout-flow\"><p>COTTIN (Jean-Baptiste), matricule 2401, canonnier&nbsp;: engag\u00e9 volontaire pour la dur\u00e9e de la guerre. Brave canonnier. Tu\u00e9 \u00e0 son poste, le 22 juillet 1916, au cours d\u2019un ravitaillement. A \u00e9t\u00e9 cit\u00e9.<\/p><cite>4<\/cite><\/blockquote><p>Le 9 juillet 1923, un arr\u00eat\u00e9 minist\u00e9riel confirme la nomination de Cottin \u00e0 l\u2019attribution posthume de la m\u00e9daille militaire. Le <em>Progr\u00e8s de la C\u00f4te-d\u2019Or<\/em> rapporte&nbsp;:<\/p><blockquote class=\"wp-block-quote is-layout-flow wp-block-quote-is-layout-flow\"><p><strong>ARNAY-le-DUC. \u2013 M\u00e9daille militaire. \u2013<br><\/strong>Par arr\u00eat\u00e9 minist\u00e9riel du 9 juillet 1923, la m\u00e9daille militaire a \u00e9t\u00e9 attribu\u00e9e \u00e0 la m\u00e9moire du canonnier Cottin Jean-Baptiste, du 101<sup>e<\/sup> R.A.L., avec la mention suivante&nbsp;:<br>\u00ab&nbsp;Engag\u00e9 volontaire pour la dur\u00e9e de la guerre. Brave canonnier. Tu\u00e9 \u00e0 son poste, le 22 juillet 1916, au cours d\u2019un ravitaillement. A \u00e9t\u00e9 cit\u00e9.&nbsp;\u00bb<\/p><cite>5<\/cite><\/blockquote><p>Le nom de Jean Baptiste Cottin est \u00e9galement inscrit sur le monument aux morts de Rainvillers (Oise). Il repose aujourd\u2019hui \u00e0 la n\u00e9cropole nationale d\u2019Albert, dans la Somme, aux c\u00f4t\u00e9s de 6\u00a0292 autres soldats, dont l&rsquo;aspirant <a href=\"https:\/\/alisteraldridge.fr\/arnay1418\/privet-jules-claude-francois-desire\/\" target=\"_blank\" rel=\"noreferrer noopener\">Privet<\/a>.<\/p><h1 class=\"wp-block-heading\">Carte<\/h1><p><a href=\"\/\/umap-mshe.univ-fcomte.fr\/fr\/map\/cottin-jean-baptiste_97\">Voir en plein \u00e9cran<\/a><\/p><h1 class=\"wp-block-heading\">Sources<\/h1><ul class=\"wp-block-list\"><li><em>A. D. de la C\u00f4te-d\u2019Or, \u00e9tat civil num\u00e9ris\u00e9, Arnay-le-Duc 1877 &#8211; 1885 (FRAD021EC 26\/034), Cottin Jean Baptiste, n\u00b098, 1877, <a rel=\"noreferrer noopener\" href=\"https:\/\/archives.cotedor.fr\/v2\/ark:\/71137\/g487797fa82d609051f45e3fe428d58b0\/b03e1363feb2a9edc316cb61b964b6a3\/169\/ZnJhZDAyMV8wMjZfMm1pZWMwMjZyMDNfMDE2OS5qcGc=\" target=\"_blank\">vue 169\/601<\/a>.<\/em><\/li>\n\n<li><em>A.D. de la C\u00f4te-d\u2019Or, recrutement militaire (1867-1940)<\/em>, <em>classe 1899, bureau d\u2019Auxonne (R 2353), <\/em><a rel=\"noreferrer noopener\" href=\"https:\/\/archives.cotedor.fr\/v2\/ark:\/71137\/gef5f33167eb510c6f2df0e48b30c2223\/1e7a6e03a85d65ec3d781f23d223cae3\/318\/ZnJhZDAyMV9yMjM1M18wMzE4LmpwZw==\" target=\"_blank\"><em>vue 318\/968<\/em><\/a>.<\/li>\n\n<li><em>A.D. de la C\u00f4te-d\u2019Or, \u00e9tat civil num\u00e9ris\u00e9<\/em>, <em>Arnay-le-Duc 1916 \u2013 1920 (FRAD021EC 26\/041), Cottin Jean Baptiste, n\u00b061, 1916, <a rel=\"noreferrer noopener\" href=\"https:\/\/archives.cotedor.fr\/v2\/ark:\/71137\/g77c864dae582bb1df5090c4ce3b62a10\/8c2f9bcd65715cd287912f7535d81667\/30\/ZnJhZDAyMV8wMjZfMmUwMjZhcnQwMzdfMDAzMC5qcGc=\" target=\"_blank\">vues 30-31\/329<\/a>.<\/em><\/li>\n\n<li>(1) Leroy (1922), <em>Historique et organisation de l\u2019artillerie&nbsp;: l\u2019artillerie fran\u00e7aise depuis le 2 ao\u00fbt 1914<\/em>, imprimerie de l\u2019Ecole militaire de l\u2019artillerie, p. 5 [En ligne] (consult\u00e9 le 5 juin 2022) Disponible sur <a href=\"https:\/\/gallica.bnf.fr\/ark:\/12148\/bpt6k6555838j\">Gallica<\/a>.<\/li>\n\n<li>(2) Aubagnac, Gilles (2014), \u00ab&nbsp;Les corps d\u2019artillerie et le corps des artilleurs&nbsp;\u00bb in <em>Corps<\/em>, n\u00b012, pp. 87-88 [<a href=\"https:\/\/www.cairn.info\/revue-corps-2014-1-page-87.htm\">En <\/a><a rel=\"noreferrer noopener\" href=\"https:\/\/www.cairn.info\/revue-corps-2014-1-page-87.htm\" target=\"_blank\">ligne<\/a>] (consult\u00e9 le 5 juin 2022).<\/li>\n\n<li>(3) <em>A.D. de l\u2019Oise, \u00e9tat civil num\u00e9ris\u00e9, Rainvillers 1903 \u2013 1912 (3<sup>E<\/sup>523\/15), Cottin Jean Baptiste \u2013 Lavache Louise C\u00e9lestine, n\u00b011, 1908, <a rel=\"noreferrer noopener\" href=\"https:\/\/ressources.archives.oise.fr\/ark:\/44803\/gaa1ab4fafa7d0b0c42f6aa99918eac9e\/abaf2f52ad7264ca618c007c9b0cb098\/102\/ZnJhZDA2MF8zZTUyM18xNV8wMTAyLmpwZw==\" target=\"_blank\">vues 102-03\/188<\/a>.<\/em><\/li>\n\n<li>(4) (4 janvier 1923), <em>Journal officiel de la R\u00e9publique fran\u00e7aise. Lois et d\u00e9crets<\/em>, p. 736 [En ligne] Disponible sur <a rel=\"noreferrer noopener\" href=\"https:\/\/gallica.bnf.fr\/ark:\/12148\/bpt6k9793429s\/f742.image.r=%22COTTIN%20(Jean%20Baptiste)%22?rk=42918;4\" target=\"_blank\">Gallica<\/a>.<\/li>\n\n<li>(5) (29 juillet 1923), \u00ab Arnay-le-Duc. M\u00e9daille militaire \u00bb in <em>Le Progr\u00e8s de la C\u00f4te-d\u2019Or<\/em>, p. 3 [En ligne] Disponible sur <a rel=\"noreferrer noopener\" href=\"https:\/\/www.retronews.fr\/journal\/le-progres-de-la-cote-d-or\/29-juillet-1923\/823\/2437761\/3?from=%2Fsearch%23allTerms%3DCottin%2520Arnay%26sort%3Dscore%26publishedBounds%3Dfrom%26indexedBounds%3Dfrom%26page%3D4%26searchIn%3Dall%26total%3D381&amp;index=75\" target=\"_blank\">Retronews<\/a>.<\/li><\/ul>","protected":false},"excerpt":{"rendered":"<p>COTTIN Jean Baptiste \u00a4 16 juillet 1879 \u00e0 Arnay-le-Duc\u2020 22 juillet 1916 \u00e0 Chuignes (Somme)2e canonnier conducteur \u2013 101e r\u00e9giment d\u2019artillerie lourde \u2013 37 ansTu\u00e9 [&#8230;]<\/p>\n","protected":false},"author":2,"featured_media":0,"parent":0,"menu_order":0,"comment_status":"closed","ping_status":"closed","template":"","meta":{"footnotes":""},"class_list":["post-1075","page","type-page","status-publish","hentry"],"yoast_head":"<!-- This site is optimized with the Yoast SEO plugin v25.6 - https:\/\/yoast.com\/wordpress\/plugins\/seo\/ -->\n<title>COTTIN Jean Baptiste - Arnay-le-Duc 1914-1918<\/title>\n<meta name=\"robots\" content=\"index, follow, max-snippet:-1, max-image-preview:large, max-video-preview:-1\" \/>\n<link rel=\"canonical\" href=\"https:\/\/alisteraldridge.fr\/arnay1418\/cottin-jean-baptiste\/\" \/>\n<meta property=\"og:locale\" content=\"fr_FR\" \/>\n<meta property=\"og:type\" content=\"article\" \/>\n<meta property=\"og:title\" content=\"COTTIN Jean Baptiste - Arnay-le-Duc 1914-1918\" \/>\n<meta property=\"og:description\" content=\"COTTIN Jean Baptiste \u00a4 16 juillet 1879 \u00e0 Arnay-le-Duc\u2020 22 juillet 1916 \u00e0 Chuignes (Somme)2e canonnier conducteur \u2013 101e r\u00e9giment d\u2019artillerie lourde \u2013 37 ansTu\u00e9 [...]\" \/>\n<meta property=\"og:url\" content=\"https:\/\/alisteraldridge.fr\/arnay1418\/cottin-jean-baptiste\/\" \/>\n<meta property=\"og:site_name\" content=\"Arnay-le-Duc 1914-1918\" \/>\n<meta property=\"article:modified_time\" content=\"2023-01-17T16:55:15+00:00\" \/>\n<meta property=\"og:image\" content=\"https:\/\/arnay1418.rarebook-ubfc.fr\/wp-content\/uploads\/2022\/06\/Signature_1908.png\" \/>\n<meta name=\"twitter:card\" content=\"summary_large_image\" \/>\n<meta name=\"twitter:label1\" content=\"Dur\u00e9e de lecture estim\u00e9e\" \/>\n\t<meta name=\"twitter:data1\" content=\"12 minutes\" \/>\n<script type=\"application\/ld+json\" class=\"yoast-schema-graph\">{\"@context\":\"https:\/\/schema.org\",\"@graph\":[{\"@type\":\"WebPage\",\"@id\":\"https:\/\/alisteraldridge.fr\/arnay1418\/cottin-jean-baptiste\/\",\"url\":\"https:\/\/alisteraldridge.fr\/arnay1418\/cottin-jean-baptiste\/\",\"name\":\"COTTIN Jean Baptiste - Arnay-le-Duc 1914-1918\",\"isPartOf\":{\"@id\":\"https:\/\/alisteraldridge.fr\/arnay1418\/#website\"},\"primaryImageOfPage\":{\"@id\":\"https:\/\/alisteraldridge.fr\/arnay1418\/cottin-jean-baptiste\/#primaryimage\"},\"image\":{\"@id\":\"https:\/\/alisteraldridge.fr\/arnay1418\/cottin-jean-baptiste\/#primaryimage\"},\"thumbnailUrl\":\"https:\/\/arnay1418.rarebook-ubfc.fr\/wp-content\/uploads\/2022\/06\/Signature_1908.png\",\"datePublished\":\"2022-06-05T16:40:13+00:00\",\"dateModified\":\"2023-01-17T16:55:15+00:00\",\"breadcrumb\":{\"@id\":\"https:\/\/alisteraldridge.fr\/arnay1418\/cottin-jean-baptiste\/#breadcrumb\"},\"inLanguage\":\"fr-FR\",\"potentialAction\":[{\"@type\":\"ReadAction\",\"target\":[\"https:\/\/alisteraldridge.fr\/arnay1418\/cottin-jean-baptiste\/\"]}]},{\"@type\":\"ImageObject\",\"inLanguage\":\"fr-FR\",\"@id\":\"https:\/\/alisteraldridge.fr\/arnay1418\/cottin-jean-baptiste\/#primaryimage\",\"url\":\"https:\/\/arnay1418.rarebook-ubfc.fr\/wp-content\/uploads\/2022\/06\/Signature_1908.png\",\"contentUrl\":\"https:\/\/arnay1418.rarebook-ubfc.fr\/wp-content\/uploads\/2022\/06\/Signature_1908.png\"},{\"@type\":\"BreadcrumbList\",\"@id\":\"https:\/\/alisteraldridge.fr\/arnay1418\/cottin-jean-baptiste\/#breadcrumb\",\"itemListElement\":[{\"@type\":\"ListItem\",\"position\":1,\"name\":\"Home\",\"item\":\"https:\/\/alisteraldridge.fr\/arnay1418\/\"},{\"@type\":\"ListItem\",\"position\":2,\"name\":\"COTTIN Jean Baptiste\"}]},{\"@type\":\"WebSite\",\"@id\":\"https:\/\/alisteraldridge.fr\/arnay1418\/#website\",\"url\":\"https:\/\/alisteraldridge.fr\/arnay1418\/\",\"name\":\"Arnay-le-Duc 1914-1918\",\"description\":\"Histoire d&#039;une ville bourguignonne pendant la Premi\u00e8re Guerre mondiale\",\"potentialAction\":[{\"@type\":\"SearchAction\",\"target\":{\"@type\":\"EntryPoint\",\"urlTemplate\":\"https:\/\/alisteraldridge.fr\/arnay1418\/?s={search_term_string}\"},\"query-input\":{\"@type\":\"PropertyValueSpecification\",\"valueRequired\":true,\"valueName\":\"search_term_string\"}}],\"inLanguage\":\"fr-FR\"}]}<\/script>\n<!-- \/ Yoast SEO plugin. -->","yoast_head_json":{"title":"COTTIN Jean Baptiste - Arnay-le-Duc 1914-1918","robots":{"index":"index","follow":"follow","max-snippet":"max-snippet:-1","max-image-preview":"max-image-preview:large","max-video-preview":"max-video-preview:-1"},"canonical":"https:\/\/alisteraldridge.fr\/arnay1418\/cottin-jean-baptiste\/","og_locale":"fr_FR","og_type":"article","og_title":"COTTIN Jean Baptiste - Arnay-le-Duc 1914-1918","og_description":"COTTIN Jean Baptiste \u00a4 16 juillet 1879 \u00e0 Arnay-le-Duc\u2020 22 juillet 1916 \u00e0 Chuignes (Somme)2e canonnier conducteur \u2013 101e r\u00e9giment d\u2019artillerie lourde \u2013 37 ansTu\u00e9 [...]","og_url":"https:\/\/alisteraldridge.fr\/arnay1418\/cottin-jean-baptiste\/","og_site_name":"Arnay-le-Duc 1914-1918","article_modified_time":"2023-01-17T16:55:15+00:00","og_image":[{"url":"https:\/\/arnay1418.rarebook-ubfc.fr\/wp-content\/uploads\/2022\/06\/Signature_1908.png","type":"","width":"","height":""}],"twitter_card":"summary_large_image","twitter_misc":{"Dur\u00e9e de lecture estim\u00e9e":"12 minutes"},"schema":{"@context":"https:\/\/schema.org","@graph":[{"@type":"WebPage","@id":"https:\/\/alisteraldridge.fr\/arnay1418\/cottin-jean-baptiste\/","url":"https:\/\/alisteraldridge.fr\/arnay1418\/cottin-jean-baptiste\/","name":"COTTIN Jean Baptiste - Arnay-le-Duc 1914-1918","isPartOf":{"@id":"https:\/\/alisteraldridge.fr\/arnay1418\/#website"},"primaryImageOfPage":{"@id":"https:\/\/alisteraldridge.fr\/arnay1418\/cottin-jean-baptiste\/#primaryimage"},"image":{"@id":"https:\/\/alisteraldridge.fr\/arnay1418\/cottin-jean-baptiste\/#primaryimage"},"thumbnailUrl":"https:\/\/arnay1418.rarebook-ubfc.fr\/wp-content\/uploads\/2022\/06\/Signature_1908.png","datePublished":"2022-06-05T16:40:13+00:00","dateModified":"2023-01-17T16:55:15+00:00","breadcrumb":{"@id":"https:\/\/alisteraldridge.fr\/arnay1418\/cottin-jean-baptiste\/#breadcrumb"},"inLanguage":"fr-FR","potentialAction":[{"@type":"ReadAction","target":["https:\/\/alisteraldridge.fr\/arnay1418\/cottin-jean-baptiste\/"]}]},{"@type":"ImageObject","inLanguage":"fr-FR","@id":"https:\/\/alisteraldridge.fr\/arnay1418\/cottin-jean-baptiste\/#primaryimage","url":"https:\/\/arnay1418.rarebook-ubfc.fr\/wp-content\/uploads\/2022\/06\/Signature_1908.png","contentUrl":"https:\/\/arnay1418.rarebook-ubfc.fr\/wp-content\/uploads\/2022\/06\/Signature_1908.png"},{"@type":"BreadcrumbList","@id":"https:\/\/alisteraldridge.fr\/arnay1418\/cottin-jean-baptiste\/#breadcrumb","itemListElement":[{"@type":"ListItem","position":1,"name":"Home","item":"https:\/\/alisteraldridge.fr\/arnay1418\/"},{"@type":"ListItem","position":2,"name":"COTTIN Jean Baptiste"}]},{"@type":"WebSite","@id":"https:\/\/alisteraldridge.fr\/arnay1418\/#website","url":"https:\/\/alisteraldridge.fr\/arnay1418\/","name":"Arnay-le-Duc 1914-1918","description":"Histoire d&#039;une ville bourguignonne pendant la Premi\u00e8re Guerre mondiale","potentialAction":[{"@type":"SearchAction","target":{"@type":"EntryPoint","urlTemplate":"https:\/\/alisteraldridge.fr\/arnay1418\/?s={search_term_string}"},"query-input":{"@type":"PropertyValueSpecification","valueRequired":true,"valueName":"search_term_string"}}],"inLanguage":"fr-FR"}]}},"featured_image_src":null,"jetpack_sharing_enabled":true,"_links":{"self":[{"href":"https:\/\/alisteraldridge.fr\/arnay1418\/wp-json\/wp\/v2\/pages\/1075"}],"collection":[{"href":"https:\/\/alisteraldridge.fr\/arnay1418\/wp-json\/wp\/v2\/pages"}],"about":[{"href":"https:\/\/alisteraldridge.fr\/arnay1418\/wp-json\/wp\/v2\/types\/page"}],"author":[{"embeddable":true,"href":"https:\/\/alisteraldridge.fr\/arnay1418\/wp-json\/wp\/v2\/users\/2"}],"replies":[{"embeddable":true,"href":"https:\/\/alisteraldridge.fr\/arnay1418\/wp-json\/wp\/v2\/comments?post=1075"}],"version-history":[{"count":4,"href":"https:\/\/alisteraldridge.fr\/arnay1418\/wp-json\/wp\/v2\/pages\/1075\/revisions"}],"predecessor-version":[{"id":2328,"href":"https:\/\/alisteraldridge.fr\/arnay1418\/wp-json\/wp\/v2\/pages\/1075\/revisions\/2328"}],"wp:attachment":[{"href":"https:\/\/alisteraldridge.fr\/arnay1418\/wp-json\/wp\/v2\/media?parent=1075"}],"curies":[{"name":"wp","href":"https:\/\/api.w.org\/{rel}","templated":true}]}}