{"id":1030,"date":"2022-05-26T16:24:20","date_gmt":"2022-05-26T16:24:20","guid":{"rendered":"https:\/\/arnay1418.rarebook-ubfc.fr\/?page_id=1030"},"modified":"2023-01-04T13:45:09","modified_gmt":"2023-01-04T13:45:09","slug":"camatte-jean","status":"publish","type":"page","link":"https:\/\/alisteraldridge.fr\/arnay1418\/camatte-jean\/","title":{"rendered":"CAMATTE Jean"},"content":{"rendered":"<p class=\"has-text-align-center has-large-font-size\"><strong>Camatte<\/strong> Jean dit Jean-Charles<\/p><p class=\"has-text-align-center\">\u00a4 26 octobre 1889 \u00e0 Igornay (Sa\u00f4ne-et-Loire)<br>\u2020 entre le 4 et le 31 mars 1917 vers Moirey-Flabas-Cr\u00e9pion (Meuse)<br>Chasseur \u2013 71<sup>e<\/sup> bataillon de chasseurs \u00e0 pied \u2013 27 ans<br>Tu\u00e9 \u00e0 l\u2019ennemi ou mort en camp<br>Mort pour la France<\/p><div class=\"quote1\">\u00ab\u00a0Les chasseurs re\u00e7oivent pain et vin gel\u00e9. Impossibilit\u00e9 absolue de faire du feu [\u2026] Quelques pieds gel\u00e9s\u00a0\u00bb<\/div><hr class=\"wp-block-separator has-text-color has-black-color has-alpha-channel-opacity has-black-background-color has-background is-style-wide\"\/><h1 class=\"has-black-color has-text-color wp-block-heading\">Acte de naissance<\/h1><div class=\"wp-block-group is-layout-flow wp-block-group-is-layout-flow\"><p class=\"has-text-align-center\"><em>N\u00b044<\/em><\/p>\n\n<p class=\"has-text-align-center\"><em>Naissance de<br>Camatte Jean<br>&#8212;<\/em><\/p>\n\n<p>L\u2019an mil huit cent quatre-vingt-neuf et le vingt-six octobre \u00e0 six heures du soir, par devant nous, Guignot Lazare, maire et officier de l\u2019\u00e9tat civil de la commune d\u2019Igornay, canton de Lucenay-l\u2019Ev\u00eaque, arrondissement d\u2019Autun, d\u00e9partement de Sa\u00f4ne-et-Loire, est comparu le sieur Jean, Camatte, \u00e2g\u00e9 de vingt-sept ans, cultivateur demeurant \u00e0 Igornay, lequel nous a pr\u00e9sent\u00e9 un enfant du sexe masculin, n\u00e9 aujourd\u2019hui \u00e0 deux heures du matin en son domicile, de lui d\u00e9clarant et de Marie Jarlot, son \u00e9pouse, \u00e2g\u00e9e de vingt-quatre ans, couturi\u00e8re, domicili\u00e9e aussi audit Igornay&nbsp;; et il a donn\u00e9 \u00e0 cet enfant le pr\u00e9nom de Jean. Cette d\u00e9claration et cette pr\u00e9sentation ont \u00e9t\u00e9 faites en pr\u00e9sence de Camatte Charles, \u00e2g\u00e9 de trente-trois ans, marchand, et de Baulot Joseph, \u00e2g\u00e9 de vingt-neuf ans, boulanger, domicili\u00e9s tous deux \u00e0 Igornay. De quoi nous a vons dress\u00e9 le pr\u00e9sent acte que nous avons sign\u00e9 avec le comparant et les t\u00e9moins, apr\u00e8s lecture.<br>[Signature] Camatte Jean \/ Beaulot Joseph \/ Camatte \/ Guignot<\/p><\/div><p>[<a href=\"https:\/\/www.archives71.fr\/ark:\/60535\/s005139982d16dba\/610bc5fe6b76b\">Lien vers le document original<\/a>]<\/p><h1 class=\"wp-block-heading\">Fiche matricule<\/h1><div class=\"tableFM\">\n<em>D\u00e9c\u00e9d\u00e9<\/em>\n<p><strong>Nom : <\/strong><em>Camatte<\/em><br>\n<strong>Pr\u00e9noms : <\/strong><em>Jean<\/em><br>\n<strong>Surnoms : <\/strong><em>_<\/em><br>\n<strong>Num\u00e9ro matricule du recrutement : <\/strong><em>1087<\/em><br>\n<strong>Classe de mobilisation : <\/strong><em>1909<\/em><\/p>\n<hr>\n<h3>\u00c9tat civil :<\/h3>\n<p><strong>N\u00e9 le<\/strong> <em>26 octobre 1889<\/em>, <strong>\u00e0<\/strong> <em>Igornay<\/em>, <strong>canton de<\/strong> <em>Lucenay-l&rsquo;Ev\u00eaque<\/em>, <strong>d\u00e9partement de<\/strong> <em>Sa\u00f4ne-et-Loire<\/em>, <strong>r\u00e9sidant \u00e0<\/strong> <em>Arnay-le-Duc<\/em>, <strong>canton d<\/strong><em>&lsquo;Arnay-le-Duc<\/em>, d\u00e9partement de<\/strong> <em>la C\u00f4te-d&rsquo;Or<\/em>, <strong>profession de<\/strong> <em>comptable<\/em>, <strong>fils de<\/strong> <em>Jean<\/em><strong> et de<\/strong> <em>Jarlaud Marie<\/em><strong> domicili\u00e9s \u00e0<\/strong> <em>Arnay-le-Duc<\/em>, <strong>canton d<\/strong><em>&lsquo;Arnay-le-Duc<\/em>, <strong>d\u00e9partement de<\/strong> <em>la C\u00f4te-d&rsquo;Or<\/em>.<\/p>\n<p><strong>Mari\u00e9 le <\/strong><em>_<\/em><\/p>\n<hr>\n<h3>Signalement :<\/h3>\n<p><strong>Cheveux<\/strong> <em>et<\/em>, <strong>sourcils<\/strong> <em>noirs<\/em>,<br>\n<strong>yeux<\/strong> <em>gris<\/em>, <strong>front<\/strong> <em>ordinaire<\/em>,<br>\n<strong>nez<\/strong> <em>moyen<\/em>, <strong>bouche<\/strong> <em>moyenne<\/em>,<br>\n<strong>menton<\/strong> <em>rond<\/em>, <strong>visage<\/strong> <em>ovale<\/em>,<br>\n<strong>Taille :<\/strong> <em>1<\/em><strong> m. <\/strong><em>68<\/em> <strong>cent. Taille rectifi\u00e9e :<\/strong> <em>_<\/em><strong> m. <\/strong><em>_<\/em> <strong>cent.<\/strong><br>\n<strong>Marques particuli\u00e8res : <\/strong><em><\/em><br>\n<strong>Degr\u00e9 d\u2019instruction g\u00e9n\u00e9rale : <\/strong><em>2<\/em><\/p>\n<hr>\n<h3>D\u00e9cision du conseil de r\u00e9vision et motifs :<\/h3>\n<p><em><\/em>.<\/p>\n<p><strong>Class\u00e9 dans la<\/strong> <em>1<sup>e<\/sup><\/em> <strong>partie de la liste en 19<\/strong><em>10<\/em>.<br>\n<strong>Class\u00e9 dans la<\/strong> <em>_<sup>e<\/sup><\/em> <strong>partie de la liste en 19<\/strong><em>_<\/em>.<\/p>\n<hr>\n<h3>Corps d\u2019affectation \/ Num\u00e9ros au contr\u00f4le sp\u00e9cial \u2013 matricule ou au r\u00e9pertoire<\/h3>\n<p><strong>Dans l\u2019arm\u00e9e active :<\/strong> <em>60<sup>e<\/sup> r\u00e9giment d&rsquo;Infanterie &#8211; <del>3417<\/del> \/ <del>367<\/del> \/ <del>3667<\/del><br><\/em><br>\n<strong>Disponibilit\u00e9 et r\u00e9serve de l\u2019arm\u00e9e active :<\/strong> <em>R\u00e9giment d&rsquo;infanterie Besan\u00e7on &#8211; <del>134<\/del> \/ <del>015765<\/del><br>\n&#8211; R\u00e9giment d&rsquo;Infanterie Lons-le-Saunier &#8211; <del>11<\/del> \/ <del>0391<\/del> \/ <del>21<\/del><br>\n&#8211; 71<sup>e<\/sup> bataillon de chasseurs &#8211; 3<sup>B<\/sup> \/ 05040<\/em><br>\n<strong>Arm\u00e9e territoriale et sa r\u00e9serve :<\/strong> <em>_<\/em><\/p>\n<hr>\n<h3>D\u00e9tail des services et mutations diverses.<\/h3>\n<p><strong>Inscrit sous le n\u00b0<\/strong><em>84<\/em> <strong>de la liste<\/strong> <em>dans le canton de Arnay-le-Duc<br>\nIncorpor\u00e9 au 60<sup>e<\/sup> r\u00e9giment d&rsquo;Infanterie \u00e0 compter du 5 octobre 1910<br>\nArriv\u00e9 au corps et soldat de 2<sup>e<\/sup> classe le 5 octobre 1910.<br>\nSoldat de 1<sup>e<\/sup> classe le 5 octobre 1911. Envoy\u00e9 dans la disponibilit\u00e9 le 27 septembre 1912 en attendant son passage dans la r\u00e9serve de l&rsquo;arm\u00e9e active.<br>\nCertificat de conduite \u00ab\u00a0accord\u00e9\u00a0\u00bb. Affect\u00e9 au r\u00e9giment d&rsquo;infanterie stationn\u00e9 \u00e0 Besan\u00e7on. Pass\u00e9 au 44<sup>e<\/sup> r\u00e9giment d&rsquo;Infanterie (Groupe cycliste de Montb\u00e9liard) le 1 octobre 1913. Class\u00e9 affect\u00e9 sp\u00e9cial de la compagnie des chemins de fer de Paris \u00e0 Lyon et \u00e0 la M\u00e9diterran\u00e9e 2<sup>e<\/sup> section de chemins de fer de campagne, subdivision de compagnie, comme homme d&rsquo;Equipe \u00e0 Lons-le-Saunier du 5 octobre 1913 au 5 novembre 1913. Affect\u00e9 au 44<sup>e<\/sup> r\u00e9giment d&rsquo;Infanterie (groupe cycliste de Montb\u00e9liard).<br>\nRappel\u00e9 \u00e0 l&rsquo;activit\u00e9 (Mobilisation g\u00e9n\u00e9rale du 2 ao\u00fbt 1914) arriv\u00e9 au corps le 2 ao\u00fbt 1914. Pass\u00e9 au 71<sup>e<\/sup> bataillon de chasseurs \u00e0 pied le 17 ao\u00fbt 1916 (d\u00e9cision du g\u00e9n\u00e9ral commandant chef 10278 du 13-8-1916). Suivant avis de disparition du Ministi\u00e8re de la guerre B7509 du 21 avril 1917 est signal\u00e9 disparu le 4 mars 1917 au Bois des Cauri\u00e8res (Meuse) et pr\u00e9sum\u00e9 prisonnier. Signal\u00e9 d\u00e9c\u00e9d\u00e9 le 31 mars 1917 pr\u00e8s Flabas. Inhum\u00e9 ancien cimeti\u00e8re militaire Flabas tombe 158 rang\u00e9e 9.<br>\nOfficiel 77.826 du 13 avril 1918.<\/em><\/p>\n<hr>\n<h3>Campagnes<\/h3>\n<p><em>Contre l&rsquo;Allemagne du du 2 ao\u00fbt 1914 au 31 mars 1917<\/em>.<\/p>\n<h3>Blessures, citations, d\u00e9corations, etc.<\/h3>\n<p><em>_<\/em>.<\/p>\n<hr>\n<h3>Localit\u00e9s successives habit\u00e9es<br>par suite de changements de domicile ou de r\u00e9sidence<\/h3>\n<strong>Dates \/ Communes \/ Subdivisions de r\u00e9gion \/ D : Domicile, R : R\u00e9sidence<\/strong>\n<p><em>_<\/em>.<\/p>\n<hr>\n<h3>P\u00e9riodes d&rsquo;exercices<\/h3>\n<p><strong>R\u00e9serve : 1<sup>re<\/sup> dans le<\/strong><em>44<sup>e<\/sup> r\u00e9giment d&rsquo;Infanterie,<\/em> <strong>du<\/strong> <em>_<\/em> <strong>au<\/strong> <em>_<\/em><\/strong>.<br>\n<strong>&#8211; 2<sup>e<\/sup> dans le<\/strong><em>_,<\/em> <strong>du<\/strong> <em>_<\/em> <strong>au<\/strong> <em>_<\/em><\/strong>.<br>\n<strong>&#8211; Suppl\u00e9mentaire dans le<\/strong><em>_,<\/em> <strong>du<\/strong> <em>_<\/em> <strong>au<\/strong> <em>_<\/em><\/strong>.<br>\n<strong>Arm\u00e9e territoriale : 1<sup>re<\/sup> dans le<\/strong><em>_,<\/em> <strong>du<\/strong> <em>_<\/em> <strong>au<\/strong> <em>_<\/em><\/strong>.<br>\n<strong>&#8211; Suppl\u00e9mentaire dans le<\/strong><em>_,<\/em> <strong>du<\/strong> <em>_<\/em> <strong>au<\/strong> <em>_<\/em><\/strong>.<br>\n<strong>Sp\u00e9ciales aux hommes du service de garde des voies de communication :<\/strong><\/em>_<\/em>.<\/p>\n<hr>\n<h3>\u00c9poque \u00e0 laquelle l\u2019homme doit passer dans :<\/h3>\n<p><strong>La r\u00e9serve de l\u2019arm\u00e9e active :<\/strong><em>_<\/em><br>\n<strong>L\u2019arm\u00e9e territoriale :<\/strong><em>_<\/em><br>\n<strong>La r\u00e9serve de l\u2019arm\u00e9e territoriale : <\/strong><em>_<\/em><br>\n<strong>Date de la lib\u00e9ration du service militaire :<\/strong><em>_<\/em><\/p>\n<\/div><p>&nbsp;[<a href=\"https:\/\/archives.cotedor.fr\/v2\/ark:\/71137\/g4b0ebd6acfa9c9d4dc9ef72fc9a74698\/ecf7213f57967ae410671de98db84cb8\/139\/ZnJhZDAyMV9yMjQ2NF8wMTM5LmpwZw==\">Lien vers le document original<\/a>]<\/p><h1 class=\"wp-block-heading\">Journal des marches et op\u00e9rations du 71<sup>e<\/sup> bataillon de chasseurs \u00e0 pied<\/h1><p>Le 16 ao\u00fbt 1916, le 71<sup>e<\/sup> bataillon de chasseurs \u00e0 pied est relev\u00e9 de son secteur en Meurthe-et-Moselle et part quelques jours se reposer, se reformer et s\u2019instruire. Jean Camatte rejoint cette unit\u00e9 le lendemain. Le 71<sup>e<\/sup> est un bataillon de r\u00e9servistes. Dans un discours eug\u00e9niste quelque peu d\u00e9concertant, l\u2019Historique du bataillon rappelle que les chasseurs sont majoritairement des Vosgiens, Jurassiens et Morvandiaux, des gens calmes, chez qui il n\u2019y a \u00ab&nbsp;pas de manifestations bruyantes, pas d\u2019enthousiasme d\u00e9lirant. Des races vigoureuses et saines, gens de la terre pour la plupart, ils sont durs \u00e0 la fatigue, ils respirent la force, et leurs traits et leurs regards d\u00e9c\u00e8lent une volont\u00e9 ferme et tenace<sup>(1)<\/sup>&nbsp;\u00bb. Les chasseurs sont surtout des hommes petits ou de taille moyenne, et en excellente condition physique. Ils se doivent d\u2019\u00eatre rapides. Jean Camatte, chasseur, sert \u00e0 Verdun de septembre \u00e0 novembre 1916 o\u00f9 le bataillon se fait remarquer par ses actions mais o\u00f9 il perd beaucoup de ses effectifs. Arrive ensuite le terrible hiver 1917, celui qui g\u00e8le Seine et Marne, le port du Havre, et hante les soldats qui doivent survivre dans les tranch\u00e9es. Le 1 f\u00e9vrier 1917, le bataillon arrive dans le secteur des Chambrettes, au Nord de Verdun et du fort de Douaumont. Avec des temp\u00e9ratures qui tombent parfois vers les -20 degr\u00e9s, les \u00e9l\u00e9ments sont aussi dangereux que les Allemands qui sont fort bien implant\u00e9s sur les hauteurs dans le bois des Cauri\u00e8res. Presque aucun jour ne passe sans que le lieutenant qui r\u00e9dige le journal du bataillon n\u2019\u00e9voque le pain et le vin gel\u00e9s, les pieds mortifi\u00e9s des soldats, les \u00e9vacuations des malades, auxquels s\u2019ajoute un manque de mat\u00e9riel pour lutter contre le froid et l\u2019ennemi. Le 4 mars, les troupes allemandes s\u2019\u00e9lancent contre les positions fran\u00e7aises pour essayer de les enlever.<\/p>            <div class=\"oxi-addons-container noLightbox oxi-image-hover-wrapper-25 \" id=\"oxi-image-hover-wrapper-25\">\n                <div class=\"oxi-addons-row\">\n                                <div class=\"oxi_addons__light_box_style_1 oxi_addons__light_box oxi-bt-col-lg-12 oxi-bt-col-md-12 oxi-bt-col-sm-12  \">\n                <div class=\"oxi_addons__light_box_parent oxi_addons__light_box_parent-25-0\">\n\n                    <div id=\"oxi_lg_sub_html_25_0\" class=\"oxi_addons__lg_subhtml\" style=\"display:none;\">\n                        <h3 class=\"oxi_addons__heading\">Le froid<\/h3><div class=\"oxi_addons__details\">Illustration montrant des soldats fran\u00e7ais se prot\u00e9geant du froid dans la Somme<\/div>                    <\/div>\n\n                    <a class=\"glightbox oxi_addons__light_box_item\"\n                        href=\"https:\/\/arnay1418.rarebook-ubfc.fr\/wp-content\/uploads\/2022\/05\/Illustration_froid_soldats.png\"\n                        data-caption-id=\"oxi_lg_sub_html_25_0\"\n                        data-type=\"image\">\n\n                                                    <div class=\"oxi_addons__image_main oxi_addons__custom_width_height\"\n                                style=\"background-image: url('https:\/\/arnay1418.rarebook-ubfc.fr\/wp-content\/uploads\/2022\/05\/Illustration_froid_soldats.png');\">\n                                <div class=\"oxi_addons__overlay\">\n                                    <i class=\"fas fa-search oxi-icons\"><\/i>                                <\/div>\n                            <\/div>\n                        \n                        \n                    <\/a>\n                <\/div>\n\n                            <\/div>\n                            <\/div>\n            <\/div>\n\t\t\t<p class=\"has-text-align-center\"><em>Le froid dans la Somme<\/em> par Lucien Jonas. <em>L&rsquo;Illustration<\/em><sup>(2)<\/sup>.<br>Cliquer pour agrandir<\/p><p>Entr\u00e9es du 26 f\u00e9vrier au 5 mars 1917&nbsp;:<\/p><p class=\"has-white-background-color has-background\"><strong>25-26-27-28 f\u00e9vrier<br><\/strong>Repos. Le froid est toujours aussi vif. Quelques obus. Le chasseur Bobillier re\u00e7oit la m\u00e9daille militaire. Le sergent Romanet est promu Adjudant et prend le commandement du peloton des pionniers.<br><strong>1<sup>er<\/sup> mars<\/strong><br>Le bataillon monte en secteur relever le 50<sup>e<\/sup> bataillon de chasseurs \u00e0 pied. Le Chasseur Riandet re\u00e7oit la m\u00e9daille militaire. Nous r\u00e9clamons du mat\u00e9riel sans pouvoir l\u2019obtenir.<br><strong>2 mars<\/strong><br>L\u2019ennemi nous envoit de nombreuses torpilles. 2 bless\u00e9s. Toujours grand froid.<br><strong>3 mars<\/strong><br>Un bless\u00e9 par bombardement.<br><strong>4 mars<br><\/strong>A16<sup>hs <\/sup>l\u2019ennemi d\u00e9clenche brusquement sur tout le secteur un violent bombardement d\u2019artillerie de 150 et 210*, de torpilles, de grenades \u00e0 fusil. Beaucoup de projectiles \u00e0 gaz. Les tranch\u00e9es de 1<sup>\u00e8re<\/sup> ligne, la zone des abris et les boyaux sont fortement \u00e9prouv\u00e9s. L\u2019ennemi fait un violent barrage dans le vallon des Rousses. D\u00e8s le d\u00e9but, toutes les communications t\u00e9l\u00e9phoniques sont coup\u00e9es. A 17<sup>hs <\/sup>le bombardement diminue un peu d\u2019intensit\u00e9, des avions ennemis qui nous survolent lancent des fus\u00e9es rouges.<br>Chaque unit\u00e9 occupe ses emplacements de combat.<br>A 17<sup>H<\/sup>15, l\u2019ennemi d\u00e9clenche derri\u00e8re nous \u00e0 la faveur du bombardement il a [illisible] cercl\u00e9 le 222<sup>\u00e8me<\/sup> r\u00e9giment d\u2019infanterie et nous prend \u00e0 revers. Nous nous d\u00e9fendons devant nos abris et nos tranch\u00e9s, le lieutenant Bligny et le capitaine Promard prennent la t\u00eate d\u2019une contre-attaque, et mettent l\u2019ennemi dans l\u2019obligation de rentrer dans ses tranch\u00e9es.<br>A 17<sup>H<\/sup>30, tout redevient normal, <s>et<\/s>, nous r\u00e9occupons tous nos emplacements, et les liaisons sont r\u00e9tablies.<br>L\u2019ennemi continue le bombardement qui est particuli\u00e8rement violent sur les Rousses. Nos pertes sont tr\u00e8s s\u00e9rieuses&nbsp;: le lieutenant Dum\u00e9nil, le sous-lieutenant Bottier, le m\u00e9decin aide-major Blaise, le m\u00e9decin auxiliaire Le Bescaud et tout le personnel du poste de secours sont disparus, ainsi qu\u2019un grand nombre de chasseurs de la 7<sup>\u00e8me<\/sup> et de la 8<sup>\u00e8me<\/sup> compagnies.<br>A 23<sup>H<\/sup>30, le bombardement continue toujours. La compagnie Roy <s>vient<\/s> du 50<sup>e<\/sup> bataillon de chasseurs \u00e0 pied vient en soutien du bataillon.<br><strong>5 mars<\/strong><br>Pendant la nuit, nous travaillons \u00e0 rendre occupables nos tranch\u00e9es qui sont boulevers\u00e9es. Dans la journ\u00e9e, l\u2019ennemi nous bombarde \u00e0 diverses reprises violemment. Nous avons encore quelques pertes. A tomb\u00e9e de nuit, nouvelle attaque sur la 9<sup>\u00e8me<\/sup> compagnie repouss\u00e9e.<br>A 22<sup>H<\/sup> le bataillon est relev\u00e9 par le 173<sup>e<\/sup> r\u00e9giment d\u2019infanterie.<\/p><p>* 150 et 210&nbsp;: ce sont les calibres.<\/p><p>Davantage d\u2019explications sur ce qui a pu arriver \u00e0 Jean Camatte dans la partie \u00ab&nbsp;Donn\u00e9es additionnelles&nbsp;\u00bb.<\/p><p>[<a href=\"https:\/\/www.memoiredeshommes.sga.defense.gouv.fr\/fr\/ark:\/40699\/e00527aba519cf83\/527aba5207aba\">Lien vers le document original<\/a>]<\/p><h1 class=\"wp-block-heading\">D\u00e9c\u00e8s<\/h1><div class=\"wp-block-group is-layout-flow wp-block-group-is-layout-flow\"><p class=\"has-text-align-center\"><em>N\u00b070<\/em><\/p>\n\n<p class=\"has-text-align-center\"><em>Transcription du jugement constatant<br>le d\u00e9c\u00e8s de Jean Camatte.<br>(d\u00e9c\u00e9d\u00e9 le 31 mars 1917)<br>Du 7 ao\u00fbt 1920<br>&#8212;<\/em><\/p>\n\n<p>Vu la signification \u00e0 nous faite le sept ao\u00fbt mil neuf cent vingt, de l\u2019exp\u00e9dition d\u2019un jugement rendu par le Tribunal de Civil de Beaune \u00e0 la date du vingt-quatre juillet mil neuf cent vingt, nous transcrivons ici le dispositif dudit jugement&nbsp;:<br>Par ces motifs d\u00e9clare constant le d\u00e9c\u00e8s de <strong>Camatte<\/strong> Jean, n\u00e9 le vingt-six octobre mil huit cent quatre-vingt-neuf \u00e0 Igornay, arrondissement d\u2019Autun, de Jean et de Marie Jarlot, c\u00e9libataire, mort pour la France, le trente-un mars mil neuf cent dix-sept \u00e0 Flabas (Meuse). Dit que le pr\u00e9sent jugement sera transcrit sur les registres d\u2019Etat civil de la commune d\u2019Arnay-le-Duc dernier domicile du soldat Camatte et qu\u2019il sera fait mention dudit jugement et de sa transcription en marge des registres \u00e0 la date du d\u00e9c\u00e8s.<br>Jug\u00e9 et prononc\u00e9 le vingt-quatre juillet mil neuf cent vingt \u00e0 l\u2019audience publique civile du tribunal de premi\u00e8re instance de Beaune (C\u00f4te-d\u2019Or) o\u00f9 si\u00e9geaient M.M. Galopin-Labrely, Pr\u00e9sident, Lavirotte et Courtois, juges, en pr\u00e9sence de Monsieur Malo, Procureur de la R\u00e9publique, assist\u00e9s de Monsieur Mugniot, commis greffier&nbsp;; sign\u00e9 Galopin-Labrely&nbsp;; Mugniot.<br>Transcrit le sept ao\u00fbt mil neuf cent vingt, seize heures, par nous Georges, officier d\u2019Acad\u00e9mie, maire et officier de l\u2019Etat civil de la ville d\u2019Arnay-le-Duc.<br>[Signature] Georges<\/p><\/div><p>[<a href=\"https:\/\/archives.cotedor.fr\/v2\/ark:\/71137\/g77c864dae582bb1df5090c4ce3b62a10\/8c2f9bcd65715cd287912f7535d81667\/298\/ZnJhZDAyMV8wMjZfMmUwMjZhcnQwMzdfMDI5OC5qcGc=\">Lien vers le document original<\/a>]<\/p><h1 class=\"wp-block-heading\">Donn\u00e9es additionnelles<\/h1><p>La famille Camatte est originaire d\u2019Igornay en Sa\u00f4ne-et-Loire, non loin d\u2019Arnay-le-Duc. En 1911, alors que Jean fils, dit Jean Charles, fait son service militaire, la famille, alors compos\u00e9e des parents et de Marie, n\u00e9e en 1891, r\u00e9side rue Saint-Honor\u00e9.<\/p><p>La fiche de Jean Camatte dans l\u2019index des soldats tu\u00e9s lors du conflit indique qu\u2019il est caporal au 71<sup>e<\/sup> bataillon de chasseurs \u00e0 pied<sup>(3)<\/sup>. En revanche, nous n\u2019avons trouv\u00e9 aucune autre trace de ce grade dans le parcours du chasseur Camatte.<\/p><p>Le 4 mars 1917, les troupes fran\u00e7aises positionn\u00e9es dans le secteur des Chambrettes, dont le 71<sup>e<\/sup> bataillon, subissent une violente attaque allemande. C\u2019est d\u2019abord un d\u00e9ferlement d\u2019artillerie, puis un assaut qui est \u00e9ventuellement repouss\u00e9, avant que ne reprennent les salves d\u2019artillerie. Le J.M.O. fait part de la disparition de l\u2019enti\u00e8ret\u00e9 du personnel pr\u00e9sent au poste de secours, ainsi que de nombreux chasseurs des 7<sup>e<\/sup> et 8<sup>e<\/sup> compagnies. Ce secteur, ainsi que le bois des Cauri\u00e8res, sont situ\u00e9s sur le territoire de la d\u00e9funte commune de Bezonvaux. Dans la cohue des bombardements et des assauts, il est courant que des soldats soient port\u00e9s disparus, alors qu\u2019ils sont tu\u00e9s \u00e0 l\u2019ennemi. Mais c\u2019est presque un mois plus tard, le 31 mars, que Jean Camatte est officiellement reconnu comme tu\u00e9 apr\u00e8s avoir \u00e9t\u00e9 pr\u00e9sum\u00e9 prisonnier, ce qui laisse supposer que son corps est alors retrouv\u00e9 et identifi\u00e9. Ce lapse de temps pour retrouver le corps est assez long dans ce cas pr\u00e9cis, car les soldats fran\u00e7ais tu\u00e9s lors de l\u2019attaque du 4 mars le sont dans leur tranch\u00e9e. Autre \u00e9l\u00e9ment, il est not\u00e9 que Camatte est mort \u00e0 Flabas, aujourd\u2019hui Moirey-Flabas-Cr\u00e9pion, environ 9 kilom\u00e8tres au Nord de Bezonvaux. Nous pr\u00e9sumons donc que Jean Camatte fut fait prisonnier et conduit dans le \u00ab camp de repr\u00e9sailles de Flabas&nbsp;\u00bb.<br>Le camp de repr\u00e9sailles de Flabas est la r\u00e9ponse allemande \u00e0 l\u2019emploi de prisonniers de guerre vers le front par la France. En effet, les Fran\u00e7ais utilisent des prisonniers allemands pour effectuer des travaux d\u2019am\u00e9nagement et d\u2019entretien, notamment le long de la Voie Sacr\u00e9e. Cela en contradiction avec les usages de la guerre et les conventions internationales qui emp\u00eachent l\u2019emploi de prisonniers \u00e0 moins de 30 kilom\u00e8tres du front, de cacher le lieu de leur internement et de les emp\u00eacher de correspondre avec leur pays. Au courant de cette pratique, les autorit\u00e9s allemandes demandent \u00e0 la France d\u2019y mettre fin. Cette demande restant lettre morte, les Allemands, d\u00e8s le 15 janvier 1917, rassemblent des prisonniers fran\u00e7ais vers Lissey dans des parcs barbel\u00e9s de 2 m\u00e8tres de large sur 3 de haut, sans possibilit\u00e9 de se prot\u00e9ger du froid et de la neige. Les prisonniers vivent dans ces conditions plusieurs jours. Quelques temps plus tard, ils sont conduits dans un camp de fortune \u00e0 Flabas o\u00f9 500 hommes doivent loger une masure qui peut accueillir seulement 200 hommes. Ils font \u00e9galement face \u00e0 de f\u00e9roces gardiens qui n\u2019h\u00e9sitent pas \u00e0 humilier ou torturer les prisonniers. Parmi les s\u00e9vices qui leur sont inflig\u00e9s, celui du poteau qui consiste \u00e0 attacher un \u00ab&nbsp;mauvais prisonnier&nbsp;\u00bb dehors, par les mains, dans une position presque christique. Le camp est d\u00e9mantel\u00e9 le 30 avril lorsque la France annonce accepter les conditions allemandes. Les prisonniers qui ne sont pas mort de froid, de faim, de blessures ou des s\u00e9vices des gardiens, sont alors transport\u00e9s dans de v\u00e9ritables camps en Allemagne. Le lieutenant L\u00e9on Cuvelle a laiss\u00e9 un frappant r\u00e9cit de son exp\u00e9rience du camp de repr\u00e9sailles que vous pouvez retrouver sur ce <a href=\"http:\/\/lissey.e-monsite.com\/pages\/histoire\/la-grande-guerre\/flabas-et-le-camp-des-repreailles.html\">site<\/a><sup>(4)<\/sup>. Il est fort possible que Jean Camatte se trouve \u00e0 Flabas entre le 4 mars et son d\u00e9c\u00e8s. D\u2019autres chasseurs du 71<sup>e<\/sup> bataillon en font la terrible exp\u00e9rience.<\/p>            <div class=\"oxi-addons-container noLightbox oxi-image-hover-wrapper-26 \" id=\"oxi-image-hover-wrapper-26\">\n                <div class=\"oxi-addons-row\">\n                                <div class=\"oxi_addons__light_box_style_1 oxi_addons__light_box oxi-bt-col-lg-12 oxi-bt-col-md-12 oxi-bt-col-sm-12  \">\n                <div class=\"oxi_addons__light_box_parent oxi_addons__light_box_parent-26-0\">\n\n                    <div id=\"oxi_lg_sub_html_26_0\" class=\"oxi_addons__lg_subhtml\" style=\"display:none;\">\n                        <h3 class=\"oxi_addons__heading\">Le camp des repr\u00e9sailles<\/h3><div class=\"oxi_addons__details\">Les premiers \"parcs\" barbel\u00e9s o\u00f9 vivent les prisonniers fran\u00e7ais, d'apr\u00e8s L\u00e9on Cuvelle.<\/div>                    <\/div>\n\n                    <a class=\"glightbox oxi_addons__light_box_item\"\n                        href=\"https:\/\/arnay1418.rarebook-ubfc.fr\/wp-content\/uploads\/2022\/05\/CUVELLE_Leon.jpg\"\n                        data-caption-id=\"oxi_lg_sub_html_26_0\"\n                        data-type=\"image\">\n\n                                                    <div class=\"oxi_addons__image_main oxi_addons__custom_width_height\"\n                                style=\"background-image: url('https:\/\/arnay1418.rarebook-ubfc.fr\/wp-content\/uploads\/2022\/05\/CUVELLE_Leon.jpg');\">\n                                <div class=\"oxi_addons__overlay\">\n                                    <i class=\"fas fa-search oxi-icons\"><\/i>                                <\/div>\n                            <\/div>\n                        \n                        \n                    <\/a>\n                <\/div>\n\n                            <\/div>\n                            <\/div>\n            <\/div>\n\t\t\t<p class=\"has-text-align-center\"><em>Les premiers \u00ab\u00a0parcs\u00a0\u00bb barbel\u00e9s o\u00f9 vivent les prisonniers fran\u00e7ais, d&rsquo;apr\u00e8s L\u00e9on Cuvelle.<\/em><sup>(5)<\/sup><br>Cliquer pour agrandir<\/p><p>Le soldat arn\u00e9tois Eug\u00e8ne <a href=\"https:\/\/alisteraldridge.fr\/arnay1418\/sagrange-eugene\/\" target=\"_blank\" rel=\"noreferrer noopener\">Sagrange<\/a>, du 255<sup>e<\/sup> r\u00e9giment d\u2019infanterie, se trouve \u00e9galement dans le secteur des Chambrettes et du bois des Cauri\u00e8res. Il est tu\u00e9 le 21 mars 1917.<\/p><h1 class=\"wp-block-heading\">Carte<\/h1><p><a href=\"\/\/umap-mshe.univ-fcomte.fr\/fr\/map\/camatte-jean-charles_94\">Voir en plein \u00e9cran<\/a><\/p><h1 class=\"wp-block-heading\">Sources<\/h1><ul class=\"wp-block-list\"><li><em>A. D. de la Sa\u00f4ne-et-Loire, \u00e9tat civil num\u00e9ris\u00e9, Igornay 1883 \u2013 1892 (5 E 237\/10), Camatte Jean, n\u00b044, 1889, <\/em><a href=\"https:\/\/www.archives71.fr\/ark:\/60535\/s005139982d16dba\/610bc5fe6b76b\"><em>vue 53\/260<\/em><\/a><em>.<\/em><\/li>\n\n<li><em>A.D. de la C\u00f4te-d\u2019Or, recrutement militaires (1867-1940)<\/em>, <em>classe 1909, bureau d\u2019Auxonne (R 2464), <\/em><a href=\"https:\/\/archives.cotedor.fr\/v2\/ark:\/71137\/g4b0ebd6acfa9c9d4dc9ef72fc9a74698\/ecf7213f57967ae410671de98db84cb8\/139\/ZnJhZDAyMV9yMjQ2NF8wMTM5LmpwZw==\"><em>vue 139\/519<\/em><\/a>.<\/li>\n\n<li><em>S.H.D,&nbsp;M\u00e9moire des Hommes, Journaux des marches et op\u00e9rations des corps de troupe, 71<sup>e<\/sup> bataillon de chasseurs \u00e0 pied, 31 juillet 1914 \u2013 14 juin 1918 (26 N 834\/16), <a href=\"https:\/\/www.memoiredeshommes.sga.defense.gouv.fr\/fr\/ark:\/40699\/e00527aba519cf83\/527aba5207aba\">vue 49\/60<\/a><\/em>.<\/li>\n\n<li><em>A.D. de la C\u00f4te-d\u2019Or, \u00e9tat civil num\u00e9ris\u00e9<\/em>, <em>Arnay-le-Duc 1916 \u2013 1920 (FRAD021EC 26\/041), Camatte Jean (jugement), n\u00b070, 1920, <a href=\"https:\/\/archives.cotedor.fr\/v2\/ark:\/71137\/g77c864dae582bb1df5090c4ce3b62a10\/8c2f9bcd65715cd287912f7535d81667\/298\/ZnJhZDAyMV8wMjZfMmUwMjZhcnQwMzdfMDI5OC5qcGc=\">vue 298\/329<\/a>.<\/em><\/li>\n\n<li>(1) (1920), <em>Historique du 71<sup>e<\/sup> bataillon de chasseurs \u00e0 pied, campagne 1914-1918<\/em>, Paris, Chapelot (\u00e9diteur), p. 3. [En ligne] Disponible sur <a href=\"https:\/\/gallica.bnf.fr\/ark:\/12148\/bpt6k6244289g\/f9.item.texteImage.zoom\">Gallica<\/a>.<\/li>\n\n<li>Jonas, Lucien, \u00ab&nbsp;Le froid dans la Somme&nbsp;\u00bb. Illustration trouv\u00e9e sur Pierlouim (s.d.), \u00ab&nbsp;Centenaire 14\/18&nbsp;: froid intense dans l\u2019hiver 1917 et crise du charbon&nbsp;\u00bb in <em>Dreux par Pierlouim <\/em>[<a href=\"http:\/\/dreux-par-pierlouim.over-blog.com\/2017\/01\/centenaire-14\/18-froid-intense-dans-l-hiver-1917-et-crise-du-charbon.html\">En ligne<\/a>] (consult\u00e9 le 26 mai 2022). Le style de l\u2019illustration est semblable \u00e0 celles publi\u00e9es par <em>L\u2019Illustration<\/em> mais nous n\u2019avons pas trouv\u00e9 l\u2019originale.<\/li>\n\n<li>(3) <em>S.H.D, M\u00e9moire des Hommes, base des Morts pour la France de la Premi\u00e8re Guerre Mondiale, fiche de <a href=\"https:\/\/www.memoiredeshommes.sga.defense.gouv.fr\/fr\/arkotheque\/visionneuse\/visionneuse.php?arko=YToxMDp7czoxMDoidHlwZV9mb25kcyI7czoxMzoic3BlY2lmX2NsaWVudCI7czoxMDoic3BlY2lmX2ZjdCI7czoyMzoiQXJrTURIVmlzaW9ubmV1c2VJbWFnZXMiO3M6MTg6InNwZWNpZl9uYXZfcGFyX2xvdCI7czoyMjoiQXJrTURITmF2aWdhdGlvblBhckxvdCI7czoxMzoibWRoX2ZvbmRzX2NsZSI7aToxO3M6NDoicmVmMiI7czo2OiIyMjgyMTciO3M6MTI6ImlkX2Fya19maWNoZSI7czo2OiIyMjgyMTciO3M6OToicHlyYW1pZGFsIjtiOjA7czoxMjoiaW1hZ2VfZGVwYXJ0IjtpOjA7czoxNjoidmlzaW9ubmV1c2VfaHRtbCI7YjoxO3M6MjE6InZpc2lvbm5ldXNlX2h0bWxfbW9kZSI7czo0OiJwcm9kIjt9#uielem_move=582%2C-3&amp;uielem_rotate=F&amp;uielem_islocked=0&amp;uielem_zoom=46\">Camatte Jean Charles<\/a>.<\/em><\/li>\n\n<li>(4) Aubry-Coupard, Georges (s.d.), \u00ab&nbsp;Flabas et le camp des repr\u00e9sailles&nbsp;\u00bb in <em>Le site internet de Lissey <\/em>[<a href=\"http:\/\/lissey.e-monsite.com\/pages\/histoire\/la-grande-guerre\/flabas-et-le-camp-des-repreailles.html\">En ligne<\/a>] (consult\u00e9 le 26 mai 2022).<\/li>\n\n<li>(5) <em>Ibid.<\/em><\/li><\/ul>","protected":false},"excerpt":{"rendered":"<p>Camatte Jean dit Jean-Charles \u00a4 26 octobre 1889 \u00e0 Igornay (Sa\u00f4ne-et-Loire)\u2020 entre le 4 et le 31 mars 1917 vers Moirey-Flabas-Cr\u00e9pion (Meuse)Chasseur \u2013 71e bataillon [&#8230;]<\/p>\n","protected":false},"author":2,"featured_media":0,"parent":0,"menu_order":0,"comment_status":"closed","ping_status":"closed","template":"","meta":{"footnotes":""},"class_list":["post-1030","page","type-page","status-publish","hentry"],"yoast_head":"<!-- This site is optimized with the Yoast SEO plugin v25.6 - https:\/\/yoast.com\/wordpress\/plugins\/seo\/ -->\n<title>CAMATTE Jean - Arnay-le-Duc 1914-1918<\/title>\n<meta name=\"robots\" content=\"index, follow, max-snippet:-1, max-image-preview:large, max-video-preview:-1\" \/>\n<link rel=\"canonical\" href=\"https:\/\/alisteraldridge.fr\/arnay1418\/camatte-jean\/\" \/>\n<meta property=\"og:locale\" content=\"fr_FR\" \/>\n<meta property=\"og:type\" content=\"article\" \/>\n<meta property=\"og:title\" content=\"CAMATTE Jean - Arnay-le-Duc 1914-1918\" \/>\n<meta property=\"og:description\" content=\"Camatte Jean dit Jean-Charles \u00a4 26 octobre 1889 \u00e0 Igornay (Sa\u00f4ne-et-Loire)\u2020 entre le 4 et le 31 mars 1917 vers Moirey-Flabas-Cr\u00e9pion (Meuse)Chasseur \u2013 71e bataillon [...]\" \/>\n<meta property=\"og:url\" content=\"https:\/\/alisteraldridge.fr\/arnay1418\/camatte-jean\/\" \/>\n<meta property=\"og:site_name\" content=\"Arnay-le-Duc 1914-1918\" \/>\n<meta property=\"article:modified_time\" content=\"2023-01-04T13:45:09+00:00\" \/>\n<meta name=\"twitter:card\" content=\"summary_large_image\" \/>\n<meta name=\"twitter:label1\" content=\"Dur\u00e9e de lecture estim\u00e9e\" \/>\n\t<meta name=\"twitter:data1\" content=\"14 minutes\" \/>\n<script type=\"application\/ld+json\" class=\"yoast-schema-graph\">{\"@context\":\"https:\/\/schema.org\",\"@graph\":[{\"@type\":\"WebPage\",\"@id\":\"https:\/\/alisteraldridge.fr\/arnay1418\/camatte-jean\/\",\"url\":\"https:\/\/alisteraldridge.fr\/arnay1418\/camatte-jean\/\",\"name\":\"CAMATTE Jean - Arnay-le-Duc 1914-1918\",\"isPartOf\":{\"@id\":\"https:\/\/alisteraldridge.fr\/arnay1418\/#website\"},\"datePublished\":\"2022-05-26T16:24:20+00:00\",\"dateModified\":\"2023-01-04T13:45:09+00:00\",\"breadcrumb\":{\"@id\":\"https:\/\/alisteraldridge.fr\/arnay1418\/camatte-jean\/#breadcrumb\"},\"inLanguage\":\"fr-FR\",\"potentialAction\":[{\"@type\":\"ReadAction\",\"target\":[\"https:\/\/alisteraldridge.fr\/arnay1418\/camatte-jean\/\"]}]},{\"@type\":\"BreadcrumbList\",\"@id\":\"https:\/\/alisteraldridge.fr\/arnay1418\/camatte-jean\/#breadcrumb\",\"itemListElement\":[{\"@type\":\"ListItem\",\"position\":1,\"name\":\"Home\",\"item\":\"https:\/\/alisteraldridge.fr\/arnay1418\/\"},{\"@type\":\"ListItem\",\"position\":2,\"name\":\"CAMATTE Jean\"}]},{\"@type\":\"WebSite\",\"@id\":\"https:\/\/alisteraldridge.fr\/arnay1418\/#website\",\"url\":\"https:\/\/alisteraldridge.fr\/arnay1418\/\",\"name\":\"Arnay-le-Duc 1914-1918\",\"description\":\"Histoire d&#039;une ville bourguignonne pendant la Premi\u00e8re Guerre mondiale\",\"potentialAction\":[{\"@type\":\"SearchAction\",\"target\":{\"@type\":\"EntryPoint\",\"urlTemplate\":\"https:\/\/alisteraldridge.fr\/arnay1418\/?s={search_term_string}\"},\"query-input\":{\"@type\":\"PropertyValueSpecification\",\"valueRequired\":true,\"valueName\":\"search_term_string\"}}],\"inLanguage\":\"fr-FR\"}]}<\/script>\n<!-- \/ Yoast SEO plugin. -->","yoast_head_json":{"title":"CAMATTE Jean - Arnay-le-Duc 1914-1918","robots":{"index":"index","follow":"follow","max-snippet":"max-snippet:-1","max-image-preview":"max-image-preview:large","max-video-preview":"max-video-preview:-1"},"canonical":"https:\/\/alisteraldridge.fr\/arnay1418\/camatte-jean\/","og_locale":"fr_FR","og_type":"article","og_title":"CAMATTE Jean - Arnay-le-Duc 1914-1918","og_description":"Camatte Jean dit Jean-Charles \u00a4 26 octobre 1889 \u00e0 Igornay (Sa\u00f4ne-et-Loire)\u2020 entre le 4 et le 31 mars 1917 vers Moirey-Flabas-Cr\u00e9pion (Meuse)Chasseur \u2013 71e bataillon [...]","og_url":"https:\/\/alisteraldridge.fr\/arnay1418\/camatte-jean\/","og_site_name":"Arnay-le-Duc 1914-1918","article_modified_time":"2023-01-04T13:45:09+00:00","twitter_card":"summary_large_image","twitter_misc":{"Dur\u00e9e de lecture estim\u00e9e":"14 minutes"},"schema":{"@context":"https:\/\/schema.org","@graph":[{"@type":"WebPage","@id":"https:\/\/alisteraldridge.fr\/arnay1418\/camatte-jean\/","url":"https:\/\/alisteraldridge.fr\/arnay1418\/camatte-jean\/","name":"CAMATTE Jean - Arnay-le-Duc 1914-1918","isPartOf":{"@id":"https:\/\/alisteraldridge.fr\/arnay1418\/#website"},"datePublished":"2022-05-26T16:24:20+00:00","dateModified":"2023-01-04T13:45:09+00:00","breadcrumb":{"@id":"https:\/\/alisteraldridge.fr\/arnay1418\/camatte-jean\/#breadcrumb"},"inLanguage":"fr-FR","potentialAction":[{"@type":"ReadAction","target":["https:\/\/alisteraldridge.fr\/arnay1418\/camatte-jean\/"]}]},{"@type":"BreadcrumbList","@id":"https:\/\/alisteraldridge.fr\/arnay1418\/camatte-jean\/#breadcrumb","itemListElement":[{"@type":"ListItem","position":1,"name":"Home","item":"https:\/\/alisteraldridge.fr\/arnay1418\/"},{"@type":"ListItem","position":2,"name":"CAMATTE Jean"}]},{"@type":"WebSite","@id":"https:\/\/alisteraldridge.fr\/arnay1418\/#website","url":"https:\/\/alisteraldridge.fr\/arnay1418\/","name":"Arnay-le-Duc 1914-1918","description":"Histoire d&#039;une ville bourguignonne pendant la Premi\u00e8re Guerre mondiale","potentialAction":[{"@type":"SearchAction","target":{"@type":"EntryPoint","urlTemplate":"https:\/\/alisteraldridge.fr\/arnay1418\/?s={search_term_string}"},"query-input":{"@type":"PropertyValueSpecification","valueRequired":true,"valueName":"search_term_string"}}],"inLanguage":"fr-FR"}]}},"featured_image_src":null,"jetpack_sharing_enabled":true,"_links":{"self":[{"href":"https:\/\/alisteraldridge.fr\/arnay1418\/wp-json\/wp\/v2\/pages\/1030"}],"collection":[{"href":"https:\/\/alisteraldridge.fr\/arnay1418\/wp-json\/wp\/v2\/pages"}],"about":[{"href":"https:\/\/alisteraldridge.fr\/arnay1418\/wp-json\/wp\/v2\/types\/page"}],"author":[{"embeddable":true,"href":"https:\/\/alisteraldridge.fr\/arnay1418\/wp-json\/wp\/v2\/users\/2"}],"replies":[{"embeddable":true,"href":"https:\/\/alisteraldridge.fr\/arnay1418\/wp-json\/wp\/v2\/comments?post=1030"}],"version-history":[{"count":2,"href":"https:\/\/alisteraldridge.fr\/arnay1418\/wp-json\/wp\/v2\/pages\/1030\/revisions"}],"predecessor-version":[{"id":2176,"href":"https:\/\/alisteraldridge.fr\/arnay1418\/wp-json\/wp\/v2\/pages\/1030\/revisions\/2176"}],"wp:attachment":[{"href":"https:\/\/alisteraldridge.fr\/arnay1418\/wp-json\/wp\/v2\/media?parent=1030"}],"curies":[{"name":"wp","href":"https:\/\/api.w.org\/{rel}","templated":true}]}}